{"id":40,"date":"2024-07-12T20:27:48","date_gmt":"2024-07-12T23:27:48","guid":{"rendered":"https:\/\/www.usal.edu.ar\/arteyarquitectura\/?page_id=40"},"modified":"2024-09-17T23:13:21","modified_gmt":"2024-09-18T02:13:21","slug":"resena","status":"publish","type":"page","link":"https:\/\/www.usal.edu.ar\/arteyarquitectura\/resena\/","title":{"rendered":"Rese\u00f1a"},"content":{"rendered":"\n<p>La<strong>&nbsp;Facultad de Arte y Arquitectura&nbsp;<\/strong>fue creada por Resoluci\u00f3n Rectoral N\u00b0841\/18, del 5 de diciembre de 2018. La nueva estructura comenz\u00f3 en 2019, bajo la conducci\u00f3n del Arq. Pablo Tom\u00e1s Beit\u00eda, su primer Decano. Durante su gesti\u00f3n fortaleci\u00f3 el crecimiento de la anterior&nbsp;Escuela de Arte y Arquitectura, con una impronta que pone el eje en las artes del espacio como tema central. En ese sentido, impuls\u00f3 la participaci\u00f3n de alumnos y docentes en proyectos interdisciplinarios de extensi\u00f3n e investigaci\u00f3n, creando v\u00ednculos institucionales con entidades p\u00fablicas y privadas, favoreciendo el desarrollo de sus \u00e1reas disciplinares. En 2022 incorpor\u00f3 el&nbsp;Doctorado en Geograf\u00eda, ampliando el horizonte tem\u00e1tico de la espacialidad a la escala territorial. Habiendo conformado y dirigido la actual Facultad, cede el paso al Arq. Marcelo Salvador De Simone, Director de la Carrera de Arquitectura desde el 2017 y miembro fundador de dicha carrera desde sus comienzos en 2002, quien asume como Decano de la Facultad de Arte y Arquitectura el 1\u00ba de&nbsp; agosto de 2024.<\/p>\n\n\n\n<p>La historia que da origen a la <strong>Facultad de Arte y Arquitectura<\/strong>&nbsp;est\u00e1 arraigada en la d\u00e9cada de los a\u00f1os \u201860 del siglo XX, cuando los padres jesuitas dieron un espacio al Arte del Teatro, creando la carrera de&nbsp;<em>Escenograf\u00eda<\/em>, que luego fue<em>&nbsp;Departamento de Escenograf\u00eda<\/em>&nbsp;y, m\u00e1s tarde,&nbsp;<em>Escuela de Artes del Teatro<\/em>, comprendiendo las Carreras de&nbsp;<em>Artes del Teatro<\/em>&nbsp;y&nbsp;<em>Arte Dram\u00e1tico<\/em>,&nbsp; con el respaldo del Teatro Universitario. En 1998 su fundadora y directora, Alice Darram\u00f3n de Beit\u00eda, elev\u00f3 la propuesta de creaci\u00f3n de la carrera de&nbsp;Arquitectura&nbsp;y la&nbsp;Licenciatura en Arte y Dise\u00f1o Digital. En 2002 finaliz\u00f3 esta etapa con la creaci\u00f3n de la&nbsp;<em>Escuela de Arte y Arquitectura<\/em> de la Universidad del Salvador, precedente de la actual Facultad.<\/p>\n\n\n\n<p>Las cuatro \u00e1reas que componen en la actualidad la Unidad Acad\u00e9mica,&nbsp;<em>Artes del Teatro, Arquitectura,&nbsp;Dise\u00f1o&nbsp;<\/em>y<em>&nbsp;Geograf\u00eda<\/em>, poseen una estructura pedag\u00f3gico-did\u00e1ctica que se afirma en su vasta experiencia en docencia e investigaci\u00f3n y en la fortaleza de sus planes de estudio, con contenidos, tem\u00e1ticas y pr\u00e1cticas apoyadas en saberes art\u00edsticos, human\u00edsticos y t\u00e9cnico- profesionales. Esta Facultad se propone como un \u00e1mbito donde los j\u00f3venes, con vocaci\u00f3n por explorar, crear y construir espacios reales e imaginarios, encuentren el respaldo de un equipo de docentes profesionales e investigadores que los acompa\u00f1e en su formaci\u00f3n. El desarrollo program\u00e1tico de sus carreras ha tenido y tiene como principio lograr aquellos objetivos que Su Santidad, el Papa Francisco propuso a los rectores de universidades cat\u00f3licas en 2023: \u2026\u201c<em>formar en tres lenguajes humanos: el de la cabeza, el del coraz\u00f3n y el de las manos, armonizando lo que se piensa, lo que se siente y lo que se hace<\/em>\u201d&nbsp;(en palabras del Sr. Rector, Dr. Carlos I. Salvadores de Arzuaga a su regreso del encuentro del Papa con los rectores de universidades cat\u00f3licas en octubre de 2023).<\/p>\n\n\n\n<div class=\"wp-block-columns is-layout-flex wp-container-core-columns-is-layout-28f84493 wp-block-columns-is-layout-flex\">\n<div class=\"wp-block-column is-layout-flow wp-block-column-is-layout-flow\">\n<div class=\"wp-block-columns is-layout-flex wp-container-core-columns-is-layout-28f84493 wp-block-columns-is-layout-flex\">\n<div class=\"wp-block-column is-layout-flow wp-block-column-is-layout-flow\">\n<p class=\"has-text-align-center has-large-font-size\">Cronolog\u00eda<\/p>\n\n\n\n<hr class=\"wp-block-separator aligncenter has-text-color has-primary-color has-alpha-channel-opacity has-primary-background-color has-background\" \/>\n<\/div>\n<\/div>\n<\/div>\n<\/div>\n\n\n\n<div class=\"wp-block-columns has-background is-layout-flex wp-container-core-columns-is-layout-28f84493 wp-block-columns-is-layout-flex\" style=\"background-color:#e9f4ee\">\n<div class=\"wp-block-column is-layout-flow wp-block-column-is-layout-flow\" style=\"padding-right:10px;padding-left:10px\">\n<p class=\"has-primary-color has-text-color has-link-color has-medium-font-size wp-elements-0c8e951c4781d3a12f525601b09b18d7\"><strong>1960<\/strong><\/p>\n\n\n\n<p class=\"has-x-small-font-size\">La Universidad del Salvador convoca a la Prof. Alice Darram\u00f3n de Beit\u00eda -primera directora de la Unidad Acad\u00e9mica- para dictar cursos de escenograf\u00eda en el marco de las actividades del grupo de teatro que se hab\u00eda creado con el nombre de \u00abComedia Universitaria\u00bb<strong>.<\/strong><\/p>\n<\/div>\n\n\n\n<div class=\"wp-block-column is-layout-flow wp-block-column-is-layout-flow\" style=\"padding-right:10px;padding-left:10px\">\n<p class=\"has-primary-color has-text-color has-link-color has-medium-font-size wp-elements-d65f520822bcd1a116e4e88e89960e83\"><strong>1961<\/strong><\/p>\n\n\n\n<p class=\"has-x-small-font-size\">Se dictan los primeros <strong>Cursos de Extensi\u00f3n Universitaria sobre Escenograf\u00eda<\/strong>, en el que se inscribieron 30 alumnos, y en 1962, debido al requerimiento de los inscriptos, se dict\u00f3 un segundo a\u00f1o.<\/p>\n<\/div>\n\n\n\n<div class=\"wp-block-column is-layout-flow wp-block-column-is-layout-flow\" style=\"padding-right:10px;padding-left:10px\">\n<p class=\"has-primary-color has-text-color has-link-color has-medium-font-size wp-elements-e696fd2604aa1cac5633624e8342805a\"><strong>1962<\/strong><\/p>\n\n\n\n<p class=\"has-x-small-font-size\">El Curso de Escenograf\u00eda pas\u00f3 a denominarse <strong>Departamento de Escenograf\u00eda<\/strong>, dependiente del Rectorado.<\/p>\n<\/div>\n<\/div>\n\n\n\n<div class=\"wp-block-columns has-background is-layout-flex wp-container-core-columns-is-layout-28f84493 wp-block-columns-is-layout-flex\" style=\"background-color:#e9f4ee\">\n<div class=\"wp-block-column is-layout-flow wp-block-column-is-layout-flow\" style=\"padding-right:10px;padding-left:10px\">\n<p class=\"has-primary-color has-text-color has-link-color has-medium-font-size wp-elements-90fafb4d094d973f4576f18dede3d5b0\"><strong>1963<\/strong><\/p>\n\n\n\n<ul class=\"wp-block-list\">\n<li class=\"has-x-small-font-size\">El plan del Curso se elev\u00f3 a un Preparatorio y tres a\u00f1os, y ya se contaba con 90 alumnos. El 27 de agosto se cre\u00f3 el Teatro de Ensayo, \u00f3rgano de experimentaci\u00f3n y aplicaci\u00f3n pr\u00e1ctica, con la finalidad de montar espect\u00e1culos creados y realizados en el \u00e1mbito del Departamento, con un nuevo recinto situado a un lado del Templo del Salvador, que fue sede de la Escuela hasta 1975.&nbsp;<br><\/li>\n\n\n\n<li class=\"has-x-small-font-size\">Desde sus inicios y hasta el presente, fueron tres las actividades que sostuvieron esta Escuela: el <strong>M\u00e9todo de ense\u00f1anza en clase<\/strong>, el <strong>Taller de realizaci\u00f3n de espect\u00e1culos y escenograf\u00edas <\/strong>y las <strong>Exposiciones anuales de trabajos<\/strong>. Sobre esta modalidad integrada de estudio, creaci\u00f3n y acci\u00f3n, se fue construyendo la Escuela de Artes del Teatro. Los profesores fueron y son en su gran mayor\u00eda egresados de la misma casa, hecho que ha dado una fuerte continuidad y cohesi\u00f3n creadora al devenir de la labor educativa.<br><\/li>\n\n\n\n<li class=\"has-x-small-font-size\">La d\u00e9cada de 1960 fue un tiempo de crecimiento y expansi\u00f3n con el acento en la formaci\u00f3n de las c\u00e1tedras y el refinamiento de los contenidos de la carrera. Se montaron muestras en las galer\u00edas Witcomb, en el Teatro Col\u00f3n, y en 1967 la Escuela fue elegida para ser representada en la <em>Manifestation Internationale des Jeunes Artistes<\/em> en Par\u00eds.<\/li>\n<\/ul>\n<\/div>\n<\/div>\n\n\n\n<div class=\"wp-block-columns has-background is-layout-flex wp-container-core-columns-is-layout-28f84493 wp-block-columns-is-layout-flex\" style=\"background-color:#e9f4ee\">\n<div class=\"wp-block-column is-layout-flow wp-block-column-is-layout-flow\" style=\"padding-right:10px;padding-left:10px\">\n<p class=\"has-primary-color has-text-color has-link-color has-medium-font-size wp-elements-703f33743fd7a850f566326799e52bf9\"><strong>1975<\/strong><\/p>\n\n\n\n<p class=\"has-x-small-font-size\">El Departamento de Escenograf\u00eda cambia su nombre por el de <strong>Departamento de Artes del Teatro<\/strong>, y al a\u00f1o siguiente se le da el nombre de <strong>Escuela de Artes del Teatro<\/strong>.<\/p>\n<\/div>\n\n\n\n<div class=\"wp-block-column is-layout-flow wp-block-column-is-layout-flow\" style=\"padding-right:10px;padding-left:10px\">\n<p class=\"has-primary-color has-text-color has-link-color has-medium-font-size wp-elements-e44e70fba63e5b6f1d5b77fef19b1d10\"><strong>1977<\/strong><\/p>\n\n\n\n<p class=\"has-x-small-font-size\">La Escuela se traslada a una nueva sede en Jun\u00edn 1063, un teatro de principios del siglo XX, restaurado y remodelado con el&nbsp; aporte de profesores y alumnos. Permaneci\u00f3 en esta sede hasta 2007.<\/p>\n<\/div>\n\n\n\n<div class=\"wp-block-column is-layout-flow wp-block-column-is-layout-flow\" style=\"padding-right:10px;padding-left:10px\">\n<p class=\"has-primary-color has-text-color has-link-color has-medium-font-size wp-elements-a04a16be50b9245c5010dd1e0d24ab88\"><strong>1982<\/strong><\/p>\n\n\n\n<p class=\"has-x-small-font-size\">Comienzan los trabajos de investigaci\u00f3n para el <strong>Archivo de Indumentaria Latinoamericana<\/strong>, dirigido por la Prof. Alice Darram\u00f3n de Beit\u00eda. El <strong>Taller de Escenograf\u00eda <\/strong>particip\u00f3 en el Primer Festival Latinoamericano de Teatro, realizado en la ciudad de C\u00f3rdoba, con una exposici\u00f3n de trabajos de alumnos que incluy\u00f3 vestuario, utiler\u00eda, telones pintados y proyectos escenogr\u00e1ficos completos.<\/p>\n<\/div>\n<\/div>\n\n\n\n<div class=\"wp-block-columns has-background is-layout-flex wp-container-core-columns-is-layout-28f84493 wp-block-columns-is-layout-flex\" style=\"background-color:#e9f4ee\">\n<div class=\"wp-block-column is-layout-flow wp-block-column-is-layout-flow\" style=\"padding-right:10px;padding-left:10px\">\n<p class=\"has-primary-color has-text-color has-link-color has-medium-font-size wp-elements-be28d4008389a727dccdd30ea5c0476a\"><strong>1985<\/strong><\/p>\n\n\n\n<p><\/p>\n\n\n\n<ul class=\"wp-block-list\">\n<li class=\"has-x-small-font-size\">Se crea el <strong>Teatro de la Universidad<\/strong>, a cargo de la Directora de la Escuela y el Prof. Alberto Cebollero como maestro de actores, convocando a todos los integrantes de la Universidad que desearan participar como actores en los espect\u00e1culos que se presentaron desde entonces en noviembre y diciembre de cada a\u00f1o.<br><\/li>\n\n\n\n<li class=\"has-x-small-font-size\">Se estrena el espect\u00e1culo <em>Estampas de vida y de muerte<\/em>, creaci\u00f3n de Alice Darram\u00f3n. La construcci\u00f3n de la escenograf\u00eda, el vestuario, la utiler\u00eda demandaron cuatro a\u00f1os, realizados por estudiantes&nbsp; y docentes. La complejidad del montaje de maquinaria, resuelta por el profesor Juan Jos\u00e9 Beit\u00eda, acerc\u00f3 a los estudiantes aprender y comprender los secretos de la magia del escenario.&nbsp;<\/li>\n<\/ul>\n<\/div>\n<\/div>\n\n\n\n<div class=\"wp-block-columns has-background is-layout-flex wp-container-core-columns-is-layout-28f84493 wp-block-columns-is-layout-flex\" style=\"background-color:#e9f4ee\">\n<div class=\"wp-block-column is-layout-flow wp-block-column-is-layout-flow\" style=\"padding-right:10px;padding-left:10px\">\n<p class=\"has-primary-color has-text-color has-link-color has-medium-font-size wp-elements-3f43c5f71a8b90a992b77d5270626609\"><strong>1986<\/strong><\/p>\n\n\n\n<p class=\"has-x-small-font-size\">Se convoc\u00f3 el <strong>Primer Seminario de Arquitectura Sacra<\/strong>, con la coordinaci\u00f3n del Arquitecto Pablo Tom\u00e1s Beit\u00eda.&nbsp;<\/p>\n<\/div>\n\n\n\n<div class=\"wp-block-column is-layout-flow wp-block-column-is-layout-flow\" style=\"padding-right:10px;padding-left:10px\">\n<p class=\"has-primary-color has-text-color has-link-color has-medium-font-size wp-elements-d21437d9d58b15b5dfab3d10224c0d5f\"><strong>1987<\/strong><\/p>\n\n\n\n<p class=\"has-x-small-font-size\">Se realiz\u00f3 el montaje de Arte y Arquitectura Sacra, en conjunto con la <strong>Pastoral Universitaria <\/strong>de la Universidad de Buenos Aires, en las Galer\u00edas de la Facultad de Derecho de esa casa de estudios.&nbsp;<\/p>\n\n\n\n<p class=\"has-x-small-font-size\">El Teatro Universitario presenta \u201c<em>El peregrino<\/em>\u201d, versi\u00f3n actualizada de <em>\u201cEstampas de vida y de muerte<\/em>\u201d.<\/p>\n<\/div>\n\n\n\n<div class=\"wp-block-column is-layout-flow wp-block-column-is-layout-flow\" style=\"padding-right:10px;padding-left:10px\">\n<p class=\"has-primary-color has-text-color has-link-color has-medium-font-size wp-elements-af74166c09b3b500e591e01ffc970668\"><strong>1988<\/strong><\/p>\n\n\n\n<p class=\"has-x-small-font-size\">Se crea la <strong>C\u00e1tedra Extracurricular Taller de Realizaciones Teatrales<\/strong>, a cargo de la Prof. Mar\u00eda Clara Beit\u00eda, para organizar a alumnos y ex alumnos en las actividades extraprogram\u00e1ticas que se desarrollaran en la Escuela, y que abarcaba el Taller de Escenograf\u00eda y Montaje y el armado de la Exposici\u00f3n Anual de Trabajos y de otras que se realizaron dentro y fuera de la Universidad.&nbsp;<\/p>\n<\/div>\n<\/div>\n\n\n\n<div class=\"wp-block-columns has-background is-layout-flex wp-container-core-columns-is-layout-28f84493 wp-block-columns-is-layout-flex\" style=\"background-color:#e9f4ee\">\n<div class=\"wp-block-column is-layout-flow wp-block-column-is-layout-flow\" style=\"padding-right:10px;padding-left:10px\">\n<p class=\"has-primary-color has-text-color has-link-color has-medium-font-size wp-elements-50edddb2ac4bb703902b3a08a34fd032\"><strong>1989<\/strong><\/p>\n\n\n\n<p class=\"has-x-small-font-size\">En el marco de las celebraciones del 5\u00b0 <em>Centenario de la Evangelizaci\u00f3n en Am\u00e9rica Latina<\/em>, convocada por el padre Ismael Quiles, la Escuela de Artes del Teatro realiz\u00f3 el dise\u00f1o y montaje de la Exposici\u00f3n del Encuentro ASEC, Sor Juana-Universidad del Salvador, M\u00e9xico- Argentina, en el Centro Cultural Recoleta; Colabor\u00f3 para la puesta en escena de <em>La Misi\u00f3n de Roque<\/em>, de Virginia Care\u00f1o y, el Teatro universitario present\u00f3 la obra: \u201cPoemas y canciones\u201d Homenaje a Antonio Machado\u201d, autor\u00eda conjunta de A. Darramon y Jaime de Oleza.&nbsp;<\/p>\n<\/div>\n\n\n\n<div class=\"wp-block-column is-layout-flow wp-block-column-is-layout-flow\" style=\"padding-right:10px;padding-left:10px\">\n<p class=\"has-primary-color has-text-color has-link-color has-medium-font-size wp-elements-e5021b2532ae76f493bc4462e3c53bec\"><strong>1993<\/strong><\/p>\n\n\n\n<p class=\"has-x-small-font-size\">La carrera de Artes del Teatro propone la investigaci\u00f3n sobre las obras de obras de Aldo Pelegrini, en su libro \u201cTeatro de la inestable realidad\u201d, y produce para el Teatro universitario, formado por alumnos,docentes y personal de la universidad, las obras\u201dla buscadora de amor\u201d.<\/p>\n<\/div>\n\n\n\n<div class=\"wp-block-column is-layout-flow wp-block-column-is-layout-flow\" style=\"padding-right:10px;padding-left:10px\">\n<p class=\"has-primary-color has-text-color has-link-color has-medium-font-size wp-elements-7e7e078ec2d18e76c2a8c1f9a30d8db4\"><strong>1994<\/strong><\/p>\n\n\n\n<p class=\"has-x-small-font-size\">Se aprueba un nuevo plan de estudios, que a partir de 1995 consta de un ciclo de cuatro a\u00f1os para obtener el t\u00edtulo de <strong>Escen\u00f3grafo<\/strong>, y un a\u00f1o m\u00e1s para el de <strong>Licenciado en Artes del Teatro<\/strong>. Tambi\u00e9n en 1994 se iniciaron los cursos de la Carrera de Escenograf\u00eda en el Campus Nuestra Se\u00f1ora del Pilar.<\/p>\n<\/div>\n<\/div>\n\n\n\n<div class=\"wp-block-columns has-background is-layout-flex wp-container-core-columns-is-layout-28f84493 wp-block-columns-is-layout-flex\" style=\"background-color:#e9f4ee\">\n<div class=\"wp-block-column is-layout-flow wp-block-column-is-layout-flow\" style=\"padding-right:10px;padding-left:10px\">\n<p class=\"has-primary-color has-text-color has-link-color has-medium-font-size wp-elements-591610eb9c4e19fd9695d3f4deb4e29c\"><strong>1995<\/strong><\/p>\n\n\n\n<p class=\"has-x-small-font-size\">Fruto de la investigaci\u00f3n sobre nuevos enfoques, a propuesta del Arq. Pablo T. Beit\u00eda,&nbsp; se crea una versi\u00f3n teatral del cuento de Leonardo Castellani \u201c\u00a1<em>Oh\u00e9, Pozzo sat\u00e9lite Japet<\/em>\u201d con gran despliegue escenogr\u00e1fico y de maquinaria a cargo de profesores y alumnos en la sede Jun\u00edn 1063.<\/p>\n<\/div>\n\n\n\n<div class=\"wp-block-column is-layout-flow wp-block-column-is-layout-flow\" style=\"padding-right:10px;padding-left:10px\">\n<p class=\"has-primary-color has-text-color has-link-color has-medium-font-size wp-elements-e63bd53aee5dd9eb7dbc43feea8b54bb\"><strong>1996<\/strong><\/p>\n\n\n\n<ul class=\"wp-block-list\">\n<li class=\"has-x-small-font-size\">En el marco del 40\u00b0 Aniversario de la USAL, la XXXV muestra anual de trabajos de Artes del Teatro super\u00f3 las <strong>2000 obras expuestas<\/strong>, y tambi\u00e9n se realizaron la II y III muestras de trabajos en Pilar.<\/li>\n\n\n\n<li class=\"has-x-small-font-size\">Egresaron de esta Escuela cerca de <strong>400 escen\u00f3grafos<\/strong>. Algunos de ellos hoy son destacados profesionales en nuestro pa\u00eds y el exterior.&nbsp;<\/li>\n\n\n\n<li class=\"has-x-small-font-size\">La Escuela de Artes del Teatro, dirigida por su fundadora, la prof. Alice Darram\u00f3n de Beit\u00eda, promueve un plan de crecimiento proponiendo la elaboraci\u00f3n de las carreras de <strong>Arquitectura<\/strong>, <strong>Licenciatura en Arte y Dise\u00f1o Digital <\/strong>y <strong>Licenciatura Arte Dram\u00e1tico<\/strong>. Para la gesti\u00f3n de este proyecto se incorporaron especialistas en cada \u00e1rea encargados de desarrollar los dise\u00f1os curriculares.<\/li>\n<\/ul>\n<\/div>\n\n\n\n<div class=\"wp-block-column is-layout-flow wp-block-column-is-layout-flow\" style=\"padding-right:10px;padding-left:10px\">\n<p class=\"has-primary-color has-text-color has-link-color has-medium-font-size wp-elements-18636611ccfff21da2237c0d85feeddc\"><strong>1998<\/strong><\/p>\n\n\n\n<p class=\"has-x-small-font-size\">Se aprueba un nuevo plan de estudios, que a partir de 1995 consta de un ciclo de cuatro a\u00f1os para obtener el t\u00edtulo de <strong>Escen\u00f3grafo<\/strong>, y un a\u00f1o m\u00e1s para el de <strong>Licenciado en Artes del Teatro<\/strong>. Tambi\u00e9n en 1994 se iniciaron los cursos de la Carrera de Escenograf\u00eda en el Campus Nuestra Se\u00f1ora del Pilar.<\/p>\n<\/div>\n<\/div>\n\n\n\n<div class=\"wp-block-columns has-background is-layout-flex wp-container-core-columns-is-layout-28f84493 wp-block-columns-is-layout-flex\" style=\"background-color:#e9f4ee\">\n<div class=\"wp-block-column is-layout-flow wp-block-column-is-layout-flow\" style=\"padding-right:10px;padding-left:10px\">\n<p class=\"has-primary-color has-text-color has-link-color has-medium-font-size wp-elements-2e5bf2a2827754daa56a627bec88fdba\"><strong>2002 <\/strong>a<strong> 2005<\/strong><\/p>\n\n\n\n<ul class=\"wp-block-list\">\n<li class=\"has-x-small-font-size\">La Resoluci\u00f3n Rectoral Nro. 84\/02, del 10 de junio de 2002, da por finalizado el ciclo de la Escuela de Artes del Teatro creando la <strong>Escuela de Arte y Arquitectura<\/strong>, y dando inicio a los cursos de la nueva carrera de Arquitectura en el Campus Nuestra Se\u00f1ora del Pilar. El Arq. Pablo Tom\u00e1s Beit\u00eda fue nombrado Director de la Escuela. La Escuela de Arte y Arquitectura se constituye en 2002 con:<br>\n<ul class=\"wp-block-list\">\n<li>La <strong>Carrera de Artes del Teatro<\/strong>, de cuatro a\u00f1os, con t\u00edtulo intermedio de <strong>Escen\u00f3grafo <\/strong>y t\u00edtulo final de <strong>Licenciado en Artes del Teatro<\/strong>, con sedes en Capital y en el Campus Ntra. Sra. del Pilar.<\/li>\n\n\n\n<li>La <strong>Carrera de Arquitectura<\/strong>, de cinco a\u00f1os, con t\u00edtulo de <strong>Arquitecto<\/strong>; desarrollada para aprovechar el potencial del Campus de la USAL en Pilar, con su alto valor ambiental y pujante contexto socioecon\u00f3mico.&nbsp;&nbsp;<\/li>\n\n\n\n<li>La Carrera se complementa desde su origen en 2002 con el <strong>Ciclo Anual de Arte y Paisaje, que incluyen los Seminarios-Talleres de Arte y Paisaje (STAP) <\/strong>en distintos lugares de Argentina (Delta del Paran\u00e1, San Carlos de Bariloche, San Ignacio (Misiones), litoral atl\u00e1ntico bonaerense, Parque Nacional Lihu\u00e9 Calel, etc.) , con formato de extensi\u00f3n acad\u00e9mica y orientado a tem\u00e1ticas de investigaci\u00f3n y proyecto para el paisaje, el medio ambiente y los recursos patrimoniales de escala territorial.<\/li>\n\n\n\n<li>La <strong>Licenciatura en Arte y Dise\u00f1o Digital<\/strong>, carrera de cuatro a\u00f1os con t\u00edtulo de <strong>Licenciado en Arte y Dise\u00f1o Digital<\/strong>, primera de este tipo en Argentina, que se dicta en la modalidad de ciclo de licenciatura en el Instituto Antonio Ruiz de Montoya, de la ciudad de Posadas, Misiones, desde 2002 hasta 2005.<br><\/li>\n<\/ul>\n<\/li>\n\n\n\n<li class=\"has-x-small-font-size\">En 2004 La Licenciatura en Artes del Teatro produce el espect\u00e1culo <em>Gala de la Amistad<\/em>.<\/li>\n\n\n\n<li class=\"has-x-small-font-size\">La Sede Centro recibe a la compa\u00f1\u00eda polaca<em> Katowicw<\/em> con su espect\u00e1culo de danza tradicional en la sala de Jun\u00edn 1063.<\/li>\n\n\n\n<li class=\"has-x-small-font-size\">Alumnos y profesores de la sede Pilar dise\u00f1an y realizan la escenograf\u00eda para el espect\u00e1culo \u201cLa bella y la bestia\u201d, presentado en el auditoria de Campus Nuestra Se\u00f1ora del Pilar por el colegio Brick Towers.<\/li>\n\n\n\n<li class=\"has-x-small-font-size\">Convocados por la Municipalidad del Pilar, alumnos de Escenograf\u00eda dise\u00f1an y pintan un mural en las paredes exteriores del Cementerio, reproduciendo aspectos arquitect\u00f3nicos similares a los de su p\u00f3rtico colonial.&nbsp;<\/li>\n\n\n\n<li class=\"has-x-small-font-size\">En la Sede Centro, el escen\u00f3grafo Diego Siliano, con la colaboraci\u00f3n de profesores, alumnos y graduados, explora las posibilidades de la imagen digitalizada y proyecciones para su aplicaci\u00f3n en la escenograf\u00eda, que luego aplica en la puesta de la \u00f3pera \u201cDi\u00e1logo de Carmelitas\u201d en el Teatro Col\u00f3n.<\/li>\n<\/ul>\n<\/div>\n<\/div>\n\n\n\n<div class=\"wp-block-columns has-background is-layout-flex wp-container-core-columns-is-layout-28f84493 wp-block-columns-is-layout-flex\" style=\"background-color:#e9f4ee\">\n<div class=\"wp-block-column is-layout-flow wp-block-column-is-layout-flow\" style=\"padding-right:10px;padding-left:10px\">\n<p class=\"has-primary-color has-text-color has-link-color has-medium-font-size wp-elements-07e8af6a999277146a445ac08db0aff0\"><strong>2006<\/strong><\/p>\n\n\n\n<p class=\"has-x-small-font-size\"><\/p>\n\n\n\n<ul class=\"wp-block-list\">\n<li class=\"has-x-small-font-size\">La CETRT (c\u00e1tedra extracurricular Taller de Realizaciones teatrales) con profesores&nbsp; y alumnos de Artes del Teatro dise\u00f1an y realizan la escenograf\u00eda para la \u00f3pera Cavalleria Rusticana de Pietro Mascagni, producida por el Consejo Profesional de Ciencias Econ\u00f3micas.&nbsp;<\/li>\n\n\n\n<li class=\"has-x-small-font-size\">Asimismo, participan en la realizaci\u00f3n de escenograf\u00eda de la \u00f3pera L\u00e9lisir d\u00e1mor, de Gaetano Donizetti, producida por Buenos Aires L\u00edrica para el Teatro Avenida.&nbsp;<\/li>\n\n\n\n<li class=\"has-x-small-font-size\">Un equipo de profesores y alumnos de Escenograf\u00eda colabora en el registro fotogr\u00e1fico de la colecci\u00f3n arqueol\u00f3gica de la USAL.<\/li>\n\n\n\n<li class=\"has-x-small-font-size\">Conferencia de Helmut Ditsch en sede Centro y Pilar.<\/li>\n\n\n\n<li class=\"has-x-small-font-size\">Dise\u00f1o, realizaci\u00f3n y montaje del escenario para la celebraci\u00f3n del 50\u00b0 Aniversario de la Universidad del Salvador en el Auditorio del Campus Nuestra Se\u00f1ora del Pilar.<\/li>\n<\/ul>\n<\/div>\n\n\n\n<div class=\"wp-block-column is-layout-flow wp-block-column-is-layout-flow\" style=\"padding-right:10px;padding-left:10px\">\n<p class=\"has-primary-color has-text-color has-link-color has-medium-font-size wp-elements-b76f9976a06d35a9bfde4d56f3ccb5b4\"><strong>2007<\/strong><\/p>\n\n\n\n<ul class=\"wp-block-list\">\n<li class=\"has-x-small-font-size\">La carrera de Artes del Teatro se instala en una nueva Sede, un espacio no convencional, donde recrea y actualiza su programa. Sanchez de Bustamante 106.<\/li>\n\n\n\n<li class=\"has-x-small-font-size\">Alumnos y profesores de Artes del Teatro y Arquitectura participan en el evento art\u00edstico \u201cArs D\u00fao\u201d con la presentaci\u00f3n&nbsp; en la v\u00eda p\u00fablica de la instalaci\u00f3n \u201cMira que te estoy mirando, el t\u00fanel de las artes\u201d<\/li>\n\n\n\n<li class=\"has-x-small-font-size\">Alumnos y profesores de Escenograf\u00eda dise\u00f1an y realizan escenograf\u00eda para el canal Cr\u00f3nica TV.<\/li>\n\n\n\n<li class=\"has-x-small-font-size\">Alumnos de Artes del Teatro realizan y colaboran con el dise\u00f1ador Francisco Ayala para su Stand en la Feria \u201cTodo Dise\u00f1o\u201d.<\/li>\n\n\n\n<li class=\"has-x-small-font-size\">Alumnos y profesores de Artes del Teatro Dise\u00f1an y realizan la escenograf\u00eda para el Concert Anual del Colegio \u201cLos Robles\u201d.<\/li>\n\n\n\n<li class=\"has-x-small-font-size\">Alumnos de Escenograf\u00eda de Buenos Aires y Pilar en la realizaci\u00f3n del Vestuario para las \u00f3peras Fausto de Charles Gounod y L&#8217;Elisir d\u2019Amore, de Donizetti, con Producci\u00f3n de Buenos Aires l\u00edrica en el Teatro Avenida.<\/li>\n<\/ul>\n<\/div>\n<\/div>\n\n\n\n<div class=\"wp-block-columns has-background is-layout-flex wp-container-core-columns-is-layout-28f84493 wp-block-columns-is-layout-flex\" style=\"background-color:#e9f4ee\">\n<div class=\"wp-block-column is-layout-flow wp-block-column-is-layout-flow\" style=\"padding-right:10px;padding-left:10px\">\n<p class=\"has-primary-color has-text-color has-link-color has-medium-font-size wp-elements-af1868c0d92dbc7cf4d3015ebcc15216\"><strong>2008<\/strong><\/p>\n\n\n\n<p class=\"has-x-small-font-size\"><\/p>\n\n\n\n<ul class=\"wp-block-list\">\n<li class=\"has-x-small-font-size\">Profesores y alumnos de Escenograf\u00eda dise\u00f1an y elaboran un marco de tem\u00e1tica eucar\u00edstica para decorar el escenario del auditorio del Campus Nuestra Se\u00f1ora del Pilar con motivo de la celebraci\u00f3n de la Primera Comuni\u00f3n de alumnos del Colegio Los Robles de Pilar.<\/li>\n\n\n\n<li class=\"has-x-small-font-size\">Alumnos y profesores de Artes del Teatro dise\u00f1an y realizan escenograf\u00eda y vestuario para la obra \u201c<em>El jaspeadito<\/em>\u201d de Gabriela Romeo, Teatro Club Del Buf\u00f3n.<\/li>\n<\/ul>\n<\/div>\n\n\n\n<div class=\"wp-block-column is-layout-flow wp-block-column-is-layout-flow\" style=\"padding-right:10px;padding-left:10px\">\n<p class=\"has-primary-color has-text-color has-link-color has-medium-font-size wp-elements-6fd11b4d63353e215114e253494393e0\"><strong>2009<\/strong><\/p>\n\n\n\n<ul class=\"wp-block-list\">\n<li class=\"has-x-small-font-size\">Alumnos de la Licenciatura en Artes del Teatro dise\u00f1an y realizan la escenograf\u00eda para la obra \u00ab<em>de c\u00f3mo el Sr. Mockinpott consigui\u00f3 liberarse de sus padecimientos<\/em>\u00bb de Peter Weiss en el espacio teatral&nbsp; \u00abLiberarte\u00bb.<\/li>\n<\/ul>\n<\/div>\n\n\n\n<div class=\"wp-block-column is-layout-flow wp-block-column-is-layout-flow\">\n<p class=\"has-primary-color has-text-color has-link-color has-medium-font-size wp-elements-d46ad5cfaca564776ae6d2a1d5a56953\"><strong>2010<\/strong><\/p>\n\n\n\n<ul class=\"wp-block-list\">\n<li class=\"has-x-small-font-size\">La Revista Signos Universitarios publica su n\u00famero 45 dedicado a Artes del Teatro, \u201cEscenograf\u00eda: El Relato Visual\u201d.<\/li>\n\n\n\n<li class=\"has-x-small-font-size\">Alumnos de Artes del Teatro de Sede Centro y Pilar participan en la realizaci\u00f3n, montaje y seguimiento en escena de las funciones de la \u00f3pera <em>Belisario<\/em>, de Donizetti, producida por Buenos Aires L\u00edrica para el Teatro Avenida.<\/li>\n\n\n\n<li class=\"has-x-small-font-size\">Colaboraci\u00f3n con el programa Pescar: \u201cTaller de introducci\u00f3n a la planificaci\u00f3n y el armado de escenograf\u00edas para teatro.\u201d<\/li>\n<\/ul>\n<\/div>\n<\/div>\n\n\n\n<div class=\"wp-block-columns has-background is-layout-flex wp-container-core-columns-is-layout-28f84493 wp-block-columns-is-layout-flex\" style=\"background-color:#e9f4ee\">\n<div class=\"wp-block-column is-layout-flow wp-block-column-is-layout-flow\" style=\"padding-right:10px;padding-left:10px\">\n<p class=\"has-primary-color has-text-color has-link-color has-medium-font-size wp-elements-66130b08e75304377675804b6d44d12e\"><strong>2011<\/strong><\/p>\n\n\n\n<p class=\"has-x-small-font-size\"><\/p>\n\n\n\n<p class=\"has-x-small-font-size\">Alumnos de Artes del Teatro asumen el dise\u00f1o y realizaci\u00f3n de los decorados para el <em>Concert Anual <\/em>del Colegio Los Robles, en el Auditorio del Campus Nora. Sra. del Pilar.&nbsp;<\/p>\n<\/div>\n\n\n\n<div class=\"wp-block-column is-layout-flow wp-block-column-is-layout-flow\" style=\"padding-right:10px;padding-left:10px\">\n<p class=\"has-primary-color has-text-color has-link-color has-medium-font-size wp-elements-644e4940a9c453bba3210ce71a6e8865\"><strong>2012<\/strong><\/p>\n\n\n\n<p class=\"has-x-small-font-size\">En la&nbsp; Sede de la Escuela de Arte y Arquitectura de S\u00e1nchez de Bustamante 106, se presentan dos propuestas experimentales: <em>&nbsp;\u201cIn Sens<\/em>\u201d, Instalaci\u00f3n en base a la reutilizaci\u00f3n de materiales descartables un composiciones art\u00edsticas, con la participaci\u00f3n de alumnos del \u00faltimo a\u00f1o de la Licenciatura en Artes del Teatro; y \u201c<em>La Evoluci\u00f3n del papel\u201d <\/em>&nbsp;Instalaci\u00f3n a partir de un entorno de papel y sus transformaciones en el tiempo.<\/p>\n<\/div>\n<\/div>\n\n\n\n<div class=\"wp-block-columns has-background is-layout-flex wp-container-core-columns-is-layout-28f84493 wp-block-columns-is-layout-flex\" style=\"background-color:#e9f4ee\">\n<div class=\"wp-block-column is-layout-flow wp-block-column-is-layout-flow\" style=\"padding-right:10px;padding-left:10px\">\n<p class=\"has-primary-color has-text-color has-link-color has-medium-font-size wp-elements-3e0dbf79686618914630fa408ee45508\"><strong>2013<\/strong><\/p>\n\n\n\n<ul class=\"wp-block-list\">\n<li class=\"has-x-small-font-size\">Luego del proceso de acreditaci\u00f3n realizado en 2012, <strong>la carrera de Arquitectura de la Universidad del Salvador es acreditada por CONEAU<\/strong> seg\u00fan Resoluci\u00f3n 692\/13.<\/li>\n\n\n\n<li class=\"has-x-small-font-size\">Por Resoluci\u00f3n Rectoral N\u00b0 12\/13, se crea en<strong> Instituto de Investigaci\u00f3n en Arte y Arquitectura, <\/strong>que sigue los lineamientos estrat\u00e9gicos planteados en torno a la creaci\u00f3n de los espacios de investigaci\u00f3n interdisciplinarios para el paisaje y para la tecnolog\u00eda. Cuenta con tres \u00e1reas de investigaci\u00f3n: Artes del Teatro, Arquitectura y Arte y Paisaje.<\/li>\n\n\n\n<li class=\"has-x-small-font-size\">Se crea tambi\u00e9n el <strong>Espacio de Arquitectura Bioclim\u00e1tica (EAB)<\/strong> en el Campus Nuestra Sra. del Pilar, ofreciendo a toda la comunidad acad\u00e9mica un espacio para el estudio, investigaci\u00f3n y transferencia de conocimientos relacionados con el uso y aplicaci\u00f3n de las energ\u00edas renovables en la arquitectura como camino dirigido a la reducci\u00f3n del consumo de combustibles f\u00f3siles y a la mitigaci\u00f3n del efecto invernadero como causa principal del cambio clim\u00e1tico.<\/li>\n\n\n\n<li class=\"has-x-small-font-size\">Se crea la <strong>Escuela de Dise\u00f1o<\/strong>, con la licenciatura en Arte y Dise\u00f1o Digital y la licenciatura en Dise\u00f1o Gr\u00e1fico, siendo su director el Arq. Jorge Filippis. Entre 2013 y 2018 esta Escuela desarroll\u00f3 diferentes actividades de extensi\u00f3n, entre ellos el <em>Primer Congreso de Rob\u00f3tica<\/em> (2016), la <em>Jornada LETTERING &amp; TYPO<\/em> (2017), y el <em>Primer Congreso de Serious Games <\/em>en Argentina (2018).<\/li>\n<\/ul>\n<\/div>\n<\/div>\n\n\n\n<div class=\"wp-block-columns has-background is-layout-flex wp-container-core-columns-is-layout-28f84493 wp-block-columns-is-layout-flex\" style=\"background-color:#e9f4ee\">\n<div class=\"wp-block-column is-layout-flow wp-block-column-is-layout-flow\" style=\"padding-right:10px;padding-left:10px\">\n<p class=\"has-primary-color has-text-color has-link-color has-medium-font-size wp-elements-61f4b3d475cf598f1b06efd87466b77c\"><strong>2014<\/strong><\/p>\n\n\n\n<p class=\"has-x-small-font-size\"><\/p>\n\n\n\n<ul class=\"wp-block-list\">\n<li class=\"has-x-small-font-size\">La Carrera de Artes del Teatro, sede Centro se traslada a Hip\u00f3lito Yrigoyen 2441, CABA.<\/li>\n\n\n\n<li class=\"has-x-small-font-size\">Se realiza el <em>Curso de Sistemas de Informaci\u00f3n Geogr\u00e1fica (SIG) como herramienta interpretativa del territorio. <\/em>USAL Delegaci\u00f3n Pilar, Abril 2014. Docente a cargo: Arq. Juan Addesso.<\/li>\n\n\n\n<li class=\"has-x-small-font-size\">Alumnos y profesores de Artes del Teatro de Pilar colabora en la realizaci\u00f3n de decorados para el Via Crucis de la Ciudad de Pilar, organizado por el \u201cHogar de Cristo\u201d, con el apoyo de la Municipalidad de Pilar y la Universidad del Salvador.&nbsp;<\/li>\n<\/ul>\n<\/div>\n\n\n\n<div class=\"wp-block-column is-layout-flow wp-block-column-is-layout-flow\" style=\"padding-right:10px;padding-left:10px\">\n<p class=\"has-primary-color has-text-color has-link-color has-medium-font-size wp-elements-3a570c67b3d9d133feb476ee218fa396\"><strong>2015<\/strong><\/p>\n\n\n\n<ul class=\"wp-block-list\">\n<li class=\"has-x-small-font-size\">La carrera de Arquitectura realiza el <em>Viaje de estudio, interpretaci\u00f3n e investigaci\u00f3n a la regi\u00f3n central de la Provincia de La Pampa<\/em>. La Pampa, Septiembre 2015. Docentes a cargo: Arqs. Pablo Beit\u00eda, Mercedes Gallegos, Adriana Ten Hoeve, Luis Novoa, Mar\u00eda Victoria Borgarello, Marcelo De Simone, Fabi\u00e1n Galarza. Asistentes estudiantes: 17.<\/li>\n\n\n\n<li class=\"has-x-small-font-size\">Presentaci\u00f3n en el Honorable Senado de la Naci\u00f3n del Proyecto de Investigaci\u00f3n<em> \u00abReconocimiento, estudio y valoraci\u00f3n de la Ruta Prov. N\u00ba 11 de la Provincia de Neuqu\u00e9n para su proposici\u00f3n como Ruta Esc\u00e9nica provincial\u00bb.<\/em> CABA, Agosto 2015.&nbsp;<\/li>\n\n\n\n<li class=\"has-x-small-font-size\">Presentaci\u00f3n de la<em> Certificaci\u00f3n de Competencias Laborales: Instaladores de Sistemas Solares T\u00e9rmicos-Nivel II \u2013 INTI.<\/em> Campus Miguelete (INTI), Abril 2017. Expositor docente: Walter Ranieri. Asistente docente: Arq. Luis Novoa.<\/li>\n<\/ul>\n<\/div>\n\n\n\n<div class=\"wp-block-column is-layout-flow wp-block-column-is-layout-flow\">\n<p class=\"has-primary-color has-text-color has-link-color has-medium-font-size wp-elements-df94e4edcb12ccfea5d1734427a71d1e\"><strong>2016<\/strong><\/p>\n\n\n\n<ul class=\"wp-block-list\">\n<li class=\"has-x-small-font-size\"><em>Viaje de estudio, interpretaci\u00f3n e investigaci\u00f3n a la regi\u00f3n central de la Provincia de La Pampa<\/em>. La Pampa, Mayo 2016.&nbsp;<\/li>\n\n\n\n<li class=\"has-x-small-font-size\"><em>Curso de capacitaci\u00f3n en SIG para alumnos de la carrera de Arquitectura<\/em>. USAL Delegaci\u00f3n Pilar, Agosto\/Septiembre 2016.<\/li>\n\n\n\n<li class=\"has-x-small-font-size\"><em>Curso de Fotograf\u00eda y Edici\u00f3n Digital<\/em>. USAL Delegaci\u00f3n Pilar, Octubre 2016. Docente a cargo: Lic. Roberto Fern\u00e1ndez<\/li>\n\n\n\n<li class=\"has-x-small-font-size\">Curso de capacitaci\u00f3n en dise\u00f1o inclusivo:<em> \u201cIntroducci\u00f3n integral de la accesibilidad f\u00edsica en el ejercicio docente de la Carrera de Arquitectura\u201d. <\/em>USAL Delegaci\u00f3n Pilar, Noviembre 2016.&nbsp;<\/li>\n<\/ul>\n<\/div>\n<\/div>\n\n\n\n<div class=\"wp-block-columns has-background is-layout-flex wp-container-core-columns-is-layout-28f84493 wp-block-columns-is-layout-flex\" style=\"background-color:#e9f4ee\">\n<div class=\"wp-block-column is-layout-flow wp-block-column-is-layout-flow\" style=\"padding-right:10px;padding-left:10px\">\n<p class=\"has-primary-color has-text-color has-link-color has-medium-font-size wp-elements-fff9b3359f1f3afa7b147735107b1fef\"><strong>2017<\/strong><\/p>\n\n\n\n<p class=\"has-x-small-font-size\"><\/p>\n\n\n\n<ul class=\"wp-block-list\">\n<li class=\"has-x-small-font-size\">La carrera de Arquitectura de la Universidad del Salvador vuelve a ser acreditada -luego de un nuevo proceso de acreditaci\u00f3n- por CONEAU, mediante Resoluci\u00f3n N\u00b0 2017-3295221.&nbsp;<\/li>\n\n\n\n<li class=\"has-x-small-font-size\"><em>Taller de Accesibilidad F\u00edsica para alumnos de la EAA <\/em>(asignaturas Arquitectura I a VII y Pr\u00e1ctica Profesional I y II). USAL Delegaci\u00f3n Pilar, Mayo a Noviembre 2017.<\/li>\n\n\n\n<li class=\"has-x-small-font-size\"><em>Viaje de Estudio para el reconocimiento de las escalas de poblamiento y patrones de movilidad en Sierra de la Ventana (Bs. As.), Valle Argentino y Microrregi\u00f3n de Urre-Lauquen (La Pampa).<\/em> La Pampa, Abril 2017<\/li>\n\n\n\n<li class=\"has-x-small-font-size\"><em>Taller de dise\u00f1o y producci\u00f3n de contenidos no presenciales para materias de Tecnolog\u00eda Digital. <\/em>USAL Delegaci\u00f3n Pilar, Agosto 2017. Docente a cargo: Lic. Roberto Fern\u00e1ndez. Actividad destinada a docentes.<\/li>\n\n\n\n<li class=\"has-x-small-font-size\">En la sede de Hip\u00f3lito Yrigoyen 2441,&nbsp; abre su convocatoria el primer <em>Taller de Arte Sacro-Iconograf\u00eda<\/em>, a cargo de Mar\u00eda Clara Beit\u00eda.<\/li>\n<\/ul>\n<\/div>\n\n\n\n<div class=\"wp-block-column is-layout-flow wp-block-column-is-layout-flow\" style=\"padding-right:10px;padding-left:10px\">\n<p class=\"has-primary-color has-text-color has-link-color has-medium-font-size wp-elements-071d9ce91cc8063f4a575adf32cc30f9\"><strong>2018<\/strong><\/p>\n\n\n\n<ul class=\"wp-block-list\">\n<li class=\"has-x-small-font-size\">Se realiza la <em>Primera Jornada de Arte en la USAL<\/em>, con la exposici\u00f3n de trabajos de las carreras de Arquitectura, Artes del Teatro y Arte Dram\u00e1tico y una demostraci\u00f3n de la t\u00e9cnica de pintura escenogr\u00e1fica, en vivo, a cargo de graduados de Artes del Teatro, escen\u00f3grafos del Teatron Col\u00f3n, cuyo tema fue una ampliaci\u00f3n de una imagen de San Ignacio de Loyola.<\/li>\n<\/ul>\n<\/div>\n\n\n\n<div class=\"wp-block-column is-layout-flow wp-block-column-is-layout-flow\">\n<p class=\"has-primary-color has-text-color has-link-color has-medium-font-size wp-elements-cd253559d7a8fce570a1b145330b31f3\"><strong>2019<\/strong><\/p>\n\n\n\n<ul class=\"wp-block-list\">\n<li class=\"has-x-small-font-size\">Se crea, por Resoluci\u00f3n Rectoral 841\/18, la <strong>Facultad de Arte y Arquitectura<\/strong>, que integra a las carreras de Artes del Teatro \/ Escenograf\u00eda, Arquitectura, Arte y Dise\u00f1o Digital y Dise\u00f1o Gr\u00e1fico. El Arq. Pablo Tom\u00e1s Beit\u00eda es nombrado Decano de la nueva Unidad Acad\u00e9mica.<\/li>\n\n\n\n<li class=\"has-x-small-font-size\">La Carrera de Artes del Teatro, sede Centro se traslada a Rodr\u00edguez Pe\u00f1a 670, CABA, actual sede de la Facultad de Arte y Arquitectura.<\/li>\n\n\n\n<li class=\"has-x-small-font-size\">Profesores y alumnos de Sede Centro y Pilar de la carrera de Artes del Teatro dise\u00f1an y realizan la escenograf\u00eda y el vestuario del Musical \u201cLa Bella Durmiente\u201d para el Teatro Municipal de Luj\u00e1n, \u201cTrinidad Guevara\u201d, en el marco del convenio de&nbsp; colaboraci\u00f3n.<\/li>\n<\/ul>\n<\/div>\n<\/div>\n\n\n\n<div class=\"wp-block-columns has-background is-layout-flex wp-container-core-columns-is-layout-28f84493 wp-block-columns-is-layout-flex\" style=\"background-color:#e9f4ee\">\n<div class=\"wp-block-column is-layout-flow wp-block-column-is-layout-flow\" style=\"padding-right:10px;padding-left:10px\">\n<p class=\"has-primary-color has-text-color has-link-color has-medium-font-size wp-elements-c0ced430f92066598ebc7de89d0be826\"><strong>2020-2021<\/strong><\/p>\n\n\n\n<p class=\"has-x-small-font-size\"><\/p>\n\n\n\n<ul class=\"wp-block-list\">\n<li class=\"has-x-small-font-size\">En tiempos del Aislamiento Social Preventivo y Obligatorio (ASPO) por la pandemia provocada por el Sars-COV-2 comienzan las actividades del proyecto <strong>Arquitectos Itinerantes, <\/strong>impulsado por el CEDODAL (Centro de Documentaci\u00f3n de Arquitectura Latinoamericana) y la carrera de Arquitectura de la Facultad de Arte y Arquitectura de la USAL. En esta primera etapa se realizan distintos <em>webinars<\/em> con especialistas de Argentina, Brasil, Paraguay y Uruguay, y se lanza el <a href=\"https:\/\/sites.google.com\/usal.edu.ar\/arquitectositinerantes\/\">sitio web del proyecto<\/a>.&nbsp;<\/li>\n\n\n\n<li class=\"has-x-small-font-size\">Tambi\u00e9n comienza el primer proyecto de investigaci\u00f3n interfacultad de la USAL-VRID: <strong><em>Relaciones entre h\u00e1bitat y energ\u00eda. Estudio de caso en el Campus Universitario Nuestra Se\u00f1ora del Pilar de la USAL. <\/em><\/strong>&nbsp;que re\u00fane a las Facultad de Arte y Arquitectura; Facultad de Ingenier\u00eda y Facultad de Historia, Geograf\u00eda y Turismo, con un equipo de 10 investigadores pertenecientes a las carreras de: Arquitectura, Ingenier\u00eda en Sistemas e Industrial y Ciencias Ambientales, dirigidos por el Arq. Marcelo S. De Simone.<\/li>\n\n\n\n<li class=\"has-x-small-font-size\">Artes del Teatro dise\u00f1a y realiza vestuario y escenograf\u00eda para la puesta en escena de la obra <em>Edipo Rey <\/em>de S\u00f3focles en el Teatro Municipal de Luj\u00e1n, \u201cTrinidad Guevara\u201d.<\/li>\n<\/ul>\n<\/div>\n<\/div>\n\n\n\n<div class=\"wp-block-columns has-background is-layout-flex wp-container-core-columns-is-layout-28f84493 wp-block-columns-is-layout-flex\" style=\"background-color:#e9f4ee\">\n<div class=\"wp-block-column is-layout-flow wp-block-column-is-layout-flow\" style=\"padding-right:10px;padding-left:10px\">\n<p class=\"has-primary-color has-text-color has-link-color has-medium-font-size wp-elements-1be39defe05c57450d66e50e089ff3a3\"><strong>2022<\/strong><\/p>\n\n\n\n<p class=\"has-x-small-font-size\"><\/p>\n\n\n\n<ul class=\"wp-block-list\">\n<li class=\"has-x-small-font-size\">Se realizan las primeras exposiciones de <strong>Arquitectos Itinerantes: Pioneros de la integraci\u00f3n del Mercosur. 1850-1960 <\/strong>en la Facultad de Medicina de la USAL en Buenos Aires y en el Campus Nuestra Se\u00f1ora del Pilar.&nbsp;<\/li>\n\n\n\n<li class=\"has-x-small-font-size\">Se concret\u00f3 la primera edici\u00f3n y publicaci\u00f3n de una edici\u00f3n de la <strong>Serie Blanca<\/strong> del CEDODAL, en conjunto con un equipo editorial de la Facultad de Arte y Arquitectura de la USAL, en los que se aborda la obra del arquitecto <strong>Jorge K\u00e1lnay<\/strong>.<\/li>\n<\/ul>\n<\/div>\n\n\n\n<div class=\"wp-block-column is-layout-flow wp-block-column-is-layout-flow\" style=\"padding-right:10px;padding-left:10px\">\n<p class=\"has-primary-color has-text-color has-link-color has-medium-font-size wp-elements-9748f7578bee18ab48ca25c976ae1eb0\"><strong>2023<\/strong><\/p>\n\n\n\n<ul class=\"wp-block-list\">\n<li class=\"has-x-small-font-size\">La exposici\u00f3n <strong>Arquitectos Itinerantes: Pioneros de la integraci\u00f3n Mercosur. 1850-1960 <\/strong>cruza el R\u00edo de la Plata para realizarse en la ciudad de Montevideo, Uruguay, en la Facultad de Arquitectura, Dise\u00f1o y Urbanismo de la Universidad de la Rep\u00fablica y en el Centro de Estudios Salvador.&nbsp;<\/li>\n\n\n\n<li class=\"has-x-small-font-size\">Se concret\u00f3 la segunda edici\u00f3n y publicaci\u00f3n de la <strong>Serie Blanca<\/strong> del CEDODAL, en conjunto con un equipo editorial de la Facultad de Arte y Arquitectura de la USAL, en los que se aborda la obra del arquitecto <strong>Eduardo Sacriste<\/strong>.<\/li>\n\n\n\n<li class=\"has-x-small-font-size\">En noviembre se realiz\u00f3 el <strong>Workshop Internacional Seminario Taller Arte y Paisaje (STAP 3.23) USAL-FAA-ARQ \/ DiAP-SAPIENZA: \u201c<\/strong><strong><em>Sonoridades en el ecotono lacustre de la regi\u00f3n Andino Patag\u00f3nica<\/em><\/strong><strong>\u201d<\/strong>, que convoc\u00f3 a dos delegaciones de estudiantes y profesores pertenecienteas a la Carrera de Arquitectura de la Facultad de Arte y Arquitectura de la USAL y al Departimento di Architettura e Progetto de la Facolt\u00e1 di Architettura de la Sapienza Universit\u00e1 di Roma. Este Seminario Taller tuvo una duraci\u00f3n de dos semanas y se desarroll\u00f3 en tres sedes de la USAL: la Facultad de Medicina en la Ciudad Aut\u00f3noma de Buenos Aires, el predio de las caba\u00f1as en Villa Mascardi, Bariloche, Provincia de R\u00edo Negro, y el Campus Nuestra Se\u00f1ora del Pilar.<\/li>\n<\/ul>\n<\/div>\n<\/div>\n\n\n\n<div class=\"wp-block-columns has-background is-layout-flex wp-container-core-columns-is-layout-28f84493 wp-block-columns-is-layout-flex\" style=\"background-color:#e9f4ee\">\n<div class=\"wp-block-column is-layout-flow wp-block-column-is-layout-flow\" style=\"padding-right:10px;padding-left:10px\">\n<p class=\"has-primary-color has-text-color has-link-color has-medium-font-size wp-elements-1a4eeb50753d985c091760e59449d586\"><strong>2024<\/strong><\/p>\n\n\n\n<p class=\"has-x-small-font-size\">En agosto de este a\u00f1o asume como <br>Decano de la Facultad de Arte y Arquitectura <br>el Arq. Marcelo Salvador De Simone.<\/p>\n<\/div>\n<\/div>\n","protected":false},"excerpt":{"rendered":"<p>La&nbsp;Facultad de Arte y Arquitectura&nbsp;fue creada por Resoluci\u00f3n Rectoral N\u00b0841\/18, del 5 de diciembre de 2018. La nueva estructura comenz\u00f3 en 2019, bajo la conducci\u00f3n del Arq. Pablo Tom\u00e1s Beit\u00eda, su primer Decano. Durante su gesti\u00f3n fortaleci\u00f3 el crecimiento de la anterior&nbsp;Escuela de Arte y Arquitectura, con una impronta que pone el eje en las [&hellip;]<\/p>\n","protected":false},"author":38,"featured_media":0,"parent":0,"menu_order":0,"comment_status":"closed","ping_status":"closed","template":"","meta":{"_acf_changed":false,"footnotes":""},"class_list":["post-40","page","type-page","status-publish","hentry"],"acf":[],"_links":{"self":[{"href":"https:\/\/www.usal.edu.ar\/arteyarquitectura\/wp-json\/wp\/v2\/pages\/40","targetHints":{"allow":["GET"]}}],"collection":[{"href":"https:\/\/www.usal.edu.ar\/arteyarquitectura\/wp-json\/wp\/v2\/pages"}],"about":[{"href":"https:\/\/www.usal.edu.ar\/arteyarquitectura\/wp-json\/wp\/v2\/types\/page"}],"author":[{"embeddable":true,"href":"https:\/\/www.usal.edu.ar\/arteyarquitectura\/wp-json\/wp\/v2\/users\/38"}],"replies":[{"embeddable":true,"href":"https:\/\/www.usal.edu.ar\/arteyarquitectura\/wp-json\/wp\/v2\/comments?post=40"}],"version-history":[{"count":42,"href":"https:\/\/www.usal.edu.ar\/arteyarquitectura\/wp-json\/wp\/v2\/pages\/40\/revisions"}],"predecessor-version":[{"id":386,"href":"https:\/\/www.usal.edu.ar\/arteyarquitectura\/wp-json\/wp\/v2\/pages\/40\/revisions\/386"}],"wp:attachment":[{"href":"https:\/\/www.usal.edu.ar\/arteyarquitectura\/wp-json\/wp\/v2\/media?parent=40"}],"curies":[{"name":"wp","href":"https:\/\/api.w.org\/{rel}","templated":true}]}}