{"id":267,"date":"2024-04-01T18:07:01","date_gmt":"2024-04-01T21:07:01","guid":{"rendered":"https:\/\/www.usal.edu.ar\/ead\/?page_id=267"},"modified":"2024-06-10T14:23:34","modified_gmt":"2024-06-10T17:23:34","slug":"nosotros","status":"publish","type":"page","link":"https:\/\/www.usal.edu.ar\/ead\/nosotros\/","title":{"rendered":"SIED USAL"},"content":{"rendered":"\n<div class=\"wp-block-group has-global-padding is-layout-constrained wp-block-group-is-layout-constrained\">\n<div class=\"wp-block-columns is-layout-flex wp-container-core-columns-is-layout-658170e2 wp-block-columns-is-layout-flex\">\n<div class=\"wp-block-column is-layout-flow wp-block-column-is-layout-flow\" style=\"flex-basis:20%\">\n<div class=\"wp-block-group sidebar-botones has-global-padding is-layout-constrained wp-block-group-is-layout-constrained\">\n<div class=\"wp-block-group boton-main has-base-color has-primary-background-color has-text-color has-background has-link-color wp-elements-94f315673354b91f916965fcc2486a3a has-global-padding is-layout-constrained wp-container-core-group-is-layout-6b03352a wp-block-group-is-layout-constrained\" style=\"margin-top:5px;margin-bottom:5px;padding-top:10px;padding-right:10px;padding-bottom:10px;padding-left:10px\">\n<p class=\"has-text-align-center\"><a href=\"#sied\" data-type=\"internal\" data-id=\"#carta-del-rector\">El PAD y el SIED<\/a><\/p>\n<\/div>\n\n\n\n<div class=\"wp-block-group boton-main has-base-color has-primary-background-color has-text-color has-background has-link-color wp-elements-e4e41c5552bbd376e75ac3c288d73dfd has-global-padding is-layout-constrained wp-container-core-group-is-layout-6b03352a wp-block-group-is-layout-constrained\" style=\"margin-top:5px;margin-bottom:5px;padding-top:10px;padding-right:10px;padding-bottom:10px;padding-left:10px\">\n<p class=\"has-text-align-center\"><a href=\"#quienes-somos\" data-type=\"internal\" data-id=\"#valores\">Quienes Somos<\/a><\/p>\n<\/div>\n\n\n\n<div class=\"wp-block-group boton-main has-base-color has-primary-background-color has-text-color has-background has-link-color wp-elements-11e6f90ad4e452d998386e2dce63c022 has-global-padding is-layout-constrained wp-container-core-group-is-layout-6b03352a wp-block-group-is-layout-constrained\" style=\"margin-top:5px;margin-bottom:5px;padding-top:10px;padding-right:10px;padding-bottom:10px;padding-left:10px\">\n<p class=\"has-text-align-center\"><a href=\"#reglamentos\" data-type=\"internal\" data-id=\"#carta-del-rector\">Reglamentos<\/a><\/p>\n<\/div>\n<\/div>\n<\/div>\n\n\n\n<div class=\"wp-block-column is-layout-flow wp-block-column-is-layout-flow\" style=\"flex-basis:80%\">\n<div class=\"wp-block-group has-global-padding is-layout-constrained wp-container-core-group-is-layout-92b9201d wp-block-group-is-layout-constrained\">\n<div class=\"wp-block-group has-global-padding is-layout-constrained wp-container-core-group-is-layout-92b9201d wp-block-group-is-layout-constrained\">\n<h2 class=\"wp-block-heading\" id=\"sied\">EL PAD Y EL SIED<\/h2>\n\n\n\n<p><strong>LA DIRECCI\u00d3N DE PROGRAMAS DE EDUCACI\u00d3N A DISTANCIA (PAD) ES EL SIED DE LA UNIVERSIDAD DEL SALVADOR<\/strong><\/p>\n\n\n\n<p>La Direcci\u00f3n de Programas de Educaci\u00f3n a Distancia, oficina que depende del Vicerrectorado de Investigaci\u00f3n y Desarrollo, es la encargada de gestionar la inclusi\u00f3n de tecnolog\u00eda educativa en la Universidad. <\/p>\n\n\n\n<p>Para ello, cuenta con dos \u00e1reas diferenciadas: los Programas de Educaci\u00f3n a Distancia y el SIED. <\/p>\n\n\n\n<p>La primera se encarga de la dimensi\u00f3n acad\u00e9mica, a trav\u00e9s del dise\u00f1o, desarrollo, puesta en marcha y gesti\u00f3n de carreras de pregrado, grado y posgrado; cursos de extensi\u00f3n y l\u00edneas de investigaci\u00f3n en tecnolog\u00eda educativa. <\/p>\n\n\n\n<p>La segunda, el SIED, es el organismo, acreditado por CONEAU ( RESFC-2019-327-APN-CONEAU#MECCYT) de la Comisi\u00f3n Nacional de Evaluaci\u00f3n y Acreditaci\u00f3n Universitaria), encargado de centralizar los espacios curriculares de toda la Universidad en los que haya mediaci\u00f3n tecnol\u00f3gica.&nbsp;&nbsp;<\/p>\n<\/div>\n\n\n\n<br><br><hr><br><br>\n\n\n\n<h2 class=\"wp-block-heading\" id=\"quienes-somos\">Qui\u00e9nes Somos<\/h2>\n\n\n\n<div class=\"wp-block-group is-vertical is-content-justification-center is-layout-flex wp-container-core-group-is-layout-de19a45c wp-block-group-is-layout-flex\">\n<figure class=\"wp-block-image size-full is-resized is-style-rounded img-mini-autoridad\"><img loading=\"lazy\" decoding=\"async\" width=\"2560\" height=\"1920\" src=\"https:\/\/www.usal.edu.ar\/ead\/wp-content\/uploads\/sites\/5\/2024\/04\/IMG_6416-scaled.jpg\" alt=\"\" class=\"wp-image-376\" style=\"object-fit:cover;width:150px;height:150px\" srcset=\"https:\/\/www.usal.edu.ar\/ead\/wp-content\/uploads\/sites\/5\/2024\/04\/IMG_6416-scaled.jpg 2560w, https:\/\/www.usal.edu.ar\/ead\/wp-content\/uploads\/sites\/5\/2024\/04\/IMG_6416-300x225.jpg 300w, https:\/\/www.usal.edu.ar\/ead\/wp-content\/uploads\/sites\/5\/2024\/04\/IMG_6416-1024x768.jpg 1024w, https:\/\/www.usal.edu.ar\/ead\/wp-content\/uploads\/sites\/5\/2024\/04\/IMG_6416-768x576.jpg 768w, https:\/\/www.usal.edu.ar\/ead\/wp-content\/uploads\/sites\/5\/2024\/04\/IMG_6416-1536x1152.jpg 1536w, https:\/\/www.usal.edu.ar\/ead\/wp-content\/uploads\/sites\/5\/2024\/04\/IMG_6416-2048x1536.jpg 2048w\" sizes=\"auto, (max-width: 2560px) 100vw, 2560px\" \/><\/figure>\n\n\n\n<p class=\"has-text-align-center\"><strong>Alejandra Lamberti<\/strong><br>Direcci\u00f3n de Programas de<br>Educaci\u00f3n a Distancia (PAD\/SIED)<\/p>\n<\/div>\n\n\n\n<div class=\"wp-block-group is-content-justification-center is-layout-flex wp-container-core-group-is-layout-ab7dcd1c wp-block-group-is-layout-flex\">\n<div class=\"wp-block-group is-vertical is-content-justification-center is-nowrap is-layout-flex wp-container-core-group-is-layout-7b37aa3b wp-block-group-is-layout-flex\">\n<figure class=\"wp-block-image size-full is-resized is-style-rounded img-mini-autoridad\"><img loading=\"lazy\" decoding=\"async\" width=\"871\" height=\"830\" src=\"https:\/\/www.usal.edu.ar\/ead\/wp-content\/uploads\/sites\/5\/2024\/04\/julib.png\" alt=\"\" class=\"wp-image-371\" style=\"object-fit:cover;width:120px;height:120px\" srcset=\"https:\/\/www.usal.edu.ar\/ead\/wp-content\/uploads\/sites\/5\/2024\/04\/julib.png 871w, https:\/\/www.usal.edu.ar\/ead\/wp-content\/uploads\/sites\/5\/2024\/04\/julib-300x286.png 300w, https:\/\/www.usal.edu.ar\/ead\/wp-content\/uploads\/sites\/5\/2024\/04\/julib-768x732.png 768w\" sizes=\"auto, (max-width: 871px) 100vw, 871px\" \/><\/figure>\n\n\n\n<p class=\"has-text-align-center\"><strong>Julieta Brizuela<\/strong><br>Colaboradora Acad\u00e9mica<\/p>\n<\/div>\n\n\n\n<div class=\"wp-block-group is-vertical is-content-justification-center is-layout-flex wp-container-core-group-is-layout-de19a45c wp-block-group-is-layout-flex\">\n<figure class=\"wp-block-image size-full is-resized is-style-rounded img-mini-autoridad\"><img loading=\"lazy\" decoding=\"async\" width=\"2560\" height=\"1920\" src=\"https:\/\/www.usal.edu.ar\/ead\/wp-content\/uploads\/sites\/5\/2024\/04\/Gladys-scaled.jpg\" alt=\"\" class=\"wp-image-369\" style=\"object-fit:cover;width:120px;height:120px\" srcset=\"https:\/\/www.usal.edu.ar\/ead\/wp-content\/uploads\/sites\/5\/2024\/04\/Gladys-scaled.jpg 2560w, https:\/\/www.usal.edu.ar\/ead\/wp-content\/uploads\/sites\/5\/2024\/04\/Gladys-300x225.jpg 300w, https:\/\/www.usal.edu.ar\/ead\/wp-content\/uploads\/sites\/5\/2024\/04\/Gladys-1024x768.jpg 1024w, https:\/\/www.usal.edu.ar\/ead\/wp-content\/uploads\/sites\/5\/2024\/04\/Gladys-768x576.jpg 768w, https:\/\/www.usal.edu.ar\/ead\/wp-content\/uploads\/sites\/5\/2024\/04\/Gladys-1536x1152.jpg 1536w, https:\/\/www.usal.edu.ar\/ead\/wp-content\/uploads\/sites\/5\/2024\/04\/Gladys-2048x1536.jpg 2048w\" sizes=\"auto, (max-width: 2560px) 100vw, 2560px\" \/><\/figure>\n\n\n\n<p class=\"has-text-align-center\"><strong>Gladys Cid<\/strong><br>Secretaria Administrativa<\/p>\n<\/div>\n\n\n\n<div class=\"wp-block-group is-vertical is-content-justification-center is-layout-flex wp-container-core-group-is-layout-de19a45c wp-block-group-is-layout-flex\">\n<figure class=\"wp-block-image size-full is-resized is-style-rounded img-mini-autoridad\"><img loading=\"lazy\" decoding=\"async\" width=\"773\" height=\"770\" src=\"https:\/\/www.usal.edu.ar\/ead\/wp-content\/uploads\/sites\/5\/2024\/04\/facu.png\" alt=\"\" class=\"wp-image-372\" style=\"object-fit:cover;width:120px;height:120px\" srcset=\"https:\/\/www.usal.edu.ar\/ead\/wp-content\/uploads\/sites\/5\/2024\/04\/facu.png 773w, https:\/\/www.usal.edu.ar\/ead\/wp-content\/uploads\/sites\/5\/2024\/04\/facu-300x300.png 300w, https:\/\/www.usal.edu.ar\/ead\/wp-content\/uploads\/sites\/5\/2024\/04\/facu-150x150.png 150w, https:\/\/www.usal.edu.ar\/ead\/wp-content\/uploads\/sites\/5\/2024\/04\/facu-768x765.png 768w\" sizes=\"auto, (max-width: 773px) 100vw, 773px\" \/><\/figure>\n\n\n\n<p class=\"has-text-align-center\"><strong>Facundo Fern\u00e1ndez<\/strong><br>Colaborador Acad\u00e9mico<\/p>\n<\/div>\n<\/div>\n\n\n\n<div class=\"wp-block-group is-content-justification-center is-layout-flex wp-container-core-group-is-layout-ab7dcd1c wp-block-group-is-layout-flex\">\n<div class=\"wp-block-group is-vertical is-content-justification-center is-nowrap is-layout-flex wp-container-core-group-is-layout-7b37aa3b wp-block-group-is-layout-flex\">\n<figure class=\"wp-block-image size-full is-resized is-style-rounded img-mini-autoridad\"><img loading=\"lazy\" decoding=\"async\" width=\"206\" height=\"205\" src=\"https:\/\/www.usal.edu.ar\/ead\/wp-content\/uploads\/sites\/5\/2024\/05\/salopad.jpg\" alt=\"\" class=\"wp-image-406\" style=\"object-fit:cover;width:120px;height:120px\" srcset=\"https:\/\/www.usal.edu.ar\/ead\/wp-content\/uploads\/sites\/5\/2024\/05\/salopad.jpg 206w, https:\/\/www.usal.edu.ar\/ead\/wp-content\/uploads\/sites\/5\/2024\/05\/salopad-150x150.jpg 150w\" sizes=\"auto, (max-width: 206px) 100vw, 206px\" \/><\/figure>\n\n\n\n<p class=\"has-text-align-center\"><strong>Salom\u00e9 Iglesias<\/strong><br>Colaboradora Acad\u00e9mica<\/p>\n<\/div>\n\n\n\n<div class=\"wp-block-group is-vertical is-content-justification-center is-layout-flex wp-container-core-group-is-layout-de19a45c wp-block-group-is-layout-flex\">\n<figure class=\"wp-block-image size-full is-resized is-style-rounded img-mini-autoridad\"><img loading=\"lazy\" decoding=\"async\" width=\"206\" height=\"205\" src=\"https:\/\/www.usal.edu.ar\/ead\/wp-content\/uploads\/sites\/5\/2024\/05\/jami.jpg\" alt=\"\" class=\"wp-image-413\" style=\"object-fit:cover;width:120px;height:120px\" srcset=\"https:\/\/www.usal.edu.ar\/ead\/wp-content\/uploads\/sites\/5\/2024\/05\/jami.jpg 206w, https:\/\/www.usal.edu.ar\/ead\/wp-content\/uploads\/sites\/5\/2024\/05\/jami-150x150.jpg 150w\" sizes=\"auto, (max-width: 206px) 100vw, 206px\" \/><\/figure>\n\n\n\n<p class=\"has-text-align-center\"><strong>Jos\u00e9 Marcucci<\/strong><br>Colaborador Acad\u00e9mico<\/p>\n<\/div>\n\n\n\n<div class=\"wp-block-group is-vertical is-content-justification-center is-layout-flex wp-container-core-group-is-layout-de19a45c wp-block-group-is-layout-flex\">\n<figure class=\"wp-block-image size-full is-resized is-style-rounded img-mini-autoridad\"><img loading=\"lazy\" decoding=\"async\" width=\"1600\" height=\"900\" src=\"https:\/\/www.usal.edu.ar\/ead\/wp-content\/uploads\/sites\/5\/2024\/04\/WhatsApp-Image-2024-04-11-at-14.53.29.jpeg\" alt=\"\" class=\"wp-image-368\" style=\"object-fit:cover;width:120px;height:120px\" srcset=\"https:\/\/www.usal.edu.ar\/ead\/wp-content\/uploads\/sites\/5\/2024\/04\/WhatsApp-Image-2024-04-11-at-14.53.29.jpeg 1600w, https:\/\/www.usal.edu.ar\/ead\/wp-content\/uploads\/sites\/5\/2024\/04\/WhatsApp-Image-2024-04-11-at-14.53.29-300x169.jpeg 300w, https:\/\/www.usal.edu.ar\/ead\/wp-content\/uploads\/sites\/5\/2024\/04\/WhatsApp-Image-2024-04-11-at-14.53.29-1024x576.jpeg 1024w, https:\/\/www.usal.edu.ar\/ead\/wp-content\/uploads\/sites\/5\/2024\/04\/WhatsApp-Image-2024-04-11-at-14.53.29-768x432.jpeg 768w, https:\/\/www.usal.edu.ar\/ead\/wp-content\/uploads\/sites\/5\/2024\/04\/WhatsApp-Image-2024-04-11-at-14.53.29-1536x864.jpeg 1536w\" sizes=\"auto, (max-width: 1600px) 100vw, 1600px\" \/><\/figure>\n\n\n\n<p class=\"has-text-align-center\"><strong>Juli\u00e1n Martinez V\u00e1zquez<\/strong><br>Colaborador Acad\u00e9mico<\/p>\n<\/div>\n<\/div>\n\n\n\n<div class=\"wp-block-group is-content-justification-center is-layout-flex wp-container-core-group-is-layout-ab7dcd1c wp-block-group-is-layout-flex\">\n<div class=\"wp-block-group is-vertical is-content-justification-center is-layout-flex wp-container-core-group-is-layout-de19a45c wp-block-group-is-layout-flex\">\n<figure class=\"wp-block-image size-full is-resized is-style-rounded img-mini-autoridad\"><img loading=\"lazy\" decoding=\"async\" width=\"2560\" height=\"1920\" src=\"https:\/\/www.usal.edu.ar\/ead\/wp-content\/uploads\/sites\/5\/2024\/04\/Gabriela-scaled.jpg\" alt=\"\" class=\"wp-image-370\" style=\"object-fit:cover;width:120px;height:120px\" srcset=\"https:\/\/www.usal.edu.ar\/ead\/wp-content\/uploads\/sites\/5\/2024\/04\/Gabriela-scaled.jpg 2560w, https:\/\/www.usal.edu.ar\/ead\/wp-content\/uploads\/sites\/5\/2024\/04\/Gabriela-300x225.jpg 300w, https:\/\/www.usal.edu.ar\/ead\/wp-content\/uploads\/sites\/5\/2024\/04\/Gabriela-1024x768.jpg 1024w, https:\/\/www.usal.edu.ar\/ead\/wp-content\/uploads\/sites\/5\/2024\/04\/Gabriela-768x576.jpg 768w, https:\/\/www.usal.edu.ar\/ead\/wp-content\/uploads\/sites\/5\/2024\/04\/Gabriela-1536x1152.jpg 1536w, https:\/\/www.usal.edu.ar\/ead\/wp-content\/uploads\/sites\/5\/2024\/04\/Gabriela-2048x1536.jpg 2048w\" sizes=\"auto, (max-width: 2560px) 100vw, 2560px\" \/><\/figure>\n\n\n\n<p class=\"has-text-align-center\"><strong>Gabriela Menestrina<\/strong><br>Colaboradora Acad\u00e9mica<\/p>\n<\/div>\n\n\n\n<div class=\"wp-block-group has-global-padding is-layout-constrained wp-container-core-group-is-layout-92b9201d wp-block-group-is-layout-constrained\">\n<br><br><hr><br><br>\n\n\n\n<h2 class=\"wp-block-heading\" id=\"congresos\">CONGRESOS<\/h2>\n\n\n\n<p><strong>El SIED-PAD ha organizado congresos sobre la especialidad.&nbsp;<\/strong><\/p>\n\n\n\n<p>Entre los d\u00edas 3 y 5 de noviembre de 2020, se llev\u00f3 a cabo el III Congreso Internacional de Educaci\u00f3n en l\u00ednea: Desaf\u00edos, oportunidades y nuevas intervenciones mediadas por TIC (RR 470\/20), auspiciado por el Ministerio de Educaci\u00f3n de la Naci\u00f3n (EX-2020-70051267). En el marco del Congreso, se conform\u00f3 una Comunidad de Pr\u00e1cticas, en la que se realiz\u00f3 un enriquecedor intercambio de experiencias. M\u00e1s informaci\u00f3n haga click aqu\u00ed<\/p>\n\n\n\n<p>En los d\u00edas 22 y 23&nbsp;de noviembre de 2018, se llev\u00f3 a cabo el&nbsp;IV Congreso Internacional de Ense\u00f1anza de espa\u00f1ol como segunda lengua y extranjera: \u00abLa competencia comunicativa y el nuevo lugar de la gram\u00e1tica en la ense\u00f1anza de ELSE\u00bb&nbsp;(RR 647\/18), declarado de inter\u00e9s educativo por el Ministerio de Educaci\u00f3n de la Naci\u00f3n y auspiciado por el Ministerio de Educaci\u00f3n e Innovaci\u00f3n de CABA.<\/p>\n\n\n\n<p><\/p>\n\n\n\n<p>El 23 y 24 de noviembre de 2017, se llev\u00f3 a cabo el&nbsp;II Congreso Internacional de Educaci\u00f3n a Distancia:&nbsp;\u00abTendencias actuales en educaci\u00f3n a distancia. \u00bfCambios permanentes o la permanencia del cambio?\u00bb&nbsp;tiene como principal objetivo generar espacios de reflexi\u00f3n a partir de la presentaci\u00f3n de experiencias en educaci\u00f3n a distancia e inclusi\u00f3n de tecnolog\u00edas, que aporten l\u00edneas de pensamiento y estrategias para la apertura de nuevos di\u00e1logos entre la Universidad y la sociedad.<\/p>\n\n\n\n<p><\/p>\n\n\n\n<p>Los d\u00edas 7 y 8 de mayo de 2015, el PAD organiz\u00f3 en conjunto con la Universidad Telem\u00e1tica Guglielmo Marconi (Roma) la IX Conferencia GUIDE: educaci\u00f3n y sociedad en red. Los desaf\u00edos de la era digital, en Buenos Aires; en esta oportunidad se cont\u00f3 con la presencia del Dr. Crist\u00f3bal Su\u00e1rez Guerrero (Universidad de Valencia-en videoconferencia), y el Dr. Fernando Santamar\u00eda de la Universidad La Sabana de Colombia.<\/p>\n\n\n\n<p>En los a\u00f1os 2006, 2008 y 2010, se realizaron Jornadas Virtuales en la Plataforma Moodle, con importante asistencia en todos los casos. En 2012: I Congreso Internacional: la educaci\u00f3n a distancia en Am\u00e9rica Latina: desaf\u00edos, alcances y proyecciones, en el cual se le otorg\u00f3 el Doctorado Honoris Causa al Dr. Lorenzo Garc\u00eda Aretio (Rector de la UNED de Espa\u00f1a) y la distinci\u00f3n de Profesor Visitante a Michael Moore, PHD, University of Pennsylvania.<\/p>\n\n\n\n<h2 class=\"wp-block-heading\" id=\"congresos\">REGLAMENTOS<\/h2>\n\n\n\n<p id=\"reglamentos\">Seleccione que reglamento desea ver\/descargar en pdf :<\/p>\n\n\n\n<ul class=\"wp-block-list\">\n<li><a href=\"https:\/\/www.usal.edu.ar\/ead\/wp-content\/uploads\/sites\/5\/2024\/05\/Reglamento_Direccion_Programas_A_Distancia.pdf\" target=\"_blank\" rel=\"noreferrer noopener\">Reglamento Direccion Programas a Distancia<\/a><br><\/li>\n\n\n\n<li><a href=\"https:\/\/www.usal.edu.ar\/ead\/wp-content\/uploads\/sites\/5\/2024\/05\/Reglamento_y_Condiciones_de_uso_del_Campus_virtual.pdf\" data-type=\"link\" data-id=\"https:\/\/www.usal.edu.ar\/ead\/wp-content\/uploads\/sites\/5\/2024\/05\/Reglamento_y_Condiciones_de_uso_del_Campus_virtual.pdf\" target=\"_blank\" rel=\"noreferrer noopener\">Reglamento y Condiciones de uso del Campus virtual<\/a><\/li>\n<\/ul>\n\n\n\n<br><br><hr><br><br>\n\n\n\n<p><\/p>\n<\/div>\n<\/div>\n<\/div>\n<\/div>\n<\/div>\n<\/div>\n\n\n\n<p><\/p>\n\n\n\n<p><\/p>\n","protected":false},"excerpt":{"rendered":"<p>El PAD y el SIED Quienes Somos Reglamentos EL PAD Y EL SIED LA DIRECCI\u00d3N DE PROGRAMAS DE EDUCACI\u00d3N A DISTANCIA (PAD) ES EL SIED DE LA UNIVERSIDAD DEL SALVADOR La Direcci\u00f3n de Programas de Educaci\u00f3n a Distancia, oficina que depende del Vicerrectorado de Investigaci\u00f3n y Desarrollo, es la encargada de gestionar la inclusi\u00f3n de [&hellip;]<\/p>\n","protected":false},"author":5,"featured_media":0,"parent":0,"menu_order":0,"comment_status":"closed","ping_status":"closed","template":"","meta":{"_acf_changed":false,"footnotes":""},"class_list":["post-267","page","type-page","status-publish","hentry"],"acf":[],"_links":{"self":[{"href":"https:\/\/www.usal.edu.ar\/ead\/wp-json\/wp\/v2\/pages\/267","targetHints":{"allow":["GET"]}}],"collection":[{"href":"https:\/\/www.usal.edu.ar\/ead\/wp-json\/wp\/v2\/pages"}],"about":[{"href":"https:\/\/www.usal.edu.ar\/ead\/wp-json\/wp\/v2\/types\/page"}],"author":[{"embeddable":true,"href":"https:\/\/www.usal.edu.ar\/ead\/wp-json\/wp\/v2\/users\/5"}],"replies":[{"embeddable":true,"href":"https:\/\/www.usal.edu.ar\/ead\/wp-json\/wp\/v2\/comments?post=267"}],"version-history":[{"count":51,"href":"https:\/\/www.usal.edu.ar\/ead\/wp-json\/wp\/v2\/pages\/267\/revisions"}],"predecessor-version":[{"id":490,"href":"https:\/\/www.usal.edu.ar\/ead\/wp-json\/wp\/v2\/pages\/267\/revisions\/490"}],"wp:attachment":[{"href":"https:\/\/www.usal.edu.ar\/ead\/wp-json\/wp\/v2\/media?parent=267"}],"curies":[{"name":"wp","href":"https:\/\/api.w.org\/{rel}","templated":true}]}}