{"id":268,"date":"2026-04-06T17:36:17","date_gmt":"2026-04-06T20:36:17","guid":{"rendered":"https:\/\/www.usal.edu.ar\/extension\/?page_id=268"},"modified":"2026-04-23T10:01:47","modified_gmt":"2026-04-23T13:01:47","slug":"aysu","status":"publish","type":"page","link":"https:\/\/www.usal.edu.ar\/extension\/aysu\/","title":{"rendered":"Programa AySU"},"content":{"rendered":"\n<div class=\"wp-block-group has-background has-global-padding is-layout-constrained wp-container-core-group-is-layout-6d1ff264 wp-block-group-is-layout-constrained\" style=\"background-color:#e2eae8;margin-top:var(--wp--preset--spacing--medium);padding-top:var(--wp--preset--spacing--30);padding-right:var(--wp--preset--spacing--30);padding-bottom:var(--wp--preset--spacing--30);padding-left:var(--wp--preset--spacing--30)\">\n<div class=\"wp-block-columns alignwide is-layout-flex wp-container-core-columns-is-layout-658170e2 wp-block-columns-is-layout-flex\">\n<div class=\"wp-block-column is-layout-flow wp-block-column-is-layout-flow\">\n<div class=\"wp-block-group has-background is-vertical is-content-justification-center is-layout-flex wp-container-core-group-is-layout-f4fa03df wp-block-group-is-layout-flex\" style=\"border-radius:20px;background-color:#ecf1f0;padding-top:5px;padding-right:5px;padding-bottom:5px;padding-left:5px\">\n<figure class=\"wp-block-image size-full is-resized wp-duotone-rgba000053-7f7f7f-1\"><img decoding=\"async\" src=\"https:\/\/www.usal.edu.ar\/extension\/wp-content\/themes\/usalwww\/assets\/images\/location.png\" alt=\"\" class=\"wp-image-1243\" style=\"width:20px;height:undefinedpx\" \/><\/figure>\n\n\n\n<p class=\"has-contrast-color has-text-color\" style=\"font-size:clamp(0.984rem, 0.984rem + ((1vw - 0.2rem) * 0.938), 1.5rem);letter-spacing:-0.5px\"><strong><a href=\"https:\/\/www.usal.edu.ar\/extension\/proyectos-de-curricularizacion\/\" data-type=\"link\" data-id=\"https:\/\/www.usal.edu.ar\/extension\/proyectos-de-curricularizacion\/\"><strong>Curricularizaci\u00f3n<\/strong><\/a><\/strong><\/p>\n\n\n\n<p class=\"has-text-align-center\" style=\"font-size:12px\">Integra el compromiso social al curr\u00edculo, formando profesionales con mirada integral y compromiso con el bien com\u00fan. Los alumnos aprenden en territorio, abordando problem\u00e1ticas reales junto a la comunidad.<\/p>\n<\/div>\n<\/div>\n\n\n\n<div class=\"wp-block-column is-layout-flow wp-block-column-is-layout-flow\">\n<div class=\"wp-block-group has-background is-vertical is-content-justification-center is-layout-flex wp-container-core-group-is-layout-f4fa03df wp-block-group-is-layout-flex\" style=\"border-radius:20px;background-color:#ecf1f0;padding-top:5px;padding-right:5px;padding-bottom:5px;padding-left:5px\">\n<figure class=\"wp-block-image size-full is-resized wp-duotone-rgba000053-7f7f7f-2\"><img decoding=\"async\" src=\"https:\/\/www.usal.edu.ar\/extension\/wp-content\/themes\/usalwww\/assets\/images\/location.png\" alt=\"\" class=\"wp-image-1243\" style=\"width:20px;height:undefinedpx\" \/><\/figure>\n\n\n\n<p class=\"has-text-align-center\" style=\"font-size:clamp(0.984rem, 0.984rem + ((1vw - 0.2rem) * 0.938), 1.5rem);letter-spacing:-0.5px\"><strong><strong><a href=\"https:\/\/www.instagram.com\/reel\/DR4cXWvEU63\/\">Sostenibilidad<\/a><\/strong><\/strong><\/p>\n\n\n\n<p class=\"has-text-align-center\" style=\"font-size:12px\">Articula conocimiento y acci\u00f3n para responder a desaf\u00edos sociales y ambientales reales. Integra dimensiones sociales, ambientales y econ\u00f3micas en proyectos con la comunidad.<\/p>\n<\/div>\n<\/div>\n<\/div>\n<\/div>\n\n\n\n<div class=\"wp-block-group has-secondary-background-color has-background is-layout-flow wp-container-core-group-is-layout-57879eca wp-block-group-is-layout-flow\" style=\"margin-top:0;padding-top:var(--wp--preset--spacing--30);padding-right:0;padding-bottom:var(--wp--preset--spacing--30);padding-left:0\">\n<div class=\"wp-block-cover is-light fondo-especial-fill\" style=\"min-height:182px;aspect-ratio:unset;\"><img decoding=\"async\" class=\"wp-block-cover__image-background wp-image-68\" alt=\"\" src=\"https:\/\/www.usal.edu.ar\/internacional\/wp-content\/uploads\/sites\/7\/2024\/02\/Group-321.png\" style=\"object-position:50% 50%\" data-object-fit=\"cover\" data-object-position=\"50% 50%\" \/><span aria-hidden=\"true\" class=\"wp-block-cover__background has-background-dim-0 has-background-dim\"><\/span><div class=\"wp-block-cover__inner-container has-global-padding is-layout-constrained wp-block-cover-is-layout-constrained\">\n<div class=\"wp-block-columns is-not-stacked-on-mobile is-layout-flex wp-container-core-columns-is-layout-28f84493 wp-block-columns-is-layout-flex\">\n<div class=\"wp-block-column is-layout-flow wp-container-core-column-is-layout-2bac12ba wp-block-column-is-layout-flow\" style=\"padding-top:var(--wp--preset--spacing--30);padding-right:var(--wp--preset--spacing--30);padding-bottom:var(--wp--preset--spacing--30);padding-left:var(--wp--preset--spacing--30);flex-basis:66.66%\">\n<p class=\"has-x-small-font-size\">El programa Aysu Integra la formaci\u00f3n acad\u00e9mica, compromiso social y dimensi\u00f3n espiritual, promoviendo un aprendizaje en territorio donde los estudiantes abordan problem\u00e1ticas reales junto a la comunidad. Forma parte de la <a href=\"https:\/\/www.usal.edu.ar\/carta-de-principios\/\" data-type=\"link\" data-id=\"https:\/\/www.usal.edu.ar\/carta-de-principios\/\" target=\"_blank\" rel=\"noreferrer noopener\">Carta de Principios<\/a> de la universidad y se encuentra dentro del marco del <a href=\"https:\/\/www.usal.edu.ar\/plan-estrategico-institucional\/\">Plan Estrat\u00e9gico 2023-2027<\/a> . Nacido de un proceso institucional sostenido, hoy AYSU impulsa una formaci\u00f3n integral orientada al bien com\u00fan y la sostenibilidad, cuyo experiencia pionera fue <a href=\"https:\/\/www.instagram.com\/reel\/Ci-s_ffJzt_\/\">Baldosas por la Infancia en 2021<\/a>.<\/p>\n\n\n\n<div class=\"wp-block-buttons is-layout-flex wp-block-buttons-is-layout-flex\">\n<div class=\"wp-block-button is-style-fill\"><a class=\"wp-block-button__link has-x-small-font-size has-custom-font-size wp-element-button\" href=\"https:\/\/drive.google.com\/drive\/folders\/1AmWsoJwAZ-CYKYYlBcKcq5JNbwG6sJam\">DISPOSICI\u00d3N N\u00b0 37\/2026<\/a><\/div>\n<\/div>\n<\/div>\n\n\n\n<div class=\"wp-block-column is-vertically-aligned-center is-layout-flow wp-block-column-is-layout-flow\" style=\"flex-basis:33.33%\">\n<figure class=\"wp-block-image size-large is-resized wp-duotone-unset-3\"><img loading=\"lazy\" decoding=\"async\" width=\"1024\" height=\"1024\" src=\"https:\/\/www.usal.edu.ar\/extension\/wp-content\/uploads\/sites\/18\/2026\/04\/WhatsApp-Image-2025-07-07-at-10.36.51-AM-1-1024x1024.jpeg\" alt=\"\" class=\"wp-image-332\" style=\"width:300px\" srcset=\"https:\/\/www.usal.edu.ar\/extension\/wp-content\/uploads\/sites\/18\/2026\/04\/WhatsApp-Image-2025-07-07-at-10.36.51-AM-1-1024x1024.jpeg 1024w, https:\/\/www.usal.edu.ar\/extension\/wp-content\/uploads\/sites\/18\/2026\/04\/WhatsApp-Image-2025-07-07-at-10.36.51-AM-1-300x300.jpeg 300w, https:\/\/www.usal.edu.ar\/extension\/wp-content\/uploads\/sites\/18\/2026\/04\/WhatsApp-Image-2025-07-07-at-10.36.51-AM-1-150x150.jpeg 150w, https:\/\/www.usal.edu.ar\/extension\/wp-content\/uploads\/sites\/18\/2026\/04\/WhatsApp-Image-2025-07-07-at-10.36.51-AM-1-768x768.jpeg 768w, https:\/\/www.usal.edu.ar\/extension\/wp-content\/uploads\/sites\/18\/2026\/04\/WhatsApp-Image-2025-07-07-at-10.36.51-AM-1.jpeg 1080w\" sizes=\"auto, (max-width: 1024px) 100vw, 1024px\" \/><\/figure>\n<\/div>\n<\/div>\n<\/div><\/div>\n<\/div>\n\n\n\n<div class=\"wp-block-group is-content-justification-center is-nowrap is-layout-flex wp-container-core-group-is-layout-23441af8 wp-block-group-is-layout-flex\">\n\n<\/div>\n\n\n\n<div class=\"wp-block-group is-nowrap is-layout-flex wp-container-core-group-is-layout-6c531013 wp-block-group-is-layout-flex\">\n<div class=\"wp-block-group is-nowrap is-layout-flex wp-container-core-group-is-layout-522d4764 wp-block-group-is-layout-flex\" style=\"padding-right:var(--wp--preset--spacing--30);padding-left:var(--wp--preset--spacing--30)\">\n<div class=\"wp-block-group is-nowrap is-layout-flex wp-container-core-group-is-layout-6c531013 wp-block-group-is-layout-flex\">\n<div class=\"wp-block-group has-global-padding is-content-justification-center is-layout-constrained wp-block-group-is-layout-constrained\">\n<div class=\"wp-block-group has-global-padding is-layout-constrained wp-block-group-is-layout-constrained\">\n<div class=\"wp-block-group is-vertical is-layout-flex wp-container-core-group-is-layout-5f9f5280 wp-block-group-is-layout-flex\">\n<div class=\"wp-block-group is-nowrap is-layout-flex wp-container-core-group-is-layout-6c531013 wp-block-group-is-layout-flex\">\n<div class=\"wp-block-cover alignfull is-light\" style=\"min-height:421px;aspect-ratio:unset;\"><span aria-hidden=\"true\" class=\"wp-block-cover__background has-background-dim-100 has-background-dim\" style=\"background-color:#ffffff\"><\/span><div class=\"wp-block-cover__inner-container is-layout-flow wp-block-cover-is-layout-flow\">\n<div class=\"wp-block-columns alignwide are-vertically-aligned-center is-layout-flex wp-container-core-columns-is-layout-28f84493 wp-block-columns-is-layout-flex\">\n<div class=\"wp-block-column is-layout-flow wp-block-column-is-layout-flow\" style=\"flex-basis:50%\">\n<figure class=\"wp-block-image size-full is-resized\"><img loading=\"lazy\" decoding=\"async\" width=\"1024\" height=\"1024\" src=\"https:\/\/www.usal.edu.ar\/extension\/wp-content\/uploads\/sites\/18\/2026\/04\/Grafico-de-extension-y-sostenibilidad.png\" alt=\"\" class=\"wp-image-391\" style=\"width:314px;height:auto\" srcset=\"https:\/\/www.usal.edu.ar\/extension\/wp-content\/uploads\/sites\/18\/2026\/04\/Grafico-de-extension-y-sostenibilidad.png 1024w, https:\/\/www.usal.edu.ar\/extension\/wp-content\/uploads\/sites\/18\/2026\/04\/Grafico-de-extension-y-sostenibilidad-300x300.png 300w, https:\/\/www.usal.edu.ar\/extension\/wp-content\/uploads\/sites\/18\/2026\/04\/Grafico-de-extension-y-sostenibilidad-150x150.png 150w, https:\/\/www.usal.edu.ar\/extension\/wp-content\/uploads\/sites\/18\/2026\/04\/Grafico-de-extension-y-sostenibilidad-768x768.png 768w\" sizes=\"auto, (max-width: 1024px) 100vw, 1024px\" \/><\/figure>\n<\/div>\n\n\n\n<div class=\"wp-block-column is-layout-flow wp-block-column-is-layout-flow\" style=\"flex-basis:50%\">\n<h2 class=\"wp-block-heading has-text-color\" style=\"color:#000000;font-size:clamp(14px, 0.875rem + ((1vw - 3.2px) * 0.682), 20px);\"><strong>Dimensi\u00f3n de Promoci\u00f3n y Apoyo<\/strong><\/h2>\n\n\n\n<p><strong><strong><strong><strong>CURSO AYSU<\/strong><\/strong><\/strong><\/strong><\/p>\n\n\n\n<p class=\"has-text-color\" style=\"color:#000000;font-size:clamp(14px, 0.875rem + ((1vw - 3.2px) * 0.341), 17px);\">Propuesta te\u00f3rico-pr\u00e1ctica que brinda herramientas para dise\u00f1ar e implementar proyectos bajo la metodolog\u00eda de aprendizaje y servicio solidario. Se desarrolla en ediciones peri\u00f3dicas desde 2024 y est\u00e1 dirigido a docentes, acad\u00e9micos y directivos de la USAL, fortaleciendo sus capacidades para articular formaci\u00f3n acad\u00e9mica y compromiso social.<\/p>\n\n\n\n<div class=\"wp-block-buttons is-layout-flex wp-block-buttons-is-layout-flex\">\n<div class=\"wp-block-button is-style-fill\"><a class=\"wp-block-button__link wp-element-button\" href=\"https:\/\/drive.google.com\/file\/d\/1NpXJfzXTs860ZlrKrDvnsvynX7eAwQ1t\/view?usp=drive_link\">Resoluci\u00f3n rectoral 153\/25<\/a><\/div>\n<\/div>\n\n\n\n<ul class=\"wp-block-social-links is-layout-flex wp-block-social-links-is-layout-flex\"><li class=\"wp-social-link wp-social-link-youtube  wp-block-social-link\"><a href=\"https:\/\/www.youtube.com\/shorts\/r3OvoDixBQw\" class=\"wp-block-social-link-anchor\"><svg width=\"24\" height=\"24\" viewBox=\"0 0 24 24\" version=\"1.1\" xmlns=\"http:\/\/www.w3.org\/2000\/svg\" aria-hidden=\"true\" focusable=\"false\"><path d=\"M21.8,8.001c0,0-0.195-1.378-0.795-1.985c-0.76-0.797-1.613-0.801-2.004-0.847c-2.799-0.202-6.997-0.202-6.997-0.202 h-0.009c0,0-4.198,0-6.997,0.202C4.608,5.216,3.756,5.22,2.995,6.016C2.395,6.623,2.2,8.001,2.2,8.001S2,9.62,2,11.238v1.517 c0,1.618,0.2,3.237,0.2,3.237s0.195,1.378,0.795,1.985c0.761,0.797,1.76,0.771,2.205,0.855c1.6,0.153,6.8,0.201,6.8,0.201 s4.203-0.006,7.001-0.209c0.391-0.047,1.243-0.051,2.004-0.847c0.6-0.607,0.795-1.985,0.795-1.985s0.2-1.618,0.2-3.237v-1.517 C22,9.62,21.8,8.001,21.8,8.001z M9.935,14.594l-0.001-5.62l5.404,2.82L9.935,14.594z\"><\/path><\/svg><span class=\"wp-block-social-link-label screen-reader-text\">YouTube<\/span><\/a><\/li><\/ul>\n<\/div>\n<\/div>\n<\/div><\/div>\n<\/div>\n<\/div>\n\n\n\n<div class=\"wp-block-group has-global-padding is-layout-constrained wp-container-core-group-is-layout-e555385e wp-block-group-is-layout-constrained\">\n<div class=\"wp-block-cover alignfull is-light\" style=\"min-height:357px;aspect-ratio:unset;\"><span aria-hidden=\"true\" class=\"wp-block-cover__background has-background-dim-100 has-background-dim\" style=\"background-color:#ffffff\"><\/span><div class=\"wp-block-cover__inner-container is-layout-flow wp-block-cover-is-layout-flow\">\n<div class=\"wp-block-columns alignwide is-layout-flex wp-container-core-columns-is-layout-28f84493 wp-block-columns-is-layout-flex\">\n<div class=\"wp-block-column is-layout-flow wp-block-column-is-layout-flow\" style=\"flex-basis:48%\">\n<figure class=\"wp-block-image is-resized\"><img loading=\"lazy\" decoding=\"async\" width=\"1024\" height=\"578\" src=\"https:\/\/www.usal.edu.ar\/extension\/wp-content\/uploads\/sites\/18\/2026\/04\/foto_aysu1-1024x578.png\" alt=\"\" class=\"wp-image-296\" style=\"aspect-ratio:1.7717360114777618;width:334px;height:auto\" srcset=\"https:\/\/www.usal.edu.ar\/extension\/wp-content\/uploads\/sites\/18\/2026\/04\/foto_aysu1-1024x578.png 1024w, https:\/\/www.usal.edu.ar\/extension\/wp-content\/uploads\/sites\/18\/2026\/04\/foto_aysu1-300x169.png 300w, https:\/\/www.usal.edu.ar\/extension\/wp-content\/uploads\/sites\/18\/2026\/04\/foto_aysu1-768x434.png 768w, https:\/\/www.usal.edu.ar\/extension\/wp-content\/uploads\/sites\/18\/2026\/04\/foto_aysu1.png 1360w\" sizes=\"auto, (max-width: 1024px) 100vw, 1024px\" \/><\/figure>\n<\/div>\n\n\n\n<div class=\"wp-block-column is-layout-flow wp-block-column-is-layout-flow\" style=\"flex-basis:52%\">\n<h2 class=\"wp-block-heading has-text-color\" style=\"color:#000000;font-size:clamp(14px, 0.875rem + ((1vw - 3.2px) * 0.682), 20px);\"><strong>Dimensi\u00f3n formativa integral<\/strong><\/h2>\n\n\n\n<p><strong><strong>ESPACIOS DE REFLEXI\u00d3N<\/strong><\/strong><\/p>\n\n\n\n<p class=\"has-text-color\" style=\"color:#000000;font-size:clamp(14px, 0.875rem + ((1vw - 3.2px) * 0.341), 17px);\">Acompa\u00f1an la experiencia formativa integrando dos dimensiones: la reflexi\u00f3n social, que permite analizar cr\u00edticamente la realidad, el desarrollo de habilidades blandas y liderazgo solidario; y la reflexi\u00f3n espiritual, inspirada en la Doctrina Social de la Iglesia, que aporta sentido y compromiso con el bien com\u00fan.<\/p>\n\n\n\n<div class=\"wp-block-buttons is-layout-flex wp-block-buttons-is-layout-flex\">\n<div class=\"wp-block-button is-style-fill\"><a class=\"wp-block-button__link wp-element-button\" href=\"https:\/\/noticias.usal.edu.ar\/es\/diseno-con-proposito-comunicacion-visual-inclusiva-junto-la-comunidad-brincar\">Nota Prensa USAL<\/a><\/div>\n<\/div>\n<\/div>\n<\/div>\n<\/div><\/div>\n\n\n\n<div class=\"wp-block-columns is-layout-flex wp-container-core-columns-is-layout-28f84493 wp-block-columns-is-layout-flex\">\n<div class=\"wp-block-column is-layout-flow wp-block-column-is-layout-flow\" style=\"flex-basis:100%\">\n<div class=\"wp-block-columns is-layout-flex wp-container-core-columns-is-layout-28f84493 wp-block-columns-is-layout-flex\">\n<div class=\"wp-block-column is-layout-flow wp-block-column-is-layout-flow\" style=\"flex-basis:100%\">\n<div class=\"wp-block-cover alignfull is-light\" style=\"min-height:413px;aspect-ratio:unset;\"><span aria-hidden=\"true\" class=\"wp-block-cover__background has-background-dim-100 has-background-dim\" style=\"background-color:#ffffff\"><\/span><div class=\"wp-block-cover__inner-container is-layout-flow wp-block-cover-is-layout-flow\">\n<div class=\"wp-block-columns alignwide is-layout-flex wp-container-core-columns-is-layout-28f84493 wp-block-columns-is-layout-flex\">\n<div class=\"wp-block-column is-layout-flow wp-block-column-is-layout-flow\" style=\"flex-basis:48%\">\n<figure class=\"wp-block-image size-large is-resized\"><img loading=\"lazy\" decoding=\"async\" width=\"1024\" height=\"683\" src=\"https:\/\/www.usal.edu.ar\/extension\/wp-content\/uploads\/sites\/18\/2026\/04\/WhatsApp-Image-2026-04-13-at-11.41.38-AM-1024x683.jpeg\" alt=\"\" class=\"wp-image-431\" style=\"aspect-ratio:1.4993018879378377;width:352px;height:auto\" srcset=\"https:\/\/www.usal.edu.ar\/extension\/wp-content\/uploads\/sites\/18\/2026\/04\/WhatsApp-Image-2026-04-13-at-11.41.38-AM-1024x683.jpeg 1024w, https:\/\/www.usal.edu.ar\/extension\/wp-content\/uploads\/sites\/18\/2026\/04\/WhatsApp-Image-2026-04-13-at-11.41.38-AM-300x200.jpeg 300w, https:\/\/www.usal.edu.ar\/extension\/wp-content\/uploads\/sites\/18\/2026\/04\/WhatsApp-Image-2026-04-13-at-11.41.38-AM-768x512.jpeg 768w, https:\/\/www.usal.edu.ar\/extension\/wp-content\/uploads\/sites\/18\/2026\/04\/WhatsApp-Image-2026-04-13-at-11.41.38-AM.jpeg 1536w\" sizes=\"auto, (max-width: 1024px) 100vw, 1024px\" \/><\/figure>\n<\/div>\n\n\n\n<div class=\"wp-block-column is-layout-flow wp-block-column-is-layout-flow\" style=\"flex-basis:52%\">\n<h2 class=\"wp-block-heading has-text-color\" style=\"color:#000000;font-size:clamp(14px, 0.875rem + ((1vw - 3.2px) * 0.682), 20px);\"><strong>Dimensi\u00f3n pedag\u00f3gica<\/strong><\/h2>\n\n\n\n<p><strong><strong><strong>CICLOS DE FORMACI\u00d3N<\/strong><\/strong><\/strong><\/p>\n\n\n\n<p class=\"has-text-color\" style=\"color:#000000;font-size:clamp(14px, 0.875rem + ((1vw - 3.2px) * 0.341), 17px);\">Se desarrollar\u00e1n ciclos de formaci\u00f3n en AYSU para estudiantes y graduados de la USAL, orientados al dise\u00f1o y participaci\u00f3n en proyectos de aprendizaje y servicio solidario.<\/p>\n\n\n\n<div class=\"wp-block-buttons is-layout-flex wp-block-buttons-is-layout-flex\">\n<div class=\"wp-block-button is-style-fill\"><a class=\"wp-block-button__link wp-element-button\">PROXIMAMENTE<\/a><\/div>\n<\/div>\n<\/div>\n<\/div>\n<\/div><\/div>\n\n\n\n<div class=\"wp-block-group has-global-padding is-layout-constrained wp-container-core-group-is-layout-e555385e wp-block-group-is-layout-constrained\"><\/div>\n<\/div>\n<\/div>\n<\/div>\n<\/div>\n<\/div>\n<\/div>\n<\/div>\n<\/div>\n<\/div>\n<\/div>\n\n\n\n<div class=\"wp-block-group is-vertical is-content-justification-center is-layout-flex wp-container-core-group-is-layout-ce155fab wp-block-group-is-layout-flex\">\n<h2 class=\"wp-block-heading has-text-align-center has-large-font-size\"><strong><strong>EXPERIENCIAS AYSU<\/strong><\/strong><\/h2>\n<\/div>\n\n\n\n<div class=\"wp-block-columns is-layout-flex wp-container-core-columns-is-layout-0f79aa13 wp-block-columns-is-layout-flex\" style=\"margin-top:0;margin-bottom:0\">\n<div class=\"wp-block-column is-vertically-aligned-top is-layout-flow wp-container-core-column-is-layout-8a368f38 wp-block-column-is-layout-flow\" style=\"flex-basis:50%\">\n<figure class=\"wp-block-image size-full\"><a href=\"https:\/\/www.usal.edu.ar\/extension\/wp-content\/uploads\/sites\/18\/2026\/04\/WhatsApp-Image-2026-04-13-at-10.33.22-AM-2.jpeg\" target=\"_blank\" rel=\" noreferrer noopener\"><img loading=\"lazy\" decoding=\"async\" width=\"550\" height=\"700\" src=\"https:\/\/www.usal.edu.ar\/extension\/wp-content\/uploads\/sites\/18\/2026\/04\/WhatsApp-Image-2026-04-13-at-10.33.22-AM-2.jpeg\" alt=\"\" class=\"wp-image-427\" srcset=\"https:\/\/www.usal.edu.ar\/extension\/wp-content\/uploads\/sites\/18\/2026\/04\/WhatsApp-Image-2026-04-13-at-10.33.22-AM-2.jpeg 550w, https:\/\/www.usal.edu.ar\/extension\/wp-content\/uploads\/sites\/18\/2026\/04\/WhatsApp-Image-2026-04-13-at-10.33.22-AM-2-236x300.jpeg 236w\" sizes=\"auto, (max-width: 550px) 100vw, 550px\" \/><\/a><\/figure>\n\n\n\n<div class=\"wp-block-group has-global-padding is-layout-constrained wp-block-group-is-layout-constrained\" style=\"margin-top:var(--wp--preset--spacing--30);margin-bottom:var(--wp--preset--spacing--30)\">\n<details class=\"wp-block-details is-layout-flow wp-block-details-is-layout-flow\"><summary><strong>Directora \/ Docente a cargo<\/strong><\/summary>\n<p>Mar\u00eda Bel\u00e9n Rossner  &#8211; Roque Gallardo<\/p>\n<\/details>\n\n\n\n<details class=\"wp-block-details is-layout-flow wp-block-details-is-layout-flow\"><summary><strong>Cantidad de alumnos participantes<\/strong><\/summary>\n<p><strong>&nbsp;<\/strong>25 <\/p>\n<\/details>\n\n\n\n<details class=\"wp-block-details is-layout-flow wp-block-details-is-layout-flow\"><summary><strong>Aliados comunitarios<\/strong><\/summary>\n<p>-Inta <\/p>\n\n\n\n<p>-Banco de Alimentos Omb\u00fa<\/p>\n\n\n\n<p>-Municipalidad de Virasoro<\/p>\n\n\n\n<p>-Centro Conin Virasoro<\/p>\n\n\n\n<p>-Instituto Vuelta del Omb\u00fa de la ciudad de Gdor. Virasoro<\/p>\n<\/details>\n\n\n\n<details class=\"wp-block-details is-layout-flow wp-block-details-is-layout-flow\"><summary><strong>Sint\u00e9sis del proyecto<\/strong><\/summary>\n<p> El proyecto aborda la problem\u00e1tica de la seguridad alimentaria y la educaci\u00f3n ambiental mediante la creaci\u00f3n y acompa\u00f1amiento de huertas agroecol\u00f3gicas en instituciones comunitarias. A trav\u00e9s de un trabajo en territorio, los estudiantes aplican conocimientos de horticultura, fruticultura y agroecolog\u00eda, dise\u00f1ando e implementando sistemas productivos adaptados a cada contexto.<\/p>\n<\/details>\n\n\n\n<details class=\"wp-block-details is-layout-flow wp-block-details-is-layout-flow\"><summary><strong>Principal Servicio Solidario<\/strong><\/summary>\n<p>Promover la seguridad alimentaria, la educaci\u00f3n ambiental y el fortalecimiento comunitario mediante la creaci\u00f3n y acompa\u00f1amiento de huertas agroecol\u00f3gicas en instituciones sociales.<\/p>\n<\/details>\n\n\n\n<details class=\"wp-block-details is-layout-flow wp-block-details-is-layout-flow\"><summary><strong>Principal aprendizaje<\/strong> <\/summary>\n<p>Desarrollar en los estudiantes conocimientos y competencias en agroecolog\u00eda, horticultura y fruticultura, integrando pr\u00e1cticas sustentables y educaci\u00f3n ambiental en contextos reales.<br><\/p>\n<\/details>\n\n\n\n<ul class=\"wp-block-social-links is-layout-flex wp-block-social-links-is-layout-flex\"><li class=\"wp-social-link wp-social-link-instagram  wp-block-social-link\"><a href=\"https:\/\/www.instagram.com\/p\/DJFU4GJRHyB\/?igsh=engxa3RkenRtMjhs\" class=\"wp-block-social-link-anchor\"><svg width=\"24\" height=\"24\" viewBox=\"0 0 24 24\" version=\"1.1\" xmlns=\"http:\/\/www.w3.org\/2000\/svg\" aria-hidden=\"true\" focusable=\"false\"><path d=\"M12,4.622c2.403,0,2.688,0.009,3.637,0.052c0.877,0.04,1.354,0.187,1.671,0.31c0.42,0.163,0.72,0.358,1.035,0.673 c0.315,0.315,0.51,0.615,0.673,1.035c0.123,0.317,0.27,0.794,0.31,1.671c0.043,0.949,0.052,1.234,0.052,3.637 s-0.009,2.688-0.052,3.637c-0.04,0.877-0.187,1.354-0.31,1.671c-0.163,0.42-0.358,0.72-0.673,1.035 c-0.315,0.315-0.615,0.51-1.035,0.673c-0.317,0.123-0.794,0.27-1.671,0.31c-0.949,0.043-1.233,0.052-3.637,0.052 s-2.688-0.009-3.637-0.052c-0.877-0.04-1.354-0.187-1.671-0.31c-0.42-0.163-0.72-0.358-1.035-0.673 c-0.315-0.315-0.51-0.615-0.673-1.035c-0.123-0.317-0.27-0.794-0.31-1.671C4.631,14.688,4.622,14.403,4.622,12 s0.009-2.688,0.052-3.637c0.04-0.877,0.187-1.354,0.31-1.671c0.163-0.42,0.358-0.72,0.673-1.035 c0.315-0.315,0.615-0.51,1.035-0.673c0.317-0.123,0.794-0.27,1.671-0.31C9.312,4.631,9.597,4.622,12,4.622 M12,3 C9.556,3,9.249,3.01,8.289,3.054C7.331,3.098,6.677,3.25,6.105,3.472C5.513,3.702,5.011,4.01,4.511,4.511 c-0.5,0.5-0.808,1.002-1.038,1.594C3.25,6.677,3.098,7.331,3.054,8.289C3.01,9.249,3,9.556,3,12c0,2.444,0.01,2.751,0.054,3.711 c0.044,0.958,0.196,1.612,0.418,2.185c0.23,0.592,0.538,1.094,1.038,1.594c0.5,0.5,1.002,0.808,1.594,1.038 c0.572,0.222,1.227,0.375,2.185,0.418C9.249,20.99,9.556,21,12,21s2.751-0.01,3.711-0.054c0.958-0.044,1.612-0.196,2.185-0.418 c0.592-0.23,1.094-0.538,1.594-1.038c0.5-0.5,0.808-1.002,1.038-1.594c0.222-0.572,0.375-1.227,0.418-2.185 C20.99,14.751,21,14.444,21,12s-0.01-2.751-0.054-3.711c-0.044-0.958-0.196-1.612-0.418-2.185c-0.23-0.592-0.538-1.094-1.038-1.594 c-0.5-0.5-1.002-0.808-1.594-1.038c-0.572-0.222-1.227-0.375-2.185-0.418C14.751,3.01,14.444,3,12,3L12,3z M12,7.378 c-2.552,0-4.622,2.069-4.622,4.622S9.448,16.622,12,16.622s4.622-2.069,4.622-4.622S14.552,7.378,12,7.378z M12,15 c-1.657,0-3-1.343-3-3s1.343-3,3-3s3,1.343,3,3S13.657,15,12,15z M16.804,6.116c-0.596,0-1.08,0.484-1.08,1.08 s0.484,1.08,1.08,1.08c0.596,0,1.08-0.484,1.08-1.08S17.401,6.116,16.804,6.116z\"><\/path><\/svg><span class=\"wp-block-social-link-label screen-reader-text\">Instagram<\/span><\/a><\/li><\/ul>\n<\/div>\n<\/div>\n\n\n\n<div class=\"wp-block-column is-vertically-aligned-top is-layout-flow wp-block-column-is-layout-flow\" style=\"flex-basis:50%\">\n<figure class=\"wp-block-image size-full\"><a href=\"https:\/\/www.usal.edu.ar\/extension\/wp-content\/uploads\/sites\/18\/2026\/04\/WhatsApp-Image-2026-04-13-at-10.45.59-AM.jpeg\" target=\"_blank\" rel=\" noreferrer noopener\"><img loading=\"lazy\" decoding=\"async\" width=\"555\" height=\"720\" src=\"https:\/\/www.usal.edu.ar\/extension\/wp-content\/uploads\/sites\/18\/2026\/04\/WhatsApp-Image-2026-04-13-at-10.45.59-AM.jpeg\" alt=\"\" class=\"wp-image-428\" style=\"object-fit:cover\" srcset=\"https:\/\/www.usal.edu.ar\/extension\/wp-content\/uploads\/sites\/18\/2026\/04\/WhatsApp-Image-2026-04-13-at-10.45.59-AM.jpeg 555w, https:\/\/www.usal.edu.ar\/extension\/wp-content\/uploads\/sites\/18\/2026\/04\/WhatsApp-Image-2026-04-13-at-10.45.59-AM-231x300.jpeg 231w\" sizes=\"auto, (max-width: 555px) 100vw, 555px\" \/><\/a><\/figure>\n\n\n\n<div class=\"wp-block-group has-global-padding is-layout-constrained wp-block-group-is-layout-constrained\" style=\"margin-top:15px;margin-bottom:15px\">\n<details class=\"wp-block-details is-layout-flow wp-block-details-is-layout-flow\"><summary><strong>Directora \/ Docente a cargo<\/strong><\/summary>\n<p>Germ\u00e1n Buchniv y Rodrigo Charl\u00f3n<\/p>\n<\/details>\n\n\n\n<details class=\"wp-block-details is-layout-flow wp-block-details-is-layout-flow\"><summary><strong>Cantidad de alumnos participantes<\/strong><\/summary>\n<p>8<\/p>\n<\/details>\n\n\n\n<details class=\"wp-block-details is-layout-flow wp-block-details-is-layout-flow\"><summary><strong>Aliados comunitarios<\/strong><\/summary>\n<p>Voces de Barro <\/p>\n<\/details>\n\n\n\n<details class=\"wp-block-details is-layout-flow wp-block-details-is-layout-flow\"><summary><strong>Sint\u00e9sis del proyecto<\/strong><\/summary>\n<p>TIC Solidario es un proyecto de aprendizaje y servicio solidario que articula saberes tecnol\u00f3gicos con el compromiso social, promoviendo la inclusi\u00f3n digital en comunidades en situaci\u00f3n de vulnerabilidad. A trav\u00e9s de esta iniciativa, estudiantes universitarios aplican conocimientos vinculados a tecnolog\u00edas de la informaci\u00f3n y la comunicaci\u00f3n para dise\u00f1ar e implementar soluciones concretas que respondan a necesidades reales del territorio.<\/p>\n<\/details>\n\n\n\n<details class=\"wp-block-details is-layout-flow wp-block-details-is-layout-flow\"><summary><strong>Principal Servicio Solidario<\/strong><\/summary>\n<p>Reducir la brecha digital fortaleciendo capacidades tecnol\u00f3gicas en la comunidad, favoreciendo el acceso a la educaci\u00f3n, la informaci\u00f3n y oportunidades de desarrollo.<\/p>\n<\/details>\n\n\n\n<details class=\"wp-block-details is-layout-flow wp-block-details-is-layout-flow\"><summary><strong>Principal aprendizaje<\/strong> <\/summary>\n<p>Los estudiantes desarrollan competencias en el uso y aplicaci\u00f3n de tecnolog\u00edas de la informaci\u00f3n y la comunicaci\u00f3n en contextos reales, integrando contenidos disciplinares con problem\u00e1ticas sociales concretas. Fortalecen habilidades en alfabetizaci\u00f3n digital, dise\u00f1o de soluciones tecnol\u00f3gicas, an\u00e1lisis de necesidades, planificaci\u00f3n de proyectos y comunicaci\u00f3n efectiva, al tiempo que potencian el pensamiento cr\u00edtico y la capacidad de adaptar herramientas tecnol\u00f3gicas a contextos diversos. La experiencia promueve adem\u00e1s habilidades socioemocionales como el trabajo en equipo, la empat\u00eda y la responsabilidad social, favoreciendo la comprensi\u00f3n de la tecnolog\u00eda como una herramienta al servicio del bien com\u00fan. De este modo, se consolidan aprendizajes significativos a partir de la articulaci\u00f3n entre teor\u00eda y pr\u00e1ctica, formando profesionales con una mirada integral y comprometidos con la inclusi\u00f3n digital y el desarrollo social.<br><\/p>\n<\/details>\n\n\n\n<ul class=\"wp-block-social-links is-layout-flex wp-block-social-links-is-layout-flex\"><li class=\"wp-social-link wp-social-link-instagram  wp-block-social-link\"><a href=\"https:\/\/www.instagram.com\/reel\/DGiWEW9Rtjl\/\" class=\"wp-block-social-link-anchor\"><svg width=\"24\" height=\"24\" viewBox=\"0 0 24 24\" version=\"1.1\" xmlns=\"http:\/\/www.w3.org\/2000\/svg\" aria-hidden=\"true\" focusable=\"false\"><path d=\"M12,4.622c2.403,0,2.688,0.009,3.637,0.052c0.877,0.04,1.354,0.187,1.671,0.31c0.42,0.163,0.72,0.358,1.035,0.673 c0.315,0.315,0.51,0.615,0.673,1.035c0.123,0.317,0.27,0.794,0.31,1.671c0.043,0.949,0.052,1.234,0.052,3.637 s-0.009,2.688-0.052,3.637c-0.04,0.877-0.187,1.354-0.31,1.671c-0.163,0.42-0.358,0.72-0.673,1.035 c-0.315,0.315-0.615,0.51-1.035,0.673c-0.317,0.123-0.794,0.27-1.671,0.31c-0.949,0.043-1.233,0.052-3.637,0.052 s-2.688-0.009-3.637-0.052c-0.877-0.04-1.354-0.187-1.671-0.31c-0.42-0.163-0.72-0.358-1.035-0.673 c-0.315-0.315-0.51-0.615-0.673-1.035c-0.123-0.317-0.27-0.794-0.31-1.671C4.631,14.688,4.622,14.403,4.622,12 s0.009-2.688,0.052-3.637c0.04-0.877,0.187-1.354,0.31-1.671c0.163-0.42,0.358-0.72,0.673-1.035 c0.315-0.315,0.615-0.51,1.035-0.673c0.317-0.123,0.794-0.27,1.671-0.31C9.312,4.631,9.597,4.622,12,4.622 M12,3 C9.556,3,9.249,3.01,8.289,3.054C7.331,3.098,6.677,3.25,6.105,3.472C5.513,3.702,5.011,4.01,4.511,4.511 c-0.5,0.5-0.808,1.002-1.038,1.594C3.25,6.677,3.098,7.331,3.054,8.289C3.01,9.249,3,9.556,3,12c0,2.444,0.01,2.751,0.054,3.711 c0.044,0.958,0.196,1.612,0.418,2.185c0.23,0.592,0.538,1.094,1.038,1.594c0.5,0.5,1.002,0.808,1.594,1.038 c0.572,0.222,1.227,0.375,2.185,0.418C9.249,20.99,9.556,21,12,21s2.751-0.01,3.711-0.054c0.958-0.044,1.612-0.196,2.185-0.418 c0.592-0.23,1.094-0.538,1.594-1.038c0.5-0.5,0.808-1.002,1.038-1.594c0.222-0.572,0.375-1.227,0.418-2.185 C20.99,14.751,21,14.444,21,12s-0.01-2.751-0.054-3.711c-0.044-0.958-0.196-1.612-0.418-2.185c-0.23-0.592-0.538-1.094-1.038-1.594 c-0.5-0.5-1.002-0.808-1.594-1.038c-0.572-0.222-1.227-0.375-2.185-0.418C14.751,3.01,14.444,3,12,3L12,3z M12,7.378 c-2.552,0-4.622,2.069-4.622,4.622S9.448,16.622,12,16.622s4.622-2.069,4.622-4.622S14.552,7.378,12,7.378z M12,15 c-1.657,0-3-1.343-3-3s1.343-3,3-3s3,1.343,3,3S13.657,15,12,15z M16.804,6.116c-0.596,0-1.08,0.484-1.08,1.08 s0.484,1.08,1.08,1.08c0.596,0,1.08-0.484,1.08-1.08S17.401,6.116,16.804,6.116z\"><\/path><\/svg><span class=\"wp-block-social-link-label screen-reader-text\">Instagram<\/span><\/a><\/li>\n\n<li class=\"wp-social-link wp-social-link-instagram  wp-block-social-link\"><a href=\"https:\/\/www.instagram.com\/reel\/DNt-HiOUqAG\/\" class=\"wp-block-social-link-anchor\"><svg width=\"24\" height=\"24\" viewBox=\"0 0 24 24\" version=\"1.1\" xmlns=\"http:\/\/www.w3.org\/2000\/svg\" aria-hidden=\"true\" focusable=\"false\"><path d=\"M12,4.622c2.403,0,2.688,0.009,3.637,0.052c0.877,0.04,1.354,0.187,1.671,0.31c0.42,0.163,0.72,0.358,1.035,0.673 c0.315,0.315,0.51,0.615,0.673,1.035c0.123,0.317,0.27,0.794,0.31,1.671c0.043,0.949,0.052,1.234,0.052,3.637 s-0.009,2.688-0.052,3.637c-0.04,0.877-0.187,1.354-0.31,1.671c-0.163,0.42-0.358,0.72-0.673,1.035 c-0.315,0.315-0.615,0.51-1.035,0.673c-0.317,0.123-0.794,0.27-1.671,0.31c-0.949,0.043-1.233,0.052-3.637,0.052 s-2.688-0.009-3.637-0.052c-0.877-0.04-1.354-0.187-1.671-0.31c-0.42-0.163-0.72-0.358-1.035-0.673 c-0.315-0.315-0.51-0.615-0.673-1.035c-0.123-0.317-0.27-0.794-0.31-1.671C4.631,14.688,4.622,14.403,4.622,12 s0.009-2.688,0.052-3.637c0.04-0.877,0.187-1.354,0.31-1.671c0.163-0.42,0.358-0.72,0.673-1.035 c0.315-0.315,0.615-0.51,1.035-0.673c0.317-0.123,0.794-0.27,1.671-0.31C9.312,4.631,9.597,4.622,12,4.622 M12,3 C9.556,3,9.249,3.01,8.289,3.054C7.331,3.098,6.677,3.25,6.105,3.472C5.513,3.702,5.011,4.01,4.511,4.511 c-0.5,0.5-0.808,1.002-1.038,1.594C3.25,6.677,3.098,7.331,3.054,8.289C3.01,9.249,3,9.556,3,12c0,2.444,0.01,2.751,0.054,3.711 c0.044,0.958,0.196,1.612,0.418,2.185c0.23,0.592,0.538,1.094,1.038,1.594c0.5,0.5,1.002,0.808,1.594,1.038 c0.572,0.222,1.227,0.375,2.185,0.418C9.249,20.99,9.556,21,12,21s2.751-0.01,3.711-0.054c0.958-0.044,1.612-0.196,2.185-0.418 c0.592-0.23,1.094-0.538,1.594-1.038c0.5-0.5,0.808-1.002,1.038-1.594c0.222-0.572,0.375-1.227,0.418-2.185 C20.99,14.751,21,14.444,21,12s-0.01-2.751-0.054-3.711c-0.044-0.958-0.196-1.612-0.418-2.185c-0.23-0.592-0.538-1.094-1.038-1.594 c-0.5-0.5-1.002-0.808-1.594-1.038c-0.572-0.222-1.227-0.375-2.185-0.418C14.751,3.01,14.444,3,12,3L12,3z M12,7.378 c-2.552,0-4.622,2.069-4.622,4.622S9.448,16.622,12,16.622s4.622-2.069,4.622-4.622S14.552,7.378,12,7.378z M12,15 c-1.657,0-3-1.343-3-3s1.343-3,3-3s3,1.343,3,3S13.657,15,12,15z M16.804,6.116c-0.596,0-1.08,0.484-1.08,1.08 s0.484,1.08,1.08,1.08c0.596,0,1.08-0.484,1.08-1.08S17.401,6.116,16.804,6.116z\"><\/path><\/svg><span class=\"wp-block-social-link-label screen-reader-text\">Instagram<\/span><\/a><\/li><\/ul>\n<\/div>\n<\/div>\n<\/div>\n\n\n\n<div class=\"wp-block-columns is-layout-flex wp-container-core-columns-is-layout-0f79aa13 wp-block-columns-is-layout-flex\" style=\"margin-top:0;margin-bottom:0\">\n<div class=\"wp-block-column is-vertically-aligned-top is-layout-flow wp-container-core-column-is-layout-8a368f38 wp-block-column-is-layout-flow\" style=\"flex-basis:50%\">\n<figure class=\"wp-block-image size-full\"><a href=\"https:\/\/www.usal.edu.ar\/extension\/wp-content\/uploads\/sites\/18\/2026\/04\/itati.png\" target=\"_blank\" rel=\" noreferrer noopener\"><img loading=\"lazy\" decoding=\"async\" width=\"472\" height=\"588\" src=\"https:\/\/www.usal.edu.ar\/extension\/wp-content\/uploads\/sites\/18\/2026\/04\/itati.png\" alt=\"\" class=\"wp-image-414\" srcset=\"https:\/\/www.usal.edu.ar\/extension\/wp-content\/uploads\/sites\/18\/2026\/04\/itati.png 472w, https:\/\/www.usal.edu.ar\/extension\/wp-content\/uploads\/sites\/18\/2026\/04\/itati-241x300.png 241w\" sizes=\"auto, (max-width: 472px) 100vw, 472px\" \/><\/a><\/figure>\n\n\n\n<div class=\"wp-block-group has-global-padding is-layout-constrained wp-block-group-is-layout-constrained\" style=\"margin-top:var(--wp--preset--spacing--30);margin-bottom:var(--wp--preset--spacing--30)\">\n<details class=\"wp-block-details is-layout-flow wp-block-details-is-layout-flow\"><summary><strong>Directora \/ Docente a cargo<\/strong><\/summary>\n<p>Decano Marcelo De Simone <\/p>\n\n\n\n<p>Prof. Luis Novoa<\/p>\n\n\n\n<p>Prof. Fabi\u00e1n Galarza<\/p>\n\n\n\n<p>Prof. Patricio Dato<\/p>\n\n\n\n<p>Prof. Pablo Calocero<\/p>\n\n\n\n<p>Prof. Luc\u00eda Ustarroz<\/p>\n\n\n\n<p>Prof. Alfredo Gramajo<\/p>\n<\/details>\n\n\n\n<details class=\"wp-block-details is-layout-flow wp-block-details-is-layout-flow\"><summary><strong>Cantidad de alumnos participantes<\/strong><\/summary>\n<p>45<\/p>\n<\/details>\n\n\n\n<details class=\"wp-block-details is-layout-flow wp-block-details-is-layout-flow\"><summary><strong>Aliados comunitarios<\/strong><\/summary>\n<p>Colegio Nuestra Se\u00f1ora de Itati<\/p>\n<\/details>\n\n\n\n<details class=\"wp-block-details is-layout-flow wp-block-details-is-layout-flow\"><summary><strong>Sint\u00e9sis del proyecto<\/strong><\/summary>\n<p>Es una experiencia de aprendizaje-servicio solidario que articula la formaci\u00f3n acad\u00e9mica con el acompa\u00f1amiento t\u00e9cnico a una instituci\u00f3n educativa en contexto de vulnerabilidad. El proyecto se desarrolla mediante jornadas de asistencia t\u00e9cnica en las que los estudiantes participan activamente en el diagn\u00f3stico, planificaci\u00f3n e implementaci\u00f3n de mejoras vinculadas a infraestructura, organizaci\u00f3n, recursos educativos o soporte t\u00e9cnico, seg\u00fan las demandas identificadas. Este proceso se realiza en di\u00e1logo con la instituci\u00f3n, promoviendo un v\u00ednculo de colaboraci\u00f3n y corresponsabilidad.<\/p>\n<\/details>\n\n\n\n<details class=\"wp-block-details is-layout-flow wp-block-details-is-layout-flow\"><summary><strong>Principal Servicio Solidario<\/strong><\/summary>\n<p>Fortalecer las condiciones educativas de una comunidad en contexto de vulnerabilidad a trav\u00e9s de soluciones t\u00e9cnicas concretas desarrolladas por estudiantes en territorio.<\/p>\n<\/details>\n\n\n\n<details class=\"wp-block-details is-layout-flow wp-block-details-is-layout-flow\"><summary><strong>Principal aprendizaje<\/strong> <\/summary>\n<p>Desarrollar competencias profesionales mediante la aplicaci\u00f3n de conocimientos disciplinares en contextos reales, integrando diagn\u00f3stico, planificaci\u00f3n e intervenci\u00f3n t\u00e9cnica para resolver problem\u00e1ticas concretas. La experiencia fortalece la capacidad de an\u00e1lisis, el trabajo interdisciplinario y la toma de decisiones, promoviendo una formaci\u00f3n pr\u00e1ctica, cr\u00edtica y orientada al bien com\u00fan.<br><\/p>\n<\/details>\n\n\n\n<ul class=\"wp-block-social-links is-layout-flex wp-block-social-links-is-layout-flex\"><li class=\"wp-social-link wp-social-link-chain  wp-block-social-link\"><a href=\"https:\/\/noticias.usal.edu.ar\/es\/jornadas-de-asistencia-tecnica-para-la-comunidad\" class=\"wp-block-social-link-anchor\"><svg width=\"24\" height=\"24\" viewBox=\"0 0 24 24\" version=\"1.1\" xmlns=\"http:\/\/www.w3.org\/2000\/svg\" aria-hidden=\"true\" focusable=\"false\"><path d=\"M15.6,7.2H14v1.5h1.6c2,0,3.7,1.7,3.7,3.7s-1.7,3.7-3.7,3.7H14v1.5h1.6c2.8,0,5.2-2.3,5.2-5.2,0-2.9-2.3-5.2-5.2-5.2zM4.7,12.4c0-2,1.7-3.7,3.7-3.7H10V7.2H8.4c-2.9,0-5.2,2.3-5.2,5.2,0,2.9,2.3,5.2,5.2,5.2H10v-1.5H8.4c-2,0-3.7-1.7-3.7-3.7zm4.6.9h5.3v-1.5H9.3v1.5z\"><\/path><\/svg><span class=\"wp-block-social-link-label screen-reader-text\">Enlace<\/span><\/a><\/li><\/ul>\n<\/div>\n<\/div>\n\n\n\n<div class=\"wp-block-column is-vertically-aligned-top is-layout-flow wp-block-column-is-layout-flow\" style=\"flex-basis:50%\">\n<figure class=\"wp-block-image size-full\"><a href=\"https:\/\/www.usal.edu.ar\/extension\/wp-content\/uploads\/sites\/18\/2026\/04\/diseno.png\" target=\"_blank\" rel=\" noreferrer noopener\"><img loading=\"lazy\" decoding=\"async\" width=\"468\" height=\"585\" src=\"https:\/\/www.usal.edu.ar\/extension\/wp-content\/uploads\/sites\/18\/2026\/04\/diseno.png\" alt=\"\" class=\"wp-image-415\" style=\"object-fit:cover\" srcset=\"https:\/\/www.usal.edu.ar\/extension\/wp-content\/uploads\/sites\/18\/2026\/04\/diseno.png 468w, https:\/\/www.usal.edu.ar\/extension\/wp-content\/uploads\/sites\/18\/2026\/04\/diseno-240x300.png 240w\" sizes=\"auto, (max-width: 468px) 100vw, 468px\" \/><\/a><\/figure>\n\n\n\n<div class=\"wp-block-group has-global-padding is-layout-constrained wp-block-group-is-layout-constrained\" style=\"margin-top:15px;margin-bottom:15px;padding-top:15px;padding-bottom:15px\">\n<details class=\"wp-block-details is-layout-flow wp-block-details-is-layout-flow\"><summary><strong>Directora \/ Docente a cargo<\/strong><\/summary>\n<p>Director Roberto C\u00e9sar Fern\u00e1ndez  <\/p>\n\n\n\n<p>Prof. Daniela Wegbrait<\/p>\n<\/details>\n\n\n\n<details class=\"wp-block-details is-layout-flow wp-block-details-is-layout-flow\"><summary><strong>Cantidad de alumnos participantes<\/strong><\/summary>\n<p>20<\/p>\n<\/details>\n\n\n\n<details class=\"wp-block-details is-layout-flow wp-block-details-is-layout-flow\"><summary><strong>Aliados comunitarios<\/strong><\/summary>\n<p>Fundaci\u00f3n Brincar<\/p>\n<\/details>\n\n\n\n<details class=\"wp-block-details is-layout-flow wp-block-details-is-layout-flow\"><summary><strong>Sint\u00e9sis del proyecto<\/strong><\/summary>\n<p>Un proyecto de aprendizaje y servicio solidario que une el dise\u00f1o con la inclusi\u00f3n. Estudiantes de la USAL trabajan junto a la comunidad Brincar para crear materiales de comunicaci\u00f3n accesibles \u2014como se\u00f1al\u00e9tica, piezas gr\u00e1ficas y recursos en lectura f\u00e1cil\u2014 que favorecen la comprensi\u00f3n, la autonom\u00eda y la participaci\u00f3n de personas con discapacidad.<\/p>\n\n\n\n<p>A partir de un trabajo en territorio y en di\u00e1logo con la comunidad, los estudiantes aplican sus conocimientos en situaciones reales, desarrollando soluciones concretas con impacto social. La experiencia promueve una formaci\u00f3n profesional con mirada inclusiva, creatividad al servicio del otro y compromiso con el bien com\u00fan.<\/p>\n<\/details>\n\n\n\n<details class=\"wp-block-details is-layout-flow wp-block-details-is-layout-flow\"><summary><strong>Principal Servicio Solidario<\/strong><\/summary>\n<p>Garantizar el acceso a la informaci\u00f3n mediante dise\u00f1o inclusivo, promoviendo la participaci\u00f3n plena de personas con discapacidad.<\/p>\n<\/details>\n\n\n\n<details class=\"wp-block-details is-layout-flow wp-block-details-is-layout-flow\"><summary><strong>Principal aprendizaje<\/strong> <\/summary>\n<p>Desarrollar competencias en comunicaci\u00f3n visual inclusiva mediante la aplicaci\u00f3n de conocimientos de dise\u00f1o gr\u00e1fico en contextos reales, integrando criterios de accesibilidad, lectura f\u00e1cil y dise\u00f1o centrado en el usuario. La experiencia fortalece la capacidad de dise\u00f1ar para la diversidad, el pensamiento cr\u00edtico y la resoluci\u00f3n de problemas, formando profesionales capaces de generar soluciones comunicacionales con impacto social.<br><\/p>\n<\/details>\n\n\n\n<ul class=\"wp-block-social-links is-layout-flex wp-block-social-links-is-layout-flex\"><li class=\"wp-social-link wp-social-link-chain  wp-block-social-link\"><a href=\"https:\/\/noticias.usal.edu.ar\/es\/comunicacion-visual-inclusiva-junto-la-comunidad-brincar\" class=\"wp-block-social-link-anchor\"><svg width=\"24\" height=\"24\" viewBox=\"0 0 24 24\" version=\"1.1\" xmlns=\"http:\/\/www.w3.org\/2000\/svg\" aria-hidden=\"true\" focusable=\"false\"><path d=\"M15.6,7.2H14v1.5h1.6c2,0,3.7,1.7,3.7,3.7s-1.7,3.7-3.7,3.7H14v1.5h1.6c2.8,0,5.2-2.3,5.2-5.2,0-2.9-2.3-5.2-5.2-5.2zM4.7,12.4c0-2,1.7-3.7,3.7-3.7H10V7.2H8.4c-2.9,0-5.2,2.3-5.2,5.2,0,2.9,2.3,5.2,5.2,5.2H10v-1.5H8.4c-2,0-3.7-1.7-3.7-3.7zm4.6.9h5.3v-1.5H9.3v1.5z\"><\/path><\/svg><span class=\"wp-block-social-link-label screen-reader-text\">Enlace<\/span><\/a><\/li><\/ul>\n<\/div>\n<\/div>\n<\/div>\n\n\n\n<div class=\"wp-block-columns is-layout-flex wp-container-core-columns-is-layout-0f79aa13 wp-block-columns-is-layout-flex\" style=\"margin-top:0;margin-bottom:0\">\n<div class=\"wp-block-column is-vertically-aligned-center is-layout-flow wp-container-core-column-is-layout-8a368f38 wp-block-column-is-layout-flow\" style=\"flex-basis:50%\">\n<figure class=\"wp-block-image size-full is-resized\"><a href=\"https:\/\/www.usal.edu.ar\/extension\/wp-content\/uploads\/sites\/18\/2026\/04\/cuento.png\" target=\"_blank\" rel=\" noreferrer noopener\"><img loading=\"lazy\" decoding=\"async\" width=\"469\" height=\"603\" src=\"https:\/\/www.usal.edu.ar\/extension\/wp-content\/uploads\/sites\/18\/2026\/04\/cuento.png\" alt=\"\" class=\"wp-image-418\" style=\"width:auto;height:500px\" srcset=\"https:\/\/www.usal.edu.ar\/extension\/wp-content\/uploads\/sites\/18\/2026\/04\/cuento.png 469w, https:\/\/www.usal.edu.ar\/extension\/wp-content\/uploads\/sites\/18\/2026\/04\/cuento-233x300.png 233w\" sizes=\"auto, (max-width: 469px) 100vw, 469px\" \/><\/a><\/figure>\n\n\n\n<div class=\"wp-block-group has-global-padding is-layout-constrained wp-block-group-is-layout-constrained\" style=\"margin-top:var(--wp--preset--spacing--30);margin-bottom:var(--wp--preset--spacing--30)\">\n<details class=\"wp-block-details is-layout-flow wp-block-details-is-layout-flow\"><summary><strong>Directora \/ Docente a cargo<\/strong><\/summary>\n<p>Prof. Viviana Galdo, Laura Diaz y Victoria Mutti<\/p>\n<\/details>\n\n\n\n<details class=\"wp-block-details is-layout-flow wp-block-details-is-layout-flow\"><summary><strong>Cantidad de alumnos participantes<\/strong><\/summary>\n<p><strong>&nbsp;<\/strong>15 Alumnos de la Sede Virasoro<\/p>\n<\/details>\n\n\n\n<details class=\"wp-block-details is-layout-flow wp-block-details-is-layout-flow\"><summary><strong>Aliados comunitarios<\/strong><\/summary>\n<p>-Colegio Esclavas del Sagrado Coraz\u00f3n de Jes\u00fas, -Belgrano, Buenos Aires, Argentina.<br>-Colegio Esclavas del Sagrado Coraz\u00f3n de Jes\u00fas, Ituzaing\u00f3, Buenos Aires, Argentina.<br>-Colegio San Francisco Javier, Cerro Navia, Santiago, Chile.<br>-Escuela Marie Poussepin L.178, Depto. Figueroa, Santiago del Estero, Argentina.<br>-Proyecto De Tu Mano, Montevideo, Uruguay.<br>-Fundaci\u00f3n Santa Mar\u00eda de los Robles, Ciudad de Bol\u00edvar, Bogot\u00e1, Colombia.<br>-CEIC Santa Rafaela y Pilar, El cruce, Santiago del Estero, Argentina.<br>-Apoyo Escolar Amigos, Sunchales, Santa Fe, Argentina.<br>-Proyecto Dame una Mano, Ituzaing\u00f3, Buenos Aires, Argentina.<br>-Centro Educativo Santa Rafaela Mar\u00eda, Barrio Nuevo, Merlo, Buenos Aires, Argentina.<\/p>\n<\/details>\n\n\n\n<details class=\"wp-block-details is-layout-flow wp-block-details-is-layout-flow\"><summary><strong>Sint\u00e9sis del proyecto<\/strong><\/summary>\n<p><strong>Te cuento un cuento: cuentos que hermanan<\/strong> es un proyecto de aprendizaje-servicio solidario que promueve la lectura, la escritura y la inclusi\u00f3n educativa a trav\u00e9s de la creaci\u00f3n y difusi\u00f3n de cuentos en red con instituciones de Am\u00e9rica Latina.<\/p>\n\n\n\n<p>Estudiantes de distintas carreras dise\u00f1an estrategias de comunicaci\u00f3n y producci\u00f3n cultural que amplifican el alcance de la iniciativa, aplicando sus conocimientos en contextos reales. La experiencia fortalece el compromiso social y construye comunidad a trav\u00e9s de la palabra y la creatividad.<\/p>\n<\/details>\n\n\n\n<details class=\"wp-block-details is-layout-flow wp-block-details-is-layout-flow\"><summary><strong>Principal Servicio Solidario<\/strong><\/summary>\n<p>Promover el acceso a la lectura y la escritura en contextos vulnerables mediante la creaci\u00f3n y circulaci\u00f3n de cuentos, fortaleciendo la inclusi\u00f3n educativa y la participaci\u00f3n cultural en red.<\/p>\n<\/details>\n\n\n\n<details class=\"wp-block-details is-layout-flow wp-block-details-is-layout-flow\"><summary><strong>Principal aprendizaje<\/strong> <\/summary>\n<p>Los estudiantes desarrollan competencias en comunicaci\u00f3n, producci\u00f3n cultural y gesti\u00f3n de proyectos, aplicando saberes disciplinares en contextos reales. Fortalecen habilidades en dise\u00f1o de estrategias comunicacionales, trabajo interdisciplinario y planificaci\u00f3n de campa\u00f1as, al tiempo que potencian el pensamiento cr\u00edtico, la creatividad y la capacidad de generar contenidos con sentido social. La experiencia consolida la articulaci\u00f3n entre teor\u00eda y pr\u00e1ctica, formando profesionales comprometidos con la inclusi\u00f3n educativa, la cultura y el bien com\u00fan.<br><\/p>\n<\/details>\n\n\n\n<ul class=\"wp-block-social-links is-layout-flex wp-block-social-links-is-layout-flex\"><li class=\"wp-social-link wp-social-link-instagram  wp-block-social-link\"><a href=\"https:\/\/www.instagram.com\/reel\/DRh0yyQkee1\/?igsh=ZDhpaHM3ajl3cWJ0\" class=\"wp-block-social-link-anchor\"><svg width=\"24\" height=\"24\" viewBox=\"0 0 24 24\" version=\"1.1\" xmlns=\"http:\/\/www.w3.org\/2000\/svg\" aria-hidden=\"true\" focusable=\"false\"><path d=\"M12,4.622c2.403,0,2.688,0.009,3.637,0.052c0.877,0.04,1.354,0.187,1.671,0.31c0.42,0.163,0.72,0.358,1.035,0.673 c0.315,0.315,0.51,0.615,0.673,1.035c0.123,0.317,0.27,0.794,0.31,1.671c0.043,0.949,0.052,1.234,0.052,3.637 s-0.009,2.688-0.052,3.637c-0.04,0.877-0.187,1.354-0.31,1.671c-0.163,0.42-0.358,0.72-0.673,1.035 c-0.315,0.315-0.615,0.51-1.035,0.673c-0.317,0.123-0.794,0.27-1.671,0.31c-0.949,0.043-1.233,0.052-3.637,0.052 s-2.688-0.009-3.637-0.052c-0.877-0.04-1.354-0.187-1.671-0.31c-0.42-0.163-0.72-0.358-1.035-0.673 c-0.315-0.315-0.51-0.615-0.673-1.035c-0.123-0.317-0.27-0.794-0.31-1.671C4.631,14.688,4.622,14.403,4.622,12 s0.009-2.688,0.052-3.637c0.04-0.877,0.187-1.354,0.31-1.671c0.163-0.42,0.358-0.72,0.673-1.035 c0.315-0.315,0.615-0.51,1.035-0.673c0.317-0.123,0.794-0.27,1.671-0.31C9.312,4.631,9.597,4.622,12,4.622 M12,3 C9.556,3,9.249,3.01,8.289,3.054C7.331,3.098,6.677,3.25,6.105,3.472C5.513,3.702,5.011,4.01,4.511,4.511 c-0.5,0.5-0.808,1.002-1.038,1.594C3.25,6.677,3.098,7.331,3.054,8.289C3.01,9.249,3,9.556,3,12c0,2.444,0.01,2.751,0.054,3.711 c0.044,0.958,0.196,1.612,0.418,2.185c0.23,0.592,0.538,1.094,1.038,1.594c0.5,0.5,1.002,0.808,1.594,1.038 c0.572,0.222,1.227,0.375,2.185,0.418C9.249,20.99,9.556,21,12,21s2.751-0.01,3.711-0.054c0.958-0.044,1.612-0.196,2.185-0.418 c0.592-0.23,1.094-0.538,1.594-1.038c0.5-0.5,0.808-1.002,1.038-1.594c0.222-0.572,0.375-1.227,0.418-2.185 C20.99,14.751,21,14.444,21,12s-0.01-2.751-0.054-3.711c-0.044-0.958-0.196-1.612-0.418-2.185c-0.23-0.592-0.538-1.094-1.038-1.594 c-0.5-0.5-1.002-0.808-1.594-1.038c-0.572-0.222-1.227-0.375-2.185-0.418C14.751,3.01,14.444,3,12,3L12,3z M12,7.378 c-2.552,0-4.622,2.069-4.622,4.622S9.448,16.622,12,16.622s4.622-2.069,4.622-4.622S14.552,7.378,12,7.378z M12,15 c-1.657,0-3-1.343-3-3s1.343-3,3-3s3,1.343,3,3S13.657,15,12,15z M16.804,6.116c-0.596,0-1.08,0.484-1.08,1.08 s0.484,1.08,1.08,1.08c0.596,0,1.08-0.484,1.08-1.08S17.401,6.116,16.804,6.116z\"><\/path><\/svg><span class=\"wp-block-social-link-label screen-reader-text\">Instagram<\/span><\/a><\/li>\n\n<li class=\"wp-social-link wp-social-link-instagram  wp-block-social-link\"><a href=\"https:\/\/www.instagram.com\/reel\/DR0OfGQDcZs\/?igsh=OWxjb3FrZGZmaHc3\" class=\"wp-block-social-link-anchor\"><svg width=\"24\" height=\"24\" viewBox=\"0 0 24 24\" version=\"1.1\" xmlns=\"http:\/\/www.w3.org\/2000\/svg\" aria-hidden=\"true\" focusable=\"false\"><path d=\"M12,4.622c2.403,0,2.688,0.009,3.637,0.052c0.877,0.04,1.354,0.187,1.671,0.31c0.42,0.163,0.72,0.358,1.035,0.673 c0.315,0.315,0.51,0.615,0.673,1.035c0.123,0.317,0.27,0.794,0.31,1.671c0.043,0.949,0.052,1.234,0.052,3.637 s-0.009,2.688-0.052,3.637c-0.04,0.877-0.187,1.354-0.31,1.671c-0.163,0.42-0.358,0.72-0.673,1.035 c-0.315,0.315-0.615,0.51-1.035,0.673c-0.317,0.123-0.794,0.27-1.671,0.31c-0.949,0.043-1.233,0.052-3.637,0.052 s-2.688-0.009-3.637-0.052c-0.877-0.04-1.354-0.187-1.671-0.31c-0.42-0.163-0.72-0.358-1.035-0.673 c-0.315-0.315-0.51-0.615-0.673-1.035c-0.123-0.317-0.27-0.794-0.31-1.671C4.631,14.688,4.622,14.403,4.622,12 s0.009-2.688,0.052-3.637c0.04-0.877,0.187-1.354,0.31-1.671c0.163-0.42,0.358-0.72,0.673-1.035 c0.315-0.315,0.615-0.51,1.035-0.673c0.317-0.123,0.794-0.27,1.671-0.31C9.312,4.631,9.597,4.622,12,4.622 M12,3 C9.556,3,9.249,3.01,8.289,3.054C7.331,3.098,6.677,3.25,6.105,3.472C5.513,3.702,5.011,4.01,4.511,4.511 c-0.5,0.5-0.808,1.002-1.038,1.594C3.25,6.677,3.098,7.331,3.054,8.289C3.01,9.249,3,9.556,3,12c0,2.444,0.01,2.751,0.054,3.711 c0.044,0.958,0.196,1.612,0.418,2.185c0.23,0.592,0.538,1.094,1.038,1.594c0.5,0.5,1.002,0.808,1.594,1.038 c0.572,0.222,1.227,0.375,2.185,0.418C9.249,20.99,9.556,21,12,21s2.751-0.01,3.711-0.054c0.958-0.044,1.612-0.196,2.185-0.418 c0.592-0.23,1.094-0.538,1.594-1.038c0.5-0.5,0.808-1.002,1.038-1.594c0.222-0.572,0.375-1.227,0.418-2.185 C20.99,14.751,21,14.444,21,12s-0.01-2.751-0.054-3.711c-0.044-0.958-0.196-1.612-0.418-2.185c-0.23-0.592-0.538-1.094-1.038-1.594 c-0.5-0.5-1.002-0.808-1.594-1.038c-0.572-0.222-1.227-0.375-2.185-0.418C14.751,3.01,14.444,3,12,3L12,3z M12,7.378 c-2.552,0-4.622,2.069-4.622,4.622S9.448,16.622,12,16.622s4.622-2.069,4.622-4.622S14.552,7.378,12,7.378z M12,15 c-1.657,0-3-1.343-3-3s1.343-3,3-3s3,1.343,3,3S13.657,15,12,15z M16.804,6.116c-0.596,0-1.08,0.484-1.08,1.08 s0.484,1.08,1.08,1.08c0.596,0,1.08-0.484,1.08-1.08S17.401,6.116,16.804,6.116z\"><\/path><\/svg><span class=\"wp-block-social-link-label screen-reader-text\">Instagram<\/span><\/a><\/li><\/ul>\n<\/div>\n<\/div>\n<\/div>\n\n\n\n<div class=\"wp-block-group has-global-padding is-layout-constrained wp-container-core-group-is-layout-f90d3be4 wp-block-group-is-layout-constrained\" style=\"padding-top:var(--wp--preset--spacing--40);padding-right:var(--wp--preset--spacing--30);padding-bottom:var(--wp--preset--spacing--40);padding-left:var(--wp--preset--spacing--30)\">\n<div class=\"wp-block-columns is-layout-flex wp-container-core-columns-is-layout-87beb0d0 wp-block-columns-is-layout-flex\">\n<div class=\"wp-block-column has-background is-layout-flow wp-container-core-column-is-layout-48553e8e wp-block-column-is-layout-flow\" style=\"border-top-left-radius:20px;border-top-right-radius:20px;border-bottom-left-radius:20px;border-bottom-right-radius:20px;background-color:#edf7f7;padding-top:var(--wp--preset--spacing--30);padding-right:var(--wp--preset--spacing--30);padding-bottom:var(--wp--preset--spacing--30);padding-left:var(--wp--preset--spacing--30)\">\n<div class=\"wp-block-group has-global-padding is-layout-constrained wp-container-core-group-is-layout-c03372c5 wp-block-group-is-layout-constrained\" style=\"padding-top:0;padding-bottom:var(--wp--preset--spacing--30)\">\n<p class=\"has-text-align-center\"><strong>Dimensi\u00f3n de alianzas y vinculaci\u00f3n comunitaria<\/strong><\/p>\n\n\n\n<figure class=\"wp-block-image aligncenter size-full is-resized\" style=\"margin-top:-5px\"><img loading=\"lazy\" decoding=\"async\" width=\"541\" height=\"38\" src=\"https:\/\/www.usal.edu.ar\/extension\/wp-content\/uploads\/sites\/18\/2026\/04\/separador_tr.png\" alt=\"\" class=\"wp-image-317\" style=\"width:auto;height:20px\" srcset=\"https:\/\/www.usal.edu.ar\/extension\/wp-content\/uploads\/sites\/18\/2026\/04\/separador_tr.png 541w, https:\/\/www.usal.edu.ar\/extension\/wp-content\/uploads\/sites\/18\/2026\/04\/separador_tr-300x21.png 300w\" sizes=\"auto, (max-width: 541px) 100vw, 541px\" \/><\/figure>\n<\/div>\n\n\n\n<p class=\"has-text-align-center has-medium-font-size\" style=\"text-transform:uppercase\"><strong>Socios comunitarios<\/strong><\/p>\n\n\n\n<p class=\"has-x-small-font-size\">Son actores clave en el aprendizaje y servicio solidario: aportan las problem\u00e1ticas reales, construyen junto a la universidad y garantizan que los proyectos tengan sentido, pertinencia e impacto en la comunidad.<\/p>\n\n\n\n<div class=\"wp-block-columns is-not-stacked-on-mobile has-x-small-font-size is-layout-flex wp-container-core-columns-is-layout-c64c45d4 wp-block-columns-is-layout-flex\" style=\"padding-top:0;padding-right:0;padding-bottom:0;padding-left:0\">\n<div class=\"wp-block-column is-layout-flow wp-block-column-is-layout-flow\" style=\"flex-basis:50%\">\n<ul class=\"wp-block-list\">\n<li>Voces de Barro<\/li>\n\n\n\n<li>Colegio Nuestra Se\u00f1ora de Itati<\/li>\n\n\n\n<li class=\"has-x-small-font-size\">Centro Educativo Santa Rafaela Mar\u00eda<\/li>\n\n\n\n<li>Fundaci\u00f3n Brincar<\/li>\n\n\n\n<li>Banco de Alimentos Omb\u00fa<\/li>\n\n\n\n<li>Apoyo Escolar Amigos<\/li>\n\n\n\n<li>Fundaci\u00f3n Santa Mar\u00eda de los Robles<\/li>\n\n\n\n<li>Colegio Esclavas del Sagrado Coraz\u00f3n de Jes\u00fas, Belgrano<\/li>\n<\/ul>\n<\/div>\n\n\n\n<div class=\"wp-block-column is-layout-flow wp-block-column-is-layout-flow\" style=\"flex-basis:50%\">\n<ul class=\"wp-block-list\">\n<li>Municipalidad de Virasoro<\/li>\n\n\n\n<li class=\"has-x-small-font-size\">Centro Conin Virasoro<\/li>\n\n\n\n<li>Instituto Vuelta del Omb\u00fa de la ciudad de Gdor. Virasoro<\/li>\n\n\n\n<li>Proyecto Dame una Mano<\/li>\n\n\n\n<li>CEIC Santa Rafaela y Pilar<\/li>\n\n\n\n<li>Proyecto De Tu Mano<\/li>\n\n\n\n<li>Escuela Marie Poussepin L.178<\/li>\n\n\n\n<li>Colegio Esclavas del Sagrado Coraz\u00f3n de Jes\u00fas, Ituzaing\u00f3<\/li>\n<\/ul>\n<\/div>\n<\/div>\n<\/div>\n\n\n\n<div class=\"wp-block-column has-background is-layout-flow wp-container-core-column-is-layout-48553e8e wp-block-column-is-layout-flow\" style=\"border-top-left-radius:20px;border-top-right-radius:20px;border-bottom-left-radius:20px;border-bottom-right-radius:20px;background-color:#f1f9e2;padding-top:var(--wp--preset--spacing--30);padding-right:var(--wp--preset--spacing--30);padding-bottom:var(--wp--preset--spacing--30);padding-left:var(--wp--preset--spacing--30)\">\n<div class=\"wp-block-group has-global-padding is-layout-constrained wp-container-core-group-is-layout-c03372c5 wp-block-group-is-layout-constrained\" style=\"padding-top:0;padding-bottom:var(--wp--preset--spacing--30)\">\n<p class=\"has-text-align-center\"><strong>Dimensi\u00f3n de visibilizaci\u00f3n del impacto<\/strong><\/p>\n\n\n\n<figure class=\"wp-block-image aligncenter size-full is-resized\" style=\"margin-top:-5px\"><img loading=\"lazy\" decoding=\"async\" width=\"541\" height=\"38\" src=\"https:\/\/www.usal.edu.ar\/extension\/wp-content\/uploads\/sites\/18\/2026\/04\/separador_tr.png\" alt=\"\" class=\"wp-image-317\" style=\"width:auto;height:20px\" srcset=\"https:\/\/www.usal.edu.ar\/extension\/wp-content\/uploads\/sites\/18\/2026\/04\/separador_tr.png 541w, https:\/\/www.usal.edu.ar\/extension\/wp-content\/uploads\/sites\/18\/2026\/04\/separador_tr-300x21.png 300w\" sizes=\"auto, (max-width: 541px) 100vw, 541px\" \/><\/figure>\n<\/div>\n\n\n\n<p class=\"has-text-align-center has-medium-font-size\" style=\"text-transform:uppercase\"><strong>Historias en primera persona<\/strong><\/p>\n\n\n\n<p class=\"has-x-small-font-size\">Re\u00fane relatos de estudiantes y organizaciones sociales que comparten, en sus propias palabras, el impacto personal, acad\u00e9mico y comunitario de las experiencias AYSU.<\/p>\n\n\n\n<div class=\"wp-block-columns are-vertically-aligned-center is-not-stacked-on-mobile has-small-font-size is-layout-flex wp-container-core-columns-is-layout-9a15e266 wp-block-columns-is-layout-flex\" style=\"margin-top:0;margin-bottom:0;padding-top:0;padding-right:0;padding-bottom:0;padding-left:0\">\n<div class=\"wp-block-column is-vertically-aligned-center is-layout-flow wp-block-column-is-layout-flow\" style=\"flex-basis:50%\">\n<figure class=\"wp-block-embed alignleft is-type-video is-provider-youtube wp-block-embed-youtube wp-embed-aspect-16-9 wp-has-aspect-ratio\"><div class=\"wp-block-embed__wrapper\">\n<iframe loading=\"lazy\" title=\"CPI Pilares\" width=\"500\" height=\"281\" src=\"https:\/\/www.youtube.com\/embed\/ffVvQNVL8xc?feature=oembed\" frameborder=\"0\" allow=\"accelerometer; autoplay; clipboard-write; encrypted-media; gyroscope; picture-in-picture; web-share\" referrerpolicy=\"strict-origin-when-cross-origin\" allowfullscreen><\/iframe>\n<\/div><\/figure>\n\n\n\n<figure class=\"wp-block-embed alignleft is-type-video is-provider-youtube wp-block-embed-youtube wp-embed-aspect-16-9 wp-has-aspect-ratio\"><div class=\"wp-block-embed__wrapper\">\n<iframe loading=\"lazy\" title=\"Tom\u00e1s Qui\u00f1ones. Baldosas por la infancia\" width=\"500\" height=\"281\" src=\"https:\/\/www.youtube.com\/embed\/ogCrsIz0_D0?feature=oembed\" frameborder=\"0\" allow=\"accelerometer; autoplay; clipboard-write; encrypted-media; gyroscope; picture-in-picture; web-share\" referrerpolicy=\"strict-origin-when-cross-origin\" allowfullscreen><\/iframe>\n<\/div><\/figure>\n\n\n\n<figure class=\"wp-block-embed alignleft is-type-video is-provider-youtube wp-block-embed-youtube wp-embed-aspect-16-9 wp-has-aspect-ratio\"><div class=\"wp-block-embed__wrapper\">\n<iframe loading=\"lazy\" title=\"Felipe Le\u00f3n de Aboy. Baldosas por la infancia\" width=\"500\" height=\"281\" src=\"https:\/\/www.youtube.com\/embed\/sCe6qdaMFa0?feature=oembed\" frameborder=\"0\" allow=\"accelerometer; autoplay; clipboard-write; encrypted-media; gyroscope; picture-in-picture; web-share\" referrerpolicy=\"strict-origin-when-cross-origin\" allowfullscreen><\/iframe>\n<\/div><\/figure>\n<\/div>\n<\/div>\n<\/div>\n<\/div>\n<\/div>\n\n\n\n<div class=\"wp-block-group has-global-padding is-layout-constrained wp-container-core-group-is-layout-ff778368 wp-block-group-is-layout-constrained\" style=\"padding-right:var(--wp--preset--spacing--30);padding-left:var(--wp--preset--spacing--30)\">\n<div class=\"wp-block-group has-global-padding is-layout-constrained wp-container-core-group-is-layout-ebfa42c5 wp-block-group-is-layout-constrained\" style=\"padding-top:var(--wp--preset--spacing--40);padding-bottom:var(--wp--preset--spacing--40)\">\n<p class=\"has-text-align-center has-large-font-size\"><strong>NOVEDADES<\/strong><\/p>\n\n\n\n<figure class=\"wp-block-image aligncenter size-full\" style=\"margin-top:-10px\"><img loading=\"lazy\" decoding=\"async\" width=\"361\" height=\"33\" src=\"https:\/\/www.usal.edu.ar\/extension\/wp-content\/uploads\/sites\/18\/2026\/04\/image.png\" alt=\"\" class=\"wp-image-289\" srcset=\"https:\/\/www.usal.edu.ar\/extension\/wp-content\/uploads\/sites\/18\/2026\/04\/image.png 361w, https:\/\/www.usal.edu.ar\/extension\/wp-content\/uploads\/sites\/18\/2026\/04\/image-300x27.png 300w\" sizes=\"auto, (max-width: 361px) 100vw, 361px\" \/><\/figure>\n<\/div>\n\n\n\n<div class=\"wp-block-group is-content-justification-center is-layout-flex wp-container-core-group-is-layout-7b773eaf wp-block-group-is-layout-flex\">\n<div class=\"wp-block-group is-vertical is-content-justification-left is-layout-flex wp-container-core-group-is-layout-dd225191 wp-block-group-is-layout-flex\">\n<h2 class=\"wp-block-heading has-text-align-left\"><strong>2024<\/strong><\/h2>\n\n\n\n<div class=\"wp-block-group is-nowrap is-layout-flex wp-container-core-group-is-layout-6c531013 wp-block-group-is-layout-flex\">\n<figure class=\"wp-block-pullquote\"><blockquote><p><strong>Conversatorio de aprendizaje y servicio solidario<\/strong><\/p><\/blockquote><\/figure>\n\n\n\n<figure class=\"wp-block-embed is-type-video is-provider-youtube wp-block-embed-youtube wp-embed-aspect-9-16 wp-has-aspect-ratio\"><div class=\"wp-block-embed__wrapper\">\n<iframe loading=\"lazy\" title=\"Encuentro CLAYSS 2024\" width=\"422\" height=\"750\" src=\"https:\/\/www.youtube.com\/embed\/r3OvoDixBQw?feature=oembed\" frameborder=\"0\" allow=\"accelerometer; autoplay; clipboard-write; encrypted-media; gyroscope; picture-in-picture; web-share\" referrerpolicy=\"strict-origin-when-cross-origin\" allowfullscreen><\/iframe>\n<\/div><\/figure>\n\n\n\n<ul class=\"wp-block-social-links is-layout-flex wp-block-social-links-is-layout-flex\"><li class=\"wp-social-link wp-social-link-youtube  wp-block-social-link\"><a href=\"https:\/\/www.youtube.com\/shorts\/r3OvoDixBQw\" class=\"wp-block-social-link-anchor\"><svg width=\"24\" height=\"24\" viewBox=\"0 0 24 24\" version=\"1.1\" xmlns=\"http:\/\/www.w3.org\/2000\/svg\" aria-hidden=\"true\" focusable=\"false\"><path d=\"M21.8,8.001c0,0-0.195-1.378-0.795-1.985c-0.76-0.797-1.613-0.801-2.004-0.847c-2.799-0.202-6.997-0.202-6.997-0.202 h-0.009c0,0-4.198,0-6.997,0.202C4.608,5.216,3.756,5.22,2.995,6.016C2.395,6.623,2.2,8.001,2.2,8.001S2,9.62,2,11.238v1.517 c0,1.618,0.2,3.237,0.2,3.237s0.195,1.378,0.795,1.985c0.761,0.797,1.76,0.771,2.205,0.855c1.6,0.153,6.8,0.201,6.8,0.201 s4.203-0.006,7.001-0.209c0.391-0.047,1.243-0.051,2.004-0.847c0.6-0.607,0.795-1.985,0.795-1.985s0.2-1.618,0.2-3.237v-1.517 C22,9.62,21.8,8.001,21.8,8.001z M9.935,14.594l-0.001-5.62l5.404,2.82L9.935,14.594z\"><\/path><\/svg><span class=\"wp-block-social-link-label screen-reader-text\">YouTube<\/span><\/a><\/li><\/ul>\n\n\n\n<figure class=\"wp-block-image aligncenter size-full\"><img loading=\"lazy\" decoding=\"async\" width=\"1600\" height=\"821\" src=\"https:\/\/www.usal.edu.ar\/extension\/wp-content\/uploads\/sites\/18\/2026\/04\/WhatsApp-Image-2026-04-08-at-3.08.20-PM.jpeg\" alt=\"\" class=\"wp-image-339\" srcset=\"https:\/\/www.usal.edu.ar\/extension\/wp-content\/uploads\/sites\/18\/2026\/04\/WhatsApp-Image-2026-04-08-at-3.08.20-PM.jpeg 1600w, https:\/\/www.usal.edu.ar\/extension\/wp-content\/uploads\/sites\/18\/2026\/04\/WhatsApp-Image-2026-04-08-at-3.08.20-PM-300x154.jpeg 300w, https:\/\/www.usal.edu.ar\/extension\/wp-content\/uploads\/sites\/18\/2026\/04\/WhatsApp-Image-2026-04-08-at-3.08.20-PM-1024x525.jpeg 1024w, https:\/\/www.usal.edu.ar\/extension\/wp-content\/uploads\/sites\/18\/2026\/04\/WhatsApp-Image-2026-04-08-at-3.08.20-PM-768x394.jpeg 768w, https:\/\/www.usal.edu.ar\/extension\/wp-content\/uploads\/sites\/18\/2026\/04\/WhatsApp-Image-2026-04-08-at-3.08.20-PM-1536x788.jpeg 1536w\" sizes=\"auto, (max-width: 1600px) 100vw, 1600px\" \/><\/figure>\n<\/div>\n<\/div>\n\n\n\n<div class=\"wp-block-group is-vertical is-content-justification-left is-layout-flex wp-container-core-group-is-layout-dd225191 wp-block-group-is-layout-flex\">\n<h2 class=\"wp-block-heading has-text-align-left\"><strong>2025<\/strong><\/h2>\n\n\n\n<div class=\"wp-block-group is-nowrap is-layout-flex wp-container-core-group-is-layout-6c531013 wp-block-group-is-layout-flex\">\n<figure class=\"wp-block-pullquote\"><blockquote><p>Jornada internacional<br>de aprendizaje y servicio<\/p><\/blockquote><\/figure>\n\n\n\n<ul class=\"wp-block-social-links is-layout-flex wp-block-social-links-is-layout-flex\"><li class=\"wp-social-link wp-social-link-youtube  wp-block-social-link\"><a href=\"https:\/\/youtu.be\/rbA4Brz_q5g\" class=\"wp-block-social-link-anchor\"><svg width=\"24\" height=\"24\" viewBox=\"0 0 24 24\" version=\"1.1\" xmlns=\"http:\/\/www.w3.org\/2000\/svg\" aria-hidden=\"true\" focusable=\"false\"><path d=\"M21.8,8.001c0,0-0.195-1.378-0.795-1.985c-0.76-0.797-1.613-0.801-2.004-0.847c-2.799-0.202-6.997-0.202-6.997-0.202 h-0.009c0,0-4.198,0-6.997,0.202C4.608,5.216,3.756,5.22,2.995,6.016C2.395,6.623,2.2,8.001,2.2,8.001S2,9.62,2,11.238v1.517 c0,1.618,0.2,3.237,0.2,3.237s0.195,1.378,0.795,1.985c0.761,0.797,1.76,0.771,2.205,0.855c1.6,0.153,6.8,0.201,6.8,0.201 s4.203-0.006,7.001-0.209c0.391-0.047,1.243-0.051,2.004-0.847c0.6-0.607,0.795-1.985,0.795-1.985s0.2-1.618,0.2-3.237v-1.517 C22,9.62,21.8,8.001,21.8,8.001z M9.935,14.594l-0.001-5.62l5.404,2.82L9.935,14.594z\"><\/path><\/svg><span class=\"wp-block-social-link-label screen-reader-text\">YouTube<\/span><\/a><\/li><\/ul>\n\n\n\n<ul class=\"wp-block-social-links is-layout-flex wp-block-social-links-is-layout-flex\"><li class=\"wp-social-link wp-social-link-chain  wp-block-social-link\"><a href=\"https:\/\/www.uniservitate.org\/es\/2025\/09\/09\/xxii-semana-internacional-del-aprendizaje-y-servicio-solidario\/\" class=\"wp-block-social-link-anchor\"><svg width=\"24\" height=\"24\" viewBox=\"0 0 24 24\" version=\"1.1\" xmlns=\"http:\/\/www.w3.org\/2000\/svg\" aria-hidden=\"true\" focusable=\"false\"><path d=\"M15.6,7.2H14v1.5h1.6c2,0,3.7,1.7,3.7,3.7s-1.7,3.7-3.7,3.7H14v1.5h1.6c2.8,0,5.2-2.3,5.2-5.2,0-2.9-2.3-5.2-5.2-5.2zM4.7,12.4c0-2,1.7-3.7,3.7-3.7H10V7.2H8.4c-2.9,0-5.2,2.3-5.2,5.2,0,2.9,2.3,5.2,5.2,5.2H10v-1.5H8.4c-2,0-3.7-1.7-3.7-3.7zm4.6.9h5.3v-1.5H9.3v1.5z\"><\/path><\/svg><span class=\"wp-block-social-link-label screen-reader-text\">Enlace<\/span><\/a><\/li>\n\n<li class=\"wp-social-link wp-social-link-chain  wp-block-social-link\"><a href=\"https:\/\/noticias.usal.edu.ar\/es\/jornada-internacional-de-aprendizaje-y-servicio-solidario\" class=\"wp-block-social-link-anchor\"><svg width=\"24\" height=\"24\" viewBox=\"0 0 24 24\" version=\"1.1\" xmlns=\"http:\/\/www.w3.org\/2000\/svg\" aria-hidden=\"true\" focusable=\"false\"><path d=\"M15.6,7.2H14v1.5h1.6c2,0,3.7,1.7,3.7,3.7s-1.7,3.7-3.7,3.7H14v1.5h1.6c2.8,0,5.2-2.3,5.2-5.2,0-2.9-2.3-5.2-5.2-5.2zM4.7,12.4c0-2,1.7-3.7,3.7-3.7H10V7.2H8.4c-2.9,0-5.2,2.3-5.2,5.2,0,2.9,2.3,5.2,5.2,5.2H10v-1.5H8.4c-2,0-3.7-1.7-3.7-3.7zm4.6.9h5.3v-1.5H9.3v1.5z\"><\/path><\/svg><span class=\"wp-block-social-link-label screen-reader-text\">Enlace<\/span><\/a><\/li><\/ul>\n\n\n\n<figure class=\"wp-block-image aligncenter size-full\"><img loading=\"lazy\" decoding=\"async\" width=\"1280\" height=\"745\" src=\"https:\/\/www.usal.edu.ar\/extension\/wp-content\/uploads\/sites\/18\/2026\/04\/WhatsApp-Image-2026-04-08-at-3.18.03-PM-1.jpeg\" alt=\"\" class=\"wp-image-342\" srcset=\"https:\/\/www.usal.edu.ar\/extension\/wp-content\/uploads\/sites\/18\/2026\/04\/WhatsApp-Image-2026-04-08-at-3.18.03-PM-1.jpeg 1280w, https:\/\/www.usal.edu.ar\/extension\/wp-content\/uploads\/sites\/18\/2026\/04\/WhatsApp-Image-2026-04-08-at-3.18.03-PM-1-300x175.jpeg 300w, https:\/\/www.usal.edu.ar\/extension\/wp-content\/uploads\/sites\/18\/2026\/04\/WhatsApp-Image-2026-04-08-at-3.18.03-PM-1-1024x596.jpeg 1024w, https:\/\/www.usal.edu.ar\/extension\/wp-content\/uploads\/sites\/18\/2026\/04\/WhatsApp-Image-2026-04-08-at-3.18.03-PM-1-768x447.jpeg 768w\" sizes=\"auto, (max-width: 1280px) 100vw, 1280px\" \/><\/figure>\n<\/div>\n\n\n\n<div class=\"wp-block-buttons is-layout-flex wp-block-buttons-is-layout-flex\"><\/div>\n<\/div>\n<\/div>\n<\/div>\n\n\n\n<div class=\"wp-block-group has-global-padding is-layout-constrained wp-container-core-group-is-layout-ff778368 wp-block-group-is-layout-constrained\" style=\"padding-right:var(--wp--preset--spacing--30);padding-left:var(--wp--preset--spacing--30)\">\n<div class=\"wp-block-group has-global-padding is-layout-constrained wp-container-core-group-is-layout-ebfa42c5 wp-block-group-is-layout-constrained\" style=\"padding-top:var(--wp--preset--spacing--40);padding-bottom:var(--wp--preset--spacing--40)\">\n<p class=\"has-text-align-center has-large-font-size\"><strong>REDES<\/strong><\/p>\n\n\n\n<figure class=\"wp-block-image aligncenter size-full\" style=\"margin-top:-10px\"><img loading=\"lazy\" decoding=\"async\" width=\"361\" height=\"33\" src=\"https:\/\/www.usal.edu.ar\/extension\/wp-content\/uploads\/sites\/18\/2026\/04\/image.png\" alt=\"\" class=\"wp-image-289\" srcset=\"https:\/\/www.usal.edu.ar\/extension\/wp-content\/uploads\/sites\/18\/2026\/04\/image.png 361w, https:\/\/www.usal.edu.ar\/extension\/wp-content\/uploads\/sites\/18\/2026\/04\/image-300x27.png 300w\" sizes=\"auto, (max-width: 361px) 100vw, 361px\" \/><\/figure>\n<\/div>\n\n\n\n<div class=\"wp-block-group is-content-justification-center is-layout-flex wp-container-core-group-is-layout-7b773eaf wp-block-group-is-layout-flex\">\n<div class=\"wp-block-columns is-layout-flex wp-container-core-columns-is-layout-28f84493 wp-block-columns-is-layout-flex\">\n<div class=\"wp-block-column is-layout-flow wp-block-column-is-layout-flow\" style=\"flex-basis:100%\">\n<figure class=\"wp-block-image size-medium wp-container-content-b04ba3db\"><a href=\"https:\/\/www.uniservitate.org\/es\/membresia\/\"><img loading=\"lazy\" decoding=\"async\" width=\"300\" height=\"234\" src=\"https:\/\/www.usal.edu.ar\/extension\/wp-content\/uploads\/sites\/18\/2026\/04\/LOGO_2024_MEMBER_UNISERVITATE_EN-300x234.png\" alt=\"\" class=\"wp-image-429\" srcset=\"https:\/\/www.usal.edu.ar\/extension\/wp-content\/uploads\/sites\/18\/2026\/04\/LOGO_2024_MEMBER_UNISERVITATE_EN-300x234.png 300w, https:\/\/www.usal.edu.ar\/extension\/wp-content\/uploads\/sites\/18\/2026\/04\/LOGO_2024_MEMBER_UNISERVITATE_EN.png 650w\" sizes=\"auto, (max-width: 300px) 100vw, 300px\" \/><\/a><\/figure>\n<\/div>\n<\/div>\n<\/div>\n<\/div>\n\n\n\n<div class=\"wp-block-group destacados1 has-global-padding is-layout-constrained wp-container-core-group-is-layout-145f4d48 wp-block-group-is-layout-constrained\" style=\"margin-top:var(--wp--preset--spacing--30);margin-bottom:var(--wp--preset--spacing--30)\">\n<div class=\"wp-block-columns is-layout-flex wp-container-core-columns-is-layout-28f84493 wp-block-columns-is-layout-flex\">\n<div class=\"wp-block-column is-layout-flow wp-block-column-is-layout-flow\" style=\"flex-basis:50%\">\n<div class=\"wp-block-columns is-not-stacked-on-mobile is-layout-flex wp-container-core-columns-is-layout-28f84493 wp-block-columns-is-layout-flex\">\n<div class=\"wp-block-column is-layout-flow wp-block-column-is-layout-flow\" style=\"flex-basis:50%\">\n<div class=\"wp-block-group is-vertical is-content-justification-center is-layout-flex wp-container-core-group-is-layout-b6c1f246 wp-block-group-is-layout-flex\">\n<p class=\"has-text-align-center has-vivid-green-cyan-color has-text-color has-link-color has-large-font-size wp-elements-26a279277b5864aff21295043920c9c7\" style=\"font-style:normal;font-weight:700\">16 <\/p>\n\n\n\n<p class=\"has-text-align-center has-vivid-green-cyan-color has-text-color has-link-color has-small-font-size wp-elements-b9fbe3733e491126b02f8676e4a21c45\" style=\"font-style:normal;font-weight:700\"><\/p>\n\n\n\n<p class=\"has-text-align-center has-small-font-size\" style=\"font-style:normal;font-weight:700\">Aliados Comunitarios<\/p>\n\n\n\n<p class=\"has-text-align-center has-small-font-size\" style=\"font-style:normal;font-weight:700\">en Experiencias Aysu<\/p>\n<\/div>\n<\/div>\n\n\n\n<div class=\"wp-block-column is-layout-flow wp-block-column-is-layout-flow\" style=\"flex-basis:50%\">\n<div class=\"wp-block-group is-vertical is-content-justification-center is-layout-flex wp-container-core-group-is-layout-b6c1f246 wp-block-group-is-layout-flex\">\n<p class=\"has-text-align-center has-text-color has-link-color has-x-large-font-size wp-elements-aba69e2b4868cc445bb47b1e94947e71\" style=\"color:#08b889;font-style:normal;font-weight:700\">+75<\/p>\n\n\n\n<p class=\"has-text-align-center has-small-font-size\" style=\"font-style:normal;font-weight:700\">Alumnos y Graduados Protagonistas<br><\/p>\n<\/div>\n<\/div>\n<\/div>\n<\/div>\n\n\n\n<div class=\"wp-block-column is-layout-flow wp-block-column-is-layout-flow\" style=\"flex-basis:50%\">\n<div class=\"wp-block-columns is-not-stacked-on-mobile is-layout-flex wp-container-core-columns-is-layout-28f84493 wp-block-columns-is-layout-flex\">\n<div class=\"wp-block-column is-layout-flow wp-block-column-is-layout-flow\" style=\"flex-basis:50%\">\n<div class=\"wp-block-group is-vertical is-content-justification-center is-layout-flex wp-container-core-group-is-layout-b6c1f246 wp-block-group-is-layout-flex\">\n<p class=\"has-text-align-center has-text-color has-link-color has-x-large-font-size wp-elements-129d1c286b3ff2a2b414b56d18cfef7b\" style=\"color:#08b889;font-style:normal;font-weight:700\">+6<\/p>\n\n\n\n<p class=\"has-text-align-center has-small-font-size\" style=\"font-style:normal;font-weight:700\">Carreras de grado involucradas<\/p>\n<\/div>\n<\/div>\n\n\n\n<div class=\"wp-block-column is-layout-flow wp-block-column-is-layout-flow\" style=\"flex-basis:50%\">\n<div class=\"wp-block-group is-vertical is-content-justification-center is-layout-flex wp-container-core-group-is-layout-b6c1f246 wp-block-group-is-layout-flex\">\n<p class=\"has-text-align-center has-text-color has-link-color has-medium-font-size wp-elements-c7b07a6bbd0b2c70318da7a14e89afbc\" style=\"color:#08b889;font-style:normal;font-weight:700\">3ra Edisi\u00f3n <\/p>\n\n\n\n<p class=\"has-text-align-center has-text-color has-link-color has-medium-font-size wp-elements-108bcd2eaced903d64e47b86594db4ab\" style=\"color:#08b889;font-style:normal;font-weight:700\">Curso Asyu<\/p>\n\n\n\n<p class=\"has-text-align-center has-contrast-color has-text-color has-link-color has-x-small-font-size wp-elements-d4e7bf73a2be41f44d1678ae354d8c1d\" style=\"font-style:normal;font-weight:700\">Curso para docentes, acad\u00e9micos y administrativos <\/p>\n<\/div>\n<\/div>\n<\/div>\n<\/div>\n<\/div>\n<\/div>\n\n\n\n<p><\/p>\n","protected":false},"excerpt":{"rendered":"<p>Curricularizaci\u00f3n Integra el compromiso social al curr\u00edculo, formando profesionales con mirada integral y compromiso con el bien com\u00fan. Los alumnos aprenden en territorio, abordando problem\u00e1ticas reales junto a la comunidad. Sostenibilidad Articula conocimiento y acci\u00f3n para responder a desaf\u00edos sociales y ambientales reales. Integra dimensiones sociales, ambientales y econ\u00f3micas en proyectos con la comunidad. EXPERIENCIAS [&hellip;]<\/p>\n","protected":false},"author":5,"featured_media":0,"parent":0,"menu_order":0,"comment_status":"closed","ping_status":"closed","template":"","meta":{"footnotes":""},"class_list":["post-268","page","type-page","status-publish","hentry"],"_links":{"self":[{"href":"https:\/\/www.usal.edu.ar\/extension\/wp-json\/wp\/v2\/pages\/268","targetHints":{"allow":["GET"]}}],"collection":[{"href":"https:\/\/www.usal.edu.ar\/extension\/wp-json\/wp\/v2\/pages"}],"about":[{"href":"https:\/\/www.usal.edu.ar\/extension\/wp-json\/wp\/v2\/types\/page"}],"author":[{"embeddable":true,"href":"https:\/\/www.usal.edu.ar\/extension\/wp-json\/wp\/v2\/users\/5"}],"replies":[{"embeddable":true,"href":"https:\/\/www.usal.edu.ar\/extension\/wp-json\/wp\/v2\/comments?post=268"}],"version-history":[{"count":115,"href":"https:\/\/www.usal.edu.ar\/extension\/wp-json\/wp\/v2\/pages\/268\/revisions"}],"predecessor-version":[{"id":459,"href":"https:\/\/www.usal.edu.ar\/extension\/wp-json\/wp\/v2\/pages\/268\/revisions\/459"}],"wp:attachment":[{"href":"https:\/\/www.usal.edu.ar\/extension\/wp-json\/wp\/v2\/media?parent=268"}],"curies":[{"name":"wp","href":"https:\/\/api.w.org\/{rel}","templated":true}]}}