{"id":288,"date":"2024-02-29T02:13:43","date_gmt":"2024-02-29T05:13:43","guid":{"rendered":"https:\/\/www.usal.edu.ar\/fceye\/?page_id=288"},"modified":"2024-05-03T17:10:10","modified_gmt":"2024-05-03T20:10:10","slug":"resena","status":"publish","type":"page","link":"https:\/\/www.usal.edu.ar\/fceye\/resena\/","title":{"rendered":"Rese\u00f1a"},"content":{"rendered":"\n<div class=\"wp-block-group has-global-padding is-layout-constrained wp-container-core-group-is-layout-51e8bfd8 wp-block-group-is-layout-constrained\" style=\"margin-top:var(--wp--preset--spacing--30);margin-bottom:var(--wp--preset--spacing--30);padding-top:0;padding-bottom:0\">\n<div class=\"wp-block-cover is-light has-base-color has-text-color has-link-color wp-elements-d3a3d78212cffcafd42fab39ac356620\" style=\"padding-top:10px;padding-bottom:10px;min-height:215px;aspect-ratio:unset;\"><span aria-hidden=\"true\" class=\"wp-block-cover__background has-background-dim-0 has-background-dim\"><\/span><img loading=\"lazy\" decoding=\"async\" width=\"1200\" height=\"160\" class=\"wp-block-cover__image-background wp-image-69\" alt=\"\" src=\"https:\/\/www.usal.edu.ar\/fceye\/wp-content\/uploads\/sites\/6\/2024\/02\/facultad_generico.jpg\" data-object-fit=\"cover\" srcset=\"https:\/\/www.usal.edu.ar\/fceye\/wp-content\/uploads\/sites\/6\/2024\/02\/facultad_generico.jpg 1200w, https:\/\/www.usal.edu.ar\/fceye\/wp-content\/uploads\/sites\/6\/2024\/02\/facultad_generico-300x40.jpg 300w, https:\/\/www.usal.edu.ar\/fceye\/wp-content\/uploads\/sites\/6\/2024\/02\/facultad_generico-1024x137.jpg 1024w, https:\/\/www.usal.edu.ar\/fceye\/wp-content\/uploads\/sites\/6\/2024\/02\/facultad_generico-768x102.jpg 768w\" sizes=\"auto, (max-width: 1200px) 100vw, 1200px\" \/><div class=\"wp-block-cover__inner-container has-global-padding is-layout-constrained wp-container-core-cover-is-layout-5ba1e0ec wp-block-cover-is-layout-constrained\">\n<h2 class=\"wp-block-heading has-text-align-right has-background has-x-small-font-size\" style=\"background-color:#008257c2\">La Facultad de Ciencias Econ\u00f3micas y Empresariales es desde 2016, el resultado de la fusi\u00f3n de las tradicionales Facultades de Ciencias de la Administraci\u00f3n y Facultad de Ciencias Econ\u00f3micas de la Universidad del Salvador, ubic\u00e1ndose actualmente en su nueva sede de Viamonte 1816, Ciudad Aut\u00f3noma de Buenos Aires.<\/h2>\n<\/div><\/div>\n\n\n\n<div class=\"wp-block-group has-global-padding is-layout-constrained wp-container-core-group-is-layout-92b9201d wp-block-group-is-layout-constrained\">\n<p style=\"line-height:1.5\">Bajo los objetivos y principios que gu\u00edan a nuestra Universidad en la formaci\u00f3n integral cient\u00edfica, human\u00edstica y cristiana de los estudiantes en todas las carreras o especialidades, atendiendo en particular a la promoci\u00f3n de profesionales, docentes e investigadores, la investigaci\u00f3n cient\u00edfica capaz de demostrar la s\u00edntesis arm\u00f3nica de la ciencia y la fe y en general toda docencia superior encaminada a la visi\u00f3n cristiana de los distintos problemas humanos, la Facultad de Ciencias Econ\u00f3micas y Empresariales, procura la formaci\u00f3n como persona, como ciudadano y como profesional de todos sus estudiantes.<\/p>\n\n\n\n<p>La Facultad de Ciencias de la Administraci\u00f3n ha sido fundada como Escuela de Administraci\u00f3n en el a\u00f1o 1977 y promovida a Facultad en 1991, concentrando las carreras de grado y postgrado de mayor relaci\u00f3n con la gesti\u00f3n de negocios y pr\u00e1cticas organizacionales. Ha celebrado convenios internacionales con el Consorcio de Universidades Francesas Universit\u00e9 Paris I Panth\u00e9on-Sorbonne, Universit\u00e9 Toulouse I y Evry-Val-d\u00b4Essonne, donde los alumnos de la Licenciatura en Administraci\u00f3n pueden cursar m\u00f3dulos a cargo de los mismos docentes que dictan en la Universidades Francesas. Aprobados dichos m\u00f3dulos y la carrera local, los estudiantes acceden al Diploma de Ma\u00eetrise (Master I) otorgado por las Universidades Europeas.<\/p>\n\n\n\n<p>En las carreras de posgrado, se han celebrado convenios con la Universidad de Deusto, Bilbao Espa\u00f1a, State University of New York at Albany USA, Georgetown University, Washington, USA, para dar soporte y visi\u00f3n internacional a la mayor\u00eda de los programas de posgrado en curso.<\/p>\n\n\n\n<p>La Facultad cuenta con un Instituto de Investigaci\u00f3n que integra decenas de investigadores que han generado valiosos e innovadores aportes a la comunidad acad\u00e9mica y empresarial.<\/p>\n\n\n\n<p>Por otro lado, Ciencias Econ\u00f3micas ha sido fundada como Escuela de Contador P\u00fablico en el a\u00f1o 1984 y declarada Facultad en el a\u00f1o 1990. Desde su creaci\u00f3n ha celebrado diversos convenios internacionales de doble titulaci\u00f3n franco-argentina en las carreras de Licenciatura en Econom\u00eda con las mismas Universidades Francesas; sobre la base de este convenio los graduados obtienen t\u00edtulo argentino de Licenciado en Econom\u00eda y t\u00edtulo franc\u00e9s de Ma\u00eetrise en Sciences Economiques. Asimismo ha creado hacia el a\u00f1o 1999 la Licenciatura en Gerenciamiento Econ\u00f3mico Intercultural con convenido de doble titulaci\u00f3n con las Universidades de Passau, Baviera Baja, Alemania y de Strasbourg, Francia.&nbsp;En el mismo orden, la Licenciatura en Comercio Internacional ha celebrado acuerdos de doble titulaci\u00f3n con las Universidades de Strasbourg, Francia y Valpara\u00edso, Chile.&nbsp;En la misma direcci\u00f3n se impuls\u00f3 convenios internacionales en las carreras de postgrado.<\/p>\n\n\n\n<p>Asimismo la Facultad de Ciencias Econ\u00f3micas y Empresariales, fund\u00e1ndose en los objetivos y principios de la Universidad, cuenta con el Instituto de Investigaciones que propicia el nuevo conocimiento interdisciplinario y busca la mejora continua en el ya existente, a fin de volcar los resultados de los temas abordados y sus conclusiones a la sociedad.<\/p>\n\n\n\n<figure class=\"wp-block-image alignfull size-full\"><img loading=\"lazy\" decoding=\"async\" width=\"800\" height=\"251\" src=\"https:\/\/www.usal.edu.ar\/fceye\/wp-content\/uploads\/sites\/6\/2024\/02\/image-3.png\" alt=\"\" class=\"wp-image-291\" srcset=\"https:\/\/www.usal.edu.ar\/fceye\/wp-content\/uploads\/sites\/6\/2024\/02\/image-3.png 800w, https:\/\/www.usal.edu.ar\/fceye\/wp-content\/uploads\/sites\/6\/2024\/02\/image-3-300x94.png 300w, https:\/\/www.usal.edu.ar\/fceye\/wp-content\/uploads\/sites\/6\/2024\/02\/image-3-768x241.png 768w\" sizes=\"auto, (max-width: 800px) 100vw, 800px\" \/><\/figure>\n\n\n\n<div class=\"wp-block-columns bloque17 is-layout-flex wp-container-core-columns-is-layout-2000334d wp-block-columns-is-layout-flex\" style=\"padding-top:0;padding-right:0;padding-bottom:0;padding-left:0\">\n<div class=\"wp-block-column is-vertically-aligned-top is-layout-flow wp-block-column-is-layout-flow\" style=\"flex-basis:20%\">\n<h3 class=\"wp-block-heading has-text-align-center has-text-color has-link-color has-medium-font-size wp-elements-6e4ce36383fdca57463f74c0936af5c5\" style=\"color:#f8981d\"><strong><strong>LA UNIVERSIDAD<\/strong><\/strong><\/h3>\n<\/div>\n\n\n\n<div class=\"wp-block-column is-layout-flow wp-container-core-column-is-layout-97c863a5 wp-block-column-is-layout-flow\" style=\"padding-top:0;padding-right:var(--wp--preset--spacing--30);padding-bottom:0;padding-left:var(--wp--preset--spacing--30)\">\n<p>Desde hace m\u00e1s de 65 a\u00f1os, cuando fue fundada por la Compa\u00f1\u00eda de Jes\u00fas, la acci\u00f3n educativa de la Universidad del Salvador (USAL) est\u00e1 guiada por una concepci\u00f3n human\u00edstica y cristiana que favorece la formaci\u00f3n de personas solidarias y abiertas al di\u00e1logo entre ciencia y fe. La vasta oferta educativa de la USAL combina su larga experiencia con una ingenier\u00eda curricular de avanzada, que incluye las m\u00e1s actualizadas concepciones did\u00e1ctico-metodol\u00f3gicas en el dictado de clases y en las pr\u00e1cticas preprofesionales.<\/p>\n\n\n\n<p>Estudian hoy en la USAL cerca de 30.000 alumnos en carreras de grado y posgrado, siendo de \u00e9stos, aproximadamente, 2.400 alumnos de diferentes pa\u00edses.<\/p>\n\n\n\n<p>Su cuerpo docente est\u00e1 formado por m\u00e1s de 2.700 profesores e investigadores<\/p>\n<\/div>\n<\/div>\n\n\n\n<div class=\"wp-block-columns bloque17 is-layout-flex wp-container-core-columns-is-layout-2000334d wp-block-columns-is-layout-flex\" style=\"padding-top:0;padding-right:0;padding-bottom:0;padding-left:0\">\n<div class=\"wp-block-column is-vertically-aligned-top is-layout-flow wp-block-column-is-layout-flow\" style=\"flex-basis:20%\">\n<h3 class=\"wp-block-heading has-text-align-center has-text-color has-link-color has-medium-font-size wp-elements-ba9af3264f8aa7efd29f30d11ef5322f\" style=\"color:#f8981d\"><strong><strong><strong>OPORTUNIDADES<\/strong><\/strong><\/strong><\/h3>\n<\/div>\n\n\n\n<div class=\"wp-block-column is-vertically-aligned-center is-layout-flow wp-container-core-column-is-layout-97c863a5 wp-block-column-is-layout-flow\" style=\"padding-top:0;padding-right:var(--wp--preset--spacing--30);padding-bottom:0;padding-left:var(--wp--preset--spacing--30)\">\n<p>La Facultad cuenta con convenios de cooperaci\u00f3n y doble t\u00edtulo en carreras de grado y posgrado con Universidades Extranjeras, donde los alumnos pueden viajar al exterior o bien, en otros casos vienen profesores para el dictado de clases.<\/p>\n\n\n\n<p>Convenios muy enriquecedores tanto para el alumno de grado que comienza su camino &nbsp;profesional y tiene la posibilidad de conocer otras culturas y abrirse al mundo, como para el profesional que realiza un posgrado.<\/p>\n\n\n\n<figure class=\"wp-block-image aligncenter size-full\"><img loading=\"lazy\" decoding=\"async\" width=\"630\" height=\"200\" src=\"https:\/\/www.usal.edu.ar\/fceye\/wp-content\/uploads\/sites\/6\/2024\/02\/image-4.png\" alt=\"\" class=\"wp-image-292\" style=\"object-fit:cover\" srcset=\"https:\/\/www.usal.edu.ar\/fceye\/wp-content\/uploads\/sites\/6\/2024\/02\/image-4.png 630w, https:\/\/www.usal.edu.ar\/fceye\/wp-content\/uploads\/sites\/6\/2024\/02\/image-4-300x95.png 300w\" sizes=\"auto, (max-width: 630px) 100vw, 630px\" \/><\/figure>\n<\/div>\n<\/div>\n<\/div>\n<\/div>\n","protected":false},"excerpt":{"rendered":"<p>Bajo los objetivos y principios que gu\u00edan a nuestra Universidad en la formaci\u00f3n integral cient\u00edfica, human\u00edstica y cristiana de los estudiantes en todas las carreras o especialidades, atendiendo en particular a la promoci\u00f3n de profesionales, docentes e investigadores, la investigaci\u00f3n cient\u00edfica capaz de demostrar la s\u00edntesis arm\u00f3nica de la ciencia y la fe y en [&hellip;]<\/p>\n","protected":false},"author":17,"featured_media":0,"parent":0,"menu_order":0,"comment_status":"closed","ping_status":"closed","template":"","meta":{"_acf_changed":false,"footnotes":""},"class_list":["post-288","page","type-page","status-publish","hentry"],"acf":[],"_links":{"self":[{"href":"https:\/\/www.usal.edu.ar\/fceye\/wp-json\/wp\/v2\/pages\/288","targetHints":{"allow":["GET"]}}],"collection":[{"href":"https:\/\/www.usal.edu.ar\/fceye\/wp-json\/wp\/v2\/pages"}],"about":[{"href":"https:\/\/www.usal.edu.ar\/fceye\/wp-json\/wp\/v2\/types\/page"}],"author":[{"embeddable":true,"href":"https:\/\/www.usal.edu.ar\/fceye\/wp-json\/wp\/v2\/users\/17"}],"replies":[{"embeddable":true,"href":"https:\/\/www.usal.edu.ar\/fceye\/wp-json\/wp\/v2\/comments?post=288"}],"version-history":[{"count":19,"href":"https:\/\/www.usal.edu.ar\/fceye\/wp-json\/wp\/v2\/pages\/288\/revisions"}],"predecessor-version":[{"id":1825,"href":"https:\/\/www.usal.edu.ar\/fceye\/wp-json\/wp\/v2\/pages\/288\/revisions\/1825"}],"wp:attachment":[{"href":"https:\/\/www.usal.edu.ar\/fceye\/wp-json\/wp\/v2\/media?parent=288"}],"curies":[{"name":"wp","href":"https:\/\/api.w.org\/{rel}","templated":true}]}}