{"id":2,"date":"2024-12-09T17:52:23","date_gmt":"2024-12-09T16:52:23","guid":{"rendered":"https:\/\/www.usal.edu.ar\/fcseyc\/?page_id=2"},"modified":"2025-07-28T09:36:16","modified_gmt":"2025-07-28T12:36:16","slug":"pagina-ejemplo","status":"publish","type":"page","link":"https:\/\/www.usal.edu.ar\/fcseyc\/","title":{"rendered":"Facultad de Ciencias Sociales, Educaci\u00f3n y Comunicaci\u00f3n"},"content":{"rendered":"\n<div class=\"wp-block-group has-global-padding is-layout-constrained wp-container-core-group-is-layout-19e250f3 wp-block-group-is-layout-constrained\">\n<div class=\"wp-block-group is-layout-flow wp-container-core-group-is-layout-3c5488f2 wp-block-group-is-layout-flow\" style=\"margin-top:0;padding-top:0;padding-right:0;padding-bottom:0;padding-left:0\">\n<div class=\"wp-block-group has-global-padding is-layout-constrained wp-block-group-is-layout-constrained\" style=\"margin-top:var(--wp--preset--spacing--30);margin-bottom:var(--wp--preset--spacing--30)\">\n<h2 class=\"wp-block-heading has-text-align-center\" style=\"font-style:normal;font-weight:600;letter-spacing:-2px\">Carreras de Grado<\/h2>\n\n\n\n<hr class=\"wp-block-separator has-text-color has-alpha-channel-opacity has-background linea-base-titulo\" style=\"margin-bottom:var(--wp--preset--spacing--30);background-color:#007c85;color:#007c85\"\/>\n<\/div>\n\n\n<div class=\"propuestas-wrapper\" style=\"background-color: 0F;\"><div class=\"propuesta-item clickeable\"><div class=\"propuesta_nombre\"><a href=\"https:\/\/www.usal.edu.ar\/fcseyc\/propuesta\/ciclo-pedagogico-universitario\/\" target=\"_blank\">Ciclo Pedag\u00f3gico Universitario<\/a><\/div><div class='propuesta_tipos'>   <\/div><\/div><div class=\"propuesta-item clickeable\"><div class=\"propuesta_nombre\"><a href=\"https:\/\/www.usal.edu.ar\/fcseyc\/propuesta\/ciclo-pedagogico-universitario-semipresencial\/\" target=\"_blank\">Ciclo Pedag\u00f3gico Universitario Semipresencial<\/a><\/div><div class='propuesta_tipos'>   <\/div><\/div><div class=\"propuesta-item clickeable\"><div class=\"propuesta_nombre\"><a href=\"https:\/\/www.usal.edu.ar\/ingreso\/propuesta\/licenciatura-en-ciencia-de-la-educacion\/\" target=\"_blank\">Licenciatura en Ciencia de la Educaci\u00f3n<\/a><\/div><div class='propuesta_tipos'>   <\/div><\/div><div class=\"propuesta-item clickeable\"><div class=\"propuesta_nombre\"><a href=\"https:\/\/www.usal.edu.ar\/ingreso\/propuesta\/licenciatura-en-ciencia-de-la-educacion-ciclo-de-complementacion-curricular\/\" target=\"_blank\">Licenciatura en Ciencia de la Educaci\u00f3n - Ciclo de Complementaci\u00f3n Curricular<\/a><\/div><div class='propuesta_tipos'>   <\/div><\/div><div class=\"propuesta-item clickeable\"><div class=\"propuesta_nombre\"><a href=\"https:\/\/www.usal.edu.ar\/ingreso\/propuesta\/licenciatura-en-ciencia-politica\/\" target=\"_blank\">Licenciatura en Ciencia Pol\u00edtica<\/a><\/div><div class='propuesta_tipos'>  <svg xmlns=\"http:\/\/www.w3.org\/2000\/svg\" class=\"icon icon-tabler icon-tabler-world\" width=\"22\" height=\"22\" viewBox=\"0 0 24 24\" stroke-width=\"1.5\" stroke=\"#6F6F6F\" fill=\"none\" stroke-linecap=\"round\" stroke-linejoin=\"round\">\r\n\t<title>Internacional<\/title>\r\n\t<desc>Propuesta con programa internacional<\/desc>\r\n\t<path stroke=\"none\" d=\"M0 0h24v24H0z\" fill=\"none\" \/> <path d=\"M3 12a9 9 0 1 0 18 0a9 9 0 0 0 -18 0\" \/> <path d=\"M3.6 9h16.8\" \/> <path d=\"M3.6 15h16.8\" \/> <path d=\"M11.5 3a17 17 0 0 0 0 18\" \/> <path d=\"M12.5 3a17 17 0 0 1 0 18\" \/><\/svg> <\/div><\/div><div class=\"propuesta-item clickeable\"><div class=\"propuesta_nombre\"><a href=\"https:\/\/www.usal.edu.ar\/ingreso\/propuesta\/licenciatura-en-ciencias-de-la-comunicacion\/\" target=\"_blank\">Licenciatura en Ciencias de la Comunicaci\u00f3n<\/a><\/div><div class='propuesta_tipos'>   <\/div><\/div><div class=\"propuesta-item clickeable\"><div class=\"propuesta_nombre\"><a href=\"https:\/\/www.usal.edu.ar\/ingreso\/propuesta\/licenciatura-en-educacion-especial-ciclo-de-complementacion-curricular\/\" target=\"_blank\">Licenciatura en Educaci\u00f3n Especial - Ciclo de Complementaci\u00f3n Curricular<\/a><\/div><div class='propuesta_tipos'>   <\/div><\/div><div class=\"propuesta-item clickeable\"><div class=\"propuesta_nombre\"><a href=\"https:\/\/www.usal.edu.ar\/ingreso\/propuesta\/licenciatura-en-gestion-de-la-educacion-ciclo-de-complementacion-curricular\/\" target=\"_blank\">Licenciatura en Gesti\u00f3n de la Educaci\u00f3n - Ciclo de Complementaci\u00f3n Curricular<\/a><\/div><div class='propuesta_tipos'>   <\/div><\/div><div class=\"propuesta-item clickeable\"><div class=\"propuesta_nombre\"><a href=\"https:\/\/www.usal.edu.ar\/ingreso\/propuesta\/licenciatura-en-periodismo\/\" target=\"_blank\">Licenciatura en Periodismo<\/a><\/div><div class='propuesta_tipos'>   <\/div><\/div><div class=\"propuesta-item clickeable\"><div class=\"propuesta_nombre\"><a href=\"https:\/\/www.usal.edu.ar\/ingreso\/propuesta\/licenciatura-en-periodismo-deportivo\/\" target=\"_blank\">Licenciatura en Periodismo Deportivo<\/a><\/div><div class='propuesta_tipos'>   <\/div><\/div><div class=\"propuesta-item clickeable\"><div class=\"propuesta_nombre\"><a href=\"https:\/\/www.usal.edu.ar\/ingreso\/propuesta\/licenciatura-en-publicidad\/\" target=\"_blank\">Licenciatura en Publicidad<\/a><\/div><div class='propuesta_tipos'>   <\/div><\/div><div class=\"propuesta-item clickeable\"><div class=\"propuesta_nombre\"><a href=\"https:\/\/www.usal.edu.ar\/ingreso\/propuesta\/licenciatura-en-relaciones-internacionales\/\" target=\"_blank\">Licenciatura en Relaciones Internacionales<\/a><\/div><div class='propuesta_tipos'>   <\/div><\/div><div class=\"propuesta-item clickeable\"><div class=\"propuesta_nombre\"><a href=\"https:\/\/www.usal.edu.ar\/ingreso\/propuesta\/licenciatura-en-relaciones-publicas\/\" target=\"_blank\">Licenciatura en Relaciones P\u00fablicas<\/a><\/div><div class='propuesta_tipos'>   <\/div><\/div><div class=\"propuesta-item clickeable\"><div class=\"propuesta_nombre\"><a href=\"https:\/\/www.usal.edu.ar\/ingreso\/propuesta\/licenciatura-en-sociologia\/\" target=\"_blank\">Licenciatura en Sociolog\u00eda<\/a><\/div><div class='propuesta_tipos'>   <\/div><\/div><div class=\"propuesta-item clickeable\"><div class=\"propuesta_nombre\"><a href=\"https:\/\/www.usal.edu.ar\/ingreso\/propuesta\/licenciatura-en-trabajo-social\/\" target=\"_blank\">Licenciatura en Trabajo Social<\/a><\/div><div class='propuesta_tipos'>   <\/div><\/div><div class=\"propuesta-item clickeable\"><div class=\"propuesta_nombre\"><a href=\"https:\/\/www.usal.edu.ar\/ingreso\/propuesta\/ciclo-de-complementacion-en-trabajo-social\/\" target=\"_blank\">Licenciatura en Trabajo Social - Ciclo de Complementaci\u00f3n Curricular - Modalidad a distancia<\/a><\/div><div class='propuesta_tipos'> <svg xmlns=\"http:\/\/www.w3.org\/2000\/svg\" class=\"icon icon-tabler icon-tabler-device-imac\" width=\"22\" height=\"22\" viewBox=\"0 0 24 24\" stroke-width=\"1.5\" stroke=\"#6F6F6F\" fill=\"none\" stroke-linecap=\"round\" stroke-linejoin=\"round\">\r\n\t<title>A Distancia<\/title>\r\n\t<desc>Propuesta modalidad a distancia<\/desc>\r\n\t<path stroke=\"none\" d=\"M0 0h24v24H0z\" fill=\"none\" \/>\r\n\t\t<path d=\"M3 4a1 1 0 0 1 1 -1h16a1 1 0 0 1 1 1v12a1 1 0 0 1 -1 1h-16a1 1 0 0 1 -1 -1v-12z\" \/><path d=\"M3 13h18\" \/> <path d=\"M8 21h8\" \/><path d=\"M10 17l-.5 4\" \/><path d=\"M14 17l.5 4\" \/><\/svg>  <\/div><\/div><div class=\"leyendas\"><div class=\"leyenda\"><svg xmlns=\"http:\/\/www.w3.org\/2000\/svg\" class=\"icon icon-tabler icon-tabler-device-imac\" width=\"22\" height=\"22\" viewBox=\"0 0 24 24\" stroke-width=\"1.5\" stroke=\"#6F6F6F\" fill=\"none\" stroke-linecap=\"round\" stroke-linejoin=\"round\">\r\n\t<title>A Distancia<\/title>\r\n\t<desc>Propuesta modalidad a distancia<\/desc>\r\n\t<path stroke=\"none\" d=\"M0 0h24v24H0z\" fill=\"none\" \/>\r\n\t\t<path d=\"M3 4a1 1 0 0 1 1 -1h16a1 1 0 0 1 1 1v12a1 1 0 0 1 -1 1h-16a1 1 0 0 1 -1 -1v-12z\" \/><path d=\"M3 13h18\" \/> <path d=\"M8 21h8\" \/><path d=\"M10 17l-.5 4\" \/><path d=\"M14 17l.5 4\" \/><\/svg><div class=\"text\">Modalidad a Distancia<\/div><\/div><div class=\"leyenda\"><svg xmlns=\"http:\/\/www.w3.org\/2000\/svg\" class=\"icon icon-tabler icon-tabler-world\" width=\"22\" height=\"22\" viewBox=\"0 0 24 24\" stroke-width=\"1.5\" stroke=\"#6F6F6F\" fill=\"none\" stroke-linecap=\"round\" stroke-linejoin=\"round\">\r\n\t<title>Internacional<\/title>\r\n\t<desc>Propuesta con programa internacional<\/desc>\r\n\t<path stroke=\"none\" d=\"M0 0h24v24H0z\" fill=\"none\" \/> <path d=\"M3 12a9 9 0 1 0 18 0a9 9 0 0 0 -18 0\" \/> <path d=\"M3.6 9h16.8\" \/> <path d=\"M3.6 15h16.8\" \/> <path d=\"M11.5 3a17 17 0 0 0 0 18\" \/> <path d=\"M12.5 3a17 17 0 0 1 0 18\" \/><\/svg><div class=\"text\">Programa Internacional<\/div><\/div><\/div><\/div>\n<\/div>\n\n\n\n<div class=\"wp-block-group is-layout-flow wp-container-core-group-is-layout-3c5488f2 wp-block-group-is-layout-flow\" style=\"margin-top:0;padding-top:0;padding-right:0;padding-bottom:0;padding-left:0\">\n<div class=\"wp-block-group has-global-padding is-layout-constrained wp-block-group-is-layout-constrained\" style=\"margin-top:var(--wp--preset--spacing--30);margin-bottom:var(--wp--preset--spacing--30)\">\n<h2 class=\"wp-block-heading has-text-align-center\" style=\"font-style:normal;font-weight:600;letter-spacing:-2px\">Posgrado<\/h2>\n\n\n\n<hr class=\"wp-block-separator has-text-color has-alpha-channel-opacity has-background linea-base-titulo\" style=\"margin-bottom:var(--wp--preset--spacing--30);background-color:#007c85;color:#007c85\"\/>\n<\/div>\n\n\n<div class=\"propuestas-wrapper\" style=\"background-color: 0F;\"><div class=\"propuesta-item clickeable\"><div class=\"propuesta_nombre\"><a href=\"https:\/\/www.usal.edu.ar\/fcseyc\/propuesta\/doctorado-en-ciencia-politica\/\" target=\"_blank\">Doctorado en Ciencia Pol\u00edtica<\/a><\/div><div class='propuesta_tipos'>   <\/div><\/div><div class=\"propuesta-item clickeable\"><div class=\"propuesta_nombre\"><a href=\"https:\/\/www.usal.edu.ar\/fcseyc\/propuesta\/doctorado-en-educacion\/\" target=\"_blank\">Doctorado en Educaci\u00f3n<\/a><\/div><div class='propuesta_tipos'>   <\/div><\/div><div class=\"propuesta-item clickeable\"><div class=\"propuesta_nombre\"><a href=\"https:\/\/www.usal.edu.ar\/fcseyc\/propuesta\/doctorado-en-estudios-globales\/\" target=\"_blank\">Doctorado en Estudios Globales<\/a><\/div><div class='propuesta_tipos'>  <svg xmlns=\"http:\/\/www.w3.org\/2000\/svg\" class=\"icon icon-tabler icon-tabler-world\" width=\"22\" height=\"22\" viewBox=\"0 0 24 24\" stroke-width=\"1.5\" stroke=\"#6F6F6F\" fill=\"none\" stroke-linecap=\"round\" stroke-linejoin=\"round\">\r\n\t<title>Internacional<\/title>\r\n\t<desc>Propuesta con programa internacional<\/desc>\r\n\t<path stroke=\"none\" d=\"M0 0h24v24H0z\" fill=\"none\" \/> <path d=\"M3 12a9 9 0 1 0 18 0a9 9 0 0 0 -18 0\" \/> <path d=\"M3.6 9h16.8\" \/> <path d=\"M3.6 15h16.8\" \/> <path d=\"M11.5 3a17 17 0 0 0 0 18\" \/> <path d=\"M12.5 3a17 17 0 0 1 0 18\" \/><\/svg> <\/div><\/div><div class=\"propuesta-item clickeable\"><div class=\"propuesta_nombre\"><a href=\"https:\/\/www.usal.edu.ar\/fcseyc\/propuesta\/doctorado-en-relaciones-internacionales\/\" target=\"_blank\">Doctorado en Relaciones Internacionales<\/a><\/div><div class='propuesta_tipos'>   <\/div><\/div><div class=\"propuesta-item clickeable\"><div class=\"propuesta_nombre\"><a href=\"https:\/\/www.usal.edu.ar\/fcseyc\/propuesta\/maestria-en-comercializacion-y-comunicacion-publicitaria\/\" target=\"_blank\">Maestr\u00eda en Comercializaci\u00f3n y Comunicaci\u00f3n Publicitaria<\/a><\/div><div class='propuesta_tipos'>   <\/div><\/div><div class=\"propuesta-item clickeable\"><div class=\"propuesta_nombre\"><a href=\"https:\/\/www.usal.edu.ar\/fcseyc\/propuesta\/maestria-en-comunicacion-corporativa-e-institucional\/\" target=\"_blank\">Maestr\u00eda en Comunicaci\u00f3n Corporativa e Institucional<\/a><\/div><div class='propuesta_tipos'>   <\/div><\/div><div class=\"propuesta-item clickeable\"><div class=\"propuesta_nombre\"><a href=\"https:\/\/www.usal.edu.ar\/fcseyc\/propuesta\/maestria-en-direccion-de-instituciones-educativas\/\" target=\"_blank\">Maestr\u00eda en Direcci\u00f3n de Instituciones Educativas<\/a><\/div><div class='propuesta_tipos'> <svg xmlns=\"http:\/\/www.w3.org\/2000\/svg\" class=\"icon icon-tabler icon-tabler-device-imac\" width=\"22\" height=\"22\" viewBox=\"0 0 24 24\" stroke-width=\"1.5\" stroke=\"#6F6F6F\" fill=\"none\" stroke-linecap=\"round\" stroke-linejoin=\"round\">\r\n\t<title>A Distancia<\/title>\r\n\t<desc>Propuesta modalidad a distancia<\/desc>\r\n\t<path stroke=\"none\" d=\"M0 0h24v24H0z\" fill=\"none\" \/>\r\n\t\t<path d=\"M3 4a1 1 0 0 1 1 -1h16a1 1 0 0 1 1 1v12a1 1 0 0 1 -1 1h-16a1 1 0 0 1 -1 -1v-12z\" \/><path d=\"M3 13h18\" \/> <path d=\"M8 21h8\" \/><path d=\"M10 17l-.5 4\" \/><path d=\"M14 17l.5 4\" \/><\/svg>  <\/div><\/div><div class=\"propuesta-item clickeable\"><div class=\"propuesta_nombre\"><a href=\"https:\/\/www.usal.edu.ar\/fcseyc\/propuesta\/maestria-en-estudios-coreano\/\" target=\"_blank\">Maestr\u00eda en Estudios Coreano A DISTANCIA<\/a><\/div><div class='propuesta_tipos'> <svg xmlns=\"http:\/\/www.w3.org\/2000\/svg\" class=\"icon icon-tabler icon-tabler-device-imac\" width=\"22\" height=\"22\" viewBox=\"0 0 24 24\" stroke-width=\"1.5\" stroke=\"#6F6F6F\" fill=\"none\" stroke-linecap=\"round\" stroke-linejoin=\"round\">\r\n\t<title>A Distancia<\/title>\r\n\t<desc>Propuesta modalidad a distancia<\/desc>\r\n\t<path stroke=\"none\" d=\"M0 0h24v24H0z\" fill=\"none\" \/>\r\n\t\t<path d=\"M3 4a1 1 0 0 1 1 -1h16a1 1 0 0 1 1 1v12a1 1 0 0 1 -1 1h-16a1 1 0 0 1 -1 -1v-12z\" \/><path d=\"M3 13h18\" \/> <path d=\"M8 21h8\" \/><path d=\"M10 17l-.5 4\" \/><path d=\"M14 17l.5 4\" \/><\/svg>  <\/div><\/div><div class=\"propuesta-item clickeable\"><div class=\"propuesta_nombre\"><a href=\"https:\/\/www.usal.edu.ar\/ingreso\/propuesta\/maestria-en-marketing-politico\/\" target=\"_blank\">Maestr\u00eda en Marketing Pol\u00edtico<\/a><\/div><div class='propuesta_tipos'>   <\/div><\/div><div class=\"propuesta-item clickeable\"><div class=\"propuesta_nombre\"><a href=\"https:\/\/www.usal.edu.ar\/fcseyc\/propuesta\/maestria-en-periodismo-de-investigacion\/\" target=\"_blank\">Maestr\u00eda en Periodismo de Investigaci\u00f3n<\/a><\/div><div class='propuesta_tipos'>   <\/div><\/div><div class=\"propuesta-item clickeable\"><div class=\"propuesta_nombre\"><a href=\"https:\/\/www.usal.edu.ar\/fcseyc\/propuesta\/maestria-en-relaciones-internacionales\/\" target=\"_blank\">Maestr\u00eda en Relaciones Internacionales<\/a><\/div><div class='propuesta_tipos'>   <\/div><\/div><div class=\"propuesta-item\" style=\"visibility: hidden;\"><\/div><div class=\"leyendas\"><div class=\"leyenda\"><svg xmlns=\"http:\/\/www.w3.org\/2000\/svg\" class=\"icon icon-tabler icon-tabler-device-imac\" width=\"22\" height=\"22\" viewBox=\"0 0 24 24\" stroke-width=\"1.5\" stroke=\"#6F6F6F\" fill=\"none\" stroke-linecap=\"round\" stroke-linejoin=\"round\">\r\n\t<title>A Distancia<\/title>\r\n\t<desc>Propuesta modalidad a distancia<\/desc>\r\n\t<path stroke=\"none\" d=\"M0 0h24v24H0z\" fill=\"none\" \/>\r\n\t\t<path d=\"M3 4a1 1 0 0 1 1 -1h16a1 1 0 0 1 1 1v12a1 1 0 0 1 -1 1h-16a1 1 0 0 1 -1 -1v-12z\" \/><path d=\"M3 13h18\" \/> <path d=\"M8 21h8\" \/><path d=\"M10 17l-.5 4\" \/><path d=\"M14 17l.5 4\" \/><\/svg><div class=\"text\">Modalidad a Distancia<\/div><\/div><div class=\"leyenda\"><svg xmlns=\"http:\/\/www.w3.org\/2000\/svg\" class=\"icon icon-tabler icon-tabler-world\" width=\"22\" height=\"22\" viewBox=\"0 0 24 24\" stroke-width=\"1.5\" stroke=\"#6F6F6F\" fill=\"none\" stroke-linecap=\"round\" stroke-linejoin=\"round\">\r\n\t<title>Internacional<\/title>\r\n\t<desc>Propuesta con programa internacional<\/desc>\r\n\t<path stroke=\"none\" d=\"M0 0h24v24H0z\" fill=\"none\" \/> <path d=\"M3 12a9 9 0 1 0 18 0a9 9 0 0 0 -18 0\" \/> <path d=\"M3.6 9h16.8\" \/> <path d=\"M3.6 15h16.8\" \/> <path d=\"M11.5 3a17 17 0 0 0 0 18\" \/> <path d=\"M12.5 3a17 17 0 0 1 0 18\" \/><\/svg><div class=\"text\">Programa Internacional<\/div><\/div><\/div><\/div>\n<\/div>\n\n\n\n<div class=\"wp-block-group has-base-background-color has-background is-layout-flow wp-container-core-group-is-layout-c05a7beb wp-block-group-is-layout-flow\" style=\"margin-top:var(--wp--preset--spacing--30);padding-top:0;padding-right:0;padding-bottom:0;padding-left:0\">\n<div class=\"wp-block-cover is-light has-base-color has-text-color has-link-color wp-elements-552c631a8e4cc2fd2ac720db4e0c5ce5\" style=\"padding-top:10px;padding-bottom:10px;min-height:120px;aspect-ratio:unset;\"><span aria-hidden=\"true\" class=\"wp-block-cover__background has-background-dim-0 has-background-dim\"><\/span><img decoding=\"async\" class=\"wp-block-cover__image-background wp-image-64\" alt=\"\" src=\"https:\/\/www.usal.edu.ar\/fceye\/wp-content\/uploads\/sites\/6\/2024\/02\/c_posgrados.jpg\" data-object-fit=\"cover\"\/><div class=\"wp-block-cover__inner-container is-layout-flow wp-container-core-cover-is-layout-cb5ff812 wp-block-cover-is-layout-flow\">\n<div class=\"wp-block-buttons is-content-justification-center is-layout-flex wp-container-core-buttons-is-layout-a89b3969 wp-block-buttons-is-layout-flex\">\n<div class=\"wp-block-button\"><a class=\"wp-block-button__link has-base-color has-text-color has-link-color wp-element-button\" href=\"https:\/\/diplomaturas.usal.edu.ar\/\" target=\"_blank\" rel=\"noreferrer noopener\">Diplomaturas<\/a><\/div>\n<\/div>\n<\/div><\/div>\n\n\n\n<div style=\"height:33px\" aria-hidden=\"true\" class=\"wp-block-spacer\"><\/div>\n<\/div>\n\n\n\n<div class=\"wp-block-group alignfull is-layout-flow wp-block-group-is-layout-flow\" style=\"padding-top:0;padding-bottom:0\">\n<div class=\"wp-block-group has-global-padding is-layout-constrained wp-block-group-is-layout-constrained\" style=\"margin-top:var(--wp--preset--spacing--30);margin-bottom:var(--wp--preset--spacing--30)\">\n<h2 class=\"wp-block-heading has-text-align-center\" style=\"font-style:normal;font-weight:600;letter-spacing:-2px\">Novedades<\/h2>\n\n\n\n<hr class=\"wp-block-separator has-text-color has-alpha-channel-opacity has-background linea-base-titulo\" style=\"margin-bottom:var(--wp--preset--spacing--30);background-color:#007c85;color:#007c85\"\/>\n<\/div>\n\n\n\r\n<section class=\"novedades splide\" data-splide='{\"type\":\"slide\"}' aria-label=\"Slider de Novedades\">\r\n  <div class=\"splide__track\">\r\n\t<ul class=\"splide__list\"><li class=\"splide__slide\"><div class=\"novedad-container\" data-link=\"https:\/\/www.usal.edu.ar\/fcseyc\/tecnologia-sociedad-y-futuro\/\"><div class=\"img-container\"><img decoding=\"async\" loading=\"lazy\" class=\"novedad-img\" src=\"https:\/\/www.usal.edu.ar\/fcseyc\/wp-content\/uploads\/sites\/19\/2026\/04\/FlyerTecnologiaSociedadFuturo.jpg\"><\/div><div class=\"titulo-container\"><p class=\"titulo\">Tecnolog\u00eda, Sociedad y Futuro<\/p><\/div><\/div><\/li><li class=\"splide__slide\"><div class=\"novedad-container\" data-link=\"https:\/\/www.usal.edu.ar\/fcseyc\/3339-2\/\"><div class=\"img-container\"><img decoding=\"async\" loading=\"lazy\" class=\"novedad-img\" src=\"https:\/\/www.usal.edu.ar\/fcseyc\/wp-content\/uploads\/sites\/19\/2025\/09\/VocesRurales.jpg\"><\/div><div class=\"titulo-container\"><p class=\"titulo\">Concurso Voces Rurales<\/p><\/div><\/div><\/li><li class=\"splide__slide\"><div class=\"novedad-container\" data-link=\"https:\/\/www.usal.edu.ar\/fcseyc\/taller-de-elecciones-y-datos\/\"><div class=\"img-container\"><img decoding=\"async\" loading=\"lazy\" class=\"novedad-img\" src=\"https:\/\/www.usal.edu.ar\/fcseyc\/wp-content\/uploads\/sites\/19\/2025\/09\/TallerEleccionesDatos.jpg\"><\/div><div class=\"titulo-container\"><p class=\"titulo\">Taller de elecciones y datos<\/p><\/div><\/div><\/li><li class=\"splide__slide\"><div class=\"novedad-container\" data-link=\"https:\/\/www.usal.edu.ar\/fcseyc\/congreso-nacional-de-educacion-y-deporte\/\"><div class=\"img-container\"><img decoding=\"async\" loading=\"lazy\" class=\"novedad-img\" src=\"https:\/\/www.usal.edu.ar\/fcseyc\/wp-content\/uploads\/sites\/19\/2025\/09\/CongresoNacionalEducacionDeporte.jpg\"><\/div><div class=\"titulo-container\"><p class=\"titulo\">Congreso Nacional de Educaci\u00f3n y Deporte<\/p><\/div><\/div><\/li><li class=\"splide__slide\"><div class=\"novedad-container\" data-link=\"https:\/\/www.usal.edu.ar\/fcseyc\/inteligencia-artificial-nuevas-practicas-desafios-y-dilemas-eticos-en-el-ambito-academico\/\"><div class=\"img-container\"><img decoding=\"async\" loading=\"lazy\" class=\"novedad-img\" src=\"https:\/\/www.usal.edu.ar\/fcseyc\/wp-content\/uploads\/sites\/19\/2025\/09\/InteligenciaArtificialNuevasPracticasDesafiosDilemasEticosAmbitoAcademico.jpg\"><\/div><div class=\"titulo-container\"><p class=\"titulo\">Inteligencia artificial, nuevas pr\u00e1cticas, desaf\u00edos y dilemas \u00e9ticos en el \u00e1mbito acad\u00e9mico<\/p><\/div><\/div><\/li><li class=\"splide__slide\"><div class=\"novedad-container\" data-link=\"https:\/\/www.usal.edu.ar\/fcseyc\/primera-jornada-sobre-generacion-plateada\/\"><div class=\"img-container\"><img decoding=\"async\" loading=\"lazy\" class=\"novedad-img\" src=\"https:\/\/www.usal.edu.ar\/fcseyc\/wp-content\/uploads\/sites\/19\/2025\/09\/PrimeraJornadaGeneracionPlateada.jpg\"><\/div><div class=\"titulo-container\"><p class=\"titulo\">Primera Jornada sobre Generaci\u00f3n Plateada<\/p><\/div><\/div><\/li>\r\n\t<\/ul>\r\n  <\/div>\r\n<\/section>\r\n\t\n<\/div>\n<\/div>\n","protected":false},"excerpt":{"rendered":"<p>Carreras de Grado Posgrado Novedades<\/p>\n","protected":false},"author":1,"featured_media":2864,"parent":0,"menu_order":0,"comment_status":"closed","ping_status":"open","template":"wp-custom-template-pagina-ancha-sin-titulo","meta":{"_acf_changed":false,"footnotes":""},"class_list":["post-2","page","type-page","status-publish","has-post-thumbnail","hentry"],"acf":[],"_links":{"self":[{"href":"https:\/\/www.usal.edu.ar\/fcseyc\/wp-json\/wp\/v2\/pages\/2","targetHints":{"allow":["GET"]}}],"collection":[{"href":"https:\/\/www.usal.edu.ar\/fcseyc\/wp-json\/wp\/v2\/pages"}],"about":[{"href":"https:\/\/www.usal.edu.ar\/fcseyc\/wp-json\/wp\/v2\/types\/page"}],"author":[{"embeddable":true,"href":"https:\/\/www.usal.edu.ar\/fcseyc\/wp-json\/wp\/v2\/users\/1"}],"replies":[{"embeddable":true,"href":"https:\/\/www.usal.edu.ar\/fcseyc\/wp-json\/wp\/v2\/comments?post=2"}],"version-history":[{"count":2,"href":"https:\/\/www.usal.edu.ar\/fcseyc\/wp-json\/wp\/v2\/pages\/2\/revisions"}],"predecessor-version":[{"id":10,"href":"https:\/\/www.usal.edu.ar\/fcseyc\/wp-json\/wp\/v2\/pages\/2\/revisions\/10"}],"wp:featuredmedia":[{"embeddable":true,"href":"https:\/\/www.usal.edu.ar\/fcseyc\/wp-json\/wp\/v2\/media\/2864"}],"wp:attachment":[{"href":"https:\/\/www.usal.edu.ar\/fcseyc\/wp-json\/wp\/v2\/media?parent=2"}],"curies":[{"name":"wp","href":"https:\/\/api.w.org\/{rel}","templated":true}]}}