{"id":73,"date":"2024-12-09T23:28:11","date_gmt":"2024-12-10T02:28:11","guid":{"rendered":"https:\/\/www.usal.edu.ar\/fcseyc\/?page_id=73"},"modified":"2026-04-20T17:25:53","modified_gmt":"2026-04-20T20:25:53","slug":"vida-academica","status":"publish","type":"page","link":"https:\/\/www.usal.edu.ar\/fcseyc\/vida-academica\/","title":{"rendered":"Vida Acad\u00e9mica"},"content":{"rendered":"\n<p><\/p>\n\n\n\n<figure class=\"wp-block-image size-large is-resized\"><img loading=\"lazy\" decoding=\"async\" width=\"1024\" height=\"626\" src=\"https:\/\/www.usal.edu.ar\/fcseyc\/wp-content\/uploads\/sites\/19\/2026\/04\/Prof.-Dolores-Gandulfo-1024x626.jpg\" alt=\"\" class=\"wp-image-5710\" style=\"aspect-ratio:1.635805975235715;width:664px;height:auto\" srcset=\"https:\/\/www.usal.edu.ar\/fcseyc\/wp-content\/uploads\/sites\/19\/2026\/04\/Prof.-Dolores-Gandulfo-1024x626.jpg 1024w, https:\/\/www.usal.edu.ar\/fcseyc\/wp-content\/uploads\/sites\/19\/2026\/04\/Prof.-Dolores-Gandulfo-300x183.jpg 300w, https:\/\/www.usal.edu.ar\/fcseyc\/wp-content\/uploads\/sites\/19\/2026\/04\/Prof.-Dolores-Gandulfo-768x470.jpg 768w, https:\/\/www.usal.edu.ar\/fcseyc\/wp-content\/uploads\/sites\/19\/2026\/04\/Prof.-Dolores-Gandulfo.jpg 1071w\" sizes=\"auto, (max-width: 1024px) 100vw, 1024px\" \/><\/figure>\n\n\n\n<blockquote class=\"wp-block-quote is-layout-flow wp-block-quote-is-layout-flow\">\n<p>La profesora de la Licenciatura en Relaciones Internacionales, Mg. Dolores Gandulfo, particip\u00f3 en su rol de Secretaria de Relaciones Internacionales e Integraci\u00f3n del Parlamento del MERCOSUR, en la 152\u00ba Asamblea de la Uni\u00f3n Interparlamentaria, realizada en Estambul. Es un espacio central para el di\u00e1logo pol\u00edtico global entre parlamentos. <\/p>\n<\/blockquote>\n\n\n\n<p>&#8212;&#8212;&#8212;&#8212;&#8212;&#8212;&#8212;&#8212;&#8212;&#8212;&#8212;&#8212;&#8212;&#8212;&#8212;&#8212;&#8212;&#8212;&#8212;&#8212;&#8212;&#8212;&#8212;&#8212;&#8212;&#8212;&#8212;&#8212;&#8212;&#8212;&#8212;&#8212;&#8212;&#8212;&#8212;&#8212;<\/p>\n\n\n\n<figure class=\"wp-block-image size-large is-resized\"><img loading=\"lazy\" decoding=\"async\" width=\"1024\" height=\"797\" src=\"https:\/\/www.usal.edu.ar\/fcseyc\/wp-content\/uploads\/sites\/19\/2026\/04\/Museo-Malvinas-1024x797.jpg\" alt=\"\" class=\"wp-image-5707\" style=\"aspect-ratio:1.2848252325399836;width:662px;height:auto\" srcset=\"https:\/\/www.usal.edu.ar\/fcseyc\/wp-content\/uploads\/sites\/19\/2026\/04\/Museo-Malvinas-1024x797.jpg 1024w, https:\/\/www.usal.edu.ar\/fcseyc\/wp-content\/uploads\/sites\/19\/2026\/04\/Museo-Malvinas-300x234.jpg 300w, https:\/\/www.usal.edu.ar\/fcseyc\/wp-content\/uploads\/sites\/19\/2026\/04\/Museo-Malvinas-768x598.jpg 768w, https:\/\/www.usal.edu.ar\/fcseyc\/wp-content\/uploads\/sites\/19\/2026\/04\/Museo-Malvinas.jpg 1080w\" sizes=\"auto, (max-width: 1024px) 100vw, 1024px\" \/><\/figure>\n\n\n\n<blockquote class=\"wp-block-quote is-layout-flow wp-block-quote-is-layout-flow\">\n<p>Estudiantes de las Licenciaturas en Ciencia Pol\u00edtica y Relaciones Internacionales de las sedes Centro y Pilar, visitaron el Museo Malvinas. Se trat\u00f3 de una gran experiencia para reflexionar sobre la causa Malvinas como parte central de nuestra historia, identidad y pol\u00edtica exterior.   <\/p>\n<\/blockquote>\n\n\n\n<p>&#8212;&#8212;&#8212;&#8212;&#8212;&#8212;&#8212;&#8212;&#8212;&#8212;&#8212;&#8212;&#8212;&#8212;&#8212;&#8212;&#8212;&#8212;&#8212;&#8212;&#8212;&#8212;&#8212;&#8212;&#8212;&#8212;&#8212;&#8212;&#8212;&#8212;&#8212;&#8212;&#8212;&#8212;&#8212;&#8212;-<\/p>\n\n\n\n<p><\/p>\n\n\n\n<figure class=\"wp-block-image size-large is-resized\"><img loading=\"lazy\" decoding=\"async\" width=\"1024\" height=\"652\" src=\"https:\/\/www.usal.edu.ar\/fcseyc\/wp-content\/uploads\/sites\/19\/2026\/04\/Clase-especial-1024x652.jpg\" alt=\"\" class=\"wp-image-5704\" style=\"width:660px;height:auto\" srcset=\"https:\/\/www.usal.edu.ar\/fcseyc\/wp-content\/uploads\/sites\/19\/2026\/04\/Clase-especial-1024x652.jpg 1024w, https:\/\/www.usal.edu.ar\/fcseyc\/wp-content\/uploads\/sites\/19\/2026\/04\/Clase-especial-300x191.jpg 300w, https:\/\/www.usal.edu.ar\/fcseyc\/wp-content\/uploads\/sites\/19\/2026\/04\/Clase-especial-768x489.jpg 768w, https:\/\/www.usal.edu.ar\/fcseyc\/wp-content\/uploads\/sites\/19\/2026\/04\/Clase-especial.jpg 1080w\" sizes=\"auto, (max-width: 1024px) 100vw, 1024px\" \/><\/figure>\n\n\n\n<blockquote class=\"wp-block-quote is-layout-flow wp-block-quote-is-layout-flow\">\n<p>Los estudiantes de la Licenciatura en Ciencias de la Comunicaci\u00f3n de Sede Centro, Turno Noche, vivieron una clase especial junto a los profesores Mar\u00eda Marta Nanni y Gabriel Sanfilippo, de las materias Taller de producci\u00f3n de TV y Planificaci\u00f3n de medios, respectivamente. Ambos compartieron su experiencia real en la industria para llevar el \u00abterritorio del d\u00eda a d\u00eda\u00bb a lo que hoy funciona en radio y televisi\u00f3n. <\/p>\n<\/blockquote>\n\n\n\n<p>&#8212;&#8212;&#8212;&#8212;&#8212;&#8212;&#8212;&#8212;&#8212;&#8212;&#8212;&#8212;&#8212;&#8212;&#8212;&#8212;&#8212;&#8212;&#8212;&#8212;&#8212;&#8212;&#8212;&#8212;&#8212;&#8212;&#8212;&#8212;&#8212;&#8212;&#8212;&#8212;&#8212;&#8212;&#8212;-<\/p>\n\n\n\n<figure class=\"wp-block-image size-large is-resized\"><img loading=\"lazy\" decoding=\"async\" width=\"828\" height=\"1024\" src=\"https:\/\/www.usal.edu.ar\/fcseyc\/wp-content\/uploads\/sites\/19\/2026\/04\/Circulo-Dircoms-828x1024.jpg\" alt=\"\" class=\"wp-image-5701\" style=\"aspect-ratio:0.8086003890652196;width:649px;height:auto\" srcset=\"https:\/\/www.usal.edu.ar\/fcseyc\/wp-content\/uploads\/sites\/19\/2026\/04\/Circulo-Dircoms-828x1024.jpg 828w, https:\/\/www.usal.edu.ar\/fcseyc\/wp-content\/uploads\/sites\/19\/2026\/04\/Circulo-Dircoms-243x300.jpg 243w, https:\/\/www.usal.edu.ar\/fcseyc\/wp-content\/uploads\/sites\/19\/2026\/04\/Circulo-Dircoms-768x950.jpg 768w, https:\/\/www.usal.edu.ar\/fcseyc\/wp-content\/uploads\/sites\/19\/2026\/04\/Circulo-Dircoms.jpg 1015w\" sizes=\"auto, (max-width: 828px) 100vw, 828px\" \/><\/figure>\n\n\n\n<blockquote class=\"wp-block-quote is-layout-flow wp-block-quote-is-layout-flow\">\n<p>Nuestros docentes Ramiro Conte Grand y Santiago Rossi fueron premiados por el C\u00edrculo Dircoms en la \u00abNoche de las Comunicaciones\u00bb, en la categor\u00eda \u00abAsuntos P\u00fablicos y Relaciones Gubernamentales\u00bb. <\/p>\n\n\n\n<p>\u00a1Excelencia acad\u00e9mica que trasciende las aulas!<\/p>\n\n\n\n<p><\/p>\n<\/blockquote>\n\n\n\n<p>&#8212;&#8212;&#8212;&#8212;&#8212;&#8212;&#8212;&#8212;&#8212;&#8212;&#8212;&#8212;&#8212;&#8212;&#8212;&#8212;&#8212;&#8212;&#8212;&#8212;&#8212;&#8212;&#8212;&#8212;&#8212;&#8212;&#8212;&#8212;&#8212;&#8212;&#8212;&#8212;&#8212;&#8212;&#8212;<\/p>\n\n\n\n<p><\/p>\n\n\n\n<figure class=\"wp-block-image size-large is-resized\"><img loading=\"lazy\" decoding=\"async\" width=\"1024\" height=\"576\" src=\"https:\/\/www.usal.edu.ar\/fcseyc\/wp-content\/uploads\/sites\/19\/2025\/09\/Beca-Pitzer-1024x576.jpg\" alt=\"Beca Pitzer\" class=\"wp-image-3345\" style=\"width:643px;height:auto\" srcset=\"https:\/\/www.usal.edu.ar\/fcseyc\/wp-content\/uploads\/sites\/19\/2025\/09\/Beca-Pitzer-1024x576.jpg 1024w, https:\/\/www.usal.edu.ar\/fcseyc\/wp-content\/uploads\/sites\/19\/2025\/09\/Beca-Pitzer-300x169.jpg 300w, https:\/\/www.usal.edu.ar\/fcseyc\/wp-content\/uploads\/sites\/19\/2025\/09\/Beca-Pitzer-768x432.jpg 768w, https:\/\/www.usal.edu.ar\/fcseyc\/wp-content\/uploads\/sites\/19\/2025\/09\/Beca-Pitzer.jpg 1080w\" sizes=\"auto, (max-width: 1024px) 100vw, 1024px\" \/><\/figure>\n\n\n\n<blockquote class=\"wp-block-quote is-layout-flow wp-block-quote-is-layout-flow\">\n<p>Mat\u00edas Minassian, alumno de 4\u00ba a\u00f1o de la Licenciatura en Ciencia Pol\u00edtica, ha obtenido la Beca Pitzer para estudiar en el Pitzer College (Estados Unidos) durante un semestre. Seleccionado entre cientos de estudiantes, Mat\u00edas vivir\u00e1 una gran experiencia de formaci\u00f3n en una de las instituciones mejor rankeadas en el \u00e1mbito de la ciencia y las artes liberales, fundada en 1963, y que conforma el consorcio Claremont. \u00a1Felicitaciones y los mejores deseos en esta experiencia!<\/p>\n\n\n\n<p><\/p>\n<\/blockquote>\n\n\n\n<p>&#8212;&#8212;&#8212;&#8212;&#8212;&#8212;&#8212;&#8212;&#8212;&#8212;&#8212;&#8212;&#8212;&#8212;&#8212;&#8212;&#8212;&#8212;&#8212;&#8212;&#8212;&#8212;&#8212;&#8212;&#8212;&#8212;&#8212;&#8212;&#8212;&#8212;&#8212;&#8212;&#8212;&#8212;&#8212;<\/p>\n\n\n\n<p><\/p>\n\n\n\n<figure class=\"wp-block-image size-large is-resized\"><img loading=\"lazy\" decoding=\"async\" width=\"825\" height=\"1024\" src=\"https:\/\/www.usal.edu.ar\/fcseyc\/wp-content\/uploads\/sites\/19\/2025\/09\/Actividad-CP-825x1024.jpg\" alt=\"Actividad de Ciencia Pol\u00edtica\" class=\"wp-image-3344\" style=\"width:633px;height:auto\" srcset=\"https:\/\/www.usal.edu.ar\/fcseyc\/wp-content\/uploads\/sites\/19\/2025\/09\/Actividad-CP-825x1024.jpg 825w, https:\/\/www.usal.edu.ar\/fcseyc\/wp-content\/uploads\/sites\/19\/2025\/09\/Actividad-CP-242x300.jpg 242w, https:\/\/www.usal.edu.ar\/fcseyc\/wp-content\/uploads\/sites\/19\/2025\/09\/Actividad-CP-768x954.jpg 768w, https:\/\/www.usal.edu.ar\/fcseyc\/wp-content\/uploads\/sites\/19\/2025\/09\/Actividad-CP.jpg 1010w\" sizes=\"auto, (max-width: 825px) 100vw, 825px\" \/><\/figure>\n\n\n\n<blockquote class=\"wp-block-quote is-layout-flow wp-block-quote-is-layout-flow\">\n<p>El pasado 21 de agosto de 2025, en el Sal\u00f3n Blanco de la Honorable C\u00e1mara de Diputados de la Naci\u00f3n, se llev\u00f3 a cabo un encuentro internacional organizado por Cultura Democr\u00e1tica, con el apoyo del Centro Internacional Dem\u00f3crata Cristiano de Suecia (KIC). El objetivo fue generar un espacio de intercambio entre pol\u00edticos y acad\u00e9micos de Am\u00e9rica Latina y Europa para analizar los pr\u00f3ximos pasos en materia de solidaridad y sustento a la democratizaci\u00f3n de Venezuela. Asistieron estudiantes de Ciencia Pol\u00edtica y Relaciones Internacionales, invitados por la profesora Micaela Hierro Dori, docente de la Universidad y presidenta de Cultura Democr\u00e1tica.    <\/p>\n<\/blockquote>\n\n\n\n<p>&#8212;&#8212;&#8212;&#8212;&#8212;&#8212;&#8212;&#8212;&#8212;&#8212;&#8212;&#8212;&#8212;&#8212;&#8212;&#8212;&#8212;&#8212;&#8212;&#8212;&#8212;&#8212;&#8212;&#8212;&#8212;&#8212;&#8212;&#8212;&#8212;&#8212;&#8212;&#8212;&#8212;&#8212;<\/p>\n\n\n\n<p><\/p>\n\n\n\n<figure class=\"wp-block-image size-full is-resized\"><img loading=\"lazy\" decoding=\"async\" width=\"568\" height=\"487\" src=\"https:\/\/www.usal.edu.ar\/fcseyc\/wp-content\/uploads\/sites\/19\/2025\/03\/Foto.png\" alt=\"\" class=\"wp-image-1335\" style=\"width:627px;height:auto\" srcset=\"https:\/\/www.usal.edu.ar\/fcseyc\/wp-content\/uploads\/sites\/19\/2025\/03\/Foto.png 568w, https:\/\/www.usal.edu.ar\/fcseyc\/wp-content\/uploads\/sites\/19\/2025\/03\/Foto-300x257.png 300w\" sizes=\"auto, (max-width: 568px) 100vw, 568px\" \/><\/figure>\n\n\n\n<blockquote class=\"wp-block-quote is-layout-flow wp-block-quote-is-layout-flow\">\n<p>La charla \u00abDesaf\u00edos de las Mujeres en posiciones de Liderazgo\u00bb cont\u00f3 con la participaci\u00f3n de tres representantes que ocuparon y ocupan lugares relevantes en sus diferentes \u00e1reas de estudio: Gabriela Michetti, Betina Llapur y Mar\u00eda Luisa Storani. Los alumnos escucharon las experiencias de cada una y tuvieron la posibilidad de hacerles preguntas para enriquecer el desempe\u00f1o en sus profesiones. La moderadora de la actividad fue la Dra. Gabriela Agosto, Decana de la Facultad de Ciencias Sociales, Educaci\u00f3n y Comunicaci\u00f3n.  <\/p>\n<\/blockquote>\n\n\n\n<p>&#8212;&#8212;&#8212;&#8212;&#8212;&#8212;&#8212;&#8212;&#8212;&#8212;&#8212;&#8212;&#8212;&#8212;&#8212;&#8212;&#8212;&#8212;&#8212;&#8212;&#8212;&#8212;&#8212;&#8212;&#8212;&#8212;&#8212;&#8212;&#8212;&#8212;&#8212;&#8212;&#8212;&#8211;<\/p>\n\n\n\n<p><\/p>\n\n\n\n<div class=\"wp-block-group has-global-padding is-layout-constrained wp-block-group-is-layout-constrained\">\n<figure class=\"wp-block-image size-large is-resized\"><img loading=\"lazy\" decoding=\"async\" width=\"894\" height=\"1024\" src=\"https:\/\/www.usal.edu.ar\/fcseyc\/wp-content\/uploads\/sites\/19\/2025\/02\/CIencia-Politica-894x1024.jpg\" alt=\"\" class=\"wp-image-1139\" style=\"width:620px;height:auto\" srcset=\"https:\/\/www.usal.edu.ar\/fcseyc\/wp-content\/uploads\/sites\/19\/2025\/02\/CIencia-Politica-894x1024.jpg 894w, https:\/\/www.usal.edu.ar\/fcseyc\/wp-content\/uploads\/sites\/19\/2025\/02\/CIencia-Politica-262x300.jpg 262w, https:\/\/www.usal.edu.ar\/fcseyc\/wp-content\/uploads\/sites\/19\/2025\/02\/CIencia-Politica-768x880.jpg 768w, https:\/\/www.usal.edu.ar\/fcseyc\/wp-content\/uploads\/sites\/19\/2025\/02\/CIencia-Politica.jpg 971w\" sizes=\"auto, (max-width: 894px) 100vw, 894px\" \/><\/figure>\n<\/div>\n\n\n\n<blockquote class=\"wp-block-quote is-layout-flow wp-block-quote-is-layout-flow\">\n<p>La Licenciatura en Ciencia Pol\u00edtica, a trav\u00e9s de la participaci\u00f3n del alumno Mat\u00edas Minassian, dijo presente en el Modelo de Naciones Unidas de Harvard para LATAM. Estudiantes de toda Am\u00e9rica Latina debatieron sobre diversos temas de relevancia internacional, del 13 al 18 de enero en el Harvard National Model UN-Latin America 2025 en Panam\u00e1. <\/p>\n\n\n\n<p>Mat\u00edas fue premiado como Best Delegate (primer lugar) por su participaci\u00f3n en el comit\u00e9 \u00abUnited Nations Security Coincil\u00bb, destacando su capacidad de liderazgo, oratoria y conocimiento acad\u00e9mico. <\/p>\n<\/blockquote>\n\n\n\n<p>&#8212;&#8212;&#8212;&#8212;&#8212;&#8212;&#8212;&#8212;&#8212;&#8212;&#8212;&#8212;&#8212;&#8212;&#8212;&#8212;&#8212;&#8212;&#8212;&#8212;&#8212;&#8212;&#8212;&#8212;&#8212;&#8212;&#8212;&#8212;&#8212;&#8212;&#8212;&#8212;&#8212;-<\/p>\n\n\n\n<p><\/p>\n\n\n\n<figure class=\"wp-block-image size-full is-resized\"><img loading=\"lazy\" decoding=\"async\" width=\"976\" height=\"1022\" src=\"https:\/\/www.usal.edu.ar\/fcseyc\/wp-content\/uploads\/sites\/19\/2025\/02\/Periodismo.jpg\" alt=\"\" class=\"wp-image-1147\" style=\"width:611px;height:auto\" srcset=\"https:\/\/www.usal.edu.ar\/fcseyc\/wp-content\/uploads\/sites\/19\/2025\/02\/Periodismo.jpg 976w, https:\/\/www.usal.edu.ar\/fcseyc\/wp-content\/uploads\/sites\/19\/2025\/02\/Periodismo-286x300.jpg 286w, https:\/\/www.usal.edu.ar\/fcseyc\/wp-content\/uploads\/sites\/19\/2025\/02\/Periodismo-768x804.jpg 768w\" sizes=\"auto, (max-width: 976px) 100vw, 976px\" \/><\/figure>\n\n\n\n<blockquote class=\"wp-block-quote is-layout-flow wp-block-quote-is-layout-flow\">\n<p>En el mes de noviembre, nuestra Facultad particip\u00f3 del 19 Congreso Internacional de Periodismo organizado por FOPEA, Foro de Periodismo Argentino, representada por el Director Fernando Gorza. Entre otros temas de inter\u00e9s, las charlas y ponencias tuvieron como eje el ejercicio del periodismo, la libertad de expresi\u00f3n, los l\u00edmites \u00e9ticos para coberturas de gran impacto, el uso y desaf\u00edo de la inteligencia artificial, la importancia de saber reconocer noticias falsas y la producci\u00f3n de podcast <\/p>\n\n\n\n<p>period\u00edstico.<\/p>\n<\/blockquote>\n\n\n\n<p>&#8212;&#8212;&#8212;&#8212;&#8212;&#8212;&#8212;&#8212;&#8212;&#8212;&#8212;&#8212;&#8212;&#8212;&#8212;&#8212;&#8212;&#8212;&#8212;&#8212;&#8212;&#8212;&#8212;&#8212;&#8212;&#8212;&#8212;&#8212;&#8212;&#8212;&#8212;&#8212;&#8212;<\/p>\n\n\n\n<p><\/p>\n\n\n\n<figure class=\"wp-block-image size-large is-resized\"><img loading=\"lazy\" decoding=\"async\" width=\"1024\" height=\"689\" src=\"https:\/\/www.usal.edu.ar\/fcseyc\/wp-content\/uploads\/sites\/19\/2025\/03\/Carolina-Amoroso-1-1024x689.jpg\" alt=\"\" class=\"wp-image-1301\" style=\"width:603px;height:auto\" srcset=\"https:\/\/www.usal.edu.ar\/fcseyc\/wp-content\/uploads\/sites\/19\/2025\/03\/Carolina-Amoroso-1-1024x689.jpg 1024w, https:\/\/www.usal.edu.ar\/fcseyc\/wp-content\/uploads\/sites\/19\/2025\/03\/Carolina-Amoroso-1-300x202.jpg 300w, https:\/\/www.usal.edu.ar\/fcseyc\/wp-content\/uploads\/sites\/19\/2025\/03\/Carolina-Amoroso-1-768x517.jpg 768w, https:\/\/www.usal.edu.ar\/fcseyc\/wp-content\/uploads\/sites\/19\/2025\/03\/Carolina-Amoroso-1.jpg 1057w\" sizes=\"auto, (max-width: 1024px) 100vw, 1024px\" \/><\/figure>\n\n\n\n<blockquote class=\"wp-block-quote is-layout-flow wp-block-quote-is-layout-flow\">\n<p>En el marco de la charla \u00abPeriodismo al l\u00edmite\u00bb, la periodista, conductora y escritora Carolina Amoroso comparti\u00f3 sus experiencias y vivencias en los conflictos de Ucrania, Venezuela, la selva del Dari\u00e9n y el Mediterr\u00e1neo Central. \u00abTengo un compromiso con la verdad. El periodismo debe ser una experiencia personal y profunda. Eleg\u00ed un oficio que entiendo es una forma de vivir\u00bb, destac\u00f3 la corresponsal especializada en coberturas internacionales. <\/p>\n<\/blockquote>\n","protected":false},"excerpt":{"rendered":"<p>La profesora de la Licenciatura en Relaciones Internacionales, Mg. Dolores Gandulfo, particip\u00f3 en su rol de Secretaria de Relaciones Internacionales e Integraci\u00f3n del Parlamento del MERCOSUR, en la 152\u00ba Asamblea de la Uni\u00f3n Interparlamentaria, realizada en Estambul. Es un espacio central para el di\u00e1logo pol\u00edtico global entre parlamentos. &#8212;&#8212;&#8212;&#8212;&#8212;&#8212;&#8212;&#8212;&#8212;&#8212;&#8212;&#8212;&#8212;&#8212;&#8212;&#8212;&#8212;&#8212;&#8212;&#8212;&#8212;&#8212;&#8212;&#8212;&#8212;&#8212;&#8212;&#8212;&#8212;&#8212;&#8212;&#8212;&#8212;&#8212;&#8212;&#8212; Estudiantes de las Licenciaturas en Ciencia [&hellip;]<\/p>\n","protected":false},"author":5,"featured_media":0,"parent":0,"menu_order":0,"comment_status":"closed","ping_status":"closed","template":"","meta":{"_acf_changed":false,"footnotes":""},"class_list":["post-73","page","type-page","status-publish","hentry"],"acf":[],"_links":{"self":[{"href":"https:\/\/www.usal.edu.ar\/fcseyc\/wp-json\/wp\/v2\/pages\/73","targetHints":{"allow":["GET"]}}],"collection":[{"href":"https:\/\/www.usal.edu.ar\/fcseyc\/wp-json\/wp\/v2\/pages"}],"about":[{"href":"https:\/\/www.usal.edu.ar\/fcseyc\/wp-json\/wp\/v2\/types\/page"}],"author":[{"embeddable":true,"href":"https:\/\/www.usal.edu.ar\/fcseyc\/wp-json\/wp\/v2\/users\/5"}],"replies":[{"embeddable":true,"href":"https:\/\/www.usal.edu.ar\/fcseyc\/wp-json\/wp\/v2\/comments?post=73"}],"version-history":[{"count":22,"href":"https:\/\/www.usal.edu.ar\/fcseyc\/wp-json\/wp\/v2\/pages\/73\/revisions"}],"predecessor-version":[{"id":5712,"href":"https:\/\/www.usal.edu.ar\/fcseyc\/wp-json\/wp\/v2\/pages\/73\/revisions\/5712"}],"wp:attachment":[{"href":"https:\/\/www.usal.edu.ar\/fcseyc\/wp-json\/wp\/v2\/media?parent=73"}],"curies":[{"name":"wp","href":"https:\/\/api.w.org\/{rel}","templated":true}]}}