{"id":79,"date":"2024-05-07T00:45:12","date_gmt":"2024-05-07T03:45:12","guid":{"rendered":"https:\/\/www.usal.edu.ar\/ingenieria\/?page_id=79"},"modified":"2024-05-31T16:21:24","modified_gmt":"2024-05-31T19:21:24","slug":"informacion-para-empresas","status":"publish","type":"page","link":"https:\/\/www.usal.edu.ar\/ingenieria\/informacion-para-empresas\/","title":{"rendered":"Informaci\u00f3n para Empresas"},"content":{"rendered":"\n<h4 class=\"wp-block-heading\">Vinculaci\u00f3n con el Distrito Tecnol\u00f3gico (CABA)<\/h4>\n\n\n\n<p>En el marco de la Innovaci\u00f3n y el Desarrollo, la Universidad del Salvador ha avanzado en su participaci\u00f3n en el Distrito Tecnol\u00f3gico de la Ciudad de Buenos Aires (DTCABA).<\/p>\n\n\n\n<p>El proyecto consiste en la colaboraci\u00f3n complementaria entre tres universidades de prestigio con perfiles tecnol\u00f3gicos, cient\u00edficos y humanistas: ITBA, CAECE y USAL. Juntas, estas instituciones buscan desarrollar actividades conjuntas que respondan a las necesidades de la sociedad.<\/p>\n\n\n\n<p>Actualmente, se est\u00e1 gestionando la firma de un acuerdo marco de cooperaci\u00f3n y asistencia t\u00e9cnica. Este acuerdo comprometer\u00e1 a las universidades a:<\/p>\n\n\n\n<ul class=\"wp-block-list\">\n<li>Crear y desarrollar grupos de trabajo en disciplinas espec\u00edficas.<\/li>\n\n\n\n<li>Identificar y responder a las necesidades del medio socio productivo.<\/li>\n\n\n\n<li>Establecer espacios de uso com\u00fan en las sedes universitarias para un desarrollo conjunto y sustentable.<\/li>\n\n\n\n<li>Generar un \u00e1mbito de asociatividad entre las universidades para conformar redes de investigaci\u00f3n.<\/li>\n\n\n\n<li>Desarrollar programas acad\u00e9micos complementarios seg\u00fan las especialidades de cada universidad.<\/li>\n<\/ul>\n\n\n\n<p>Las acciones y proyectos espec\u00edficos ser\u00e1n formalizados mediante acuerdos detallados, especificando alcances y objetivos de la cooperaci\u00f3n, plazos, recursos aportados por cada parte, y obligaciones y contribuciones de cada parte.<\/p>\n\n\n\n<p>En el marco de la colaboraci\u00f3n cient\u00edfica, tecnol\u00f3gica y human\u00edstica que caracteriza la vinculaci\u00f3n del Distrito Tecnol\u00f3gico, se ha decidido enfocar los esfuerzos de la Universidad en el campo de la Ingenier\u00eda de la Salud. Para ello, se est\u00e1n iniciando las acciones necesarias para dise\u00f1ar un plan estrat\u00e9gico que involucre la colaboraci\u00f3n de diversas instancias de gesti\u00f3n de la instituci\u00f3n: Rectorado, Vicerrectorado Econ\u00f3mico, Vicerrectorado de Investigaci\u00f3n y Desarrollo, Vicerrectorado Acad\u00e9mico, la Facultad de Ingenier\u00eda y la Facultad de Medicina. .<\/p>\n\n\n\n<p>Con este objetivo, la Universidad ha invertido en la adquisici\u00f3n de terrenos dentro del complejo de universidades en el Distrito Tecnol\u00f3gico, donde se proyecta construir la nueva sede de la Facultad de Ingenier\u00eda. Este desarrollo, que implica la construcci\u00f3n de edificios inteligentes para las carreras de Ingenier\u00eda, cuenta con financiamiento del Banco Mundial a trav\u00e9s de la Corporaci\u00f3n Financiera Internacional (IFC). Esta iniciativa es innovadora, ya que implica la asociaci\u00f3n de instituciones universitarias que complementar\u00e1n sus fortalezas en vinculaci\u00f3n con las empresas establecidas en el DT y las autoridades del Gobierno de la Ciudad.<\/p>\n\n\n\n<h4 class=\"wp-block-heading\">Municipio de Pilar: Mesa de Trabajo \u00abConocimiento e Innovaci\u00f3n\u00bb<\/h4>\n\n\n\n<h5 class=\"wp-block-heading\">L\u00edneas de Trabajo Propuestas<\/h5>\n\n\n\n<ol class=\"wp-block-list\">\n<li><strong>Biotecnolog\u00eda<\/strong> : Convertir a Pilar en un Distrito Tecnol\u00f3gico enfocado en I+D en Biotecnolog\u00eda, desarrollando productos de alto valor agregado para el mercado nacional e internacional, generando empleo y fortaleciendo la cadena de valor.<\/li>\n\n\n\n<li><strong>Educaci\u00f3n y Capacitaci\u00f3n<\/strong> : Elevar el nivel de las Escuelas T\u00e9cnicas a trav\u00e9s de la capacitaci\u00f3n docente y la creaci\u00f3n de sinergias con el sector productivo.<\/li>\n\n\n\n<li><strong>Emprendedorismo<\/strong> : Fomentar el emprendimiento en Pilar mediante la estimulaci\u00f3n de j\u00f3venes en actividades de innovaci\u00f3n (ej. Hackathon) y la provisi\u00f3n de espacios, asistencia t\u00e9cnica, capacitaci\u00f3n y vigilancia tecnol\u00f3gica para llevar ideas al mercado.<\/li>\n\n\n\n<li><strong>Censo Econ\u00f3mico<\/strong> : Ofrecer asistencia t\u00e9cnica para conocer la realidad econ\u00f3mica del municipio.<\/li>\n\n\n\n<li><strong>Transferencia Tecnol\u00f3gica<\/strong> : Impulsar las Unidades de Vinculaci\u00f3n Tecnol\u00f3gica (UVT) y fortalecer los v\u00ednculos universidad-empresa para desarrollar proyectos tecnol\u00f3gicos y sociales, especialmente con pymes.<\/li>\n<\/ol>\n\n\n\n<h4 class=\"wp-block-heading\">Participantes<\/h4>\n\n\n\n<ul class=\"wp-block-list\">\n<li>Diego Blasco, Director de Institucionales de la Universidad Austral.<\/li>\n\n\n\n<li>Juan Pablo Moldero, Coordinador de la UBA Sede Pellegrini.<\/li>\n\n\n\n<li>Juan Pablo Brichta, due\u00f1o empresa I+D (Biotecnolog\u00eda).<\/li>\n\n\n\n<li>Adriana Fea, UTN Campana &#8211; Sede Parque Industrial &#8211; Subsecretaria Unidad de Vinculaci\u00f3n Tecnol\u00f3gica.<\/li>\n\n\n\n<li>Julieta Pastore, UBA Sede Pilar.<\/li>\n\n\n\n<li>Roc\u00edo Fontana, Directora de Innovaci\u00f3n e Inversiones, Municipalidad de Pilar.<\/li>\n\n\n\n<li>Mart\u00edn Giesenow, Subsecretario de Econom\u00eda e Innovaci\u00f3n Municipalidad de Pilar.<\/li>\n\n\n\n<li>Walter Rodr\u00edguez Esquivel, Decano Facultad de Ingenier\u00eda de USAL.<\/li>\n<\/ul>\n","protected":false},"excerpt":{"rendered":"<p>Vinculaci\u00f3n con el Distrito Tecnol\u00f3gico (CABA) En el marco de la Innovaci\u00f3n y el Desarrollo, la Universidad del Salvador ha avanzado en su participaci\u00f3n en el Distrito Tecnol\u00f3gico de la Ciudad de Buenos Aires (DTCABA). El proyecto consiste en la colaboraci\u00f3n complementaria entre tres universidades de prestigio con perfiles tecnol\u00f3gicos, cient\u00edficos y humanistas: ITBA, CAECE [&hellip;]<\/p>\n","protected":false},"author":5,"featured_media":0,"parent":0,"menu_order":0,"comment_status":"closed","ping_status":"closed","template":"","meta":{"_acf_changed":false,"footnotes":""},"class_list":["post-79","page","type-page","status-publish","hentry"],"acf":[],"_links":{"self":[{"href":"https:\/\/www.usal.edu.ar\/ingenieria\/wp-json\/wp\/v2\/pages\/79","targetHints":{"allow":["GET"]}}],"collection":[{"href":"https:\/\/www.usal.edu.ar\/ingenieria\/wp-json\/wp\/v2\/pages"}],"about":[{"href":"https:\/\/www.usal.edu.ar\/ingenieria\/wp-json\/wp\/v2\/types\/page"}],"author":[{"embeddable":true,"href":"https:\/\/www.usal.edu.ar\/ingenieria\/wp-json\/wp\/v2\/users\/5"}],"replies":[{"embeddable":true,"href":"https:\/\/www.usal.edu.ar\/ingenieria\/wp-json\/wp\/v2\/comments?post=79"}],"version-history":[{"count":4,"href":"https:\/\/www.usal.edu.ar\/ingenieria\/wp-json\/wp\/v2\/pages\/79\/revisions"}],"predecessor-version":[{"id":194,"href":"https:\/\/www.usal.edu.ar\/ingenieria\/wp-json\/wp\/v2\/pages\/79\/revisions\/194"}],"wp:attachment":[{"href":"https:\/\/www.usal.edu.ar\/ingenieria\/wp-json\/wp\/v2\/media?parent=79"}],"curies":[{"name":"wp","href":"https:\/\/api.w.org\/{rel}","templated":true}]}}