{"id":325,"date":"2024-05-10T17:36:48","date_gmt":"2024-05-10T20:36:48","guid":{"rendered":"https:\/\/www.usal.edu.ar\/internacional\/?page_id=325"},"modified":"2025-06-19T15:52:55","modified_gmt":"2025-06-19T18:52:55","slug":"becas-eiffel","status":"publish","type":"page","link":"https:\/\/www.usal.edu.ar\/internacional\/profesores-y-graduados\/becas-eiffel\/","title":{"rendered":"Becas Eiffel \u2013 Excelencia Acad\u00e9mica en Francia"},"content":{"rendered":"\n<div class=\"wp-block-columns is-layout-flex wp-container-core-columns-is-layout-28f84493 wp-block-columns-is-layout-flex\">\n<div class=\"wp-block-column is-layout-flow wp-block-column-is-layout-flow\">\n<p style=\"margin-top:80px;margin-right:31px;margin-bottom:80px;margin-left:31px\"><strong>Programa del Ministerio para Europa y de Asuntos Exteriores de Francia<\/strong><br><strong>Duraci\u00f3n:<\/strong> Maestr\u00eda o Doctorado<br><strong>Dirigido a:<\/strong> Graduados\/as o estudiantes en el \u00faltimo a\u00f1o de carrera de USAL<\/p>\n<\/div>\n\n\n\n<div class=\"wp-block-column is-layout-flow wp-block-column-is-layout-flow\">\n<figure class=\"wp-block-image size-full is-resized\"><img loading=\"lazy\" decoding=\"async\" width=\"400\" height=\"295\" src=\"https:\/\/www.usal.edu.ar\/internacional\/wp-content\/uploads\/sites\/7\/2024\/05\/image-1.png\" alt=\"\" class=\"wp-image-843\" style=\"width:391px;height:auto\" srcset=\"https:\/\/www.usal.edu.ar\/internacional\/wp-content\/uploads\/sites\/7\/2024\/05\/image-1.png 400w, https:\/\/www.usal.edu.ar\/internacional\/wp-content\/uploads\/sites\/7\/2024\/05\/image-1-300x221.png 300w\" sizes=\"auto, (max-width: 400px) 100vw, 400px\" \/><\/figure>\n<\/div>\n<\/div>\n\n\n\n<p><\/p>\n\n\n\n<h4 class=\"wp-block-heading has-text-align-center\" style=\"margin-top:0;margin-right:0;margin-bottom:10px\">\ud83c\udfaf <strong>Objetivos del Programa<\/strong><\/h4>\n\n\n\n<ul class=\"wp-block-list\">\n<li>Estudiar un posgrado en universidades francesas de prestigio.<\/li>\n\n\n\n<li>Participar en actividades acad\u00e9micas y culturales.<\/li>\n\n\n\n<li>Representar a su pa\u00eds como <strong>embajador\/a cultural<\/strong> en Francia.<\/li>\n<\/ul>\n\n\n\n<h4 class=\"wp-block-heading\">\ud83d\udd0d <strong>\u00c1reas Prioritarias de Estudio<\/strong><\/h4>\n\n\n\n<ol class=\"wp-block-list\">\n<li><strong>Ingenier\u00eda y Ciencias Ambientales<\/strong><\/li>\n\n\n\n<li><strong>Econom\u00eda y Administraci\u00f3n<\/strong><\/li>\n\n\n\n<li><strong>Derecho y Ciencia Pol\u00edtica<\/strong><\/li>\n<\/ol>\n\n\n\n<h4 class=\"wp-block-heading has-text-align-center\" style=\"margin-top:0;margin-right:0;margin-bottom:10px\">\ud83c\udf81 <strong>Beneficios<\/strong><\/h4>\n\n\n\n<div class=\"wp-block-group destacados2 has-global-padding is-layout-constrained wp-container-core-group-is-layout-145f4d48 wp-block-group-is-layout-constrained\" style=\"margin-top:var(--wp--preset--spacing--30);margin-bottom:var(--wp--preset--spacing--30)\">\n<div class=\"wp-block-group is-content-justification-center is-layout-flex wp-container-core-group-is-layout-a45913bb wp-block-group-is-layout-flex\" style=\"padding-top:var(--wp--preset--spacing--30);padding-bottom:var(--wp--preset--spacing--30)\">\n<div class=\"wp-block-group is-vertical is-content-justification-center is-layout-flex wp-container-core-group-is-layout-de19a45c wp-block-group-is-layout-flex\">\n<figure class=\"wp-block-image size-full is-resized\"><img loading=\"lazy\" decoding=\"async\" width=\"87\" height=\"87\" src=\"https:\/\/www.usal.edu.ar\/internacional\/wp-content\/uploads\/sites\/7\/2024\/02\/mundo-3-1.png\" alt=\"\" class=\"wp-image-35\" style=\"width:100px\" \/><\/figure>\n\n\n\n<p class=\"has-text-align-center has-small-font-size\">Experiencia <\/p>\n\n\n\n<p class=\"has-text-align-center has-small-font-size\">Internacional<\/p>\n<\/div>\n\n\n\n<div class=\"wp-block-group is-vertical is-content-justification-center is-layout-flex wp-container-core-group-is-layout-de19a45c wp-block-group-is-layout-flex\">\n<figure class=\"wp-block-image size-full is-resized\"><img loading=\"lazy\" decoding=\"async\" width=\"225\" height=\"225\" src=\"https:\/\/www.usal.edu.ar\/internacional\/wp-content\/uploads\/sites\/7\/2024\/05\/descarga.png\" alt=\"\" class=\"wp-image-771\" style=\"width:100px\" srcset=\"https:\/\/www.usal.edu.ar\/internacional\/wp-content\/uploads\/sites\/7\/2024\/05\/descarga.png 225w, https:\/\/www.usal.edu.ar\/internacional\/wp-content\/uploads\/sites\/7\/2024\/05\/descarga-150x150.png 150w\" sizes=\"auto, (max-width: 225px) 100vw, 225px\" \/><\/figure>\n\n\n\n<p class=\"has-text-align-center has-small-font-size\">Matr\u00edcula y Cuotas<\/p>\n<\/div>\n\n\n\n<div class=\"wp-block-group is-vertical is-content-justification-center is-layout-flex wp-container-core-group-is-layout-0ddce7ad wp-block-group-is-layout-flex\">\n<figure class=\"wp-block-image size-full is-resized\"><img loading=\"lazy\" decoding=\"async\" width=\"225\" height=\"225\" src=\"https:\/\/www.usal.edu.ar\/internacional\/wp-content\/uploads\/sites\/7\/2024\/05\/images.png\" alt=\"\" class=\"wp-image-752\" style=\"width:103px;height:auto\" srcset=\"https:\/\/www.usal.edu.ar\/internacional\/wp-content\/uploads\/sites\/7\/2024\/05\/images.png 225w, https:\/\/www.usal.edu.ar\/internacional\/wp-content\/uploads\/sites\/7\/2024\/05\/images-150x150.png 150w\" sizes=\"auto, (max-width: 225px) 100vw, 225px\" \/><\/figure>\n\n\n\n<p class=\"has-text-align-center has-small-font-size\">Seguro Social<\/p>\n\n\n\n<div style=\"height:14px\" aria-hidden=\"true\" class=\"wp-block-spacer wp-container-content-943fad18\"><\/div>\n<\/div>\n\n\n\n<div class=\"wp-block-group is-vertical is-content-justification-center is-layout-flex wp-container-core-group-is-layout-de19a45c wp-block-group-is-layout-flex\">\n<figure class=\"wp-block-image size-full is-resized\"><img loading=\"lazy\" decoding=\"async\" width=\"225\" height=\"225\" src=\"https:\/\/www.usal.edu.ar\/internacional\/wp-content\/uploads\/sites\/7\/2024\/05\/descarga-12.jpg\" alt=\"\" class=\"wp-image-773\" style=\"width:99px;height:auto\" srcset=\"https:\/\/www.usal.edu.ar\/internacional\/wp-content\/uploads\/sites\/7\/2024\/05\/descarga-12.jpg 225w, https:\/\/www.usal.edu.ar\/internacional\/wp-content\/uploads\/sites\/7\/2024\/05\/descarga-12-150x150.jpg 150w\" sizes=\"auto, (max-width: 225px) 100vw, 225px\" \/><\/figure>\n\n\n\n<p class=\"has-text-align-center has-small-font-size\">Pasajes A\u00e9reos<\/p>\n<\/div>\n\n\n\n<div class=\"wp-block-group is-vertical is-content-justification-center is-layout-flex wp-container-core-group-is-layout-de19a45c wp-block-group-is-layout-flex\">\n<figure class=\"wp-block-image size-full is-resized\"><img loading=\"lazy\" decoding=\"async\" width=\"225\" height=\"225\" src=\"https:\/\/www.usal.edu.ar\/internacional\/wp-content\/uploads\/sites\/7\/2024\/05\/descarga-10.jpg\" alt=\"\" class=\"wp-image-755\" style=\"width:98px;height:auto\" srcset=\"https:\/\/www.usal.edu.ar\/internacional\/wp-content\/uploads\/sites\/7\/2024\/05\/descarga-10.jpg 225w, https:\/\/www.usal.edu.ar\/internacional\/wp-content\/uploads\/sites\/7\/2024\/05\/descarga-10-150x150.jpg 150w\" sizes=\"auto, (max-width: 225px) 100vw, 225px\" \/><\/figure>\n\n\n\n<p class=\"has-text-align-center has-small-font-size\">Estipendio <\/p>\n\n\n\n<p class=\"has-text-align-center has-small-font-size\">Mensual<\/p>\n<\/div>\n<\/div>\n<\/div>\n\n\n\n<h4 class=\"wp-block-heading has-text-align-center\" style=\"margin-top:0;margin-right:0;margin-bottom:10px\">\u2705 <strong>Requisitos<\/strong><\/h4>\n\n\n\n<div class=\"wp-block-group destacados1 has-global-padding is-layout-constrained wp-container-core-group-is-layout-145f4d48 wp-block-group-is-layout-constrained\" style=\"margin-top:var(--wp--preset--spacing--30);margin-bottom:var(--wp--preset--spacing--30)\">\n<div class=\"wp-block-columns is-layout-flex wp-container-core-columns-is-layout-28f84493 wp-block-columns-is-layout-flex\">\n<div class=\"wp-block-column is-layout-flow wp-block-column-is-layout-flow\" style=\"flex-basis:50%\">\n<div class=\"wp-block-columns is-not-stacked-on-mobile is-layout-flex wp-container-core-columns-is-layout-28f84493 wp-block-columns-is-layout-flex\">\n<div class=\"wp-block-column is-layout-flow wp-block-column-is-layout-flow\" style=\"flex-basis:50%\">\n<div class=\"wp-block-group is-vertical is-content-justification-center is-layout-flex wp-container-core-group-is-layout-b6c1f246 wp-block-group-is-layout-flex\">\n<p class=\"has-text-align-center has-text-color has-link-color has-x-large-font-size wp-elements-af6f94db66bcd2ad3a23f846ed52c683\" style=\"color:#08b889;font-style:normal;font-weight:700\">Edad<\/p>\n\n\n\n<p class=\"has-text-align-center has-small-font-size\" style=\"font-style:normal;font-weight:700\">Hasta 25 a\u00f1os<\/p>\n<\/div>\n<\/div>\n\n\n\n<div class=\"wp-block-column is-layout-flow wp-block-column-is-layout-flow\" style=\"flex-basis:50%\">\n<div class=\"wp-block-group is-vertical is-content-justification-center is-layout-flex wp-container-core-group-is-layout-b6c1f246 wp-block-group-is-layout-flex\">\n<p class=\"has-text-align-center has-text-color has-link-color has-x-large-font-size wp-elements-442048e89da39897bf8634752c5a0e87\" style=\"color:#08b889;font-style:normal;font-weight:700\">Acad\u00e9mico<\/p>\n\n\n\n<p class=\"has-text-align-center has-small-font-size\" style=\"font-style:normal;font-weight:700\">Graduado o estudiante en el \u00faltimo a\u00f1o de la carrera<\/p>\n<\/div>\n<\/div>\n<\/div>\n<\/div>\n\n\n\n<div class=\"wp-block-column is-layout-flow wp-block-column-is-layout-flow\" style=\"flex-basis:50%\">\n<div class=\"wp-block-columns is-not-stacked-on-mobile is-layout-flex wp-container-core-columns-is-layout-28f84493 wp-block-columns-is-layout-flex\">\n<div class=\"wp-block-column is-layout-flow wp-block-column-is-layout-flow\" style=\"flex-basis:50%\">\n<div class=\"wp-block-group is-vertical is-content-justification-center is-layout-flex wp-container-core-group-is-layout-b6c1f246 wp-block-group-is-layout-flex\">\n<p class=\"has-text-align-center has-text-color has-link-color has-x-large-font-size wp-elements-1083c3db74fd784deeb96ec1c1376b54\" style=\"color:#08b889;font-style:normal;font-weight:700\">Promedio<\/p>\n\n\n\n<p class=\"has-text-align-center has-small-font-size\" style=\"font-style:normal;font-weight:700\">M\u00ednimo de 7 puntos<\/p>\n<\/div>\n<\/div>\n\n\n\n<div class=\"wp-block-column is-layout-flow wp-block-column-is-layout-flow\" style=\"flex-basis:50%\">\n<div class=\"wp-block-group is-vertical is-content-justification-center is-layout-flex wp-container-core-group-is-layout-b6c1f246 wp-block-group-is-layout-flex\">\n<p class=\"has-text-align-center has-text-color has-link-color has-x-large-font-size wp-elements-474a2ae6e327cc80f161995c28acdfe6\" style=\"color:#08b889;font-style:normal;font-weight:700\">Idioma<\/p>\n\n\n\n<p class=\"has-text-align-center has-small-font-size\" style=\"font-style:normal;font-weight:700\">Nivel m\u00ednimo B2 en <strong>ingl\u00e9s o franc\u00e9s<\/strong> (certificado internacional)<\/p>\n<\/div>\n<\/div>\n<\/div>\n<\/div>\n<\/div>\n<\/div>\n\n\n\n<p><\/p>\n\n\n\n<div class=\"wp-block-group collapsible is-content-justification-left is-nowrap is-layout-flex wp-container-core-group-is-layout-2bddc4e0 wp-block-group-is-layout-flex\" style=\"border-bottom-color:var(--wp--preset--color--primary);border-bottom-width:3px;padding-top:10px;padding-right:10px;padding-bottom:10px;padding-left:10px\">\n<h5 class=\"wp-block-heading wp-container-content-9cfa9a5a\">\ud83d\udcdd <strong>Proceso de Postulaci\u00f3n<\/strong><\/h5>\n<\/div>\n\n\n\n<div class=\"wp-block-group has-global-padding is-layout-constrained wp-block-group-is-layout-constrained\">\n<div class=\"wp-block-group has-global-padding is-layout-constrained wp-block-group-is-layout-constrained\">\n<div class=\"wp-block-group has-global-padding is-layout-constrained wp-block-group-is-layout-constrained\">\n<p>Las postulaciones se canalizan desde la <strong>Direcci\u00f3n de Cooperaci\u00f3n Internacional (USAL)<\/strong>.<\/p>\n\n\n\n<p><strong>Documentaci\u00f3n requerida:<\/strong><\/p>\n\n\n\n<ul class=\"wp-block-list\">\n<li>DNI.<\/li>\n\n\n\n<li><strong>CV<\/strong> (en franc\u00e9s o ingl\u00e9s, m\u00e1x. 2 p\u00e1ginas) con trayectoria acad\u00e9mica y profesional.<\/li>\n\n\n\n<li>Diplomas y certificados de t\u00edtulos obtenidos.<\/li>\n\n\n\n<li><strong>Certificado de idioma<\/strong> (franc\u00e9s o ingl\u00e9s, m\u00ednimo nivel B2).<\/li>\n\n\n\n<li>Certificados de notas de los <strong>\u00faltimos 3 a\u00f1os<\/strong>, traducidos si no est\u00e1n en franc\u00e9s o ingl\u00e9s.<\/li>\n\n\n\n<li><strong>Proyecto profesional<\/strong> (en franc\u00e9s o ingl\u00e9s, 1\u20132 p\u00e1ginas). Puede incluir carta de apoyo externa (ej. empresa).<\/li>\n\n\n\n<li>Listado de universidades\/programas acad\u00e9micos de inter\u00e9s.<\/li>\n<\/ul>\n<\/div>\n<\/div>\n\n\n\n<p><\/p>\n\n\n\n<div class=\"wp-block-group has-global-padding is-layout-constrained wp-block-group-is-layout-constrained\">\n<h5 class=\"wp-block-heading\">\ud83c\udfdb\ufe0f <strong>Universidades Participantes<\/strong><\/h5>\n\n\n\n<ul class=\"wp-block-list\">\n<li>Universit\u00e9 Lumi\u00e8re Lyon 2<\/li>\n\n\n\n<li>Universit\u00e9 Catholique de Lyon (ESDES)<\/li>\n\n\n\n<li>Inseec Alpes-Savoie<\/li>\n\n\n\n<li>Universit\u00e9 Lyon III Jean Moulin<\/li>\n\n\n\n<li>Universit\u00e9 Grenoble Alpes<\/li>\n\n\n\n<li>Universit\u00e9 Paris Ouest Nanterre La D\u00e9fense<\/li>\n\n\n\n<li>Universit\u00e9 Paris Dauphine<\/li>\n<\/ul>\n\n\n\n<p><em>Desde USAL, se contacta a la universidad elegida, y luego esta postula oficialmente al\/la candidato\/a.<\/em><\/p>\n<\/div>\n<\/div>\n\n\n\n<div class=\"wp-block-group collapsible is-content-justification-left is-nowrap is-layout-flex wp-container-core-group-is-layout-2bddc4e0 wp-block-group-is-layout-flex\" style=\"border-bottom-color:var(--wp--preset--color--primary);border-bottom-width:3px;padding-top:10px;padding-right:10px;padding-bottom:10px;padding-left:10px\">\n<h5 class=\"wp-block-heading wp-container-content-9cfa9a5a\">\ud83d\udd17 <strong>M\u00e1s Informaci\u00f3n<\/strong><\/h5>\n<\/div>\n\n\n\n<div class=\"wp-block-group has-global-padding is-layout-constrained wp-block-group-is-layout-constrained\">\n<p><a href=\"https:\/\/www.campusfrance.org\/es\/el-programa-de-becas-de-excelencia-eiffel\" target=\"_blank\" rel=\"noreferrer noopener\">Web oficial: <a class=\"\" href=\"https:\/\/www.campusfrance.org\/es\/el-programa-de-becas-de-excelencia-eiffel\">Campus France \u2013 Programa Eiffel<\/a><\/a><\/p>\n<\/div>\n\n\n\n<div class=\"wp-block-group collapsible is-content-justification-left is-nowrap is-layout-flex wp-container-core-group-is-layout-2bddc4e0 wp-block-group-is-layout-flex\" style=\"border-bottom-color:var(--wp--preset--color--primary);border-bottom-width:3px;padding-top:10px;padding-right:10px;padding-bottom:10px;padding-left:10px\">\n<h5 class=\"wp-block-heading wp-container-content-9cfa9a5a\">\ud83d\udce7 Contacto<\/h5>\n<\/div>\n\n\n\n<div class=\"wp-block-group has-global-padding is-layout-constrained wp-block-group-is-layout-constrained\">\n<p>Direcci\u00f3n de Cooperaci\u00f3n Internacional (USAL):<br> <a>internacional@usal.edu.ar<\/a><\/p>\n<\/div>\n\n\n\n<p><\/p>\n","protected":false},"excerpt":{"rendered":"<p>Programa del Ministerio para Europa y de Asuntos Exteriores de FranciaDuraci\u00f3n: Maestr\u00eda o DoctoradoDirigido a: Graduados\/as o estudiantes en el \u00faltimo a\u00f1o de carrera de USAL \ud83c\udfaf Objetivos del Programa \ud83d\udd0d \u00c1reas Prioritarias de Estudio \ud83c\udf81 Beneficios Experiencia Internacional Matr\u00edcula y Cuotas Seguro Social Pasajes A\u00e9reos Estipendio Mensual \u2705 Requisitos Edad Hasta 25 a\u00f1os Acad\u00e9mico [&hellip;]<\/p>\n","protected":false},"author":5,"featured_media":0,"parent":313,"menu_order":0,"comment_status":"closed","ping_status":"closed","template":"","meta":{"_acf_changed":false,"footnotes":""},"class_list":["post-325","page","type-page","status-publish","hentry"],"acf":[],"_links":{"self":[{"href":"https:\/\/www.usal.edu.ar\/internacional\/wp-json\/wp\/v2\/pages\/325","targetHints":{"allow":["GET"]}}],"collection":[{"href":"https:\/\/www.usal.edu.ar\/internacional\/wp-json\/wp\/v2\/pages"}],"about":[{"href":"https:\/\/www.usal.edu.ar\/internacional\/wp-json\/wp\/v2\/types\/page"}],"author":[{"embeddable":true,"href":"https:\/\/www.usal.edu.ar\/internacional\/wp-json\/wp\/v2\/users\/5"}],"replies":[{"embeddable":true,"href":"https:\/\/www.usal.edu.ar\/internacional\/wp-json\/wp\/v2\/comments?post=325"}],"version-history":[{"count":16,"href":"https:\/\/www.usal.edu.ar\/internacional\/wp-json\/wp\/v2\/pages\/325\/revisions"}],"predecessor-version":[{"id":9012,"href":"https:\/\/www.usal.edu.ar\/internacional\/wp-json\/wp\/v2\/pages\/325\/revisions\/9012"}],"up":[{"embeddable":true,"href":"https:\/\/www.usal.edu.ar\/internacional\/wp-json\/wp\/v2\/pages\/313"}],"wp:attachment":[{"href":"https:\/\/www.usal.edu.ar\/internacional\/wp-json\/wp\/v2\/media?parent=325"}],"curies":[{"name":"wp","href":"https:\/\/api.w.org\/{rel}","templated":true}]}}