{"id":342,"date":"2024-05-10T17:36:49","date_gmt":"2024-05-10T20:36:49","guid":{"rendered":"https:\/\/www.usal.edu.ar\/internacional\/?page_id=342"},"modified":"2025-05-19T16:36:40","modified_gmt":"2025-05-19T19:36:40","slug":"erasmus","status":"publish","type":"page","link":"https:\/\/www.usal.edu.ar\/internacional\/cooperacion-internacional\/erasmus\/","title":{"rendered":"\ud83c\uddea\ud83c\uddfa Erasmus+ y Programas de Cooperaci\u00f3n Acad\u00e9mica \u2013 Uni\u00f3n Europea"},"content":{"rendered":"\n<h4 class=\"wp-block-heading\"><strong>Participaci\u00f3n de la Universidad del Salvador (USAL) en proyectos internacionales 2021\u20132027<\/strong><\/h4>\n\n\n\n<h3 class=\"wp-block-heading\">\ud83e\udded <strong>\u00bfQu\u00e9 es Erasmus+?<\/strong><\/h3>\n\n\n\n<p>Erasmus+ es el programa de la Uni\u00f3n Europea que <strong>fomenta la movilidad acad\u00e9mica, la cooperaci\u00f3n institucional<\/strong> y el desarrollo profesional a nivel global.<br>La USAL participa activamente en m\u00e1s de <strong>20 proyectos Erasmus<\/strong>, adem\u00e1s de otras iniciativas clave como <strong>Marie Curie<\/strong>, <strong>Erasmus Mundus<\/strong> y <strong>Jean Monnet<\/strong>.<\/p>\n\n\n\n<div class=\"wp-block-group has-global-padding is-layout-constrained wp-block-group-is-layout-constrained\">\n<div class=\"wp-block-group destacados1 has-global-padding is-layout-constrained wp-container-core-group-is-layout-145f4d48 wp-block-group-is-layout-constrained\" style=\"margin-top:var(--wp--preset--spacing--30);margin-bottom:var(--wp--preset--spacing--30)\">\n<div class=\"wp-block-columns is-layout-flex wp-container-core-columns-is-layout-28f84493 wp-block-columns-is-layout-flex\">\n<div class=\"wp-block-column is-vertically-aligned-stretch is-layout-flow wp-block-column-is-layout-flow\" style=\"flex-basis:50%\">\n<div class=\"wp-block-columns is-not-stacked-on-mobile is-layout-flex wp-container-core-columns-is-layout-28f84493 wp-block-columns-is-layout-flex\">\n<div class=\"wp-block-column is-layout-flow wp-block-column-is-layout-flow\" style=\"flex-basis:50%\">\n<div class=\"wp-block-group is-vertical is-content-justification-center is-layout-flex wp-container-core-group-is-layout-b6c1f246 wp-block-group-is-layout-flex\">\n<p class=\"has-text-align-center has-text-color has-link-color has-x-large-font-size wp-elements-982e7bf6c5abd76011e119f9d2332188\" style=\"color:#08b889;font-style:normal;font-weight:700\">+20<\/p>\n\n\n\n<p class=\"has-text-align-center has-small-font-size\" style=\"font-style:normal;font-weight:700\">Erasmus+<\/p>\n<\/div>\n<\/div>\n\n\n\n<div class=\"wp-block-column is-layout-flow wp-block-column-is-layout-flow\" style=\"flex-basis:50%\">\n<div class=\"wp-block-group is-vertical is-content-justification-center is-layout-flex wp-container-core-group-is-layout-b6c1f246 wp-block-group-is-layout-flex\">\n<p class=\"has-text-align-center has-text-color has-link-color has-x-large-font-size wp-elements-9a17b11b486212ad0256b1bb3213855d\" style=\"color:#08b889;font-style:normal;font-weight:700\">1<\/p>\n\n\n\n<p class=\"has-text-align-center has-small-font-size\" style=\"font-style:normal;font-weight:700\">Marie Curie<\/p>\n<\/div>\n<\/div>\n<\/div>\n<\/div>\n\n\n\n<div class=\"wp-block-column is-vertically-aligned-stretch is-layout-flow wp-block-column-is-layout-flow\" style=\"flex-basis:50%\">\n<div class=\"wp-block-columns is-not-stacked-on-mobile is-layout-flex wp-container-core-columns-is-layout-28f84493 wp-block-columns-is-layout-flex\">\n<div class=\"wp-block-column is-layout-flow wp-block-column-is-layout-flow\" style=\"flex-basis:50%\">\n<div class=\"wp-block-group is-vertical is-content-justification-center is-layout-flex wp-container-core-group-is-layout-b6c1f246 wp-block-group-is-layout-flex\">\n<p class=\"has-text-align-center has-text-color has-link-color has-x-large-font-size wp-elements-6510296da4d0b04c667ab01f8a1aae12\" style=\"color:#08b889;font-style:normal;font-weight:700\">2<\/p>\n\n\n\n<p class=\"has-text-align-center has-small-font-size\" style=\"font-style:normal;font-weight:700\">Mundus<\/p>\n<\/div>\n<\/div>\n\n\n\n<div class=\"wp-block-column is-layout-flow wp-block-column-is-layout-flow\" style=\"flex-basis:50%\">\n<div class=\"wp-block-group is-vertical is-content-justification-center is-layout-flex wp-container-core-group-is-layout-b6c1f246 wp-block-group-is-layout-flex\">\n<p class=\"has-text-align-center has-text-color has-link-color has-x-large-font-size wp-elements-9a17b11b486212ad0256b1bb3213855d\" style=\"color:#08b889;font-style:normal;font-weight:700\">1<\/p>\n\n\n\n<p class=\"has-text-align-center has-small-font-size\" style=\"font-style:normal;font-weight:700\">Jean Monnet<\/p>\n<\/div>\n<\/div>\n<\/div>\n<\/div>\n<\/div>\n<\/div>\n<\/div>\n\n\n\n<div class=\"wp-block-group has-global-padding is-layout-constrained wp-block-group-is-layout-constrained\">\n<div class=\"wp-block-group collapsible is-content-justification-left is-nowrap is-layout-flex wp-container-core-group-is-layout-2bddc4e0 wp-block-group-is-layout-flex\" style=\"border-bottom-color:var(--wp--preset--color--primary);border-bottom-width:3px;padding-top:10px;padding-right:10px;padding-bottom:10px;padding-left:10px\">\n<h5 class=\"wp-block-heading wp-container-content-9cfa9a5a\">\ud83d\udd11 <strong>Key Action 1: Movilidad Internacional de Cr\u00e9ditos (ICM)<\/strong><\/h5>\n<\/div>\n\n\n\n<div class=\"wp-block-group has-global-padding is-layout-constrained wp-block-group-is-layout-constrained\">\n<div class=\"wp-block-group has-global-padding is-layout-constrained wp-block-group-is-layout-constrained\">\n<div class=\"wp-block-group has-global-padding is-layout-constrained wp-block-group-is-layout-constrained\">\n<div class=\"wp-block-group has-global-padding is-layout-constrained wp-block-group-is-layout-constrained\">\n<p><strong>Proyectos KA131 y KA171<\/strong><\/p>\n\n\n\n<ul class=\"wp-block-list\">\n<li><strong>KA131<\/strong> \u2013 Movilidad entre universidades de la UE y pa\u00edses asociados: incluye movilidad de <strong>estudiantes, docentes y personal<\/strong>.<\/li>\n\n\n\n<li><strong>KA171<\/strong> \u2013 Movilidad con pa\u00edses no asociados: busca mejorar <strong>competencias clave<\/strong> y la calidad educativa mediante intercambios con universidades fuera de la UE.<\/li>\n<\/ul>\n\n\n\n<p><\/p>\n\n\n\n<h5 class=\"wp-block-heading\">\ud83c\udf0d <strong>Universidades Socias Recientes<\/strong><\/h5>\n\n\n\n<p><strong>Espa\u00f1a<\/strong><\/p>\n\n\n\n<ul class=\"wp-block-list\">\n<li>Universidad Cat\u00f3lica de Murcia<\/li>\n\n\n\n<li>Universidad CEU Cardenal Herrera<\/li>\n\n\n\n<li>Universidad de Alicante<\/li>\n\n\n\n<li>Universidad de C\u00e1diz<\/li>\n\n\n\n<li>Universidad de Deusto<\/li>\n\n\n\n<li>Universidad de Granada<\/li>\n\n\n\n<li>Universidad de Murcia<\/li>\n\n\n\n<li>Universidad de Santiago de Compostela<\/li>\n\n\n\n<li>Universidad de Sevilla<\/li>\n\n\n\n<li>Universidad de Vigo<\/li>\n<\/ul>\n\n\n\n<p><strong>Finlandia<\/strong><\/p>\n\n\n\n<ul class=\"wp-block-list\">\n<li>Universidad de Oulu<\/li>\n<\/ul>\n\n\n\n<p><strong>Italia<\/strong><\/p>\n\n\n\n<ul class=\"wp-block-list\">\n<li>Universit\u00e0 degli Studi di Messina<\/li>\n<\/ul>\n\n\n\n<p><strong>Islandia<\/strong><\/p>\n\n\n\n<ul class=\"wp-block-list\">\n<li>Universidad de Islandia<\/li>\n<\/ul>\n\n\n\n<p><strong>Rumania<\/strong><\/p>\n\n\n\n<ul class=\"wp-block-list\">\n<li>Lucian Blaga University of Sibiu<\/li>\n<\/ul>\n<\/div>\n<\/div>\n\n\n\n<p><\/p>\n<\/div>\n\n\n\n<p><\/p>\n\n\n\n<div class=\"wp-block-group has-global-padding is-layout-constrained wp-block-group-is-layout-constrained\"><div id=\"gutenslider-8n4o2awso\" class=\"wp-block-eedee-block-gutenslider gs-frontend content-change alignnone arrow-style-1 arrow-position-sides arrow-mb-none arrows-lg arrows-md arrows-sm dot-style-1 dots-lg dots-md dots-sm dot-position-bottom is-position-center-center mb-none wrap-auto-height\" data-parallax-direction=\"down\" data-parallax-amount=\"1.3\" data-lg-transition=\"lg-slide\" data-hash=\"\" ><div class=\"eedee-swiper-outer\" style=\"--gutenslider-min-height: 50vh;--gutenslider-arrow-size: 30px;--gutenslider-dot-size: 25px;--gutenslider-arrow-color: #ffffff;--gutenslider-dot-color: #ffffff;--gutenslider-padding-y-mobile: 40px;--gutenslider-padding-x-mobile: 40px;--gutenslider-padding-y-tablet: 40px;--gutenslider-padding-x-tablet: 40px;--gutenslider-padding-y-desktop: 40px;--gutenslider-padding-x-desktop: 40px;--gutenslider-bg-image: url();--gutenslider-min-height-md: 50vh;--gutenslider-min-height-sm: 50vh;--gutenslider-padding-x: 40px;--gutenslider-padding-x-md: 40px;--gutenslider-padding-x-sm: 20px;--gutenslider-padding-y: 40px;--gutenslider-padding-y-md: 40px;--gutenslider-padding-y-sm: 20px;--gutenslider-arrow-size-md: 30px;--gutenslider-arrow-size-sm: 30px;--gutenslider-dot-size-md: 25px;--gutenslider-dot-size-sm: 25px;--gutenslider-arrow-bg-color: transparent;--gutenslider-arrow-hover-color: #eeeeee;--gutenslider-arrow-bg-hover-color: transparent;--gutenslider-arrow-x-offset: 10px;--gutenslider-arrow-x-offset-md: 10px;--gutenslider-arrow-x-offset-sm: 10px;--gutenslider-arrow-y-offset: 0px;--gutenslider-arrow-y-offset-md: 0px;--gutenslider-arrow-y-offset-sm: 0px;--gutenslider-arrow-x-spacing: 0px;--gutenslider-dot-y-offset: 10px;--gutenslider-dot-y-offset-md: 10px;--gutenslider-dot-y-offset-sm: 10px;--gutenslider-margin-x: 0px;--gutenslider-margin-x-md: 0px;--gutenslider-margin-x-sm: 0px;--gutenslider-margin-y: 0px;--gutenslider-margin-y-md: 0px;--gutenslider-margin-y-sm: 0px;--gutenslider-divider-top: 60px;--gutenslider-divider-bottom: 60px;--gutenslider-lightgallery-bg: #ffffff;--gutenslider-lightgallery-font: #000000;--gs-first-pos: 50% 50%;--gs-gap-vertical: var( --wp--style--gallery-gap-default, var( --gallery-block--gutter-size, var( --wp--style--block-gap, 0.5em ) ) );--gs-gap-horizontal: var( --wp--style--gallery-gap-default, var( --gallery-block--gutter-size, var( --wp--style--block-gap, 0.5em ) ) );\"><div class=\"gutenslider-divider-top\" style=\"color:#fff;\"><\/div><div class=\"swiper\" data-settings='{\"autoplay\":{\"delay\":3000,\"pauseOnMouseEnter\":true,\"disableOnInteraction\":false},\"speed\":700,\"direction\":\"horizontal\",\"autoHeight\":\"\",\"loop\":true,\"centeredSlides\":true,\"spaceBetween\":0,\"slidesPerView\":1,\"slidesPerGroup\":1,\"effect\":\"slide\",\"coverflowEffect\":{\"rotate\":30,\"slideShadows\":false,\"depth\":100,\"stretch\":50,\"modifier\":1},\"fadeEffect\":{\"crossFade\":true},\"zoom\":\"\",\"navigation\":{\"nextEl\":\"#gutenslider-8n4o2awso .eedee-gutenslider-next\",\"prevEl\":\"#gutenslider-8n4o2awso .eedee-gutenslider-prev\"},\"pagination\":{\"type\":\"bullets\",\"clickable\":true,\"dynamicBullets\":false,\"el\":\"#gutenslider-8n4o2awso .eedee-gutenslider-pagination\"},\"pauseOnHover\":\"1\",\"watchSlidesProgress\":true,\"watchSlidesVisibility\":true,\"settingsMd\":{\"autoHeight\":\"\",\"slidesPerView\":1,\"slidesPerGroup\":1,\"spaceBetween\":0,\"loop\":true},\"settingsLg\":{\"autoHeight\":\"\",\"slidesPerView\":1,\"slidesPerGroup\":1,\"spaceBetween\":0,\"loop\":true},\"hasLg\":false,\"hasLgCounter\":true,\"isFullScreen\":false,\"arrowsFollowMouse\":false,\"lgTitle\":\"none\",\"lgCaption\":\"none\",\"lgThumbnails\":true,\"lgZoomEnabled\":false,\"keyboard\":{\"keyboard\":{\"enabled\":true,\"onlyInViewport\":true}},\"hashNavigation\":false,\"dividers\":false}'><div class=\"swiper-wrapper\">\n<div class=\"swiper-slide wp-block-eedee-block-gutenslide is-position-top-left ed-bg-image\" style=\"--ed-vw:300;--ed-vh:245;\" data-hash=\"\"><div class=\"eedee-background-div bg-image\"><img loading=\"lazy\" width=\"1024\" height=\"835\" class=\"wp-image-6108\" src=\"https:\/\/www.usal.edu.ar\/internacional\/wp-content\/uploads\/sites\/7\/2024\/10\/IMG_1125-1024x835.jpg\" alt=\"\" decoding=\"async\" style=\"object-fit: cover; object-position: 50% 50%;\"  data-title=\"IMG_1125\" srcset=\"https:\/\/www.usal.edu.ar\/internacional\/wp-content\/uploads\/sites\/7\/2024\/10\/IMG_1125-1024x835.jpg 1024w, https:\/\/www.usal.edu.ar\/internacional\/wp-content\/uploads\/sites\/7\/2024\/10\/IMG_1125-300x245.jpg 300w, https:\/\/www.usal.edu.ar\/internacional\/wp-content\/uploads\/sites\/7\/2024\/10\/IMG_1125-768x626.jpg 768w, https:\/\/www.usal.edu.ar\/internacional\/wp-content\/uploads\/sites\/7\/2024\/10\/IMG_1125-50x41.jpg 50w, https:\/\/www.usal.edu.ar\/internacional\/wp-content\/uploads\/sites\/7\/2024\/10\/IMG_1125.jpg 1179w\" sizes=\"auto, (max-width: 1024px) 100vw, 1024px\" \/><div class=\"eedee-background-div__overlay\" style=\"opacity:1;\"><\/div><\/div><div class=\"slide-content\">\n\n<p class=\"has-text-align-center gutenslider-content-initial has-larger-font-size\"><\/p>\n\n<\/div><\/div>\n\n<div class=\"swiper-slide wp-block-eedee-block-gutenslide is-position-center-center ed-bg-image\" style=\"--ed-vw:300;--ed-vh:236;\" data-hash=\"\"><div class=\"eedee-background-div bg-image\"><img loading=\"lazy\" width=\"1024\" height=\"807\" class=\"wp-image-6107\" src=\"https:\/\/www.usal.edu.ar\/internacional\/wp-content\/uploads\/sites\/7\/2024\/10\/IMG_1128-1024x807.jpg\" alt=\"\" decoding=\"async\" style=\"object-fit: cover; object-position: 56% 11%;\"  data-title=\"IMG_1128\" srcset=\"https:\/\/www.usal.edu.ar\/internacional\/wp-content\/uploads\/sites\/7\/2024\/10\/IMG_1128-1024x807.jpg 1024w, https:\/\/www.usal.edu.ar\/internacional\/wp-content\/uploads\/sites\/7\/2024\/10\/IMG_1128-300x236.jpg 300w, https:\/\/www.usal.edu.ar\/internacional\/wp-content\/uploads\/sites\/7\/2024\/10\/IMG_1128-768x605.jpg 768w, https:\/\/www.usal.edu.ar\/internacional\/wp-content\/uploads\/sites\/7\/2024\/10\/IMG_1128-50x39.jpg 50w, https:\/\/www.usal.edu.ar\/internacional\/wp-content\/uploads\/sites\/7\/2024\/10\/IMG_1128.jpg 1085w\" sizes=\"auto, (max-width: 1024px) 100vw, 1024px\" \/><div class=\"eedee-background-div__overlay\" style=\"opacity:1;\"><\/div><\/div><div class=\"slide-content\">\n\n<p class=\"has-text-align-center gutenslider-content-initial has-larger-font-size\"><\/p>\n\n<\/div><\/div>\n\n<div class=\"swiper-slide wp-block-eedee-block-gutenslide is-position-center-center ed-bg-image\" style=\"--ed-vw:225;--ed-vh:300;\" data-hash=\"\"><div class=\"eedee-background-div bg-image\"><img loading=\"lazy\" width=\"768\" height=\"1024\" class=\"wp-image-1403\" src=\"https:\/\/www.usal.edu.ar\/internacional\/wp-content\/uploads\/sites\/7\/2024\/05\/IMG-20240411-WA0018-1-768x1024.jpg\" alt=\"\" decoding=\"async\" style=\"object-fit: cover; object-position: 56% 98%;\"  data-title=\"IMG-20240411-WA0018-1\" srcset=\"https:\/\/www.usal.edu.ar\/internacional\/wp-content\/uploads\/sites\/7\/2024\/05\/IMG-20240411-WA0018-1-768x1024.jpg 768w, https:\/\/www.usal.edu.ar\/internacional\/wp-content\/uploads\/sites\/7\/2024\/05\/IMG-20240411-WA0018-1-225x300.jpg 225w, https:\/\/www.usal.edu.ar\/internacional\/wp-content\/uploads\/sites\/7\/2024\/05\/IMG-20240411-WA0018-1-rotated.jpg 960w\" sizes=\"auto, (max-width: 768px) 100vw, 768px\" \/><div class=\"eedee-background-div__overlay\" style=\"opacity:1;\"><\/div><\/div><div class=\"slide-content\">\n\n<p class=\"has-text-align-center gutenslider-content-initial has-larger-font-size\"><\/p>\n\n<\/div><\/div>\n\n<div class=\"swiper-slide wp-block-eedee-block-gutenslide is-position-center-center ed-bg-image\" style=\"--ed-vw:300;--ed-vh:131;\" data-hash=\"\"><div class=\"eedee-background-div bg-image\"><img loading=\"lazy\" width=\"1024\" height=\"446\" class=\"wp-image-6154\" src=\"https:\/\/www.usal.edu.ar\/internacional\/wp-content\/uploads\/sites\/7\/2024\/10\/2-1024x446.jpg\" alt=\"\" decoding=\"async\" style=\"object-fit: cover; object-position: 50% 50%;\"  data-title=\"2\" srcset=\"https:\/\/www.usal.edu.ar\/internacional\/wp-content\/uploads\/sites\/7\/2024\/10\/2-1024x446.jpg 1024w, https:\/\/www.usal.edu.ar\/internacional\/wp-content\/uploads\/sites\/7\/2024\/10\/2-300x131.jpg 300w, https:\/\/www.usal.edu.ar\/internacional\/wp-content\/uploads\/sites\/7\/2024\/10\/2-768x335.jpg 768w, https:\/\/www.usal.edu.ar\/internacional\/wp-content\/uploads\/sites\/7\/2024\/10\/2-50x22.jpg 50w, https:\/\/www.usal.edu.ar\/internacional\/wp-content\/uploads\/sites\/7\/2024\/10\/2.jpg 1299w\" sizes=\"auto, (max-width: 1024px) 100vw, 1024px\" \/><div class=\"eedee-background-div__overlay\" style=\"opacity:1;\"><\/div><\/div><div class=\"slide-content\">\n\n<p class=\"has-text-align-center gutenslider-content-initial has-larger-font-size\"><\/p>\n\n<\/div><\/div>\n\n<div class=\"swiper-slide wp-block-eedee-block-gutenslide is-position-center-center ed-bg-image\" style=\"--ed-vw:138;--ed-vh:300;\" data-hash=\"\"><div class=\"eedee-background-div bg-image\"><img loading=\"lazy\" width=\"472\" height=\"1024\" class=\"wp-image-6157\" src=\"https:\/\/www.usal.edu.ar\/internacional\/wp-content\/uploads\/sites\/7\/2024\/10\/3-1-472x1024.jpg\" alt=\"\" decoding=\"async\" style=\"object-fit: cover; object-position: 50% 50%;\"  data-title=\"3\" srcset=\"https:\/\/www.usal.edu.ar\/internacional\/wp-content\/uploads\/sites\/7\/2024\/10\/3-1-472x1024.jpg 472w, https:\/\/www.usal.edu.ar\/internacional\/wp-content\/uploads\/sites\/7\/2024\/10\/3-1-138x300.jpg 138w, https:\/\/www.usal.edu.ar\/internacional\/wp-content\/uploads\/sites\/7\/2024\/10\/3-1-50x108.jpg 50w, https:\/\/www.usal.edu.ar\/internacional\/wp-content\/uploads\/sites\/7\/2024\/10\/3-1-rotated.jpg 598w\" sizes=\"auto, (max-width: 472px) 100vw, 472px\" \/><div class=\"eedee-background-div__overlay\" style=\"opacity:1;\"><\/div><\/div><div class=\"slide-content\">\n\n<p class=\"has-text-align-center gutenslider-content-initial has-larger-font-size\"><\/p>\n\n<\/div><\/div>\n<\/div><\/div><button class=\"eedee-gutenslider-nav eedee-gutenslider-prev\"><svg xmlns=\"http:\/\/www.w3.org\/2000\/svg\" viewBox=\"0 0 24 24\" width=\"24\" height=\"24\"><circle class=\"bg\" cx=\"13\" cy=\"12\" r=\"11\" \/><path fill=\"none\" d=\"M0 0h24v24H0z\"\/><path class=\"arrow\" d=\"M10.828 12l4.95 4.95-1.414 1.414L8 12l6.364-6.364 1.414 1.414z\"\/><\/svg><\/button><button class=\"eedee-gutenslider-nav eedee-gutenslider-next\"><svg xmlns=\"http:\/\/www.w3.org\/2000\/svg\" viewBox=\"0 0 24 24\" width=\"24\" height=\"24\"><circle class=\"bg\" cx=\"11\" cy=\"12\" r=\"11\" \/><path fill=\"none\" d=\"M0 0h24v24H0z\"\/><path class=\"arrow\" d=\"M13.172 12l-4.95-4.95 1.414-1.414L16 12l-6.364 6.364-1.414-1.414z\"\/><\/svg><\/button><div class=\"eedee-gutenslider-pagination\"><\/div><div class=\"gutenslider-divider-bottom \" style=\"color:#fff;\"><\/div><\/div><\/div><\/div>\n<\/div>\n\n\n\n<div class=\"wp-block-group collapsible is-content-justification-left is-nowrap is-layout-flex wp-container-core-group-is-layout-2bddc4e0 wp-block-group-is-layout-flex\" style=\"border-bottom-color:var(--wp--preset--color--primary);border-bottom-width:3px;padding-top:10px;padding-right:10px;padding-bottom:10px;padding-left:10px\">\n<h5 class=\"wp-block-heading wp-container-content-9cfa9a5a\">\ud83e\udd1d <strong>Key Action 2: Cooperaci\u00f3n entre Instituciones<\/strong><\/h5>\n<\/div>\n\n\n\n<div class=\"wp-block-group has-global-padding is-layout-constrained wp-block-group-is-layout-constrained\">\n<div class=\"wp-block-group has-global-padding is-layout-constrained wp-block-group-is-layout-constrained\">\n<h5 class=\"wp-block-heading\">\ud83d\udccc <strong>L\u00edneas de Acci\u00f3n<\/strong><\/h5>\n\n\n\n<ul class=\"wp-block-list\">\n<li><strong>Capacity Building for Higher Education<\/strong>\n<ul class=\"wp-block-list\">\n<li>Acceso a educaci\u00f3n inclusiva y pertinente.<\/li>\n\n\n\n<li>Transformaci\u00f3n institucional.<\/li>\n\n\n\n<li>Reformas estructurales en educaci\u00f3n superior.<\/li>\n<\/ul>\n<\/li>\n<\/ul>\n\n\n\n<h5 class=\"wp-block-heading\">\u2705 <strong>Proyectos con participaci\u00f3n de USAL<\/strong><\/h5>\n\n\n\n<ul class=\"wp-block-list\">\n<li><strong>Facultad de Ciencias Sociales<\/strong>\n<ul class=\"wp-block-list\">\n<li><em>SOLIDARIS<\/em> \u2013 Universidades inclusivas: competencias clave para la ciudadan\u00eda activa.<\/li>\n<\/ul>\n<\/li>\n<\/ul>\n<\/div>\n<\/div>\n\n\n\n<div class=\"wp-block-group collapsible is-content-justification-left is-nowrap is-layout-flex wp-container-core-group-is-layout-2bddc4e0 wp-block-group-is-layout-flex\" style=\"border-bottom-color:var(--wp--preset--color--primary);border-bottom-width:3px;padding-top:10px;padding-right:10px;padding-bottom:10px;padding-left:10px\">\n<h5 class=\"wp-block-heading wp-container-content-9cfa9a5a\">\ud83c\udf93 <strong>Erasmus Mundus<\/strong><\/h5>\n\n\n\n<p><\/p>\n<\/div>\n\n\n\n<div class=\"wp-block-group has-global-padding is-layout-constrained wp-block-group-is-layout-constrained\">\n<div class=\"wp-block-group has-global-padding is-layout-constrained wp-block-group-is-layout-constrained\">\n<h5 class=\"wp-block-heading\">\u2733\ufe0f Erasmus Mundus Joint Masters (EMJM)<\/h5>\n\n\n\n<ul class=\"wp-block-list\">\n<li>Programas de maestr\u00eda conjuntos en <strong>dos o m\u00e1s universidades de distintos pa\u00edses<\/strong>.<\/li>\n\n\n\n<li>Formaci\u00f3n de excelencia, multidisciplinaria e internacional.<\/li>\n<\/ul>\n\n\n\n<h5 class=\"wp-block-heading\">\u2733\ufe0f Erasmus Mundus Design Measures (EMDM)<\/h5>\n\n\n\n<ul class=\"wp-block-list\">\n<li>Apoyo para el dise\u00f1o de <strong>nuevos m\u00e1steres conjuntos<\/strong> innovadores.<\/li>\n<\/ul>\n\n\n\n<h5 class=\"wp-block-heading\">\u2705 <strong>Proyectos con participaci\u00f3n de USAL<\/strong><\/h5>\n\n\n\n<ul class=\"wp-block-list\">\n<li><strong>Facultad de Filosof\u00eda, Historia, Letras y Estudios Orientales<\/strong>\n<ul class=\"wp-block-list\">\n<li><em>Urban Cultures<\/em><\/li>\n\n\n\n<li><em>Religious Diversity in a Globalised World<\/em><\/li>\n<\/ul>\n<\/li>\n<\/ul>\n<\/div>\n<\/div>\n\n\n\n<div class=\"wp-block-group has-global-padding is-layout-constrained wp-block-group-is-layout-constrained\">\n<div class=\"wp-block-group collapsible is-content-justification-left is-nowrap is-layout-flex wp-container-core-group-is-layout-2bddc4e0 wp-block-group-is-layout-flex\" style=\"border-bottom-color:var(--wp--preset--color--primary);border-bottom-width:3px;padding-top:10px;padding-right:10px;padding-bottom:10px;padding-left:10px\">\n<h5 class=\"wp-block-heading wp-container-content-9cfa9a5a\"><strong>\ud83c\uddea\ud83c\uddfa <strong>Jean Monnet<\/strong><\/strong><\/h5>\n<\/div>\n\n\n\n<div class=\"wp-block-group has-global-padding is-layout-constrained wp-block-group-is-layout-constrained\">\n<div class=\"wp-block-group has-global-padding is-layout-constrained wp-block-group-is-layout-constrained\">\n<h5 class=\"wp-block-heading\">\ud83e\udde9 Modalidades<\/h5>\n\n\n\n<ul class=\"wp-block-list\">\n<li><strong>Jean Monnet Modules<\/strong> \u2013 Cursos sobre integraci\u00f3n europea.<\/li>\n\n\n\n<li><strong>Jean Monnet Chairs<\/strong> \u2013 C\u00e1tedras dedicadas a la investigaci\u00f3n\/ense\u00f1anza de la UE.<\/li>\n\n\n\n<li><strong>Jean Monnet Centres of Excellence<\/strong> \u2013 Centros acad\u00e9micos especializados en estudios europeos.<\/li>\n<\/ul>\n\n\n\n<h5 class=\"wp-block-heading\">\u2705 <strong>Proyecto con participaci\u00f3n de USAL<\/strong><\/h5>\n\n\n\n<ul class=\"wp-block-list\">\n<li><strong>Facultad de Ciencias Jur\u00eddicas<\/strong>\n<ul class=\"wp-block-list\">\n<li><em>BRIDGE Watch<\/em> \u2013 Valores y Democracia en la UE y Am\u00e9rica Latina<\/li>\n<\/ul>\n<\/li>\n<\/ul>\n\n\n\n<p><\/p>\n<\/div>\n<\/div>\n\n\n\n<div class=\"wp-block-group alignwide collapsible is-content-justification-center is-nowrap is-layout-flex wp-container-core-group-is-layout-be8264d2 wp-block-group-is-layout-flex\" style=\"border-bottom-color:var(--wp--preset--color--primary);border-bottom-width:3px;padding-top:10px;padding-right:10px;padding-bottom:10px;padding-left:10px\">\n<h5 class=\"wp-block-heading wp-container-content-9cfa9a5a\">\ud83e\uddea <strong>Horizonte Europa \u2013 Marie Sk\u0142odowska-Curie Actions<\/strong><\/h5>\n<\/div>\n\n\n\n<div class=\"wp-block-group alignwide is-content-justification-center is-nowrap is-layout-flex wp-container-core-group-is-layout-23441af8 wp-block-group-is-layout-flex\">\n<div class=\"wp-block-group has-global-padding is-layout-constrained wp-block-group-is-layout-constrained\">\n<div class=\"wp-block-group has-global-padding is-layout-constrained wp-block-group-is-layout-constrained\">\n<div class=\"wp-block-group has-global-padding is-layout-constrained wp-block-group-is-layout-constrained\">\n<p><\/p>\n\n\n\n<div class=\"wp-block-group has-global-padding is-layout-constrained wp-block-group-is-layout-constrained\">\n<p>Programa enfocado en la <strong>formaci\u00f3n y movilidad de investigadores<\/strong>.<br>Brinda oportunidades para el desarrollo profesional y la cooperaci\u00f3n internacional en ciencia y tecnolog\u00eda.<\/p>\n\n\n\n<h5 class=\"wp-block-heading\">\u2705 <strong>USAL participa desde 2023 en el proyecto SME5.0<\/strong><\/h5>\n\n\n\n<ul class=\"wp-block-list\">\n<li><strong>Facultad de Ingenier\u00eda \u2013 Instituto de Investigaci\u00f3n en Ciencia y Tecnolog\u00eda<\/strong><\/li>\n\n\n\n<li>Coordinaci\u00f3n: <strong>Ing. Sergio Salimbeni<\/strong><\/li>\n\n\n\n<li>\u00danica universidad de <strong>Latinoam\u00e9rica<\/strong> en el consorcio.<\/li>\n<\/ul>\n\n\n\n<h5 class=\"wp-block-heading\">\ud83c\udf10 <strong>Universidades del Consorcio<\/strong><\/h5>\n\n\n\n<ul class=\"wp-block-list\">\n<li><strong>Europa:<\/strong> Free University of Bolzano (Italia), Technical University Munich (Alemania), KTH Royal Institute of Technology (Suecia),  Technical University Graz (Austria), Montanuniversitat Leoben, (Austria), Technical University of Kosice (Eslovaquia), University of Malta (Malta).<\/li>\n\n\n\n<li><strong>Am\u00e9rica:<\/strong> Purdue University Fort Wayne (EEUU), Worcester Polytechnic Institute (EEUU)<\/li>\n\n\n\n<li><strong>Asia:<\/strong> Chiang Mai University (Tailandia)<\/li>\n\n\n\n<li><strong>\u00c1frica:<\/strong> University of Stellenbosch (Sud\u00e1frica)<\/li>\n\n\n\n<li><strong>Ocean\u00eda:<\/strong> Deakin University (Australia)<\/li>\n<\/ul>\n<\/div>\n\n\n\n<p><\/p>\n\n\n\n<div class=\"wp-block-columns is-layout-flex wp-container-core-columns-is-layout-28f84493 wp-block-columns-is-layout-flex\">\n<div class=\"wp-block-column is-layout-flow wp-block-column-is-layout-flow\">\n<p>Desde el 2023 la Facultad de Ingenier\u00eda de la USAL, a trav\u00e9s de su Instituto de Investigaci\u00f3n en Ciencia y Tecnolog\u00eda, tiene el honor de formar parte del equipo internacional de investigaci\u00f3n en el marco del \u201cMARIE SK\u0141ODOWSKA-CURIE ACTIONS HORIZON-MSCA-2021\u201d, dicha participaci\u00f3n posiciona a la Universidad del Salvador, como la \u00fanica instituci\u00f3n en Latinoam\u00e9rica en integrar el Consorcio de Universidades del proyecto SME5.0<\/p>\n\n\n\n<p>El proyecto busca desarrollar colaboraciones de investigaci\u00f3n nuevas y duraderas, logrando la transferencia de conocimientos entre las organizaciones participantes y contribuyendo a mejorar el potencial de investigaci\u00f3n e innovaci\u00f3n a nivel europeo y mundial; lograr credibilidad para mejorar las perspectivas de carrera de los interesados contribuyendo al desarrollo de sus competencias; obtener idoneidad y calidad para maximizar los resultados e impactos esperados, seg\u00fan lo establecido en los planes para contribuir fuertemente con los campos cient\u00edficos, sociales y econ\u00f3micos.<\/p>\n<\/div>\n\n\n\n<div class=\"wp-block-column is-vertically-aligned-center is-layout-flow wp-block-column-is-layout-flow\">\n<figure class=\"wp-block-image size-large is-resized has-custom-border\"><img loading=\"lazy\" decoding=\"async\" width=\"1024\" height=\"912\" src=\"https:\/\/www.usal.edu.ar\/internacional\/wp-content\/uploads\/sites\/7\/2024\/05\/Los-4-publicadaJPG-1024x912.jpg\" alt=\"\" class=\"wp-image-1325\" style=\"border-style:none;border-width:0px;border-radius:25px;width:450px;height:auto\" srcset=\"https:\/\/www.usal.edu.ar\/internacional\/wp-content\/uploads\/sites\/7\/2024\/05\/Los-4-publicadaJPG-1024x912.jpg 1024w, https:\/\/www.usal.edu.ar\/internacional\/wp-content\/uploads\/sites\/7\/2024\/05\/Los-4-publicadaJPG-300x267.jpg 300w, https:\/\/www.usal.edu.ar\/internacional\/wp-content\/uploads\/sites\/7\/2024\/05\/Los-4-publicadaJPG-768x684.jpg 768w, https:\/\/www.usal.edu.ar\/internacional\/wp-content\/uploads\/sites\/7\/2024\/05\/Los-4-publicadaJPG-1536x1367.jpg 1536w, https:\/\/www.usal.edu.ar\/internacional\/wp-content\/uploads\/sites\/7\/2024\/05\/Los-4-publicadaJPG-2048x1823.jpg 2048w\" sizes=\"auto, (max-width: 1024px) 100vw, 1024px\" \/><\/figure>\n<\/div>\n<\/div>\n<\/div>\n\n\n\n<p><\/p>\n\n\n\n<p><\/p>\n\n\n\n<p><\/p>\n<\/div>\n<\/div>\n<\/div>\n<\/div>\n<\/div>\n\n\n\n<p><\/p>\n","protected":false},"excerpt":{"rendered":"<p>Participaci\u00f3n de la Universidad del Salvador (USAL) en proyectos internacionales 2021\u20132027 \ud83e\udded \u00bfQu\u00e9 es Erasmus+? Erasmus+ es el programa de la Uni\u00f3n Europea que fomenta la movilidad acad\u00e9mica, la cooperaci\u00f3n institucional y el desarrollo profesional a nivel global.La USAL participa activamente en m\u00e1s de 20 proyectos Erasmus, adem\u00e1s de otras iniciativas clave como Marie Curie, [&hellip;]<\/p>\n","protected":false},"author":5,"featured_media":0,"parent":335,"menu_order":0,"comment_status":"closed","ping_status":"closed","template":"","meta":{"_acf_changed":false,"footnotes":""},"class_list":["post-342","page","type-page","status-publish","hentry"],"acf":[],"_links":{"self":[{"href":"https:\/\/www.usal.edu.ar\/internacional\/wp-json\/wp\/v2\/pages\/342","targetHints":{"allow":["GET"]}}],"collection":[{"href":"https:\/\/www.usal.edu.ar\/internacional\/wp-json\/wp\/v2\/pages"}],"about":[{"href":"https:\/\/www.usal.edu.ar\/internacional\/wp-json\/wp\/v2\/types\/page"}],"author":[{"embeddable":true,"href":"https:\/\/www.usal.edu.ar\/internacional\/wp-json\/wp\/v2\/users\/5"}],"replies":[{"embeddable":true,"href":"https:\/\/www.usal.edu.ar\/internacional\/wp-json\/wp\/v2\/comments?post=342"}],"version-history":[{"count":41,"href":"https:\/\/www.usal.edu.ar\/internacional\/wp-json\/wp\/v2\/pages\/342\/revisions"}],"predecessor-version":[{"id":8773,"href":"https:\/\/www.usal.edu.ar\/internacional\/wp-json\/wp\/v2\/pages\/342\/revisions\/8773"}],"up":[{"embeddable":true,"href":"https:\/\/www.usal.edu.ar\/internacional\/wp-json\/wp\/v2\/pages\/335"}],"wp:attachment":[{"href":"https:\/\/www.usal.edu.ar\/internacional\/wp-json\/wp\/v2\/media?parent=342"}],"curies":[{"name":"wp","href":"https:\/\/api.w.org\/{rel}","templated":true}]}}