{"id":348,"date":"2024-05-10T17:36:49","date_gmt":"2024-05-10T20:36:49","guid":{"rendered":"https:\/\/www.usal.edu.ar\/internacional\/?page_id=348"},"modified":"2025-05-22T10:55:42","modified_gmt":"2025-05-22T13:55:42","slug":"oui","status":"publish","type":"page","link":"https:\/\/www.usal.edu.ar\/internacional\/cooperacion-internacional\/oui\/","title":{"rendered":"OUI &#8211; Organizaci\u00f3n Universitaria InteramericanaOUI &#8211;"},"content":{"rendered":"\n<h3 class=\"wp-block-heading\"><strong>USAL en la OUI: Conectando con la Educaci\u00f3n Superior de las Am\u00e9ricas<\/strong><\/h3>\n\n\n\n<h4 class=\"wp-block-heading\">\ud83c\udf0e \u00bfQu\u00e9 es la OUI?<\/h4>\n\n\n\n<p>La <strong>Organizaci\u00f3n Universitaria Interamericana (OUI)<\/strong> es una red acad\u00e9mica que re\u00fane a instituciones de educaci\u00f3n superior de <strong>28 pa\u00edses<\/strong> distribuidos en <strong>9 regiones<\/strong>:<\/p>\n\n\n\n<p>\ud83d\udccd Am\u00e9rica Central \u2013 Brasil \u2013 Canad\u00e1 \u2013 Caribe \u2013 Colombia \u2013 Cono Sur \u2013 M\u00e9xico \u2013 Estados Unidos \u2013 Pa\u00edses Andinos<\/p>\n\n\n\n<p>Desde su creaci\u00f3n, la OUI se ha consolidado como <strong>un espacio com\u00fan para el desarrollo acad\u00e9mico interamericano<\/strong>, promoviendo la <strong>internacionalizaci\u00f3n<\/strong>, la <strong>colaboraci\u00f3n regional<\/strong> y el <strong>desarrollo profesional<\/strong> a trav\u00e9s de misiones, eventos y programas de formaci\u00f3n.<\/p>\n\n\n\n<figure class=\"wp-block-image aligncenter size-full\"><img loading=\"lazy\" decoding=\"async\" width=\"358\" height=\"141\" src=\"https:\/\/www.usal.edu.ar\/internacional\/wp-content\/uploads\/sites\/7\/2024\/05\/images-18.jpg\" alt=\"\" class=\"wp-image-1334\" srcset=\"https:\/\/www.usal.edu.ar\/internacional\/wp-content\/uploads\/sites\/7\/2024\/05\/images-18.jpg 358w, https:\/\/www.usal.edu.ar\/internacional\/wp-content\/uploads\/sites\/7\/2024\/05\/images-18-300x118.jpg 300w\" sizes=\"auto, (max-width: 358px) 100vw, 358px\" \/><\/figure>\n\n\n\n<h4 class=\"wp-block-heading\">\ud83c\udfaf <strong>Objetivos Estrat\u00e9gicos de la OUI<\/strong><\/h4>\n\n\n\n<ul class=\"wp-block-list\">\n<li><strong>Oferta Diversificada<\/strong><\/li>\n\n\n\n<li><strong>Alianzas Estrat\u00e9gicas<\/strong><\/li>\n\n\n\n<li><strong>Contribuci\u00f3n a los Objetivos de Desarrollo Sostenible (ODS)<\/strong><\/li>\n\n\n\n<li><strong>Excelencia Organizacional<\/strong><\/li>\n<\/ul>\n\n\n\n<hr class=\"wp-block-separator has-alpha-channel-opacity\" \/>\n\n\n\n<h4 class=\"wp-block-heading\">\ud83d\udc69\u200d\ud83c\udfeb <strong>USAL en el Consejo Consultivo de la OUI<\/strong><\/h4>\n\n\n\n<p>A partir de <strong>2023<\/strong>, la <strong>Dra. Luciana Tondello<\/strong>, Vicerrectora de Investigaci\u00f3n y Desarrollo de la <strong>Universidad del Salvador (USAL)<\/strong>, fue designada como <strong>Representante del Cono Sur<\/strong> en el <strong>Consejo Consultivo de la OUI<\/strong>.<\/p>\n\n\n\n<p>Este consejo est\u00e1 integrado por tres comisiones:<\/p>\n\n\n\n<ul class=\"wp-block-list\">\n<li>\ud83d\udccc Comisi\u00f3n de Agenda<\/li>\n\n\n\n<li>\ud83c\udf10 Comisi\u00f3n de Internacionalizaci\u00f3n<\/li>\n\n\n\n<li>\u267b\ufe0f Comisi\u00f3n de Sustentabilidad<\/li>\n<\/ul>\n\n\n\n<p>La Dra. Tondello forma parte de esta \u00faltima comisi\u00f3n, reforzando el compromiso de la USAL con la <strong>sustentabilidad institucional<\/strong>, la <strong>educaci\u00f3n responsable<\/strong> y los <strong>procesos de innovaci\u00f3n educativa<\/strong> alineados con los ODS.<\/p>\n\n\n\n<hr class=\"wp-block-separator has-alpha-channel-opacity\" \/>\n\n\n\n<h4 class=\"wp-block-heading\">\ud83e\udd1d Una Red de Colaboraci\u00f3n Continental<\/h4>\n\n\n\n<p>La participaci\u00f3n activa de USAL en la OUI no solo fortalece su proyecci\u00f3n internacional, sino que tambi\u00e9n abre nuevas oportunidades para estudiantes, docentes e investigadores, integrando a la universidad en los principales <strong>procesos colaborativos de educaci\u00f3n superior en las Am\u00e9ricas<\/strong>.<\/p>\n\n\n\n<div class=\"wp-block-group has-background has-global-padding is-layout-constrained wp-block-group-is-layout-constrained\" style=\"background-color:#eeeeee;padding-top:var(--wp--preset--spacing--30);padding-bottom:var(--wp--preset--spacing--30)\">\n<h4 class=\"wp-block-heading has-text-align-center\">Actividades<\/h4>\n\n\n\n<div class=\"wp-block-group is-content-justification-center is-layout-flex wp-container-core-group-is-layout-e35d8016 wp-block-group-is-layout-flex\" style=\"padding-top:var(--wp--preset--spacing--30);padding-right:var(--wp--preset--spacing--30);padding-bottom:var(--wp--preset--spacing--30);padding-left:var(--wp--preset--spacing--30)\">\n<div class=\"wp-block-group clickeable tarjeta-blanca alturas-iguales has-border-color has-base-background-color has-background is-vertical is-content-justification-center is-nowrap is-layout-flex wp-container-core-group-is-layout-7e079dd8 wp-block-group-is-layout-flex\" style=\"border-color:#dcdcdc;border-width:2px;border-radius:10px;padding-top:15px;padding-right:15px;padding-bottom:15px;padding-left:15px\">\n<div class=\"wp-block-group has-primary-background-color has-background has-global-padding is-layout-constrained wp-container-core-group-is-layout-a35945ca wp-block-group-is-layout-constrained\" style=\"border-radius:100%;padding-top:var(--wp--preset--spacing--30);padding-right:var(--wp--preset--spacing--30);padding-bottom:var(--wp--preset--spacing--30);padding-left:var(--wp--preset--spacing--30)\">\n<figure class=\"wp-block-image aligncenter size-full is-resized wp-duotone-rgb255255255-ffffff-1\"><img loading=\"lazy\" decoding=\"async\" width=\"512\" height=\"512\" src=\"https:\/\/www.usal.edu.ar\/internacional\/wp-content\/uploads\/sites\/7\/2024\/05\/exam.png\" alt=\"\" class=\"wp-image-421\" style=\"width:60px\" srcset=\"https:\/\/www.usal.edu.ar\/internacional\/wp-content\/uploads\/sites\/7\/2024\/05\/exam.png 512w, https:\/\/www.usal.edu.ar\/internacional\/wp-content\/uploads\/sites\/7\/2024\/05\/exam-300x300.png 300w, https:\/\/www.usal.edu.ar\/internacional\/wp-content\/uploads\/sites\/7\/2024\/05\/exam-150x150.png 150w\" sizes=\"auto, (max-width: 512px) 100vw, 512px\" \/><\/figure>\n<\/div>\n\n\n\n<h5 class=\"wp-block-heading has-text-align-center\">Oferta <\/h5>\n\n\n\n<h5 class=\"wp-block-heading has-text-align-center\">formativa<\/h5>\n\n\n\n<div style=\"height:0px\" aria-hidden=\"true\" class=\"wp-block-spacer wp-container-content-ae35ab75\"><\/div>\n\n\n\n<div class=\"wp-block-group is-content-justification-center is-nowrap is-layout-flex wp-container-core-group-is-layout-06d12f70 wp-block-group-is-layout-flex\">\n<p class=\"has-text-align-center has-primary-color has-text-color has-link-color has-x-small-font-size wp-elements-43eb3fdcd1d9b5b006a3e92363834df8\" style=\"text-decoration:none\"><a href=\"https:\/\/oui-iohe.org\/es\/oferta-formativa\/\" target=\"_blank\" rel=\"noreferrer noopener\">Ver m\u00e1s <\/a><\/p>\n\n\n\n<figure class=\"wp-block-image size-full\"><a href=\"#\"><img loading=\"lazy\" decoding=\"async\" width=\"16\" height=\"16\" src=\"https:\/\/www.usal.edu.ar\/internacional\/wp-content\/uploads\/sites\/7\/2024\/05\/right-arrow-green-circle-20570.png\" alt=\"\" class=\"wp-image-423\" \/><\/a><\/figure>\n<\/div>\n<\/div>\n\n\n\n<div class=\"wp-block-group clickeable tarjeta-blanca alturas-iguales has-border-color has-base-background-color has-background is-vertical is-content-justification-center is-nowrap is-layout-flex wp-container-core-group-is-layout-7e079dd8 wp-block-group-is-layout-flex\" style=\"border-color:#dcdcdc;border-width:2px;border-radius:10px;padding-top:15px;padding-right:15px;padding-bottom:15px;padding-left:15px\">\n<div class=\"wp-block-group has-primary-background-color has-background has-global-padding is-layout-constrained wp-container-core-group-is-layout-a35945ca wp-block-group-is-layout-constrained\" style=\"border-radius:100%;padding-top:var(--wp--preset--spacing--30);padding-right:var(--wp--preset--spacing--30);padding-bottom:var(--wp--preset--spacing--30);padding-left:var(--wp--preset--spacing--30)\">\n<figure class=\"wp-block-image aligncenter size-full is-resized wp-duotone-rgb255255255-ffffff-2\"><img loading=\"lazy\" decoding=\"async\" width=\"512\" height=\"512\" src=\"https:\/\/www.usal.edu.ar\/internacional\/wp-content\/uploads\/sites\/7\/2024\/05\/passport.png\" alt=\"\" class=\"wp-image-441\" style=\"width:60px\" srcset=\"https:\/\/www.usal.edu.ar\/internacional\/wp-content\/uploads\/sites\/7\/2024\/05\/passport.png 512w, https:\/\/www.usal.edu.ar\/internacional\/wp-content\/uploads\/sites\/7\/2024\/05\/passport-300x300.png 300w, https:\/\/www.usal.edu.ar\/internacional\/wp-content\/uploads\/sites\/7\/2024\/05\/passport-150x150.png 150w\" sizes=\"auto, (max-width: 512px) 100vw, 512px\" \/><\/figure>\n<\/div>\n\n\n\n<h5 class=\"wp-block-heading has-text-align-center\">Intercambio <\/h5>\n\n\n\n<h5 class=\"wp-block-heading has-text-align-center\">eMOVIES<\/h5>\n\n\n\n<div style=\"height:0px\" aria-hidden=\"true\" class=\"wp-block-spacer wp-container-content-ae35ab75\"><\/div>\n\n\n\n<div class=\"wp-block-group is-content-justification-center is-nowrap is-layout-flex wp-container-core-group-is-layout-06d12f70 wp-block-group-is-layout-flex\">\n<p class=\"has-text-align-center has-primary-color has-text-color has-link-color has-x-small-font-size wp-elements-43255c7d6bb0872ba115d49668caf390\" style=\"text-decoration:none\"><a href=\"\/\/oui-iohe.org\/es\/emovies\/\" target=\"_blank\" rel=\"noreferrer noopener\">Ver m\u00e1s <\/a><\/p>\n\n\n\n<figure class=\"wp-block-image size-full\"><a href=\"#\"><img loading=\"lazy\" decoding=\"async\" width=\"16\" height=\"16\" src=\"https:\/\/www.usal.edu.ar\/internacional\/wp-content\/uploads\/sites\/7\/2024\/05\/right-arrow-green-circle-20570.png\" alt=\"\" class=\"wp-image-423\" \/><\/a><\/figure>\n<\/div>\n<\/div>\n\n\n\n<div class=\"wp-block-group clickeable tarjeta-blanca alturas-iguales has-border-color has-base-background-color has-background is-vertical is-content-justification-center is-nowrap is-layout-flex wp-container-core-group-is-layout-7e079dd8 wp-block-group-is-layout-flex\" style=\"border-color:#dcdcdc;border-width:2px;border-radius:10px;padding-top:15px;padding-right:15px;padding-bottom:15px;padding-left:15px\">\n<div class=\"wp-block-group has-primary-background-color has-background has-global-padding is-layout-constrained wp-container-core-group-is-layout-a35945ca wp-block-group-is-layout-constrained\" style=\"border-radius:100%;padding-top:var(--wp--preset--spacing--30);padding-right:var(--wp--preset--spacing--30);padding-bottom:var(--wp--preset--spacing--30);padding-left:var(--wp--preset--spacing--30)\">\n<figure class=\"wp-block-image aligncenter size-full is-resized wp-duotone-rgb255255255-ffffff-3\"><img loading=\"lazy\" decoding=\"async\" width=\"512\" height=\"512\" src=\"https:\/\/www.usal.edu.ar\/internacional\/wp-content\/uploads\/sites\/7\/2024\/05\/calendar.png\" alt=\"\" class=\"wp-image-442\" style=\"width:60px\" srcset=\"https:\/\/www.usal.edu.ar\/internacional\/wp-content\/uploads\/sites\/7\/2024\/05\/calendar.png 512w, https:\/\/www.usal.edu.ar\/internacional\/wp-content\/uploads\/sites\/7\/2024\/05\/calendar-300x300.png 300w, https:\/\/www.usal.edu.ar\/internacional\/wp-content\/uploads\/sites\/7\/2024\/05\/calendar-150x150.png 150w\" sizes=\"auto, (max-width: 512px) 100vw, 512px\" \/><\/figure>\n<\/div>\n\n\n\n<h5 class=\"wp-block-heading has-text-align-center\">Becas <\/h5>\n\n\n\n<h5 class=\"wp-block-heading has-text-align-center\"><\/h5>\n\n\n\n<div style=\"height:0px\" aria-hidden=\"true\" class=\"wp-block-spacer wp-container-content-ae35ab75\"><\/div>\n\n\n\n<div class=\"wp-block-group is-content-justification-center is-nowrap is-layout-flex wp-container-core-group-is-layout-06d12f70 wp-block-group-is-layout-flex\">\n<p class=\"has-text-align-center has-primary-color has-text-color has-link-color has-x-small-font-size wp-elements-f58cca08bd58712f22c531db6b19b235\" style=\"text-decoration:none\"><a href=\"https:\/\/oui-iohe.org\/es\/becas-oui-2021\/\" target=\"_blank\" rel=\"noreferrer noopener\">Ver m\u00e1s <\/a><\/p>\n\n\n\n<figure class=\"wp-block-image size-full\"><a href=\"#\"><img loading=\"lazy\" decoding=\"async\" width=\"16\" height=\"16\" src=\"https:\/\/www.usal.edu.ar\/internacional\/wp-content\/uploads\/sites\/7\/2024\/05\/right-arrow-green-circle-20570.png\" alt=\"\" class=\"wp-image-423\" \/><\/a><\/figure>\n<\/div>\n<\/div>\n<\/div>\n<\/div>\n","protected":false},"excerpt":{"rendered":"<p>USAL en la OUI: Conectando con la Educaci\u00f3n Superior de las Am\u00e9ricas \ud83c\udf0e \u00bfQu\u00e9 es la OUI? La Organizaci\u00f3n Universitaria Interamericana (OUI) es una red acad\u00e9mica que re\u00fane a instituciones de educaci\u00f3n superior de 28 pa\u00edses distribuidos en 9 regiones: \ud83d\udccd Am\u00e9rica Central \u2013 Brasil \u2013 Canad\u00e1 \u2013 Caribe \u2013 Colombia \u2013 Cono Sur \u2013 [&hellip;]<\/p>\n","protected":false},"author":5,"featured_media":0,"parent":335,"menu_order":0,"comment_status":"closed","ping_status":"closed","template":"","meta":{"_acf_changed":false,"footnotes":""},"class_list":["post-348","page","type-page","status-publish","hentry"],"acf":[],"_links":{"self":[{"href":"https:\/\/www.usal.edu.ar\/internacional\/wp-json\/wp\/v2\/pages\/348","targetHints":{"allow":["GET"]}}],"collection":[{"href":"https:\/\/www.usal.edu.ar\/internacional\/wp-json\/wp\/v2\/pages"}],"about":[{"href":"https:\/\/www.usal.edu.ar\/internacional\/wp-json\/wp\/v2\/types\/page"}],"author":[{"embeddable":true,"href":"https:\/\/www.usal.edu.ar\/internacional\/wp-json\/wp\/v2\/users\/5"}],"replies":[{"embeddable":true,"href":"https:\/\/www.usal.edu.ar\/internacional\/wp-json\/wp\/v2\/comments?post=348"}],"version-history":[{"count":6,"href":"https:\/\/www.usal.edu.ar\/internacional\/wp-json\/wp\/v2\/pages\/348\/revisions"}],"predecessor-version":[{"id":8806,"href":"https:\/\/www.usal.edu.ar\/internacional\/wp-json\/wp\/v2\/pages\/348\/revisions\/8806"}],"up":[{"embeddable":true,"href":"https:\/\/www.usal.edu.ar\/internacional\/wp-json\/wp\/v2\/pages\/335"}],"wp:attachment":[{"href":"https:\/\/www.usal.edu.ar\/internacional\/wp-json\/wp\/v2\/media?parent=348"}],"curies":[{"name":"wp","href":"https:\/\/api.w.org\/{rel}","templated":true}]}}