{"id":395,"date":"2024-07-24T13:02:35","date_gmt":"2024-07-24T16:02:35","guid":{"rendered":"https:\/\/www.usal.edu.ar\/juridicas\/?page_id=395"},"modified":"2024-09-26T11:56:51","modified_gmt":"2024-09-26T14:56:51","slug":"publicaciones","status":"publish","type":"page","link":"https:\/\/www.usal.edu.ar\/juridicas\/publicaciones\/","title":{"rendered":"Publicaciones"},"content":{"rendered":"\n<p>La Facultad de Ciencias Jur\u00eddicas tiene una participaci\u00f3n activa en la edici\u00f3n y desarrollo de estas revistas, contribuyendo significativamente a la investigaci\u00f3n y difusi\u00f3n del conocimiento jur\u00eddico.<\/p>\n\n\n\n<p>Estas publicaciones reflejan nuestro compromiso con la excelencia acad\u00e9mica y la investigaci\u00f3n en el campo del derecho.<\/p>\n\n\n\n<div class=\"wp-block-columns alignwide are-vertically-aligned-top is-layout-flex wp-container-core-columns-is-layout-08c01c1c wp-block-columns-is-layout-flex\">\n<div class=\"wp-block-column is-vertically-aligned-top is-layout-flow wp-block-column-is-layout-flow\">\n<div class=\"wp-block-group wp-container-content-231d8afb is-vertical is-content-justification-left is-nowrap is-layout-flex wp-container-core-group-is-layout-d439c89b wp-block-group-is-layout-flex\" style=\"margin-top:0;margin-bottom:0\">\n<figure class=\"wp-block-image size-full is-resized wp-container-content-0733e5d0\"><a href=\"https:\/\/p3.usal.edu.ar\/index.php\/aequitasvirtual\/issue\/archive\"><img loading=\"lazy\" decoding=\"async\" width=\"202\" height=\"250\" src=\"https:\/\/www.usal.edu.ar\/juridicas\/wp-content\/uploads\/sites\/13\/2024\/07\/aequitas.jpg\" alt=\"\" class=\"wp-image-431\" style=\"aspect-ratio:2\/3;object-fit:contain;width:300px\" \/><\/a><\/figure>\n\n\n\n<div class=\"wp-block-group is-vertical is-nowrap is-layout-flex wp-container-core-group-is-layout-5280e479 wp-block-group-is-layout-flex\">\n<p class=\"has-small-font-size\"><strong>REVISTA AEQUITAS<\/strong><\/p>\n\n\n\n<p>Directora: Abog. Mar\u00eda Eleonora Cano<\/p>\n\n\n\n<blockquote class=\"wp-block-quote is-layout-flow wp-block-quote-is-layout-flow\">\n<p><em>La revista <strong>Aequitas Virtual<\/strong> busca difundir investigaciones y estudios en el campo del derecho y las ciencias jur\u00eddicas de destacados juristas argentinos y extranjeros, abordando temas legales contempor\u00e1neos desde diversas perspectivas.<\/em><\/p>\n<\/blockquote>\n<\/div>\n<\/div>\n<\/div>\n\n\n\n<div class=\"wp-block-column is-vertically-aligned-top is-layout-flow wp-block-column-is-layout-flow\">\n<div class=\"wp-block-group wp-container-content-231d8afb is-vertical is-layout-flex wp-container-core-group-is-layout-05b43539 wp-block-group-is-layout-flex\" style=\"margin-top:0;margin-bottom:0\">\n<div class=\"wp-block-group is-vertical is-nowrap is-layout-flex wp-container-core-group-is-layout-5280e479 wp-block-group-is-layout-flex\">\n<div style=\"height:0px\" aria-hidden=\"true\" class=\"wp-block-spacer wp-container-content-f96796aa\"><\/div>\n\n\n\n<p class=\"has-medium-font-size\"><strong>REVISTA DE DERECHO CIVIL<\/strong><\/p>\n\n\n\n<p class=\"has-small-font-size\">Director: Dr. Guillermo J. Borda<\/p>\n\n\n\n<blockquote class=\"wp-block-quote is-layout-flow wp-block-quote-is-layout-flow\">\n<p><em>La&nbsp;<strong>Revista de Derecho Civil<\/strong>&nbsp;procura el desarrollo del estudio del derecho civil, promoviendo el an\u00e1lisis, la investigaci\u00f3n y la discusi\u00f3n jur\u00eddica. Es una publicaci\u00f3n realizada por la&nbsp;Universidad del Salvador&nbsp;junto&nbsp;a&nbsp;IJ Editores.<\/em><\/p>\n<\/blockquote>\n<\/div>\n\n\n\n<figure class=\"wp-block-image size-full is-resized\" style=\"font-size:14px\"><a href=\"https:\/\/ar.ijeditores.com\/index.php?option=publicacion&amp;idpublicacion=61\"><img loading=\"lazy\" decoding=\"async\" width=\"302\" height=\"379\" src=\"https:\/\/www.usal.edu.ar\/juridicas\/wp-content\/uploads\/sites\/13\/2024\/07\/rev._derecho_civil.png\" alt=\"\" class=\"wp-image-428\" style=\"width:300px\" srcset=\"https:\/\/www.usal.edu.ar\/juridicas\/wp-content\/uploads\/sites\/13\/2024\/07\/rev._derecho_civil.png 302w, https:\/\/www.usal.edu.ar\/juridicas\/wp-content\/uploads\/sites\/13\/2024\/07\/rev._derecho_civil-239x300.png 239w\" sizes=\"auto, (max-width: 302px) 100vw, 302px\" \/><\/a><\/figure>\n<\/div>\n<\/div>\n<\/div>\n\n\n\n<div class=\"wp-block-columns alignwide are-vertically-aligned-top is-layout-flex wp-container-core-columns-is-layout-08c01c1c wp-block-columns-is-layout-flex\">\n<div class=\"wp-block-column is-vertically-aligned-top is-layout-flow wp-block-column-is-layout-flow\">\n<div class=\"wp-block-group wp-container-content-231d8afb is-vertical is-content-justification-left is-nowrap is-layout-flex wp-container-core-group-is-layout-d439c89b wp-block-group-is-layout-flex\" style=\"margin-top:0;margin-bottom:0\">\n<figure class=\"wp-block-image size-full is-resized wp-container-content-0733e5d0\"><a href=\"https:\/\/ar.ijeditores.com\/index.php?option=publicacion&amp;idpublicacion=34\"><img loading=\"lazy\" decoding=\"async\" width=\"287\" height=\"395\" src=\"https:\/\/www.usal.edu.ar\/juridicas\/wp-content\/uploads\/sites\/13\/2024\/07\/rev._derecho_constitucional.png\" alt=\"\" class=\"wp-image-427\" style=\"width:283px;height:auto\" srcset=\"https:\/\/www.usal.edu.ar\/juridicas\/wp-content\/uploads\/sites\/13\/2024\/07\/rev._derecho_constitucional.png 287w, https:\/\/www.usal.edu.ar\/juridicas\/wp-content\/uploads\/sites\/13\/2024\/07\/rev._derecho_constitucional-218x300.png 218w\" sizes=\"auto, (max-width: 287px) 100vw, 287px\" \/><\/a><\/figure>\n\n\n\n<div class=\"wp-block-group is-vertical is-nowrap is-layout-flex wp-container-core-group-is-layout-5280e479 wp-block-group-is-layout-flex\">\n<p class=\"has-small-font-size\"><strong>REVISTA DE DERECHO CONSTITUCIONAL<\/strong><\/p>\n\n\n\n<p>Directora: Abog. Andrea Schvindtt<\/p>\n\n\n\n<blockquote class=\"wp-block-quote is-layout-flow wp-block-quote-is-layout-flow\">\n<p><em>La&nbsp;<em><strong>Revista de Derecho Constitucional<\/strong><\/em>&nbsp;es una publicaci\u00f3n con arbitraje,&nbsp;<em>Semestral<\/em>, que le ofrece al lector la posibilidad de acceder a un an\u00e1lisis profundo sobre los temas m\u00e1s importantes del&nbsp;<em>Derecho Constitucional<\/em>.<\/em><\/p>\n<\/blockquote>\n<\/div>\n<\/div>\n<\/div>\n\n\n\n<div class=\"wp-block-column is-vertically-aligned-top is-layout-flow wp-block-column-is-layout-flow\">\n<div class=\"wp-block-group wp-container-content-231d8afb is-vertical is-layout-flex wp-container-core-group-is-layout-05b43539 wp-block-group-is-layout-flex\" style=\"margin-top:0;margin-bottom:0\">\n<div class=\"wp-block-group is-vertical is-nowrap is-layout-flex wp-container-core-group-is-layout-5280e479 wp-block-group-is-layout-flex\">\n<div style=\"height:40px\" aria-hidden=\"true\" class=\"wp-block-spacer wp-container-content-28f0cd9b\"><\/div>\n\n\n\n<p class=\"has-medium-font-size\"><strong>REVISTA DE CIENCIA DE LA LEGISLACI\u00d3N<\/strong><\/p>\n\n\n\n<p class=\"has-small-font-size\">Director: Mag. Ram\u00f3n Brenna<\/p>\n\n\n\n<blockquote class=\"wp-block-quote is-layout-flow wp-block-quote-is-layout-flow\">\n<p><em>La&nbsp;<strong>Revista de Ciencia de la Legislaci\u00f3n<\/strong>&nbsp;busca aportar, desde la Universidad y la Academia, en forma concreta y visible, al mejoramiento del funcionamiento del \u00f3rgano Legislativo, en todas sus expresiones; y contribuir en el enriquecimiento intelectual de los recursos humanos relacionados con su quehacer y conformar as\u00ed, un n\u00facleo de pensamiento e ideas, y un espacio de reflexi\u00f3n y consejo.<\/em><\/p>\n<\/blockquote>\n<\/div>\n\n\n\n<figure class=\"wp-block-image size-full is-resized\" style=\"font-size:14px\"><a href=\"https:\/\/ar.ijeditores.com\/index.php?option=publicacion&amp;idpublicacion=200\"><img loading=\"lazy\" decoding=\"async\" width=\"308\" height=\"420\" src=\"https:\/\/www.usal.edu.ar\/juridicas\/wp-content\/uploads\/sites\/13\/2024\/07\/revista_ciencia_de_la_legislacion.png\" alt=\"\" class=\"wp-image-424\" style=\"width:261px;height:auto\" srcset=\"https:\/\/www.usal.edu.ar\/juridicas\/wp-content\/uploads\/sites\/13\/2024\/07\/revista_ciencia_de_la_legislacion.png 308w, https:\/\/www.usal.edu.ar\/juridicas\/wp-content\/uploads\/sites\/13\/2024\/07\/revista_ciencia_de_la_legislacion-220x300.png 220w\" sizes=\"auto, (max-width: 308px) 100vw, 308px\" \/><\/a><\/figure>\n<\/div>\n<\/div>\n<\/div>\n\n\n\n<div class=\"wp-block-columns alignwide are-vertically-aligned-top is-layout-flex wp-container-core-columns-is-layout-08c01c1c wp-block-columns-is-layout-flex\">\n<div class=\"wp-block-column is-vertically-aligned-top is-layout-flow wp-block-column-is-layout-flow\">\n<div class=\"wp-block-group wp-container-content-231d8afb is-vertical is-content-justification-left is-nowrap is-layout-flex wp-container-core-group-is-layout-d439c89b wp-block-group-is-layout-flex\" style=\"margin-top:0;margin-bottom:0\">\n<figure class=\"wp-block-image size-full is-resized wp-container-content-0733e5d0\"><a href=\"https:\/\/ar.ijeditores.com\/index.php?option=publicacion&amp;idpublicacion=64\"><img loading=\"lazy\" decoding=\"async\" width=\"295\" height=\"402\" src=\"https:\/\/www.usal.edu.ar\/juridicas\/wp-content\/uploads\/sites\/13\/2024\/07\/revista_interdisciplinaria_de_familia.png\" alt=\"\" class=\"wp-image-426\" style=\"width:283px;height:auto\" srcset=\"https:\/\/www.usal.edu.ar\/juridicas\/wp-content\/uploads\/sites\/13\/2024\/07\/revista_interdisciplinaria_de_familia.png 295w, https:\/\/www.usal.edu.ar\/juridicas\/wp-content\/uploads\/sites\/13\/2024\/07\/revista_interdisciplinaria_de_familia-220x300.png 220w\" sizes=\"auto, (max-width: 295px) 100vw, 295px\" \/><\/a><\/figure>\n\n\n\n<div class=\"wp-block-group is-vertical is-nowrap is-layout-flex wp-container-core-group-is-layout-5280e479 wp-block-group-is-layout-flex\">\n<p class=\"has-small-font-size\"><strong>REVISTA INTERDISCIPLINARIA DE FAMILIA<\/strong><\/p>\n\n\n\n<p>Directoras: Abog. Mar\u00eda Eleonora Cano y Dra. Silvia Baeza<\/p>\n\n\n\n<blockquote class=\"wp-block-quote is-layout-flow wp-block-quote-is-layout-flow\">\n<p><em>La&nbsp;<strong>Revista Interdisciplinaria de Familia<\/strong>&nbsp;es&nbsp;una  publicaci\u00f3n&nbsp;conjunta llevada a cabo entre las Facultades de Ciencias Jur\u00eddicas y de Psicolog\u00eda de la Universidad del Salvador, e&nbsp;IJ Editores.&nbsp;La interdisciplina como auxiliar de la justicia ha irrumpido en el derecho de familia, aport\u00e1ndole un enriquecimiento superador en torno a la necesidad de alcanzar una justa composici\u00f3n de intereses en temas de tan delicada envergadura.<\/em><\/p>\n<\/blockquote>\n<\/div>\n<\/div>\n<\/div>\n\n\n\n<div class=\"wp-block-column is-vertically-aligned-top is-layout-flow wp-block-column-is-layout-flow\">\n<div class=\"wp-block-group wp-container-content-231d8afb is-vertical is-layout-flex wp-container-core-group-is-layout-05b43539 wp-block-group-is-layout-flex\" style=\"margin-top:0;margin-bottom:0\">\n<div class=\"wp-block-group is-vertical is-nowrap is-layout-flex wp-container-core-group-is-layout-5280e479 wp-block-group-is-layout-flex\">\n<div style=\"height:53px\" aria-hidden=\"true\" class=\"wp-block-spacer wp-container-content-391e2353\"><\/div>\n\n\n\n<p class=\"has-medium-font-size\"><strong>REVISTA EN CIENCIAS PENALES Y CRIMINOL\u00d3GICAS<\/strong><\/p>\n\n\n\n<p class=\"has-small-font-size\">Director: Dr. Alejandro Cilleruelo<\/p>\n\n\n\n<blockquote class=\"wp-block-quote is-layout-flow wp-block-quote-is-layout-flow\">\n<p><em>La&nbsp;<strong>Revista en Ciencias Penales y Criminol\u00f3gicas<\/strong>&nbsp;tiene como objetivo principal la difusi\u00f3n de textos donde se discutan temas actuales de derecho penal, procesal penal y criminolog\u00eda, con una mirada amplia que abarque todas las posiciones, para de esa forma enriquecer el debate. <\/em><\/p>\n<\/blockquote>\n<\/div>\n\n\n\n<figure class=\"wp-block-image size-full\" style=\"font-size:14px\"><a href=\"https:\/\/ar.ijeditores.com\/index.php?option=publicacion&amp;idpublicacion=353\"><img loading=\"lazy\" decoding=\"async\" width=\"275\" height=\"400\" src=\"https:\/\/www.usal.edu.ar\/juridicas\/wp-content\/uploads\/sites\/13\/2024\/07\/revista_en_ciencias_penales_y_criminologicas.png\" alt=\"\" class=\"wp-image-422\" srcset=\"https:\/\/www.usal.edu.ar\/juridicas\/wp-content\/uploads\/sites\/13\/2024\/07\/revista_en_ciencias_penales_y_criminologicas.png 275w, https:\/\/www.usal.edu.ar\/juridicas\/wp-content\/uploads\/sites\/13\/2024\/07\/revista_en_ciencias_penales_y_criminologicas-206x300.png 206w\" sizes=\"auto, (max-width: 275px) 100vw, 275px\" \/><\/a><\/figure>\n<\/div>\n<\/div>\n<\/div>\n\n\n\n<div class=\"wp-block-columns alignwide are-vertically-aligned-top is-layout-flex wp-container-core-columns-is-layout-08c01c1c wp-block-columns-is-layout-flex\">\n<div class=\"wp-block-column is-vertically-aligned-top is-layout-flow wp-block-column-is-layout-flow\">\n<div class=\"wp-block-group wp-container-content-231d8afb is-vertical is-content-justification-left is-nowrap is-layout-flex wp-container-core-group-is-layout-d439c89b wp-block-group-is-layout-flex\" style=\"margin-top:0;margin-bottom:0\">\n<figure class=\"wp-block-image size-full is-resized wp-container-content-0733e5d0\"><a href=\"https:\/\/www.ijeditores.com\/index.php?option=publicacion&amp;idpublicacion=322\"><img loading=\"lazy\" decoding=\"async\" width=\"294\" height=\"383\" src=\"https:\/\/www.usal.edu.ar\/juridicas\/wp-content\/uploads\/sites\/13\/2024\/07\/revista_juridica_franco_argentina_-_revue_juridique_franco-.argentine.png\" alt=\"\" class=\"wp-image-421\" style=\"width:283px;height:auto\" srcset=\"https:\/\/www.usal.edu.ar\/juridicas\/wp-content\/uploads\/sites\/13\/2024\/07\/revista_juridica_franco_argentina_-_revue_juridique_franco-.argentine.png 294w, https:\/\/www.usal.edu.ar\/juridicas\/wp-content\/uploads\/sites\/13\/2024\/07\/revista_juridica_franco_argentina_-_revue_juridique_franco-.argentine-230x300.png 230w\" sizes=\"auto, (max-width: 294px) 100vw, 294px\" \/><\/a><\/figure>\n\n\n\n<div class=\"wp-block-group is-vertical is-nowrap is-layout-flex wp-container-core-group-is-layout-5280e479 wp-block-group-is-layout-flex\">\n<p class=\"has-small-font-size\"><strong>REVISTA JURIDICA FRANCO ARGENTINA\/ REVUE JURIDIQUE FRANCO &#8211; ARGENTINE<\/strong><\/p>\n\n\n\n<p>Directoras: Dra. Isabelle Bon-Garcin y Prof. Mg. Martina L. Rojo<\/p>\n\n\n\n<blockquote class=\"wp-block-quote is-layout-flow wp-block-quote-is-layout-flow\">\n<p><em>La <strong>\u201cRevista de actualidad jur\u00eddica franco-argentina\/Revue d\u2019actualit\u00e9 juridique franco-argentine\u201d<\/strong> es una revista jur\u00eddica, en idioma franc\u00e9s y espa\u00f1ol, publicada conjuntamente entre la Facult\u00e9 de Droit, Universit\u00e9 Lumi\u00e8re Lyon 2 y la Facultad de Ciencias Jur\u00eddicas, e IJ editores.<\/em><\/p>\n\n\n\n<p><em>La coordinaci\u00f3n cient\u00edfica de la revista est\u00e1 asegurada por un comit\u00e9 editorial compuesto en partes iguales de docentes-investigadores de las dos universidades partenaires.<\/em><\/p>\n<\/blockquote>\n<\/div>\n<\/div>\n<\/div>\n\n\n\n<div class=\"wp-block-column is-vertically-aligned-top is-layout-flow wp-block-column-is-layout-flow\">\n<div class=\"wp-block-group wp-container-content-231d8afb is-vertical is-layout-flex wp-container-core-group-is-layout-05b43539 wp-block-group-is-layout-flex\" style=\"margin-top:0;margin-bottom:0\">\n<div class=\"wp-block-group is-vertical is-nowrap is-layout-flex wp-container-core-group-is-layout-5280e479 wp-block-group-is-layout-flex\">\n<div style=\"height:0px\" aria-hidden=\"true\" class=\"wp-block-spacer wp-container-content-f96796aa\"><\/div>\n\n\n\n<p class=\"has-medium-font-size\"><strong>REVISTA DE DERECHO ROMANO \u00abPERVIVENCIA\u00bb<\/strong><\/p>\n\n\n\n<p class=\"has-small-font-size\">Directora: Dr. Claudia Somovilla<\/p>\n\n\n\n<blockquote class=\"wp-block-quote is-layout-flow wp-block-quote-is-layout-flow\">\n<p>Esta&nbsp;<strong><em>Revista de Derecho Romano<\/em>&nbsp;<em>\u00abPervivencia\u00bb&nbsp;<\/em><\/strong> es <em>un espacio de discusi\u00f3n y transferencia<\/em>&nbsp;de estudios e investigaciones sobre el&nbsp;<em>Derecho Romano<\/em>, su r<em>ecepci\u00f3n, influencia, adopci\u00f3n, pervivencia<\/em>. <em>En especial en el llamado&nbsp;Nuevo Mundo.<\/em><\/p>\n<\/blockquote>\n<\/div>\n\n\n\n<figure class=\"wp-block-image size-full\" style=\"font-size:14px\"><a href=\"https:\/\/ar.ijeditores.com\/index.php?option=publicacion&amp;idpublicacion=328\"><img loading=\"lazy\" decoding=\"async\" width=\"273\" height=\"390\" src=\"https:\/\/www.usal.edu.ar\/juridicas\/wp-content\/uploads\/sites\/13\/2024\/07\/revista_de_derecho_romano_-.pervivencia.png\" alt=\"\" class=\"wp-image-423\" srcset=\"https:\/\/www.usal.edu.ar\/juridicas\/wp-content\/uploads\/sites\/13\/2024\/07\/revista_de_derecho_romano_-.pervivencia.png 273w, https:\/\/www.usal.edu.ar\/juridicas\/wp-content\/uploads\/sites\/13\/2024\/07\/revista_de_derecho_romano_-.pervivencia-210x300.png 210w\" sizes=\"auto, (max-width: 273px) 100vw, 273px\" \/><\/a><\/figure>\n<\/div>\n<\/div>\n<\/div>\n\n\n\n<div class=\"wp-block-columns alignwide are-vertically-aligned-top is-layout-flex wp-container-core-columns-is-layout-08c01c1c wp-block-columns-is-layout-flex\">\n<div class=\"wp-block-column is-vertically-aligned-top is-layout-flow wp-block-column-is-layout-flow\">\n<div class=\"wp-block-group wp-container-content-231d8afb is-vertical is-content-justification-left is-nowrap is-layout-flex wp-container-core-group-is-layout-d439c89b wp-block-group-is-layout-flex\" style=\"margin-top:0;margin-bottom:0\">\n<figure class=\"wp-block-image size-full is-resized wp-container-content-0733e5d0\"><a href=\"https:\/\/p3.usal.edu.ar\/index.php\/institutas\/issue\/archive\"><img loading=\"lazy\" decoding=\"async\" width=\"220\" height=\"165\" src=\"https:\/\/www.usal.edu.ar\/juridicas\/wp-content\/uploads\/sites\/13\/2024\/07\/institutas.jpg\" alt=\"\" class=\"wp-image-429\" style=\"width:283px;height:auto\" \/><\/a><\/figure>\n\n\n\n<div class=\"wp-block-group is-vertical is-nowrap is-layout-flex wp-container-core-group-is-layout-5280e479 wp-block-group-is-layout-flex\">\n<p class=\"has-small-font-size\"><strong>REVISTA INSTITUTAS <\/strong>(ediciones anteriores)<\/p>\n\n\n\n<p><\/p>\n\n\n\n<blockquote class=\"wp-block-quote is-layout-flow wp-block-quote-is-layout-flow\">\n<p><em>La revista&nbsp;<strong><em>Institutas Proccesus<\/em>&nbsp;<\/strong>es una publicaci\u00f3n de la Facultad de Ciencias Jur\u00eddicas de la Universidad del Salvador dirigida a investigadores, acad\u00e9micos y estudiantes avanzados en el \u00e1rea del Derecho Procesal.<\/em><\/p>\n<\/blockquote>\n<\/div>\n<\/div>\n<\/div>\n\n\n\n<div class=\"wp-block-column is-vertically-aligned-top is-layout-flow wp-block-column-is-layout-flow\">\n<div class=\"wp-block-group wp-container-content-231d8afb is-vertical is-layout-flex wp-container-core-group-is-layout-05b43539 wp-block-group-is-layout-flex\" style=\"margin-top:0;margin-bottom:0\">\n<div class=\"wp-block-group is-vertical is-nowrap is-layout-flex wp-container-core-group-is-layout-5280e479 wp-block-group-is-layout-flex\">\n<div style=\"height:21px\" aria-hidden=\"true\" class=\"wp-block-spacer wp-container-content-a94db315\"><\/div>\n\n\n\n<p class=\"has-medium-font-size\"><strong>REVISTA INSTITUTAS &#8211; REVISTA DE DERECHO PROCESAL<\/strong><\/p>\n\n\n\n<p class=\"has-small-font-size\">Director: Dr. Ignacio Falke<\/p>\n\n\n\n<blockquote class=\"wp-block-quote is-layout-flow wp-block-quote-is-layout-flow\">\n<p><em>La&nbsp;<strong>Revista Institutas&nbsp;<\/strong>es una publicaci\u00f3n de la&nbsp;Facultad de Ciencias Jur\u00eddicas de la Universidad del Salvador&nbsp;dirigida a investigadores, acad\u00e9micos y estudiantes avanzados en el \u00e1rea del Derecho Procesal. <\/em><\/p>\n<\/blockquote>\n<\/div>\n\n\n\n<figure class=\"wp-block-image size-full is-resized\" style=\"font-size:14px\"><a href=\"https:\/\/ar.ijeditores.com\/index.php?option=publicacion&amp;idpublicacion=81\"><img loading=\"lazy\" decoding=\"async\" width=\"307\" height=\"382\" src=\"https:\/\/www.usal.edu.ar\/juridicas\/wp-content\/uploads\/sites\/13\/2024\/07\/institutas_nueva.png\" alt=\"\" class=\"wp-image-425\" style=\"width:272px;height:auto\" srcset=\"https:\/\/www.usal.edu.ar\/juridicas\/wp-content\/uploads\/sites\/13\/2024\/07\/institutas_nueva.png 307w, https:\/\/www.usal.edu.ar\/juridicas\/wp-content\/uploads\/sites\/13\/2024\/07\/institutas_nueva-241x300.png 241w\" sizes=\"auto, (max-width: 307px) 100vw, 307px\" \/><\/a><\/figure>\n<\/div>\n<\/div>\n<\/div>\n\n\n\n<div class=\"wp-block-columns alignwide are-vertically-aligned-top is-layout-flex wp-container-core-columns-is-layout-08c01c1c wp-block-columns-is-layout-flex\">\n<div class=\"wp-block-column is-vertically-aligned-top is-layout-flow wp-block-column-is-layout-flow\">\n<div class=\"wp-block-group wp-container-content-231d8afb is-vertical is-content-justification-left is-nowrap is-layout-flex wp-container-core-group-is-layout-d439c89b wp-block-group-is-layout-flex\" style=\"margin-top:0;margin-bottom:0\">\n<figure class=\"wp-block-image size-full is-resized wp-container-content-0733e5d0\"><a href=\"https:\/\/p3.usal.edu.ar\/index.php\/iushistoria\/issue\/archive\"><img loading=\"lazy\" decoding=\"async\" width=\"443\" height=\"600\" src=\"https:\/\/www.usal.edu.ar\/juridicas\/wp-content\/uploads\/sites\/13\/2024\/07\/iushistoria_0.jpg\" alt=\"\" class=\"wp-image-430\" style=\"width:283px;height:auto\" srcset=\"https:\/\/www.usal.edu.ar\/juridicas\/wp-content\/uploads\/sites\/13\/2024\/07\/iushistoria_0.jpg 443w, https:\/\/www.usal.edu.ar\/juridicas\/wp-content\/uploads\/sites\/13\/2024\/07\/iushistoria_0-222x300.jpg 222w\" sizes=\"auto, (max-width: 443px) 100vw, 443px\" \/><\/a><\/figure>\n\n\n\n<div class=\"wp-block-group is-vertical is-nowrap is-layout-flex wp-container-core-group-is-layout-5280e479 wp-block-group-is-layout-flex\">\n<p class=\"has-small-font-size\"><strong>REVISTA IUSHISTORIA<\/strong> (ediciones anteriores)<\/p>\n\n\n\n<p>Director: Dr. Abelardo Levaggi<\/p>\n\n\n\n<blockquote class=\"wp-block-quote is-layout-flow wp-block-quote-is-layout-flow\">\n<p><em>La revista  <strong>Iushistoria<\/strong>&nbsp;contribuye al conocimiento tanto de juristas, a quienes les descubre el perfil hist\u00f3rico del Derecho, como de historiadores, a quienes permite saber en profundidad el funcionamiento de ese elemento normativo de las relaciones sociales<\/em>.<\/p>\n<\/blockquote>\n<\/div>\n<\/div>\n<\/div>\n\n\n\n<div class=\"wp-block-column is-vertically-aligned-top is-layout-flow wp-block-column-is-layout-flow\">\n<div class=\"wp-block-group wp-container-content-231d8afb is-vertical is-layout-flex wp-container-core-group-is-layout-05b43539 wp-block-group-is-layout-flex\" style=\"margin-top:0;margin-bottom:0\">\n<div class=\"wp-block-group is-vertical is-nowrap is-layout-flex wp-container-core-group-is-layout-5280e479 wp-block-group-is-layout-flex\">\n<div style=\"height:46px\" aria-hidden=\"true\" class=\"wp-block-spacer wp-container-content-b5f14f7b\"><\/div>\n\n\n\n<p class=\"has-medium-font-size\"><strong>REVISTA IUSHISTORIA<\/strong><\/p>\n\n\n\n<p class=\"has-small-font-size\">Director: Dr. Juan Carlos Frontera<\/p>\n\n\n\n<blockquote class=\"wp-block-quote is-layout-flow wp-block-quote-is-layout-flow\">\n<p><em>La&nbsp;<strong>Revista IusHistoria<\/strong>,&nbsp;una publicaci\u00f3n de la Universal del Salvador y editada por IJ Editores desde el a\u00f1o 2023, revive su compromiso de difundir investigaciones sobre Historia y Filosof\u00eda del Derecho. La publicaci\u00f3n renueva su compromiso por la calidad cient\u00edfica y rigurosidad metodol\u00f3gica manteniendo su inter\u00e9s en tem\u00e1ticas a fines a la Historia y Filosof\u00eda del Derecho.<\/em><\/p>\n<\/blockquote>\n<\/div>\n\n\n\n<figure class=\"wp-block-image size-full is-resized\" style=\"font-size:14px\"><a href=\"https:\/\/www.ijeditores.com\/index.php?option=publicacion&amp;idpublicacion=36\"><img loading=\"lazy\" decoding=\"async\" width=\"487\" height=\"600\" src=\"https:\/\/www.usal.edu.ar\/juridicas\/wp-content\/uploads\/sites\/13\/2024\/07\/iushistoria_nueva.png\" alt=\"\" class=\"wp-image-420\" style=\"width:268px;height:auto\" srcset=\"https:\/\/www.usal.edu.ar\/juridicas\/wp-content\/uploads\/sites\/13\/2024\/07\/iushistoria_nueva.png 487w, https:\/\/www.usal.edu.ar\/juridicas\/wp-content\/uploads\/sites\/13\/2024\/07\/iushistoria_nueva-244x300.png 244w\" sizes=\"auto, (max-width: 487px) 100vw, 487px\" \/><\/a><\/figure>\n<\/div>\n<\/div>\n<\/div>\n\n\n\n<div class=\"wp-block-columns alignwide are-vertically-aligned-top is-layout-flex wp-container-core-columns-is-layout-08c01c1c wp-block-columns-is-layout-flex\">\n<div class=\"wp-block-column is-vertically-aligned-top is-layout-flow wp-block-column-is-layout-flow\">\n<div class=\"wp-block-group wp-container-content-231d8afb is-vertical is-content-justification-left is-nowrap is-layout-flex wp-container-core-group-is-layout-d439c89b wp-block-group-is-layout-flex\" style=\"margin-top:0;margin-bottom:0\">\n<figure class=\"wp-block-image size-full is-resized wp-container-content-0733e5d0\"><a href=\"https:\/\/ar.ijeditores.com\/index.php?option=publicacion&amp;idpublicacion=795\"><img loading=\"lazy\" decoding=\"async\" width=\"323\" height=\"419\" src=\"https:\/\/www.usal.edu.ar\/juridicas\/wp-content\/uploads\/sites\/13\/2024\/07\/estudios_sobre_derecho_sociedad_y_pandemia_volumen_i.png\" alt=\"\" class=\"wp-image-419\" style=\"width:250px;height:auto\" srcset=\"https:\/\/www.usal.edu.ar\/juridicas\/wp-content\/uploads\/sites\/13\/2024\/07\/estudios_sobre_derecho_sociedad_y_pandemia_volumen_i.png 323w, https:\/\/www.usal.edu.ar\/juridicas\/wp-content\/uploads\/sites\/13\/2024\/07\/estudios_sobre_derecho_sociedad_y_pandemia_volumen_i-231x300.png 231w\" sizes=\"auto, (max-width: 323px) 100vw, 323px\" \/><\/a><\/figure>\n\n\n\n<div class=\"wp-block-group is-vertical is-nowrap is-layout-flex wp-container-core-group-is-layout-5280e479 wp-block-group-is-layout-flex\">\n<p class=\"has-small-font-size\"><strong><strong>ESTUDIOS SOBRE DERECHO, SOCIEDAD Y PANDEMIA &#8211; Volumen I<\/strong><\/strong><\/p>\n\n\n\n<p>Directora: Mag. Livia Uriol<\/p>\n\n\n\n<blockquote class=\"wp-block-quote is-layout-flow wp-block-quote-is-layout-flow\">\n<p><em>La obra&nbsp;<strong>Estudios sobre Derecho, Sociedad y Pandemia<\/strong>, se encuentra organizada en torno de cuatro ejes tem\u00e1ticos: \u00abMedio Ambiente y Ecolog\u00eda Integral\u00bb; \u00abTeor\u00eda y Derecho Constitucional\u00bb;  \u00abDerecho Pol\u00edtico y Sociolog\u00eda\u00bb; y \u00abAcceso a la Justicia\u00bb. Una obra colectiva de lectura \u00e1gil, producto de las reflexiones de destacados acad\u00e9micos sobre los efectos de la pandemia en el derecho y la sociedad en general.&nbsp;<\/em><\/p>\n<\/blockquote>\n<\/div>\n<\/div>\n<\/div>\n\n\n\n<div class=\"wp-block-column is-vertically-aligned-top is-layout-flow wp-block-column-is-layout-flow\">\n<div class=\"wp-block-group wp-container-content-231d8afb is-vertical is-layout-flex wp-container-core-group-is-layout-05b43539 wp-block-group-is-layout-flex\" style=\"margin-top:0;margin-bottom:0\">\n<div class=\"wp-block-group is-vertical is-nowrap is-layout-flex wp-container-core-group-is-layout-5280e479 wp-block-group-is-layout-flex\">\n<div style=\"height:25px\" aria-hidden=\"true\" class=\"wp-block-spacer wp-container-content-c00f5982\"><\/div>\n\n\n\n<p class=\"has-medium-font-size\"><strong><strong><strong>ESTUDIOS SOBRE DERECHO, SOCIEDAD Y PANDEMIA &#8211; Volumen II<\/strong><\/strong><\/strong><\/p>\n\n\n\n<p class=\"has-small-font-size\">Directora: Mag. Livia Uriol<\/p>\n\n\n\n<blockquote class=\"wp-block-quote is-layout-flow wp-block-quote-is-layout-flow\">\n<p><em>La obra&nbsp;<strong>Estudios sobre Derecho, Sociedad y Pandemia<\/strong>, se encuentra organizada en torno de tres ejes tem\u00e1ticos:  \u201cEnse\u00f1anza del Derecho\u201d. \u201cDerecho Privado\u201d y \u201cReligi\u00f3n, Familia y Sociedad\u201d. Una obra colectiva de lectura \u00e1gil, producto de las reflexiones de destacados acad\u00e9micos sobre los efectos de la pandemia en el derecho y la sociedad en general.&nbsp;<\/em><\/p>\n<\/blockquote>\n<\/div>\n\n\n\n<figure class=\"wp-block-image size-full is-resized\" style=\"font-size:14px\"><a href=\"https:\/\/ar.ijeditores.com\/index.php?option=publicacion&amp;idpublicacion=967\"><img loading=\"lazy\" decoding=\"async\" width=\"186\" height=\"281\" src=\"https:\/\/www.usal.edu.ar\/juridicas\/wp-content\/uploads\/sites\/13\/2024\/07\/estudios_sobre_derecho_sociedad_y_pandemia_volumen_ii.png\" alt=\"\" class=\"wp-image-418\" style=\"aspect-ratio:0.75;object-fit:contain;width:283px;height:auto\" \/><\/a><\/figure>\n<\/div>\n<\/div>\n<\/div>\n\n\n\n<div class=\"wp-block-columns alignwide are-vertically-aligned-top is-layout-flex wp-container-core-columns-is-layout-08c01c1c wp-block-columns-is-layout-flex\">\n<div class=\"wp-block-column is-vertically-aligned-top is-layout-flow wp-block-column-is-layout-flow\">\n<div class=\"wp-block-group wp-container-content-231d8afb is-vertical is-content-justification-left is-nowrap is-layout-flex wp-container-core-group-is-layout-d439c89b wp-block-group-is-layout-flex\" style=\"margin-top:0;margin-bottom:0\">\n<figure class=\"wp-block-image size-full is-resized wp-container-content-0733e5d0\"><a href=\"https:\/\/ar.ijeditores.com\/index.php?option=publicacion&amp;idpublicacion=123\"><img loading=\"lazy\" decoding=\"async\" width=\"196\" height=\"258\" src=\"https:\/\/www.usal.edu.ar\/juridicas\/wp-content\/uploads\/sites\/13\/2024\/07\/estudios_sobre_el_codigo_civil_y_comercial.png\" alt=\"\" class=\"wp-image-417\" style=\"width:229px;height:auto\" \/><\/a><\/figure>\n\n\n\n<div class=\"wp-block-group is-vertical is-nowrap is-layout-flex wp-container-core-group-is-layout-5280e479 wp-block-group-is-layout-flex\">\n<p class=\"has-small-font-size\"><strong>ESTUDIOS SOBRE EL C\u00d3DIGO CIVIL Y COMERCIAL<\/strong><\/p>\n\n\n\n<p>Coordinadores: Guillermo E. Jensen y Mar\u00eda Eleonora Cano<\/p>\n\n\n\n<blockquote class=\"wp-block-quote is-layout-flow wp-block-quote-is-layout-flow\">\n<p><em><strong>Estudios sobre el C\u00f3digo Civil y Comercial&nbsp;<\/strong>es una obra colectiva escrita por profesores integrantes del cuerpo docente de la&nbsp;Universidad del Salvador, quienes analizan y comentan aspectos substanciales del C\u00f3digo Civil y Comercial vigente en la Rep\u00fablica Argentina desde el 1\u00b0 de Agosto de 2015.&nbsp;<\/em><\/p>\n<\/blockquote>\n<\/div>\n<\/div>\n<\/div>\n\n\n\n<div class=\"wp-block-column is-vertically-aligned-top is-layout-flow wp-block-column-is-layout-flow\">\n<div class=\"wp-block-group wp-container-content-231d8afb is-vertical is-layout-flex wp-container-core-group-is-layout-05b43539 wp-block-group-is-layout-flex\" style=\"margin-top:0;margin-bottom:0\">\n<div class=\"wp-block-group is-vertical is-nowrap is-layout-flex wp-container-core-group-is-layout-5280e479 wp-block-group-is-layout-flex\">\n<div style=\"height:16px\" aria-hidden=\"true\" class=\"wp-block-spacer wp-container-content-f9bd05ee\"><\/div>\n\n\n\n<p class=\"has-medium-font-size\"><strong>SUPLEMENTO DE LA LEY<\/strong><\/p>\n\n\n\n<p class=\"has-small-font-size\">Directora: Mag. Livia Uriol<\/p>\n\n\n\n<blockquote class=\"wp-block-quote is-layout-flow wp-block-quote-is-layout-flow\">\n<p><em>El <strong>Suplemento de la Facultad de Ciencias Jur\u00eddicas en el Diario La Ley<\/strong> ofrece una amplia gama de contenido especializado en derecho. Incluye art\u00edculos de doctrina, an\u00e1lisis de jurisprudencia, entrevistas a expertos y noticias de actualidad relacionadas con la facultad. Este suplemento es un recurso valioso para estudiantes, profesores y profesionales del derecho, proporcionando informaci\u00f3n actualizada y relevante sobre diversas tem\u00e1ticas jur\u00eddicas.<\/em><\/p>\n<\/blockquote>\n<\/div>\n\n\n\n<figure class=\"wp-block-image size-full is-resized\" style=\"font-size:14px\"><a href=\"https:\/\/servicios.usal.edu.ar\/Noticias\/juri\/file\/2024\/Suple%20USAL%202_2024_sept%2024_%20VERSION%20FINAL.pdf\"><img loading=\"lazy\" decoding=\"async\" width=\"600\" height=\"400\" src=\"https:\/\/www.usal.edu.ar\/juridicas\/wp-content\/uploads\/sites\/13\/2024\/07\/globolaley.jpg\" alt=\"\" class=\"wp-image-416\" style=\"width:339px;height:auto\" srcset=\"https:\/\/www.usal.edu.ar\/juridicas\/wp-content\/uploads\/sites\/13\/2024\/07\/globolaley.jpg 600w, https:\/\/www.usal.edu.ar\/juridicas\/wp-content\/uploads\/sites\/13\/2024\/07\/globolaley-300x200.jpg 300w\" sizes=\"auto, (max-width: 600px) 100vw, 600px\" \/><\/a><\/figure>\n<\/div>\n<\/div>\n<\/div>\n","protected":false},"excerpt":{"rendered":"<p>La Facultad de Ciencias Jur\u00eddicas tiene una participaci\u00f3n activa en la edici\u00f3n y desarrollo de estas revistas, contribuyendo significativamente a la investigaci\u00f3n y difusi\u00f3n del conocimiento jur\u00eddico. Estas publicaciones reflejan nuestro compromiso con la excelencia acad\u00e9mica y la investigaci\u00f3n en el campo del derecho. REVISTA AEQUITAS Directora: Abog. Mar\u00eda Eleonora Cano La revista Aequitas Virtual [&hellip;]<\/p>\n","protected":false},"author":5,"featured_media":0,"parent":0,"menu_order":0,"comment_status":"closed","ping_status":"closed","template":"","meta":{"_acf_changed":false,"footnotes":""},"class_list":["post-395","page","type-page","status-publish","hentry"],"acf":[],"_links":{"self":[{"href":"https:\/\/www.usal.edu.ar\/juridicas\/wp-json\/wp\/v2\/pages\/395","targetHints":{"allow":["GET"]}}],"collection":[{"href":"https:\/\/www.usal.edu.ar\/juridicas\/wp-json\/wp\/v2\/pages"}],"about":[{"href":"https:\/\/www.usal.edu.ar\/juridicas\/wp-json\/wp\/v2\/types\/page"}],"author":[{"embeddable":true,"href":"https:\/\/www.usal.edu.ar\/juridicas\/wp-json\/wp\/v2\/users\/5"}],"replies":[{"embeddable":true,"href":"https:\/\/www.usal.edu.ar\/juridicas\/wp-json\/wp\/v2\/comments?post=395"}],"version-history":[{"count":5,"href":"https:\/\/www.usal.edu.ar\/juridicas\/wp-json\/wp\/v2\/pages\/395\/revisions"}],"predecessor-version":[{"id":732,"href":"https:\/\/www.usal.edu.ar\/juridicas\/wp-json\/wp\/v2\/pages\/395\/revisions\/732"}],"wp:attachment":[{"href":"https:\/\/www.usal.edu.ar\/juridicas\/wp-json\/wp\/v2\/media?parent=395"}],"curies":[{"name":"wp","href":"https:\/\/api.w.org\/{rel}","templated":true}]}}