{"id":59,"date":"2024-07-12T15:27:04","date_gmt":"2024-07-12T18:27:04","guid":{"rendered":"https:\/\/www.usal.edu.ar\/lenguas\/?page_id=59"},"modified":"2025-09-14T08:09:00","modified_gmt":"2025-09-14T11:09:00","slug":"autoridades","status":"publish","type":"page","link":"https:\/\/www.usal.edu.ar\/lenguas\/autoridades\/","title":{"rendered":"Autoridades"},"content":{"rendered":"\n<p><a id=\"Autoridades\"><\/a><\/p>\n\n\n\n<figure class=\"wp-block-table is-style-stripes\"><table><tbody><tr><td><img decoding=\"async\" src=\"https:\/\/www.usal.edu.ar\/lenguas\/wp-content\/uploads\/sites\/14\/2024\/08\/Paula-1024x1024.png\" alt=\"\" style=\"width: 200px\"><\/td><td><strong>DIRECTORA<\/strong> <br><strong>Trad. P\u00fab, Dra. PAULA ORTIZ, MBA<\/strong> <br><strong>Directora del Centro de Idiomas<\/strong><br><strong>Directora de la Especializaci\u00f3n en Interpretaci\u00f3n Pericial<\/strong> <br>A cargo de la Direcci\u00f3n de las carreras de Licenciatura en Lengua Inglesa, Licenciatura en Interpretaci\u00f3n de Conferencias en Ingl\u00e9s, y Traductorados en Italiano y Portugu\u00e9s.&nbsp;<br><em>Asesor T\u00e9cnico Pedag\u00f3gico, Community Manager, Tecnolog\u00eda y Sist. de informaci\u00f3n<\/em><\/td><td><a href=\"#Paula-Ortiz\" data-type=\"page\" data-id=\"786\"><img decoding=\"async\" style=\"width: 20px\" src=\"https:\/\/www.usal.edu.ar\/lenguas\/wp-content\/uploads\/sites\/14\/2024\/07\/persona-300x300.png\" alt=\"\"><\/a><a href=\"mailto:portiz@usal.edu.ar\"><img decoding=\"async\" style=\"width: 20px\" src=\"https:\/\/www.usal.edu.ar\/lenguas\/wp-content\/uploads\/sites\/14\/2024\/07\/pngimg.com-email_PNG100751.png\" alt=\"\"><\/a><a href=\"mailto:portiz@usal.edu.ar\"><\/a><\/td><\/tr><tr><td><img decoding=\"async\" src=\"\/lenguas\/wp-content\/uploads\/sites\/14\/2024\/07\/paredes2.png\" alt=\"\" style=\"width: 200px\"><\/td><td><strong>Lic. SILVIA PAREDES VALENCIA<\/strong> <br>Secretaria Acad\u00e9mica <br><em>Coordinaci\u00f3n de Docencia<\/em><\/td><td><a href=\"#SParedes\"><img decoding=\"async\" style=\"width: 20px\" src=\"https:\/\/www.usal.edu.ar\/lenguas\/wp-content\/uploads\/sites\/14\/2024\/07\/persona-300x300.png\" alt=\"\"><\/a><a href=\"mailto:silvia.paredes@usal.edu.ar\"><img decoding=\"async\" style=\"width: 20px\" src=\"https:\/\/www.usal.edu.ar\/lenguas\/wp-content\/uploads\/sites\/14\/2024\/07\/pngimg.com-email_PNG100751.png\" alt=\"\"><\/a><a href=\"#Portfolio_Detail\"><\/a><\/td><\/tr><tr><td><img decoding=\"async\" src=\"https:\/\/www.usal.edu.ar\/lenguas\/wp-content\/uploads\/sites\/14\/2024\/07\/repetti2.png\" alt=\"\" style=\"width: 200px\"><\/td><td><strong>Trad. P\u00fab. MAR\u00edA VER\u00d3NICA REPETTI<\/strong> <br>Prosecretaria Acad\u00e9mica<br><strong>Directora de las carreras de Traductorado en ingl\u00e9s<\/strong><br><em>Investigaci\u00f3n, Extensi\u00f3n y Relaciones Institucionales, Secretaria de Redacci\u00f3n Revista IDEAS<\/em><\/td><td><a href=\"#VRepetti\"><img decoding=\"async\" style=\"width: 20px\" src=\"https:\/\/www.usal.edu.ar\/lenguas\/wp-content\/uploads\/sites\/14\/2024\/07\/persona-300x300.png\" alt=\"\"><\/a><a href=\"mailto:veronica.repetti@usal.edu.ar\"><img decoding=\"async\" style=\"width: 20px\" src=\"https:\/\/www.usal.edu.ar\/lenguas\/wp-content\/uploads\/sites\/14\/2024\/07\/pngimg.com-email_PNG100751.png\" alt=\"\"><\/a><a href=\"#Portfolio_Detail\"><\/a><\/td><\/tr><tr><td><img decoding=\"async\" src=\"\/lenguas\/wp-content\/uploads\/sites\/14\/2024\/07\/cairo2.png\" alt=\"\" style=\"width: 200px\"><\/td><td><strong>Mag. MAR\u00cdA EUGENIA CAIRO<\/strong> <br>Colaboradora Acad\u00e9mica<br><em>Coordinadora de Idiomas CI,&nbsp;Secretaria de Redacci\u00f3n Revista IDEAS<\/em><\/td><td><a href=\"#ECairo\"><img decoding=\"async\" style=\"width: 20px\" src=\"https:\/\/www.usal.edu.ar\/lenguas\/wp-content\/uploads\/sites\/14\/2024\/07\/persona-300x300.png\" alt=\"\"><\/a><a href=\"mailto:meugenia.cairo@usal.edu.ar\"><img decoding=\"async\" style=\"width: 20px\" src=\"https:\/\/www.usal.edu.ar\/lenguas\/wp-content\/uploads\/sites\/14\/2024\/07\/pngimg.com-email_PNG100751.png\" alt=\"\"><\/a><a href=\"#Portfolio_Detail\"><\/a><\/td><\/tr><tr><td><img decoding=\"async\" src=\"https:\/\/www.usal.edu.ar\/lenguas\/wp-content\/uploads\/sites\/14\/2024\/07\/deestrada2-1.png\" alt=\"\" style=\"width: 200px\"><\/td><td><strong>Lic. PAULA DE ESTRADA<\/strong> <br><em>Promoci\u00f3n e Ingreso de la Escuela de Lenguas Modernas<\/em> <br>Colaboradora acad\u00e9mica a cargo de la Coordinaci\u00f3n en Pilar<\/td><td><a href=\"#PEstrada\"><img decoding=\"async\" style=\"width: 20px\" src=\"https:\/\/www.usal.edu.ar\/lenguas\/wp-content\/uploads\/sites\/14\/2024\/07\/persona-300x300.png\" alt=\"\"><\/a><a href=\"mailto:pestrada@usal.edu.ar\"><img decoding=\"async\" style=\"width: 20px\" src=\"https:\/\/www.usal.edu.ar\/lenguas\/wp-content\/uploads\/sites\/14\/2024\/07\/pngimg.com-email_PNG100751.png\" alt=\"\"><\/a><a href=\"#Portfolio_Detail\"><\/a><\/td><\/tr><tr><td><img decoding=\"async\" src=\"\/lenguas\/wp-content\/uploads\/sites\/14\/2024\/07\/savini2.png\" alt=\"\" style=\"width: 200px\"><\/td><td><strong>Lic. AGUSTINA SAVINI<\/strong> <br>Asesora acad\u00e9mica en Pilar<\/td><td><a href=\"#ASavini\"><img decoding=\"async\" style=\"width: 20px\" src=\"https:\/\/www.usal.edu.ar\/lenguas\/wp-content\/uploads\/sites\/14\/2024\/07\/persona-300x300.png\" alt=\"\"><\/a><img decoding=\"async\" style=\"width: 20px\" src=\"https:\/\/www.usal.edu.ar\/lenguas\/wp-content\/uploads\/sites\/14\/2024\/07\/pngimg.com-email_PNG100751.png\" alt=\"\"><a href=\"#Portfolio_Detail\"><\/a><\/td><\/tr><tr><td><img decoding=\"async\" src=\"https:\/\/www.usal.edu.ar\/lenguas\/wp-content\/uploads\/sites\/14\/2024\/07\/sancineto2-1.png\" alt=\"\" style=\"width: 200px\"><\/td><td><strong>Trad. JUAN IGNACIO SANCINETO<\/strong> <br>Colaborador acad\u00e9mico<\/td><td><a href=\"#JSancineto\" data-type=\"internal\" data-id=\"#JSancineto\"><img decoding=\"async\" style=\"width: 20px\" src=\"https:\/\/www.usal.edu.ar\/lenguas\/wp-content\/uploads\/sites\/14\/2024\/07\/persona-300x300.png\" alt=\"\"><\/a><a href=\"mailto:juanignacio.sancineto@usal.edu.ar\"><img decoding=\"async\" style=\"width: 20px\" src=\"https:\/\/www.usal.edu.ar\/lenguas\/wp-content\/uploads\/sites\/14\/2024\/07\/pngimg.com-email_PNG100751.png\" alt=\"\"><\/a><a href=\"#Portfolio_Detail\"><\/a><\/td><\/tr><tr><td><img decoding=\"async\" src=\"\/lenguas\/wp-content\/uploads\/sites\/14\/2024\/07\/milio2.png\" alt=\"\" style=\"width: 200px\"><\/td><td><strong>Esp. CARLOS MILIO, MBA<\/strong> <br>Responsable \u00c1rea de Tecnolog\u00eda y Laboratorios<\/td><td><a href=\"#CMilio\" data-type=\"internal\" data-id=\"#CMilio\"><img decoding=\"async\" style=\"width: 20px\" src=\"https:\/\/www.usal.edu.ar\/lenguas\/wp-content\/uploads\/sites\/14\/2024\/07\/persona-300x300.png\" alt=\"\"><\/a><a href=\"mailto:cmilio@usal.edu.ar\"><img decoding=\"async\" style=\"width: 20px\" src=\"https:\/\/www.usal.edu.ar\/lenguas\/wp-content\/uploads\/sites\/14\/2024\/07\/pngimg.com-email_PNG100751.png\" alt=\"\"><\/a><a href=\"#Portfolio_Detail\"><\/a><\/td><\/tr><\/tbody><\/table><\/figure>\n\n\n\n<figure class=\"wp-block-table is-style-stripes\"><table><tbody><tr><td colspan=\"6\"><strong>Directores de carreras<\/strong><\/td><\/tr><tr><td><img loading=\"lazy\" decoding=\"async\" width=\"394\" height=\"406\" class=\"wp-image-371\" style=\"width: 150px\" src=\"https:\/\/www.usal.edu.ar\/lenguas\/wp-content\/uploads\/sites\/14\/2024\/07\/vrepetti.jpg\" alt=\"\" srcset=\"https:\/\/www.usal.edu.ar\/lenguas\/wp-content\/uploads\/sites\/14\/2024\/07\/vrepetti.jpg 394w, https:\/\/www.usal.edu.ar\/lenguas\/wp-content\/uploads\/sites\/14\/2024\/07\/vrepetti-291x300.jpg 291w\" sizes=\"auto, (max-width: 394px) 100vw, 394px\" \/><img loading=\"lazy\" decoding=\"async\" width=\"1299\" height=\"1299\" class=\"wp-image-2038\" style=\"width: 150px\" src=\"https:\/\/www.usal.edu.ar\/lenguas\/wp-content\/uploads\/sites\/14\/2024\/09\/ORTIZPaula.jpg\" alt=\"\" srcset=\"https:\/\/www.usal.edu.ar\/lenguas\/wp-content\/uploads\/sites\/14\/2024\/09\/ORTIZPaula.jpg 1299w, https:\/\/www.usal.edu.ar\/lenguas\/wp-content\/uploads\/sites\/14\/2024\/09\/ORTIZPaula-300x300.jpg 300w, https:\/\/www.usal.edu.ar\/lenguas\/wp-content\/uploads\/sites\/14\/2024\/09\/ORTIZPaula-1024x1024.jpg 1024w, https:\/\/www.usal.edu.ar\/lenguas\/wp-content\/uploads\/sites\/14\/2024\/09\/ORTIZPaula-150x150.jpg 150w, https:\/\/www.usal.edu.ar\/lenguas\/wp-content\/uploads\/sites\/14\/2024\/09\/ORTIZPaula-768x768.jpg 768w\" sizes=\"auto, (max-width: 1299px) 100vw, 1299px\" \/><\/td><td><br><br><strong>Trad. P\u00fab. Ver\u00f3nica Repetti<\/strong> <br>Directora de las <strong>carreras de Traductorado en ingl\u00e9s<\/strong><br><br><br><br><br><strong>Trad. P\u00fab. Dra. Paula Ortiz<\/strong><br>Directora a cargo de la <strong>Licenciatura en Lengua Inglesa<\/strong><br>Directora a cargo de la <strong>Licenciatura en Interpretaci\u00f3n de Conferencias en ingl\u00e9s<\/strong><br>Directora a cargo de las <strong>carreras en italiano<\/strong><br>Directora a cargo de las <strong>carreras en portugu\u00e9s<\/strong><\/td><td><a href=\"#Portfolio_Detail\"><\/a><\/td><td>&nbsp;<\/td><td><\/td><td>&nbsp;<\/td><\/tr><\/tbody><\/table><\/figure>\n\n\n\n<figure class=\"wp-block-table is-style-stripes\"><table><tbody><tr><td colspan=\"4\"><strong>Consejo Acad\u00e9mico&nbsp;<\/strong><em>(D.D.N\u00ba147\/2016)<\/em><\/td><td>&nbsp;<\/td><td class=\"has-text-align-center\" data-align=\"center\">&nbsp;<\/td><\/tr><tr><td><img decoding=\"async\" style=\"width: 90px\" src=\"http:\/\/lenguas.usal.edu.ar\/archivos\/lenguas\/imagenes\/andrada_norma.jpg\" alt=\"\"><img loading=\"lazy\" decoding=\"async\" width=\"90\" height=\"90\" class=\"wp-image-2029\" style=\"width: 90px\" src=\"https:\/\/www.usal.edu.ar\/lenguas\/wp-content\/uploads\/sites\/14\/2024\/09\/AndradaNorma.jpg\" alt=\"\"><\/td><td>Norma Andrada<\/td><td class=\"has-text-align-center\" data-align=\"center\"><img decoding=\"async\" style=\"width: 90px\" src=\"http:\/\/lenguas.usal.edu.ar\/archivos\/lenguas\/imagenes\/apariciomalvina.jpg\" alt=\"\"><img loading=\"lazy\" decoding=\"async\" width=\"900\" height=\"900\" class=\"wp-image-2037\" style=\"width: 90px\" src=\"https:\/\/www.usal.edu.ar\/lenguas\/wp-content\/uploads\/sites\/14\/2024\/09\/AparicioMalvina.jpg\" alt=\"\" srcset=\"https:\/\/www.usal.edu.ar\/lenguas\/wp-content\/uploads\/sites\/14\/2024\/09\/AparicioMalvina.jpg 900w, https:\/\/www.usal.edu.ar\/lenguas\/wp-content\/uploads\/sites\/14\/2024\/09\/AparicioMalvina-300x300.jpg 300w, https:\/\/www.usal.edu.ar\/lenguas\/wp-content\/uploads\/sites\/14\/2024\/09\/AparicioMalvina-150x150.jpg 150w, https:\/\/www.usal.edu.ar\/lenguas\/wp-content\/uploads\/sites\/14\/2024\/09\/AparicioMalvina-768x768.jpg 768w\" sizes=\"auto, (max-width: 900px) 100vw, 900px\" \/><\/td><td>Malvina Aparicio<\/td><td><img decoding=\"async\" style=\"width: 90px\" src=\"http:\/\/lenguas.usal.edu.ar\/archivos\/lenguas\/imagenes\/biasisusana.jpg\" alt=\"\"><img loading=\"lazy\" decoding=\"async\" width=\"90\" height=\"86\" class=\"wp-image-2030\" style=\"width: 90px\" src=\"https:\/\/www.usal.edu.ar\/lenguas\/wp-content\/uploads\/sites\/14\/2024\/09\/BiasiSusana_.jpg\" alt=\"\"><\/td><td>Susana Biasi&nbsp;<\/td><\/tr><tr><td><em><img decoding=\"async\" style=\"width: 90px\" src=\"\/lenguas\/wp-content\/uploads\/sites\/14\/2024\/07\/deestradapaula.jpg\" alt=\"\"><\/em><\/td><td>Paula de Estrada<\/td><td class=\"has-text-align-center\" data-align=\"center\"><img decoding=\"async\" style=\"width: 90px\" src=\"http:\/\/lenguas.usal.edu.ar\/archivos\/lenguas\/imagenes\/donatitiggie.jpg\" alt=\"\"><img loading=\"lazy\" decoding=\"async\" width=\"363\" height=\"364\" class=\"wp-image-2031\" style=\"width: 90px\" src=\"https:\/\/www.usal.edu.ar\/lenguas\/wp-content\/uploads\/sites\/14\/2024\/09\/DonatiTiggie.jpg\" alt=\"\" srcset=\"https:\/\/www.usal.edu.ar\/lenguas\/wp-content\/uploads\/sites\/14\/2024\/09\/DonatiTiggie.jpg 363w, https:\/\/www.usal.edu.ar\/lenguas\/wp-content\/uploads\/sites\/14\/2024\/09\/DonatiTiggie-300x300.jpg 300w, https:\/\/www.usal.edu.ar\/lenguas\/wp-content\/uploads\/sites\/14\/2024\/09\/DonatiTiggie-150x150.jpg 150w\" sizes=\"auto, (max-width: 363px) 100vw, 363px\" \/><\/td><td>Rosa Mar\u00eda Donati<\/td><td><img decoding=\"async\" src=\"\/lenguas\/wp-content\/uploads\/sites\/14\/2024\/07\/espanaedgardo.jpg\" alt=\"\" style=\"width: 90px\"><\/td><td>Edgardo Espa\u00f1a<\/td><\/tr><tr><td><img decoding=\"async\" src=\"\/lenguas\/wp-content\/uploads\/sites\/14\/2024\/07\/ferrettijuan_0.jpg\" alt=\"\" style=\"width: 90px\"><\/td><td>Juan A. Ferretti<\/td><td class=\"has-text-align-center\" data-align=\"center\"><img decoding=\"async\" style=\"width: 90px\" src=\"http:\/\/lenguas.usal.edu.ar\/archivos\/lenguas\/imagenes\/ortizpaula.jpg\" alt=\"\"><img loading=\"lazy\" decoding=\"async\" width=\"1299\" height=\"1299\" class=\"wp-image-2038\" style=\"width: 90px\" src=\"https:\/\/www.usal.edu.ar\/lenguas\/wp-content\/uploads\/sites\/14\/2024\/09\/ORTIZPaula.jpg\" alt=\"\" srcset=\"https:\/\/www.usal.edu.ar\/lenguas\/wp-content\/uploads\/sites\/14\/2024\/09\/ORTIZPaula.jpg 1299w, https:\/\/www.usal.edu.ar\/lenguas\/wp-content\/uploads\/sites\/14\/2024\/09\/ORTIZPaula-300x300.jpg 300w, https:\/\/www.usal.edu.ar\/lenguas\/wp-content\/uploads\/sites\/14\/2024\/09\/ORTIZPaula-1024x1024.jpg 1024w, https:\/\/www.usal.edu.ar\/lenguas\/wp-content\/uploads\/sites\/14\/2024\/09\/ORTIZPaula-150x150.jpg 150w, https:\/\/www.usal.edu.ar\/lenguas\/wp-content\/uploads\/sites\/14\/2024\/09\/ORTIZPaula-768x768.jpg 768w\" sizes=\"auto, (max-width: 1299px) 100vw, 1299px\" \/><\/td><td>Paula Ortiz<\/td><td><img decoding=\"async\" src=\"\/lenguas\/wp-content\/uploads\/sites\/14\/2024\/07\/sparedesv.jpg\" alt=\"\" style=\"width: 90px\"><\/td><td>Silvia Paredes Valencia<\/td><\/tr><tr><td><img decoding=\"async\" src=\"\/lenguas\/wp-content\/uploads\/sites\/14\/2024\/07\/vrepetti.jpg\" alt=\"\" style=\"width: 90px\"><\/td><td>Ver\u00f3nica Repetti<\/td><td class=\"has-text-align-center\" data-align=\"center\"><img decoding=\"async\" src=\"\/lenguas\/wp-content\/uploads\/sites\/14\/2024\/07\/saporiti_nestor.jpg\" alt=\"\" style=\"width: 90px\"><\/td><td>N\u00e9stor Saporiti<\/td><td><img decoding=\"async\" src=\"\/lenguas\/wp-content\/uploads\/sites\/14\/2024\/07\/hvalencia.jpg\" alt=\"\" style=\"width: 90px\"><\/td><td>H\u00e9ctor Valencia<\/td><\/tr><tr><td><img decoding=\"async\" src=\"\/lenguas\/wp-content\/uploads\/sites\/14\/2024\/07\/veltri_ofelia.jpg\" alt=\"\" style=\"width: 90px\"><\/td><td>Ofelia Veltri<\/td><td class=\"has-text-align-center\" data-align=\"center\"><img decoding=\"async\" style=\"width: 90px\" src=\"https:\/\/lenguas.usal.edu.ar\/archivos\/lenguas\/imagenes\/martinslanzoniflavia.jpg\" alt=\"\"><img loading=\"lazy\" decoding=\"async\" width=\"1280\" height=\"1280\" class=\"wp-image-2034\" style=\"width: 90px\" src=\"https:\/\/www.usal.edu.ar\/lenguas\/wp-content\/uploads\/sites\/14\/2024\/09\/MartinsLanzoniFlavia.jpg\" alt=\"\" srcset=\"https:\/\/www.usal.edu.ar\/lenguas\/wp-content\/uploads\/sites\/14\/2024\/09\/MartinsLanzoniFlavia.jpg 1280w, https:\/\/www.usal.edu.ar\/lenguas\/wp-content\/uploads\/sites\/14\/2024\/09\/MartinsLanzoniFlavia-300x300.jpg 300w, https:\/\/www.usal.edu.ar\/lenguas\/wp-content\/uploads\/sites\/14\/2024\/09\/MartinsLanzoniFlavia-1024x1024.jpg 1024w, https:\/\/www.usal.edu.ar\/lenguas\/wp-content\/uploads\/sites\/14\/2024\/09\/MartinsLanzoniFlavia-150x150.jpg 150w, https:\/\/www.usal.edu.ar\/lenguas\/wp-content\/uploads\/sites\/14\/2024\/09\/MartinsLanzoniFlavia-768x768.jpg 768w\" sizes=\"auto, (max-width: 1280px) 100vw, 1280px\" \/><\/td><td>Flavia Martins Lanzoni<\/td><td><img decoding=\"async\" style=\"width: 90px\" src=\"https:\/\/lenguas.usal.edu.ar\/archivos\/lenguas\/imagenes\/abuchedid.jpg\" alt=\"\"><img loading=\"lazy\" decoding=\"async\" width=\"330\" height=\"330\" class=\"wp-image-350\" style=\"width: 90px\" src=\"https:\/\/www.usal.edu.ar\/lenguas\/wp-content\/uploads\/sites\/14\/2024\/07\/cairo2.png\" alt=\"\" srcset=\"https:\/\/www.usal.edu.ar\/lenguas\/wp-content\/uploads\/sites\/14\/2024\/07\/cairo2.png 330w, https:\/\/www.usal.edu.ar\/lenguas\/wp-content\/uploads\/sites\/14\/2024\/07\/cairo2-300x300.png 300w, https:\/\/www.usal.edu.ar\/lenguas\/wp-content\/uploads\/sites\/14\/2024\/07\/cairo2-150x150.png 150w\" sizes=\"auto, (max-width: 330px) 100vw, 330px\" \/><\/td><td>Mar\u00eda Eugenia Cairo<\/td><\/tr><\/tbody><\/table><\/figure>\n\n\n\n<figure class=\"wp-block-table is-style-stripes\"><table><tbody><tr><td><strong><a href=\"mailto:seclavalle@usal.edu.ar\">Secretar\u00eda Administrativa<\/a><\/strong><\/td><td>&nbsp;<\/td><td>&nbsp;<\/td><td>&nbsp;<\/td><\/tr><tr><td><a href=\"mailto:mtorres@usal.edu.ar\">Marta Torres<\/a><br>Secretaria Administrativa<\/td><td><img decoding=\"async\" src=\"\/lenguas\/wp-content\/uploads\/sites\/14\/2024\/07\/mtorres.jpg\" alt=\"\" style=\"width: 70px\"><\/td><td><a href=\"mailto:mperez@usal.edu.ar\">Marcela P\u00e9rez<\/a><\/td><td><img decoding=\"async\" src=\"\/lenguas\/wp-content\/uploads\/sites\/14\/2024\/07\/mperez.jpg\" alt=\"\" style=\"width: 70px\"><\/td><\/tr><tr><td><a href=\"mailto:scoria@usal.edu.ar\">Sandra Coria<\/a><\/td><td><img decoding=\"async\" src=\"\/lenguas\/wp-content\/uploads\/sites\/14\/2024\/07\/coriasandra.jpg\" alt=\"\" style=\"width: 70px\"><\/td><td><a href=\"mailto:melizalde@usal.edu.ar\">Mart\u00edn Elizalde<\/a><\/td><td><img decoding=\"async\" src=\"\/lenguas\/wp-content\/uploads\/sites\/14\/2024\/07\/martin_elizalde.jpg\" alt=\"\" style=\"width: 70px\"><\/td><\/tr><\/tbody><\/table><\/figure>\n\n\n\n<p><a id=\"Paula-Ortiz\"><\/a><\/p>\n\n\n\n<hr class=\"wp-block-separator has-alpha-channel-opacity\" \/>\n\n\n\n<figure class=\"wp-block-image aligncenter size-full is-resized\"><img loading=\"lazy\" decoding=\"async\" width=\"1080\" height=\"1080\" src=\"https:\/\/www.usal.edu.ar\/lenguas\/wp-content\/uploads\/sites\/14\/2024\/08\/Paula.png\" alt=\"\" class=\"wp-image-1724\" style=\"width:219px;height:auto\" srcset=\"https:\/\/www.usal.edu.ar\/lenguas\/wp-content\/uploads\/sites\/14\/2024\/08\/Paula.png 1080w, https:\/\/www.usal.edu.ar\/lenguas\/wp-content\/uploads\/sites\/14\/2024\/08\/Paula-300x300.png 300w, https:\/\/www.usal.edu.ar\/lenguas\/wp-content\/uploads\/sites\/14\/2024\/08\/Paula-1024x1024.png 1024w, https:\/\/www.usal.edu.ar\/lenguas\/wp-content\/uploads\/sites\/14\/2024\/08\/Paula-150x150.png 150w, https:\/\/www.usal.edu.ar\/lenguas\/wp-content\/uploads\/sites\/14\/2024\/08\/Paula-768x768.png 768w\" sizes=\"auto, (max-width: 1080px) 100vw, 1080px\" \/><\/figure>\n\n\n\n<p>Paula Ortiz es Traductora P\u00fablica, Traductora Cient\u00edfico-literaria y Bachiller Superior en Ingl\u00e9s, graduada en la Universidad del Salvador; Cuenta tambi\u00e9n con un M\u00e1ster en Administraci\u00f3n de Empresas (MBA) por el Programa Internacional conjunto de la Universidad del Salvador y la Universidad de Deusto (Espa\u00f1a). Es Doctora en Ciencia de la Educaci\u00f3n por la Universidad del Salvador. Es Directora de la Escuela de Lenguas Modernas de la Universidad del Salvador, unidad acad\u00e9mica dependiente del Rectorado. Forma parte del cuerpo docente de la USAL desde 1992, especializ\u00e1ndose en Fon\u00e9tica y Dicci\u00f3n en ingl\u00e9s. En la actualidad, es titular de las c\u00e1tedras de Fon\u00e9tica y Fonolog\u00eda Inglesas de la Escuela de Lenguas Modernas. Es Directora de la Especializaci\u00f3n en Interpretaci\u00f3n Pericial&nbsp;de&nbsp;la Escuela de Lenguas Modernas de l USAL. Dirigi\u00f3 el Instituto de Investigaci\u00f3n en Lenguas Modernas hasta su . Como investigadora, participa en varios proyectos como Directora y Co-Directora en el Instituto de Investigaci\u00f3n en Humanidades de la USAL. Se ha especializado en la gesti\u00f3n universitaria, desempe\u00f1\u00e1ndose como Colaboradora Acad\u00e9mica, Secretaria de Desarrollo y Vicerrectora de Investigaci\u00f3n y Desarrollo de la Universidad del Salvador durante 22 a\u00f1os hasta Febrero de 2015. Es Directora del Programa Desarrollo Tecnol\u00f3gico TECSAL-USAL y gerencia los proyectos de la Fundaci\u00f3n TECSAL (Unidad de Vinculaci\u00f3n Tecnol\u00f3gica de la USAL), relativos a actividades de extensi\u00f3n, capacitaci\u00f3n y vinculaci\u00f3n con el medio de toda la USAL. Es Miembro de la Comisi\u00f3n Directiva de la Fundaci\u00f3n TECSAL y Miembro del Consejo de la Asociaci\u00f3n de Estudios Irlandeses del Sur. Es Acad\u00e9mica de N\u00famero de la Academia Argentina de Artes y Ciencias de la Comunicaci\u00f3n, sitial N\u00ba13.<\/p>\n\n\n\n<figure class=\"wp-block-image aligncenter is-resized\"><a href=\"#Autoridades\"><img decoding=\"async\" src=\"https:\/\/www.usal.edu.ar\/lenguas\/wp-content\/uploads\/sites\/14\/2024\/07\/flechaarriba0.png\" alt=\"\" style=\"width:47px;height:auto\" \/><\/a><\/figure>\n\n\n\n<hr class=\"wp-block-separator has-alpha-channel-opacity\" \/>\n\n\n\n<p><a id=\"SParedes\"><\/a><\/p>\n\n\n\n<figure class=\"wp-block-image aligncenter size-full is-resized\"><img loading=\"lazy\" decoding=\"async\" width=\"341\" height=\"341\" src=\"https:\/\/www.usal.edu.ar\/lenguas\/wp-content\/uploads\/sites\/14\/2024\/07\/paredes2.png\" alt=\"\" class=\"wp-image-352\" style=\"width:219px;height:auto\" srcset=\"https:\/\/www.usal.edu.ar\/lenguas\/wp-content\/uploads\/sites\/14\/2024\/07\/paredes2.png 341w, https:\/\/www.usal.edu.ar\/lenguas\/wp-content\/uploads\/sites\/14\/2024\/07\/paredes2-300x300.png 300w, https:\/\/www.usal.edu.ar\/lenguas\/wp-content\/uploads\/sites\/14\/2024\/07\/paredes2-150x150.png 150w\" sizes=\"auto, (max-width: 341px) 100vw, 341px\" \/><\/figure>\n\n\n\n<p>Silvia Paredes Valencia es Licenciada en Historia por la Universidad del Salvador. Se encuentra cursando el&nbsp;Doctorado en Ciencia de la Educaci\u00f3n de la Universidad del Salvador.&nbsp;Actualmente, se desempe\u00f1a como Secretaria Acad\u00e9mica en la Escuela de Lenguas Modernas de la USAL, donde es docente titular de la c\u00e1tedra de Historia de la Cultura y dicta clases en primero y cuarto a\u00f1o en todas las carreras de la Escuela.<\/p>\n\n\n\n<figure class=\"wp-block-image aligncenter is-resized\"><a href=\"#Autoridades\"><img decoding=\"async\" src=\"https:\/\/www.usal.edu.ar\/lenguas\/wp-content\/uploads\/sites\/14\/2024\/07\/flechaarriba0.png\" alt=\"\" style=\"width:47px;height:auto\" \/><\/a><\/figure>\n\n\n\n<hr class=\"wp-block-separator has-alpha-channel-opacity\" \/>\n\n\n\n<p><a id=\"VRepetti\"><\/a><\/p>\n\n\n\n<figure class=\"wp-block-image aligncenter size-full is-resized\"><img loading=\"lazy\" decoding=\"async\" width=\"334\" height=\"334\" src=\"https:\/\/www.usal.edu.ar\/lenguas\/wp-content\/uploads\/sites\/14\/2024\/07\/repetti2-1.png\" alt=\"\" class=\"wp-image-351\" style=\"width:219px;height:auto\" srcset=\"https:\/\/www.usal.edu.ar\/lenguas\/wp-content\/uploads\/sites\/14\/2024\/07\/repetti2-1.png 334w, https:\/\/www.usal.edu.ar\/lenguas\/wp-content\/uploads\/sites\/14\/2024\/07\/repetti2-1-300x300.png 300w, https:\/\/www.usal.edu.ar\/lenguas\/wp-content\/uploads\/sites\/14\/2024\/07\/repetti2-1-150x150.png 150w\" sizes=\"auto, (max-width: 334px) 100vw, 334px\" \/><\/figure>\n\n\n\n<p>Mar\u00eda Ver\u00f3nica Repetti es traductora p\u00fablica por la Universidad del Salvador y contadora p\u00fablica por la Universidad de Buenos Aires.&nbsp;Se encuentra cursando el&nbsp;Doctorado en Ciencia de la Educaci\u00f3n de la Universidad del Salvador.&nbsp;Actualmente, se desempe\u00f1a como Prosecretaria Acad\u00e9mica y Directora de los Traductorados en Ingl\u00e9s en la Escuela de Lenguas Modernas de la USAL, donde tambi\u00e9n dicta clases de Lengua Inglesa, como docente titular. Es profesora titular de la c\u00e1tedra Contabilidad, Econom\u00eda y Finanzas II en el Traductorado P\u00fablico de la Facultad de Derecho de la UBA. Desde el a\u00f1o 2014, forma parte del equipo de investigaci\u00f3n que dirige la Dra. Ofelia Veltri en el Instituto de Investigaci\u00f3n en Lenguas Modernas, ahora incluido en el Instituto de Investigaciones en Humanidades de la USAL. Es tambi\u00e9n Coordinadora de Investigaci\u00f3n y Secretaria de Redacci\u00f3n de la publicaci\u00f3n IDEAS de la Escuela de Lenguas Modernas de la USAL, y miembro de la Comisi\u00f3n Acad\u00e9mica Ejecutiva de la C\u00e1tedra Extracurricular de Estudios Irlandeses de la Escuela de Lenguas Modernas (USAL).<\/p>\n\n\n\n<figure class=\"wp-block-image aligncenter is-resized\"><a href=\"#Autoridades\"><img decoding=\"async\" src=\"https:\/\/www.usal.edu.ar\/lenguas\/wp-content\/uploads\/sites\/14\/2024\/07\/flechaarriba0.png\" alt=\"\" style=\"width:47px;height:auto\" \/><\/a><\/figure>\n\n\n\n<hr class=\"wp-block-separator has-alpha-channel-opacity\" \/>\n\n\n\n<p><a id=\"ECairo\"><\/a><\/p>\n\n\n\n<figure class=\"wp-block-image aligncenter size-full is-resized\"><img loading=\"lazy\" decoding=\"async\" width=\"330\" height=\"330\" src=\"https:\/\/www.usal.edu.ar\/lenguas\/wp-content\/uploads\/sites\/14\/2024\/07\/cairo2.png\" alt=\"\" class=\"wp-image-350\" style=\"width:219px;height:auto\" srcset=\"https:\/\/www.usal.edu.ar\/lenguas\/wp-content\/uploads\/sites\/14\/2024\/07\/cairo2.png 330w, https:\/\/www.usal.edu.ar\/lenguas\/wp-content\/uploads\/sites\/14\/2024\/07\/cairo2-300x300.png 300w, https:\/\/www.usal.edu.ar\/lenguas\/wp-content\/uploads\/sites\/14\/2024\/07\/cairo2-150x150.png 150w\" sizes=\"auto, (max-width: 330px) 100vw, 330px\" \/><\/figure>\n\n\n\n<p>Mar\u00eda Eugenia Cairo es Traductora Cient\u00edfico-Literaria y P\u00fablica de Ingl\u00e9s (USAL) y Mag\u00edster en Literatura Espa\u00f1ola (Loyola University Chicago, EE.UU.). Doctoranda en Letras en la USAL. Actualmente coordina el Centro de Idiomas de la Escuela de Lenguas Modernas. Es docente de Lengua Inglesa y M\u00e9todo de Traducci\u00f3n de la Escuela de Lenguas Modernas e investigadora en el Instituto de Filosof\u00eda, Letras y Estudios Orientales. Se ha desempe\u00f1ado como docente en colegios y como instructora para planificaci\u00f3n y ense\u00f1anza de cursos de espa\u00f1ol en el departamento de lenguas y literatura de Loyola University Chicago.<\/p>\n\n\n\n<figure class=\"wp-block-image aligncenter is-resized\"><a href=\"#Autoridades\"><img decoding=\"async\" src=\"https:\/\/www.usal.edu.ar\/lenguas\/wp-content\/uploads\/sites\/14\/2024\/07\/flechaarriba0.png\" alt=\"\" style=\"width:47px;height:auto\" \/><\/a><\/figure>\n\n\n\n<hr class=\"wp-block-separator has-alpha-channel-opacity\" \/>\n\n\n\n<p><a id=\"PEstrada\"><\/a><\/p>\n\n\n\n<figure class=\"wp-block-image aligncenter size-full is-resized\"><img loading=\"lazy\" decoding=\"async\" width=\"343\" height=\"343\" src=\"https:\/\/www.usal.edu.ar\/lenguas\/wp-content\/uploads\/sites\/14\/2024\/07\/deestrada2.png\" alt=\"\" class=\"wp-image-349\" style=\"width:219px;height:auto\" srcset=\"https:\/\/www.usal.edu.ar\/lenguas\/wp-content\/uploads\/sites\/14\/2024\/07\/deestrada2.png 343w, https:\/\/www.usal.edu.ar\/lenguas\/wp-content\/uploads\/sites\/14\/2024\/07\/deestrada2-300x300.png 300w, https:\/\/www.usal.edu.ar\/lenguas\/wp-content\/uploads\/sites\/14\/2024\/07\/deestrada2-150x150.png 150w\" sizes=\"auto, (max-width: 343px) 100vw, 343px\" \/><\/figure>\n\n\n\n<p>Mar\u00eda Paula de Estrada es Coordinadora de la Escuela de Lenguas Modernas en Delegaci\u00f3n Pilar. Responsable del \u00e1rea de Promoci\u00f3n e Ingreso de la Escuela de Lenguas Modernas. Es Licenciada en Nutrici\u00f3n.<\/p>\n\n\n\n<figure class=\"wp-block-image aligncenter is-resized\"><a href=\"#Autoridades\"><img decoding=\"async\" src=\"https:\/\/www.usal.edu.ar\/lenguas\/wp-content\/uploads\/sites\/14\/2024\/07\/flechaarriba0.png\" alt=\"\" style=\"width:47px;height:auto\" \/><\/a><\/figure>\n\n\n\n<hr class=\"wp-block-separator has-alpha-channel-opacity\" \/>\n\n\n\n<p><a id=\"ASavini\"><\/a><\/p>\n\n\n\n<figure class=\"wp-block-image aligncenter size-full is-resized\"><img loading=\"lazy\" decoding=\"async\" width=\"343\" height=\"343\" src=\"https:\/\/www.usal.edu.ar\/lenguas\/wp-content\/uploads\/sites\/14\/2024\/07\/savini2.png\" alt=\"\" class=\"wp-image-348\" style=\"width:219px;height:auto\" srcset=\"https:\/\/www.usal.edu.ar\/lenguas\/wp-content\/uploads\/sites\/14\/2024\/07\/savini2.png 343w, https:\/\/www.usal.edu.ar\/lenguas\/wp-content\/uploads\/sites\/14\/2024\/07\/savini2-300x300.png 300w, https:\/\/www.usal.edu.ar\/lenguas\/wp-content\/uploads\/sites\/14\/2024\/07\/savini2-150x150.png 150w\" sizes=\"auto, (max-width: 343px) 100vw, 343px\" \/><\/figure>\n\n\n\n<p>Agustina Savini es Licenciada en Interpretaci\u00f3n de Conferencias en Ingl\u00e9s, graduada de la Universidad del Salvador con honores en el a\u00f1o 2011. Al a\u00f1o siguiente, comenz\u00f3 su labor como docente universitaria en la Universidad del Salvador. Realiz\u00f3 curso de Fon\u00e9tica en&nbsp;<em>University College London<\/em>&nbsp;(UCL); obtuvo el CELTA a trav\u00e9s de&nbsp;<em>International House London<\/em>&nbsp;\u2013 otorgado por la universidad de Cambridge -; fue coordinadora en las Conferencias sobre Cambio Clim\u00e1tico organizadas por ICCYL en Oxford en los a\u00f1os 2013 y 2014 y fue profesora de Ingl\u00e9s en&nbsp;<em>International House London<\/em>, donde dict\u00f3 clases de&nbsp;<em>EFL<\/em>,&nbsp;<em>ESL<\/em>,&nbsp;<em>EAP<\/em>&nbsp;y talleres de Fon\u00e9tica. En ese entonces, comenz\u00f3 a trabajar para el Departamento de Investigaci\u00f3n y Pedagog\u00eda de&nbsp;<em>Cambridge University Press<\/em>, donde a\u00fan ejerce especializ\u00e1ndose en el \u00e1rea de Fon\u00e9tica y Fonolog\u00eda Inglesa. Es examinadora oral para&nbsp;<em>Cambridge ESOL<\/em>&nbsp;en&nbsp;<em>Buenos Aires Open Centre<\/em>.&nbsp; Actualmente, es docente en la Universidad del Salvador y en el Instituto Superior Santa Trinidad. Desarrolla actividades de coordinaci\u00f3n acad\u00e9mica de la Escuela de Lenguas Modernas en el Campus de Pilar de la USAL. Docente de Interpretaci\u00f3n Consecutiva I y Fon\u00e9tica y Fonolog\u00eda Inglesas.<\/p>\n\n\n\n<figure class=\"wp-block-image aligncenter is-resized\"><a href=\"#Autoridades\"><img decoding=\"async\" src=\"https:\/\/www.usal.edu.ar\/lenguas\/wp-content\/uploads\/sites\/14\/2024\/07\/flechaarriba0.png\" alt=\"\" style=\"width:47px;height:auto\" \/><\/a><\/figure>\n\n\n\n<hr class=\"wp-block-separator has-alpha-channel-opacity\" \/>\n\n\n\n<p><a id=\"JSancineto\"><\/a><\/p>\n\n\n\n<figure class=\"wp-block-image aligncenter size-full is-resized\"><img loading=\"lazy\" decoding=\"async\" width=\"344\" height=\"344\" src=\"https:\/\/www.usal.edu.ar\/lenguas\/wp-content\/uploads\/sites\/14\/2024\/07\/sancineto2.png\" alt=\"\" class=\"wp-image-347\" style=\"width:219px;height:auto\" srcset=\"https:\/\/www.usal.edu.ar\/lenguas\/wp-content\/uploads\/sites\/14\/2024\/07\/sancineto2.png 344w, https:\/\/www.usal.edu.ar\/lenguas\/wp-content\/uploads\/sites\/14\/2024\/07\/sancineto2-300x300.png 300w, https:\/\/www.usal.edu.ar\/lenguas\/wp-content\/uploads\/sites\/14\/2024\/07\/sancineto2-150x150.png 150w\" sizes=\"auto, (max-width: 344px) 100vw, 344px\" \/><\/figure>\n\n\n\n<p>Juan Ignacio Sancineto es Traductor P\u00fablico de ingl\u00e9s y Traductor Cient\u00edfico-Literario en ingl\u00e9s por la Universidad del Salvador. Es colaborador acad\u00e9mico en la Secretar\u00eda Acad\u00e9mica de la Escuela de Lenguas Modernas, en el \u00e1rea de idiomas y de extensi\u00f3n universitaria.<\/p>\n\n\n\n<figure class=\"wp-block-image aligncenter is-resized\"><a href=\"#Autoridades\"><img decoding=\"async\" src=\"https:\/\/www.usal.edu.ar\/lenguas\/wp-content\/uploads\/sites\/14\/2024\/07\/flechaarriba0.png\" alt=\"\" style=\"width:47px;height:auto\" \/><\/a><\/figure>\n\n\n\n<hr class=\"wp-block-separator has-alpha-channel-opacity\" \/>\n\n\n\n<p><a id=\"CMilio\"><\/a><\/p>\n\n\n\n<figure class=\"wp-block-image aligncenter size-full is-resized\"><img loading=\"lazy\" decoding=\"async\" width=\"333\" height=\"333\" src=\"https:\/\/www.usal.edu.ar\/lenguas\/wp-content\/uploads\/sites\/14\/2024\/07\/milio2.png\" alt=\"\" class=\"wp-image-346\" style=\"width:219px;height:auto\" srcset=\"https:\/\/www.usal.edu.ar\/lenguas\/wp-content\/uploads\/sites\/14\/2024\/07\/milio2.png 333w, https:\/\/www.usal.edu.ar\/lenguas\/wp-content\/uploads\/sites\/14\/2024\/07\/milio2-300x300.png 300w, https:\/\/www.usal.edu.ar\/lenguas\/wp-content\/uploads\/sites\/14\/2024\/07\/milio2-150x150.png 150w\" sizes=\"auto, (max-width: 333px) 100vw, 333px\" \/><\/figure>\n\n\n\n<p>Carlos A. Milio es Magister y Especialista en Administraci\u00f3n de Negocios, programa internacional conjunto de la Universidad del Salvador y State University of New York &#8211; SUNY. Se ha desempe\u00f1ado en el Departamento de Sistemas de la Universidad del Salvador desde 2000 hasta 2022. Desde 2023 es jefe del \u00c1rea de Tecnolog\u00eda y asistencia t\u00e9cnica. Posee una titulaci\u00f3n en Direcci\u00f3n de Proyectos del ITBA, Formaci\u00f3n de Auditores Internos en Sistema de Gesti\u00f3n de Calidad Norma ISO 9001, Norma ISO 19011 del Instituto IRAM. Es Certificado ITIL\u00ae Foundation, Axelos y posee certificaci\u00f3n en Dise\u00f1o e Instalaci\u00f3n de cableados estructurados de AMP Netconnect, TE Connectivity.<\/p>\n\n\n\n<figure class=\"wp-block-image aligncenter is-resized\"><a href=\"#Autoridades\"><img decoding=\"async\" src=\"https:\/\/www.usal.edu.ar\/lenguas\/wp-content\/uploads\/sites\/14\/2024\/07\/flechaarriba0.png\" alt=\"\" style=\"width:47px;height:auto\" \/><\/a><\/figure>\n","protected":false},"excerpt":{"rendered":"<p>DIRECTORA Trad. P\u00fab, Dra. PAULA ORTIZ, MBA Directora del Centro de IdiomasDirectora de la Especializaci\u00f3n en Interpretaci\u00f3n Pericial A cargo de la Direcci\u00f3n de las carreras de Licenciatura en Lengua Inglesa, Licenciatura en Interpretaci\u00f3n de Conferencias en Ingl\u00e9s, y Traductorados en Italiano y Portugu\u00e9s.&nbsp;Asesor T\u00e9cnico Pedag\u00f3gico, Community Manager, Tecnolog\u00eda y Sist. de informaci\u00f3n Lic. SILVIA [&hellip;]<\/p>\n","protected":false},"author":5,"featured_media":0,"parent":0,"menu_order":0,"comment_status":"closed","ping_status":"closed","template":"","meta":{"_acf_changed":false,"footnotes":""},"class_list":["post-59","page","type-page","status-publish","hentry"],"acf":[],"_links":{"self":[{"href":"https:\/\/www.usal.edu.ar\/lenguas\/wp-json\/wp\/v2\/pages\/59","targetHints":{"allow":["GET"]}}],"collection":[{"href":"https:\/\/www.usal.edu.ar\/lenguas\/wp-json\/wp\/v2\/pages"}],"about":[{"href":"https:\/\/www.usal.edu.ar\/lenguas\/wp-json\/wp\/v2\/types\/page"}],"author":[{"embeddable":true,"href":"https:\/\/www.usal.edu.ar\/lenguas\/wp-json\/wp\/v2\/users\/5"}],"replies":[{"embeddable":true,"href":"https:\/\/www.usal.edu.ar\/lenguas\/wp-json\/wp\/v2\/comments?post=59"}],"version-history":[{"count":76,"href":"https:\/\/www.usal.edu.ar\/lenguas\/wp-json\/wp\/v2\/pages\/59\/revisions"}],"predecessor-version":[{"id":4118,"href":"https:\/\/www.usal.edu.ar\/lenguas\/wp-json\/wp\/v2\/pages\/59\/revisions\/4118"}],"wp:attachment":[{"href":"https:\/\/www.usal.edu.ar\/lenguas\/wp-json\/wp\/v2\/media?parent=59"}],"curies":[{"name":"wp","href":"https:\/\/api.w.org\/{rel}","templated":true}]}}