{"id":61,"date":"2024-07-12T15:27:19","date_gmt":"2024-07-12T18:27:19","guid":{"rendered":"https:\/\/www.usal.edu.ar\/lenguas\/?page_id=61"},"modified":"2026-03-23T07:40:32","modified_gmt":"2026-03-23T10:40:32","slug":"cuerpo-docente","status":"publish","type":"page","link":"https:\/\/www.usal.edu.ar\/lenguas\/cuerpo-docente\/","title":{"rendered":"Cuerpo docente"},"content":{"rendered":"\n<figure class=\"wp-block-table\"><table><tbody><tr><td><a href=\"#Portfolio_Detail\"><\/a><strong>A<\/strong><br>ADUNA, CAMILA <br><a href=\"#Portfolio_Detail\"><\/a>AGUILAR, GABRIELA\u00a0 <br><a href=\"#Portfolio_Detail\"><\/a>ALBANO, HILDA (E) <br>ANDRADA, NORMA (E) <br><a href=\"#Portfolio_Detail\"><\/a>APARICIO, MALVINA (E)\u00a0 <br><a href=\"#Portfolio_Detail\"><\/a>ARGUL, ALEJANDRA <br><a href=\"#Portfolio_Detail\"><\/a>ARREGHINI, M\u00d3NICA (I) <br><strong>B<\/strong><br><a href=\"#Portfolio_Detail\"><\/a>BARENSTEIN, JULI\u00c1N <br><a href=\"#Portfolio_Detail\"><\/a>BARNA, SILVINA <br><a href=\"#Portfolio_Detail\"><\/a>BARQUET, JAVIER<br>BASILE, GAST\u00d3N (I) <br><a href=\"#Portfolio_Detail\"><\/a>BELLAZZI, Ma. SOL<br>BENITEZ, LUNA QUIMEY <br><a href=\"#Portfolio_Detail\"><\/a>BIANCO, ELEONORA\u00a0 <br><a href=\"#Portfolio_Detail\"><\/a>BIASI, SUSANA JOSEFINA (E) <br>BONSIGNORE, JUAN MARCO<br><a href=\"#Portfolio_Detail\"><\/a>BORTOLATO, B\u00c1RBARA <br><a href=\"#Portfolio_Detail\"><\/a>BRESSANO, CATALINA <br><strong>C<\/strong><br><a href=\"#Portfolio_Detail\"><\/a>CAIRO, MAR\u00cdA EUGENIA <br><a href=\"#Portfolio_Detail\"><\/a>CALDER\u00d3N, MAR\u00cdA LAURA <br><a href=\"#Portfolio_Detail\"><\/a>CALLEJO, MAR\u00cdA LUZ (I)<br><a href=\"#Portfolio_Detail\"><\/a>CAPELLI, FRANCESCA <br><a href=\"#Portfolio_Detail\"><\/a>CAPUTO, NORBERTO <br><a href=\"#Portfolio_Detail\"><\/a>CARRETERO, LUCIA BELEN <br>CIAMPAGNA, LISANDO <br><a href=\"#Portfolio_Detail\"><\/a>CICCARELLI, MARISA <br><a href=\"#Portfolio_Detail\"><\/a>CONTARELLI, MAR\u00edA PAULA <br><a href=\"#Portfolio_Detail\"><\/a>COSTALES, SANDRA<br><a href=\"#Portfolio_Detail\"><\/a>CRUSET, Ma. EUGENIA<br><strong>D<\/strong><br>DE AGOSTINI, VALERIA (I)<br><a href=\"#Portfolio_Detail\"><\/a>DE GALVAGNI, FLORENCIA<br>DEMARCHI, PABLO<br><a href=\"#Portfolio_Detail\"><\/a>D&#8217;ISERNIA, LAURA MABEL<br>DONATI, ROSA MARIA\u00a0(E)<br><strong>E<\/strong><br>ESCOBAR RODOLFO<br>ESPA\u00d1A, EDGARDO JORGE <br><strong>F<\/strong><br>FABIAN, JORGE<\/td><td>FAR\u00edAS, MAR\u00edA SOL <br>FERNANDEZ, MELISA ROC\u00edO<br>FERRARO, CECILIA <br><a href=\"#Portfolio_Detail\"><\/a>FERRERO, ESTEFAN\u00edA <br><a href=\"#Portfolio_Detail\"><\/a>FERRETTI, JUAN <br><a href=\"#Portfolio_Detail\"><\/a>FILONI, DANIEL <br><a href=\"#Portfolio_Detail\"><\/a><strong>G<\/strong><br>GABRIELE, CLAUDIA<br>GALLEGOS, MARCELA <br>GARC\u00cdA, MAYRA BEL\u00c9N<br><a href=\"#Portfolio_Detail\"><\/a>GARC\u00cdA PARODI, MARIAM <br><a href=\"#Portfolio_Detail\"><\/a>GARGIULO, MICAELA <br>GOROSTEGUI, CARLOS <br><a href=\"#Portfolio_Detail\"><\/a>GRAN\u00c1, LEONARDO EMANUEL <br>GUTIERREZ, CANDELARIA <br><a href=\"#Portfolio_Detail\"><\/a><strong>H<\/strong><br>HARMAN, JUSTIN (I) <br><a href=\"#Portfolio_Detail\"><\/a>HEINRICH, ELIANA\u00a0 <br><a href=\"#Portfolio_Detail\"><\/a>HRELJAC, LILIAN MARIANA <br><a href=\"#Portfolio_Detail\"><\/a><strong>I<\/strong><br>IGLESIAS ARAUJO SILVA, LARA <br><a href=\"#Portfolio_Detail\"><\/a><strong>J<\/strong><br>JORGE CARRANZA, EZEQUIEL\u00a0 <br><a href=\"#Portfolio_Detail\"><\/a><strong>K<\/strong><br>KEEGAN, VIVIANA <br><a href=\"#Portfolio_Detail\"><\/a>KRSUL, SANTIAGO DANIEL (I) <br><a href=\"#Portfolio_Detail\"><\/a><strong>L<\/strong><br>L\u00d3PEZ, ANDREA FABIOLA <br><strong>M<\/strong><br>MARTIN, ADRIANA <br><a href=\"#Portfolio_Detail\"><\/a>MARTINEZ OCHAB, CAROLINA <br><a href=\"#Portfolio_Detail\"><\/a>MARTINS LANZONI, FLAVIA <br>MCMELEY, MARK (I)<br><a href=\"#Portfolio_Detail\"><\/a>MORENO, JUAN CRUZ<br><strong>O<\/strong><br>OBLAK, TANIA <br>ORTIZ, PAULA\u00a0<br><strong>P<\/strong><br>PAGNANELLI, MARCELA<br>PALLAVECINO, STELLA<br>PANDOLFI, MARIA EMILIA<br>PAREDES VALENCIA, SILVIA<br>PASQUALI, PALOMA<br>PE\u00d1A ARROYAVE, ALEJANDRO<\/td><td>PERAZZO, Ma. EUGENIA<br>PEREZ LEON BARRETO, CONSTANZA<br>P\u00c9REZ de CASAL, VIRGINIA<br><a href=\"#Portfolio_Detail\"><\/a>PERTICONE, ANDREA<br>PETRINELLI, RA\u00daL<br><a href=\"#Portfolio_Detail\"><\/a>PEYRANO, PILAR<br>PITTON STRAFACE, MARIEL<br>POLICASTRO, PATRICIA<br><a href=\"#Portfolio_Detail\"><\/a>POU, MARINA<br><a href=\"#Portfolio_Detail\"><\/a>PROFITTI, NATALIA<br><a href=\"#Portfolio_Detail\"><\/a>PROSDOCIMI, LUC\u00cdA<br><strong>R<\/strong><br>RASCHCOVSKY, NATALIA<br>RASPA, JONATHAN<br><a href=\"#Portfolio_Detail\"><\/a>REPETTI, MAR\u00cdA VER\u00d3NICA&nbsp;<br>ROCA, MARIANO<br><a href=\"#Portfolio_Detail\"><\/a>RODR\u00cdGUEZ, ANDREA<br>RODR\u00cdGUEZ, CANDELA<br><a href=\"#Portfolio_Detail\"><\/a>RODR\u00cdGUEZ, JEREM\u00cdAS<br>ROSALES, Ma. FERNANDA<br><a href=\"#Portfolio_Detail\"><\/a>ROTHAR, JOS\u00c9 ALFREDO<br><a href=\"#Portfolio_Detail\"><\/a><strong>S<\/strong><br>SAFAR, PAULA<br>S\u00c1NCHEZ, MARIANA<br>SAVINI, AGUSTINA<br><a href=\"#Portfolio_Detail\"><\/a>SCARPATTI, Ma. VICTORIA<br><a href=\"#Portfolio_Detail\"><\/a>SFORZA, NORA HEBE<br>SZLAJEN, FERNANDO<br>SLY, ALEJANDRO<br><a href=\"#Portfolio_Detail\"><\/a>SORIA, ANAL\u00edA<br><strong>T<\/strong><br>TOSO, GABRIELLA<br><a href=\"#Portfolio_Detail\"><\/a><strong>U<\/strong><br>URE, SANTIAGO<br><a href=\"#Portfolio_Detail\"><\/a><strong>V<\/strong><br>VALENCIA, H\u00c9CTOR&nbsp;(E)<br><a href=\"#Portfolio_Detail\"><\/a>VALINOTI, MART\u00cdN&nbsp;<br>VELASCO DEVOTO, SOF\u00cdA<br><a href=\"#Portfolio_Detail\"><\/a>VELTRI, OFELIA (E)<br><a href=\"#Portfolio_Detail\"><\/a>VIDETTA, MARCELO&nbsp;<br><a href=\"#Portfolio_Detail\"><\/a>VOMMARO, GISELLA&nbsp;<br><strong>Z<\/strong><br>ZABALA, FRANCISCO (I)<\/td><\/tr><\/tbody><\/table><figcaption class=\"wp-element-caption\">(E) Em\u00e9rito (I) Invitado <a href=\"https:\/\/www.usal.edu.ar\/lenguas\/wp-content\/uploads\/sites\/14\/2026\/01\/Catedras_ELM_Ano2026C1.pdf\" target=\"_blank\" rel=\"noreferrer noopener\">C\u00e1tedras<\/a><\/figcaption><\/figure>\n\n\n\n<p><\/p>\n","protected":false},"excerpt":{"rendered":"<p>AADUNA, CAMILA AGUILAR, GABRIELA\u00a0 ALBANO, HILDA (E) ANDRADA, NORMA (E) APARICIO, MALVINA (E)\u00a0 ARGUL, ALEJANDRA ARREGHINI, M\u00d3NICA (I) BBARENSTEIN, JULI\u00c1N BARNA, SILVINA BARQUET, JAVIERBASILE, GAST\u00d3N (I) BELLAZZI, Ma. SOLBENITEZ, LUNA QUIMEY BIANCO, ELEONORA\u00a0 BIASI, SUSANA JOSEFINA (E) BONSIGNORE, JUAN MARCOBORTOLATO, B\u00c1RBARA BRESSANO, CATALINA CCAIRO, MAR\u00cdA EUGENIA CALDER\u00d3N, MAR\u00cdA LAURA CALLEJO, MAR\u00cdA LUZ (I)CAPELLI, FRANCESCA CAPUTO, [&hellip;]<\/p>\n","protected":false},"author":5,"featured_media":0,"parent":0,"menu_order":0,"comment_status":"closed","ping_status":"closed","template":"","meta":{"_acf_changed":false,"footnotes":""},"class_list":["post-61","page","type-page","status-publish","hentry"],"acf":[],"_links":{"self":[{"href":"https:\/\/www.usal.edu.ar\/lenguas\/wp-json\/wp\/v2\/pages\/61","targetHints":{"allow":["GET"]}}],"collection":[{"href":"https:\/\/www.usal.edu.ar\/lenguas\/wp-json\/wp\/v2\/pages"}],"about":[{"href":"https:\/\/www.usal.edu.ar\/lenguas\/wp-json\/wp\/v2\/types\/page"}],"author":[{"embeddable":true,"href":"https:\/\/www.usal.edu.ar\/lenguas\/wp-json\/wp\/v2\/users\/5"}],"replies":[{"embeddable":true,"href":"https:\/\/www.usal.edu.ar\/lenguas\/wp-json\/wp\/v2\/comments?post=61"}],"version-history":[{"count":15,"href":"https:\/\/www.usal.edu.ar\/lenguas\/wp-json\/wp\/v2\/pages\/61\/revisions"}],"predecessor-version":[{"id":4671,"href":"https:\/\/www.usal.edu.ar\/lenguas\/wp-json\/wp\/v2\/pages\/61\/revisions\/4671"}],"wp:attachment":[{"href":"https:\/\/www.usal.edu.ar\/lenguas\/wp-json\/wp\/v2\/media?parent=61"}],"curies":[{"name":"wp","href":"https:\/\/api.w.org\/{rel}","templated":true}]}}