{"id":71,"date":"2024-07-12T15:28:28","date_gmt":"2024-07-12T18:28:28","guid":{"rendered":"https:\/\/www.usal.edu.ar\/lenguas\/?page_id=71"},"modified":"2025-03-26T17:09:56","modified_gmt":"2025-03-26T20:09:56","slug":"noticias","status":"publish","type":"page","link":"https:\/\/www.usal.edu.ar\/lenguas\/noticias\/","title":{"rendered":"Noticias"},"content":{"rendered":"\n<div class=\"wp-block-group has-global-padding is-layout-constrained wp-container-core-group-is-layout-19e250f3 wp-block-group-is-layout-constrained\">\n<div class=\"wp-block-query is-layout-flow wp-block-query-is-layout-flow\"><ul class=\"wp-block-post-template is-layout-flow wp-container-core-post-template-is-layout-ea1fff98 wp-block-post-template-is-layout-flow\"><li class=\"wp-block-post post-4685 post type-post status-publish format-standard has-post-thumbnail hentry category-curso category-novedades\">\n\n<div class=\"wp-block-columns has-background is-layout-flex wp-container-core-columns-is-layout-a85f4655 wp-block-columns-is-layout-flex\" style=\"background-color:#e1eddd66\">\n<div class=\"wp-block-column is-layout-flow wp-block-column-is-layout-flow\" style=\"flex-basis:300px\"><figure class=\"wp-block-post-featured-image\"><a href=\"https:\/\/www.usal.edu.ar\/lenguas\/curso-taller-extracurricular-de-introduccion-a-la-tav-8-4\/\" target=\"_self\"  ><img loading=\"lazy\" decoding=\"async\" width=\"1080\" height=\"1080\" src=\"https:\/\/www.usal.edu.ar\/lenguas\/wp-content\/uploads\/sites\/14\/2024\/07\/TAV.jpg\" class=\"attachment-post-thumbnail size-post-thumbnail wp-post-image\" alt=\"Curso-taller extracurricular de Introducci\u00f3n a la TAV (8\/4)\" style=\"object-fit:cover;\" srcset=\"https:\/\/www.usal.edu.ar\/lenguas\/wp-content\/uploads\/sites\/14\/2024\/07\/TAV.jpg 1080w, https:\/\/www.usal.edu.ar\/lenguas\/wp-content\/uploads\/sites\/14\/2024\/07\/TAV-300x300.jpg 300w, https:\/\/www.usal.edu.ar\/lenguas\/wp-content\/uploads\/sites\/14\/2024\/07\/TAV-1024x1024.jpg 1024w, https:\/\/www.usal.edu.ar\/lenguas\/wp-content\/uploads\/sites\/14\/2024\/07\/TAV-150x150.jpg 150w, https:\/\/www.usal.edu.ar\/lenguas\/wp-content\/uploads\/sites\/14\/2024\/07\/TAV-768x768.jpg 768w\" sizes=\"auto, (max-width: 1080px) 100vw, 1080px\" \/><\/a><\/figure><\/div>\n\n\n\n<div class=\"wp-block-column is-layout-flow wp-block-column-is-layout-flow\" style=\"flex-basis:100%\"><h2 class=\"has-text-align-left wp-block-post-title has-large-font-size\"><a href=\"https:\/\/www.usal.edu.ar\/lenguas\/curso-taller-extracurricular-de-introduccion-a-la-tav-8-4\/\" target=\"_self\" >Curso-taller extracurricular de Introducci\u00f3n a la TAV (8\/4)<\/a><\/h2>\n\n<div class=\"has-text-align-left wp-block-post-date has-xx-small-font-size\"><time datetime=\"2026-03-31T19:05:52-03:00\">31 de marzo de 2026<\/time><\/div>\n\n<div style=\"margin-top:0px;margin-bottom:0px;\" class=\"has-text-align-left wp-block-post-excerpt\"><p class=\"wp-block-post-excerpt__excerpt\">(COD.VRA N\u00ba60422) La producci\u00f3n audiovisual desempe\u00f1a un papel fundamental en la sociedad contempor\u00e1nea, tanto en el \u00e1mbito empresarial como en el de los entretenimientos. En el \u00e1mbito corporativo, el video ha adquirido un papel esencial en la estrategia de comunicaci\u00f3n, ya sea para proporcionar informaci\u00f3n clara y precisa a los clientes sobre productos y servicios, <a class=\"wp-block-post-excerpt__more-link\" href=\"https:\/\/www.usal.edu.ar\/lenguas\/curso-taller-extracurricular-de-introduccion-a-la-tav-8-4\/\">M\u00e1s&#8230;<\/a><\/p><\/div><\/div>\n<\/div>\n\n<\/li><li class=\"wp-block-post post-4472 post type-post status-publish format-standard has-post-thumbnail hentry category-curso category-extension category-novedades\">\n\n<div class=\"wp-block-columns has-background is-layout-flex wp-container-core-columns-is-layout-a85f4655 wp-block-columns-is-layout-flex\" style=\"background-color:#e1eddd66\">\n<div class=\"wp-block-column is-layout-flow wp-block-column-is-layout-flow\" style=\"flex-basis:300px\"><figure class=\"wp-block-post-featured-image\"><a href=\"https:\/\/www.usal.edu.ar\/lenguas\/seminario-introduccion-a-la-investigacion-en-lenguas-extranjeras-metodos-cualitativos-16-4\/\" target=\"_self\"  ><img loading=\"lazy\" decoding=\"async\" width=\"1080\" height=\"1080\" src=\"https:\/\/www.usal.edu.ar\/lenguas\/wp-content\/uploads\/sites\/14\/2026\/03\/MetodologiaInvestigacion.jpg\" class=\"attachment-post-thumbnail size-post-thumbnail wp-post-image\" alt=\"Seminario: \u201cIntroducci\u00f3n a la investigaci\u00f3n en lenguas extranjeras: m\u00e9todos cualitativos\u201d 16\/4\" style=\"object-fit:cover;\" srcset=\"https:\/\/www.usal.edu.ar\/lenguas\/wp-content\/uploads\/sites\/14\/2026\/03\/MetodologiaInvestigacion.jpg 1080w, https:\/\/www.usal.edu.ar\/lenguas\/wp-content\/uploads\/sites\/14\/2026\/03\/MetodologiaInvestigacion-300x300.jpg 300w, https:\/\/www.usal.edu.ar\/lenguas\/wp-content\/uploads\/sites\/14\/2026\/03\/MetodologiaInvestigacion-1024x1024.jpg 1024w, https:\/\/www.usal.edu.ar\/lenguas\/wp-content\/uploads\/sites\/14\/2026\/03\/MetodologiaInvestigacion-150x150.jpg 150w, https:\/\/www.usal.edu.ar\/lenguas\/wp-content\/uploads\/sites\/14\/2026\/03\/MetodologiaInvestigacion-768x768.jpg 768w\" sizes=\"auto, (max-width: 1080px) 100vw, 1080px\" \/><\/a><\/figure><\/div>\n\n\n\n<div class=\"wp-block-column is-layout-flow wp-block-column-is-layout-flow\" style=\"flex-basis:100%\"><h2 class=\"has-text-align-left wp-block-post-title has-large-font-size\"><a href=\"https:\/\/www.usal.edu.ar\/lenguas\/seminario-introduccion-a-la-investigacion-en-lenguas-extranjeras-metodos-cualitativos-16-4\/\" target=\"_self\" >Seminario: \u201cIntroducci\u00f3n a la investigaci\u00f3n en lenguas extranjeras: m\u00e9todos cualitativos\u201d 16\/4<\/a><\/h2>\n\n<div class=\"has-text-align-left wp-block-post-date has-xx-small-font-size\"><time datetime=\"2026-03-20T19:50:29-03:00\">20 de marzo de 2026<\/time><\/div>\n\n<div style=\"margin-top:0px;margin-bottom:0px;\" class=\"has-text-align-left wp-block-post-excerpt\"><p class=\"wp-block-post-excerpt__excerpt\">Curso de extensi\u00f3n universitaria aprobado por D. V. No.25\/26. Fundamentaci\u00f3n En el \u00e1mbito de las lenguas extranjeras y la ling\u00fc\u00edstica aplicada existe, en nuestro pa\u00eds, una comunidad profesional numerosa y altamente formada que muestra un inter\u00e9s creciente por desarrollar proyectos de investigaci\u00f3n vinculados con la ense\u00f1anza, el aprendizaje y la adquisici\u00f3n de segundas lenguas. Sin <a class=\"wp-block-post-excerpt__more-link\" href=\"https:\/\/www.usal.edu.ar\/lenguas\/seminario-introduccion-a-la-investigacion-en-lenguas-extranjeras-metodos-cualitativos-16-4\/\">M\u00e1s&#8230;<\/a><\/p><\/div><\/div>\n<\/div>\n\n<\/li><li class=\"wp-block-post post-4446 post type-post status-publish format-standard has-post-thumbnail hentry category-novedades\">\n\n<div class=\"wp-block-columns has-background is-layout-flex wp-container-core-columns-is-layout-a85f4655 wp-block-columns-is-layout-flex\" style=\"background-color:#e1eddd66\">\n<div class=\"wp-block-column is-layout-flow wp-block-column-is-layout-flow\" style=\"flex-basis:300px\"><figure class=\"wp-block-post-featured-image\"><a href=\"https:\/\/www.usal.edu.ar\/lenguas\/charlas-informativas-2026\/\" target=\"_self\"  ><img loading=\"lazy\" decoding=\"async\" width=\"1080\" height=\"1080\" src=\"https:\/\/www.usal.edu.ar\/lenguas\/wp-content\/uploads\/sites\/14\/2026\/01\/CharlasInformativas2026.jpg\" class=\"attachment-post-thumbnail size-post-thumbnail wp-post-image\" alt=\"Charlas informativas 2026\" style=\"object-fit:cover;\" srcset=\"https:\/\/www.usal.edu.ar\/lenguas\/wp-content\/uploads\/sites\/14\/2026\/01\/CharlasInformativas2026.jpg 1080w, https:\/\/www.usal.edu.ar\/lenguas\/wp-content\/uploads\/sites\/14\/2026\/01\/CharlasInformativas2026-300x300.jpg 300w, https:\/\/www.usal.edu.ar\/lenguas\/wp-content\/uploads\/sites\/14\/2026\/01\/CharlasInformativas2026-1024x1024.jpg 1024w, https:\/\/www.usal.edu.ar\/lenguas\/wp-content\/uploads\/sites\/14\/2026\/01\/CharlasInformativas2026-150x150.jpg 150w, https:\/\/www.usal.edu.ar\/lenguas\/wp-content\/uploads\/sites\/14\/2026\/01\/CharlasInformativas2026-768x768.jpg 768w\" sizes=\"auto, (max-width: 1080px) 100vw, 1080px\" \/><\/a><\/figure><\/div>\n\n\n\n<div class=\"wp-block-column is-layout-flow wp-block-column-is-layout-flow\" style=\"flex-basis:100%\"><h2 class=\"has-text-align-left wp-block-post-title has-large-font-size\"><a href=\"https:\/\/www.usal.edu.ar\/lenguas\/charlas-informativas-2026\/\" target=\"_self\" >Charlas informativas 2026<\/a><\/h2>\n\n<div class=\"has-text-align-left wp-block-post-date has-xx-small-font-size\"><time datetime=\"2026-01-13T22:03:05-03:00\">13 de enero de 2026<\/time><\/div>\n\n<div style=\"margin-top:0px;margin-bottom:0px;\" class=\"has-text-align-left wp-block-post-excerpt\"><p class=\"wp-block-post-excerpt__excerpt\"> <a class=\"wp-block-post-excerpt__more-link\" href=\"https:\/\/www.usal.edu.ar\/lenguas\/charlas-informativas-2026\/\">M\u00e1s&#8230;<\/a><\/p><\/div><\/div>\n<\/div>\n\n<\/li><li class=\"wp-block-post post-600 post type-post status-publish format-standard has-post-thumbnail hentry category-novedades\">\n\n<div class=\"wp-block-columns has-background is-layout-flex wp-container-core-columns-is-layout-a85f4655 wp-block-columns-is-layout-flex\" style=\"background-color:#e1eddd66\">\n<div class=\"wp-block-column is-layout-flow wp-block-column-is-layout-flow\" style=\"flex-basis:300px\"><figure class=\"wp-block-post-featured-image\"><a href=\"https:\/\/www.usal.edu.ar\/lenguas\/centro-de-idiomas\/\" target=\"_self\"  ><img loading=\"lazy\" decoding=\"async\" width=\"1080\" height=\"1080\" src=\"https:\/\/www.usal.edu.ar\/lenguas\/wp-content\/uploads\/sites\/14\/2024\/07\/Idiomas-2do-cuatrimestre-3.jpg\" class=\"attachment-post-thumbnail size-post-thumbnail wp-post-image\" alt=\"Centro de Idiomas\" style=\"object-fit:cover;\" srcset=\"https:\/\/www.usal.edu.ar\/lenguas\/wp-content\/uploads\/sites\/14\/2024\/07\/Idiomas-2do-cuatrimestre-3.jpg 1080w, https:\/\/www.usal.edu.ar\/lenguas\/wp-content\/uploads\/sites\/14\/2024\/07\/Idiomas-2do-cuatrimestre-3-300x300.jpg 300w, https:\/\/www.usal.edu.ar\/lenguas\/wp-content\/uploads\/sites\/14\/2024\/07\/Idiomas-2do-cuatrimestre-3-1024x1024.jpg 1024w, https:\/\/www.usal.edu.ar\/lenguas\/wp-content\/uploads\/sites\/14\/2024\/07\/Idiomas-2do-cuatrimestre-3-150x150.jpg 150w, https:\/\/www.usal.edu.ar\/lenguas\/wp-content\/uploads\/sites\/14\/2024\/07\/Idiomas-2do-cuatrimestre-3-768x768.jpg 768w\" sizes=\"auto, (max-width: 1080px) 100vw, 1080px\" \/><\/a><\/figure><\/div>\n\n\n\n<div class=\"wp-block-column is-layout-flow wp-block-column-is-layout-flow\" style=\"flex-basis:100%\"><h2 class=\"has-text-align-left wp-block-post-title has-large-font-size\"><a href=\"https:\/\/www.usal.edu.ar\/lenguas\/centro-de-idiomas\/\" target=\"_self\" >Centro de Idiomas<\/a><\/h2>\n\n<div class=\"has-text-align-left wp-block-post-date has-xx-small-font-size\"><time datetime=\"2025-07-17T10:04:00-03:00\">17 de julio de 2025<\/time><\/div>\n\n<div style=\"margin-top:0px;margin-bottom:0px;\" class=\"has-text-align-left wp-block-post-excerpt\"><p class=\"wp-block-post-excerpt__excerpt\">Centro de idiomas <a class=\"wp-block-post-excerpt__more-link\" href=\"https:\/\/www.usal.edu.ar\/lenguas\/centro-de-idiomas\/\">M\u00e1s&#8230;<\/a><\/p><\/div><\/div>\n<\/div>\n\n<\/li><li class=\"wp-block-post post-848 post type-post status-publish format-standard has-post-thumbnail hentry category-horarios category-novedades\">\n\n<div class=\"wp-block-columns has-background is-layout-flex wp-container-core-columns-is-layout-a85f4655 wp-block-columns-is-layout-flex\" style=\"background-color:#e1eddd66\">\n<div class=\"wp-block-column is-layout-flow wp-block-column-is-layout-flow\" style=\"flex-basis:300px\"><figure class=\"wp-block-post-featured-image\"><a href=\"https:\/\/www.usal.edu.ar\/lenguas\/horarios\/\" target=\"_self\"  ><img loading=\"lazy\" decoding=\"async\" width=\"1080\" height=\"1080\" src=\"https:\/\/www.usal.edu.ar\/lenguas\/wp-content\/uploads\/sites\/14\/2024\/12\/Horarios.jpg\" class=\"attachment-post-thumbnail size-post-thumbnail wp-post-image\" alt=\"Horarios\" style=\"object-fit:cover;\" srcset=\"https:\/\/www.usal.edu.ar\/lenguas\/wp-content\/uploads\/sites\/14\/2024\/12\/Horarios.jpg 1080w, https:\/\/www.usal.edu.ar\/lenguas\/wp-content\/uploads\/sites\/14\/2024\/12\/Horarios-300x300.jpg 300w, https:\/\/www.usal.edu.ar\/lenguas\/wp-content\/uploads\/sites\/14\/2024\/12\/Horarios-1024x1024.jpg 1024w, https:\/\/www.usal.edu.ar\/lenguas\/wp-content\/uploads\/sites\/14\/2024\/12\/Horarios-150x150.jpg 150w, https:\/\/www.usal.edu.ar\/lenguas\/wp-content\/uploads\/sites\/14\/2024\/12\/Horarios-768x768.jpg 768w\" sizes=\"auto, (max-width: 1080px) 100vw, 1080px\" \/><\/a><\/figure><\/div>\n\n\n\n<div class=\"wp-block-column is-layout-flow wp-block-column-is-layout-flow\" style=\"flex-basis:100%\"><h2 class=\"has-text-align-left wp-block-post-title has-large-font-size\"><a href=\"https:\/\/www.usal.edu.ar\/lenguas\/horarios\/\" target=\"_self\" >Horarios<\/a><\/h2>\n\n<div class=\"has-text-align-left wp-block-post-date has-xx-small-font-size\"><time datetime=\"2025-02-18T13:06:00-03:00\">18 de febrero de 2025<\/time><\/div>\n\n<div style=\"margin-top:0px;margin-bottom:0px;\" class=\"has-text-align-left wp-block-post-excerpt\"><p class=\"wp-block-post-excerpt__excerpt\">Nota: Los horarios del ciclo lectivo 2026 EST\u00c1N SUJETOS A MODIFICACIONES. TURNO MA\u00d1ANA Sede CABA INGL\u00c9S INGL\u00c9S Rec. Plan 13 &#8211; 1\u00ba a\u00f1o INGL\u00c9S Rec. Plan 13 &#8211; 2\u00ba a\u00f1o TURNO NOCHE Sede CABA INGL\u00c9S INGL\u00c9S Rec. Plan 13 &#8211; 1\u00ba a\u00f1o INGL\u00c9S Rec. Plan 13 &#8211; 2\u00ba a\u00f1oPORTUGU\u00c9SITALIANO Sede PILAR&nbsp; INGL\u00c9SINGL\u00c9S Rec. Plan 13 <a class=\"wp-block-post-excerpt__more-link\" href=\"https:\/\/www.usal.edu.ar\/lenguas\/horarios\/\">M\u00e1s&#8230;<\/a><\/p><\/div><\/div>\n<\/div>\n\n<\/li><li class=\"wp-block-post post-2715 post type-post status-publish format-standard has-post-thumbnail hentry category-novedades\">\n\n<div class=\"wp-block-columns has-background is-layout-flex wp-container-core-columns-is-layout-a85f4655 wp-block-columns-is-layout-flex\" style=\"background-color:#e1eddd66\">\n<div class=\"wp-block-column is-layout-flow wp-block-column-is-layout-flow\" style=\"flex-basis:300px\"><figure class=\"wp-block-post-featured-image\"><a href=\"https:\/\/www.usal.edu.ar\/lenguas\/calendario-jpg\/\" target=\"_self\"  ><img loading=\"lazy\" decoding=\"async\" width=\"1080\" height=\"1080\" src=\"https:\/\/www.usal.edu.ar\/lenguas\/wp-content\/uploads\/sites\/14\/2024\/12\/Calendario-academico.jpg\" class=\"attachment-post-thumbnail size-post-thumbnail wp-post-image\" alt=\"Calendario acad\u00e9mico\" style=\"object-fit:cover;\" srcset=\"https:\/\/www.usal.edu.ar\/lenguas\/wp-content\/uploads\/sites\/14\/2024\/12\/Calendario-academico.jpg 1080w, https:\/\/www.usal.edu.ar\/lenguas\/wp-content\/uploads\/sites\/14\/2024\/12\/Calendario-academico-300x300.jpg 300w, https:\/\/www.usal.edu.ar\/lenguas\/wp-content\/uploads\/sites\/14\/2024\/12\/Calendario-academico-1024x1024.jpg 1024w, https:\/\/www.usal.edu.ar\/lenguas\/wp-content\/uploads\/sites\/14\/2024\/12\/Calendario-academico-150x150.jpg 150w, https:\/\/www.usal.edu.ar\/lenguas\/wp-content\/uploads\/sites\/14\/2024\/12\/Calendario-academico-768x768.jpg 768w\" sizes=\"auto, (max-width: 1080px) 100vw, 1080px\" \/><\/a><\/figure><\/div>\n\n\n\n<div class=\"wp-block-column is-layout-flow wp-block-column-is-layout-flow\" style=\"flex-basis:100%\"><h2 class=\"has-text-align-left wp-block-post-title has-large-font-size\"><a href=\"https:\/\/www.usal.edu.ar\/lenguas\/calendario-jpg\/\" target=\"_self\" >Calendario acad\u00e9mico<\/a><\/h2>\n\n<div class=\"has-text-align-left wp-block-post-date has-xx-small-font-size\"><time datetime=\"2025-02-11T09:56:53-03:00\">11 de febrero de 2025<\/time><\/div>\n\n<div style=\"margin-top:0px;margin-bottom:0px;\" class=\"has-text-align-left wp-block-post-excerpt\"><p class=\"wp-block-post-excerpt__excerpt\"> <a class=\"wp-block-post-excerpt__more-link\" href=\"https:\/\/www.usal.edu.ar\/lenguas\/calendario-jpg\/\">M\u00e1s&#8230;<\/a><\/p><\/div><\/div>\n<\/div>\n\n<\/li><li class=\"wp-block-post post-946 post type-post status-publish format-standard has-post-thumbnail hentry category-novedades\">\n\n<div class=\"wp-block-columns has-background is-layout-flex wp-container-core-columns-is-layout-a85f4655 wp-block-columns-is-layout-flex\" style=\"background-color:#e1eddd66\">\n<div class=\"wp-block-column is-layout-flow wp-block-column-is-layout-flow\" style=\"flex-basis:300px\"><figure class=\"wp-block-post-featured-image\"><a href=\"https:\/\/www.usal.edu.ar\/lenguas\/informacion-para-alumnos\/\" target=\"_self\"  ><img loading=\"lazy\" decoding=\"async\" width=\"1080\" height=\"1080\" src=\"https:\/\/www.usal.edu.ar\/lenguas\/wp-content\/uploads\/sites\/14\/2024\/07\/ALUMNOS.png\" class=\"attachment-post-thumbnail size-post-thumbnail wp-post-image\" alt=\"Alumnos\" style=\"object-fit:cover;\" srcset=\"https:\/\/www.usal.edu.ar\/lenguas\/wp-content\/uploads\/sites\/14\/2024\/07\/ALUMNOS.png 1080w, https:\/\/www.usal.edu.ar\/lenguas\/wp-content\/uploads\/sites\/14\/2024\/07\/ALUMNOS-300x300.png 300w, https:\/\/www.usal.edu.ar\/lenguas\/wp-content\/uploads\/sites\/14\/2024\/07\/ALUMNOS-1024x1024.png 1024w, https:\/\/www.usal.edu.ar\/lenguas\/wp-content\/uploads\/sites\/14\/2024\/07\/ALUMNOS-150x150.png 150w, https:\/\/www.usal.edu.ar\/lenguas\/wp-content\/uploads\/sites\/14\/2024\/07\/ALUMNOS-768x768.png 768w\" sizes=\"auto, (max-width: 1080px) 100vw, 1080px\" \/><\/a><\/figure><\/div>\n\n\n\n<div class=\"wp-block-column is-layout-flow wp-block-column-is-layout-flow\" style=\"flex-basis:100%\"><h2 class=\"has-text-align-left wp-block-post-title has-large-font-size\"><a href=\"https:\/\/www.usal.edu.ar\/lenguas\/informacion-para-alumnos\/\" target=\"_self\" >Alumnos<\/a><\/h2>\n\n<div class=\"has-text-align-left wp-block-post-date has-xx-small-font-size\"><time datetime=\"2024-07-30T16:32:09-03:00\">30 de julio de 2024<\/time><\/div>\n\n<div style=\"margin-top:0px;margin-bottom:0px;\" class=\"has-text-align-left wp-block-post-excerpt\"><p class=\"wp-block-post-excerpt__excerpt\"> <a class=\"wp-block-post-excerpt__more-link\" href=\"https:\/\/www.usal.edu.ar\/lenguas\/informacion-para-alumnos\/\">M\u00e1s&#8230;<\/a><\/p><\/div><\/div>\n<\/div>\n\n<\/li><\/ul><\/div>\n<\/div>\n","protected":false},"excerpt":{"rendered":"","protected":false},"author":1,"featured_media":0,"parent":0,"menu_order":0,"comment_status":"closed","ping_status":"closed","template":"","meta":{"_acf_changed":false,"footnotes":""},"class_list":["post-71","page","type-page","status-publish","hentry"],"acf":[],"_links":{"self":[{"href":"https:\/\/www.usal.edu.ar\/lenguas\/wp-json\/wp\/v2\/pages\/71","targetHints":{"allow":["GET"]}}],"collection":[{"href":"https:\/\/www.usal.edu.ar\/lenguas\/wp-json\/wp\/v2\/pages"}],"about":[{"href":"https:\/\/www.usal.edu.ar\/lenguas\/wp-json\/wp\/v2\/types\/page"}],"author":[{"embeddable":true,"href":"https:\/\/www.usal.edu.ar\/lenguas\/wp-json\/wp\/v2\/users\/1"}],"replies":[{"embeddable":true,"href":"https:\/\/www.usal.edu.ar\/lenguas\/wp-json\/wp\/v2\/comments?post=71"}],"version-history":[{"count":4,"href":"https:\/\/www.usal.edu.ar\/lenguas\/wp-json\/wp\/v2\/pages\/71\/revisions"}],"predecessor-version":[{"id":2948,"href":"https:\/\/www.usal.edu.ar\/lenguas\/wp-json\/wp\/v2\/pages\/71\/revisions\/2948"}],"wp:attachment":[{"href":"https:\/\/www.usal.edu.ar\/lenguas\/wp-json\/wp\/v2\/media?parent=71"}],"curies":[{"name":"wp","href":"https:\/\/api.w.org\/{rel}","templated":true}]}}