{"id":2,"date":"2026-04-17T16:27:16","date_gmt":"2026-04-17T14:27:16","guid":{"rendered":"https:\/\/www.usal.edu.ar\/pilar\/?page_id=2"},"modified":"2026-04-22T16:10:49","modified_gmt":"2026-04-22T19:10:49","slug":"autoridades","status":"publish","type":"page","link":"https:\/\/www.usal.edu.ar\/pilar\/autoridades\/","title":{"rendered":"Autoridades"},"content":{"rendered":"\n<div class=\"wp-block-group has-global-padding is-layout-constrained wp-block-group-is-layout-constrained\">\n<div class=\"wp-block-group is-layout-flow wp-container-core-group-is-layout-98ad658b wp-block-group-is-layout-flow\" style=\"margin-top:var(--wp--preset--spacing--30);margin-bottom:var(--wp--preset--spacing--30)\">\n<div class=\"wp-block-group is-layout-flow wp-container-core-group-is-layout-4d6465e4 wp-block-group-is-layout-flow\" style=\"margin-top:0;margin-bottom:0;padding-top:10px;padding-bottom:10px\">\n<div class=\"wp-block-group is-vertical is-content-justification-center is-layout-flex wp-container-core-group-is-layout-3265ea2d wp-block-group-is-layout-flex\" style=\"margin-top:var(--wp--preset--spacing--30);margin-bottom:var(--wp--preset--spacing--30)\">\n<figure class=\"wp-block-image size-full is-resized is-style-rounded img-mini-autoridad\"><img decoding=\"async\" src=\"https:\/\/www.usal.edu.ar\/wp-content\/uploads\/2023\/09\/de-Arzuaga-mini.png\" alt=\"\" class=\"wp-image-1684\" style=\"object-fit:cover;width:150px;height:150px\" \/><\/figure>\n\n\n\n<p class=\"has-text-align-center\"><strong>Carlos I. Salvadores de Arzuaga<\/strong> <br>Rector<\/p>\n<\/div>\n\n\n\n<div class=\"wp-block-columns is-layout-flex wp-container-core-columns-is-layout-28f84493 wp-block-columns-is-layout-flex\">\n<div class=\"wp-block-column is-vertically-aligned-center is-layout-flow wp-block-column-is-layout-flow\" style=\"flex-basis:33.34%\">\n<div class=\"wp-block-group is-vertical is-content-justification-center is-nowrap is-layout-flex wp-container-core-group-is-layout-7b37aa3b wp-block-group-is-layout-flex\">\n<figure class=\"wp-block-image size-full is-resized is-style-rounded img-mini-autoridad\"><img loading=\"lazy\" decoding=\"async\" width=\"360\" height=\"360\" src=\"https:\/\/www.usal.edu.ar\/pilar\/wp-content\/uploads\/sites\/24\/2026\/04\/imagen-anonimo.png\" alt=\"\" class=\"wp-image-6\" style=\"width:100px\" srcset=\"https:\/\/www.usal.edu.ar\/pilar\/wp-content\/uploads\/sites\/24\/2026\/04\/imagen-anonimo.png 360w, https:\/\/www.usal.edu.ar\/pilar\/wp-content\/uploads\/sites\/24\/2026\/04\/imagen-anonimo-300x300.png 300w, https:\/\/www.usal.edu.ar\/pilar\/wp-content\/uploads\/sites\/24\/2026\/04\/imagen-anonimo-150x150.png 150w\" sizes=\"auto, (max-width: 360px) 100vw, 360px\" \/><\/figure>\n\n\n\n<p class=\"has-text-align-center\"><strong>Pablo Cort\u00e9s<\/strong><br>Administrador<\/p>\n<\/div>\n<\/div>\n\n\n\n<div class=\"wp-block-column is-vertically-aligned-center is-layout-flow wp-block-column-is-layout-flow\" style=\"flex-basis:33.34%\">\n<div class=\"wp-block-group is-vertical is-content-justification-center is-layout-flex wp-container-core-group-is-layout-de19a45c wp-block-group-is-layout-flex\">\n<figure class=\"wp-block-image size-full is-resized is-style-rounded img-mini-autoridad\"><img loading=\"lazy\" decoding=\"async\" width=\"360\" height=\"360\" src=\"https:\/\/www.usal.edu.ar\/pilar\/wp-content\/uploads\/sites\/24\/2026\/04\/imagen-anonimo.png\" alt=\"\" class=\"wp-image-6\" style=\"width:100px\" srcset=\"https:\/\/www.usal.edu.ar\/pilar\/wp-content\/uploads\/sites\/24\/2026\/04\/imagen-anonimo.png 360w, https:\/\/www.usal.edu.ar\/pilar\/wp-content\/uploads\/sites\/24\/2026\/04\/imagen-anonimo-300x300.png 300w, https:\/\/www.usal.edu.ar\/pilar\/wp-content\/uploads\/sites\/24\/2026\/04\/imagen-anonimo-150x150.png 150w\" sizes=\"auto, (max-width: 360px) 100vw, 360px\" \/><\/figure>\n\n\n\n<p class=\"has-text-align-center\"><strong>Cecilia Fabbro<\/strong><br>Secretaria Acad\u00e9mica<\/p>\n<\/div>\n<\/div>\n\n\n\n<div class=\"wp-block-column is-layout-flow wp-block-column-is-layout-flow\" style=\"flex-basis:33.33%\">\n<div class=\"wp-block-group is-vertical is-content-justification-center is-layout-flex wp-container-core-group-is-layout-de19a45c wp-block-group-is-layout-flex\">\n<figure class=\"wp-block-image size-full is-resized is-style-rounded img-mini-autoridad\"><img loading=\"lazy\" decoding=\"async\" width=\"360\" height=\"360\" src=\"https:\/\/www.usal.edu.ar\/pilar\/wp-content\/uploads\/sites\/24\/2026\/04\/imagen-anonimo.png\" alt=\"\" class=\"wp-image-6\" style=\"width:100px\" srcset=\"https:\/\/www.usal.edu.ar\/pilar\/wp-content\/uploads\/sites\/24\/2026\/04\/imagen-anonimo.png 360w, https:\/\/www.usal.edu.ar\/pilar\/wp-content\/uploads\/sites\/24\/2026\/04\/imagen-anonimo-300x300.png 300w, https:\/\/www.usal.edu.ar\/pilar\/wp-content\/uploads\/sites\/24\/2026\/04\/imagen-anonimo-150x150.png 150w\" sizes=\"auto, (max-width: 360px) 100vw, 360px\" \/><\/figure>\n\n\n\n<p class=\"has-text-align-center\"><strong>Mar\u00eda Jos\u00e9 Aboy<\/strong><br>Secretaria Administrativa<\/p>\n<\/div>\n<\/div>\n<\/div>\n<\/div>\n<\/div>\n<\/div>\n","protected":false},"excerpt":{"rendered":"<p>Carlos I. Salvadores de Arzuaga Rector Pablo Cort\u00e9sAdministrador Cecilia FabbroSecretaria Acad\u00e9mica Mar\u00eda Jos\u00e9 AboySecretaria Administrativa<\/p>\n","protected":false},"author":5,"featured_media":0,"parent":0,"menu_order":0,"comment_status":"closed","ping_status":"open","template":"","meta":{"footnotes":""},"class_list":["post-2","page","type-page","status-publish","hentry"],"_links":{"self":[{"href":"https:\/\/www.usal.edu.ar\/pilar\/wp-json\/wp\/v2\/pages\/2","targetHints":{"allow":["GET"]}}],"collection":[{"href":"https:\/\/www.usal.edu.ar\/pilar\/wp-json\/wp\/v2\/pages"}],"about":[{"href":"https:\/\/www.usal.edu.ar\/pilar\/wp-json\/wp\/v2\/types\/page"}],"author":[{"embeddable":true,"href":"https:\/\/www.usal.edu.ar\/pilar\/wp-json\/wp\/v2\/users\/5"}],"replies":[{"embeddable":true,"href":"https:\/\/www.usal.edu.ar\/pilar\/wp-json\/wp\/v2\/comments?post=2"}],"version-history":[{"count":7,"href":"https:\/\/www.usal.edu.ar\/pilar\/wp-json\/wp\/v2\/pages\/2\/revisions"}],"predecessor-version":[{"id":99,"href":"https:\/\/www.usal.edu.ar\/pilar\/wp-json\/wp\/v2\/pages\/2\/revisions\/99"}],"wp:attachment":[{"href":"https:\/\/www.usal.edu.ar\/pilar\/wp-json\/wp\/v2\/media?parent=2"}],"curies":[{"name":"wp","href":"https:\/\/api.w.org\/{rel}","templated":true}]}}