{"id":199,"date":"2025-10-15T15:35:36","date_gmt":"2025-10-15T18:35:36","guid":{"rendered":"https:\/\/www.usal.edu.ar\/publicaciones\/?page_id=199"},"modified":"2026-02-26T16:03:17","modified_gmt":"2026-02-26T19:03:17","slug":"ejemplos-de-referencias-segun-apa-7-a-edicion","status":"publish","type":"page","link":"https:\/\/www.usal.edu.ar\/publicaciones\/ejemplos-de-referencias-segun-apa-7-a-edicion\/","title":{"rendered":"Ejemplos de referencias seg\u00fan APA 7.\u00aa edici\u00f3n"},"content":{"rendered":"\n<p><strong>Libro sin DOI<\/strong><\/p>\n\n\n\n<p>Burgess, R. (2019). <em>Rethinking global health: Frameworks <\/em>of <em>power. <\/em>Routledge.<\/p>\n\n\n<p>Citaci\u00f3n parent\u00e9tica: (Burgess, 2019)<\/p>\n<p>Citaci\u00f3n narrativa: Burgess (2019)<\/p>\n<p><strong>Libro con DOI<\/strong><\/p>\n<p>Brown, L. S. (2018). <em>Feminist therapy <\/em>(2nd ed.). American Psychological Association.<\/p>\n<p style=\"padding-left: 80px\"><a href=\"https:\/\/doi.org\/10.1037\/0000092-000\" target=\"_blank\" rel=\"noopener\">https:\/\/doi.org\/10.1 037\/0000092-000<\/a><\/p>\n<p>Citaci\u00f3n parent\u00e9tica: (Brown, 2018)<\/p>\n<p>Citaci\u00f3n narrativa: Brown (2018)<\/p>\n<p><strong>Cap\u00edtulo de libro con DOI<\/strong><\/p>\n<p>Balsam, K. F., Martell, C. R., Jones, K. P., &amp; Safren, S. A. (2019). Affirmative cognitive<\/p>\n<p style=\"padding-left: 80px\">behavior therapy with sexual and gender minority people. En G. Y. Iwamasa &amp; P. A<\/p>\n<p style=\"padding-left: 80px\">Hays (Eds.), <em>Cultura\/ly responsive cognitive behavior therapy: Practice <\/em>and <em>supervision<\/em><\/p>\n<p style=\"padding-left: 80px\">(pp. 287-314). American Psychological Association. <a href=\"https:\/\/doi.org\/10.1037\/0000119-000\" target=\"_blank\" rel=\"noopener\">https:\/\/doi.org\/10.1037\/0000119-000<\/a><\/p>\n<p>Citaci\u00f3n parent\u00e9tica: (Balsam <em>et al.,<\/em>\u00a0 2019)<\/p>\n<p>Citaci\u00f3n narrativa: Balsam <em>et al.<\/em>\u00a0(2019)<\/p>\n<p><strong>Art\u00edculo de revista con DOI<\/strong><\/p>\n<p>McCauley, S. M., &amp; Christiansen, M. H. (2019). Language learning as language use: A<\/p>\n<p style=\"padding-left: 80px\">cross-linguistic model of child language development. <em>Psychological <\/em>Review, <em>126<\/em>(1),<\/p>\n<p style=\"padding-left: 80px\">1-51. <a href=\"https:\/\/doi.org\/10.1037\/rev0000126\" target=\"_blank\" rel=\"noopener\">https:\/\/doi.org\/10.1037\/rev0000126<\/a><\/p>\n<p>Citaci\u00f3n parent\u00e9tica: (McCauley &amp; Christiansen, 2019)<\/p>\n<p>Citaci\u00f3n narrativa: McCauley y Christiansen (2019)<\/p>\n<p><strong>Art\u00edculo con m\u00e1s de 20 autores<\/strong><\/p>\n<p>Kalnay, E., Kanamitsu, M., Kistler, R., Collins, W, Deaven, D., Gandin, L., Iredell, M., Saha,<\/p>\n<p style=\"padding-left: 80px\">S., White, G., Woollen, J., Zhu, Y., Chelliah, M., Ebisuzaki, W, Higgins, W, Janowiak,<\/p>\n<p style=\"padding-left: 80px\">J., Mo, K. C., Ropelewski, C., Wang, J., Leetmaa, A., . . . Joseph, D. (1996). The NCEP\/<\/p>\n<p style=\"padding-left: 80px\">NCAR 40-year reanalysis project. <em>Bulletin <\/em><em>of the American Meteorological Society,<\/em><\/p>\n<p style=\"padding-left: 80px\"><em>77<\/em>(3), 437-471. <a href=\"https:\/\/doi.org\/10.1175\/1520-0477(1996)077&lt;0437:TNYRP&gt;2.0.CO;2\" target=\"_blank\" rel=\"noopener\">https:\/\/doi.org\/10.1175\/1520-0477(1996)077&lt;0437:TNYRP&gt;2.0.CO;2<\/a><\/p>\n<p>Citaci\u00f3n parent\u00e9tica: (Kalnay <em>et al.,<\/em>\u00a0 1996)<\/p>\n<p>Citaci\u00f3n narrativa: Kalnay <em>et al. <\/em>(1996)<\/p>\n<p><strong>Art\u00edculo de diario sin autor<\/strong><\/p>\n<p>Corte en Callao y Corrientes por manifestantes que reclaman por la Ley de Emergencia Social (2017, 31 de enero).<\/p>\n<p style=\"padding-left: 80px\"><em>La Naci\u00f3n.<\/em> <a href=\"https:\/\/www.lanacion.com.ar\/buenos-aires\/corte-en-callao-y-corrientes-por-manifestantes-que-reclaman-por-la-ley-de-emergencia-social-nid1980453\/\" target=\"_blank\" rel=\"noopener\">https:\/\/www.lanacion.com.ar\/buenos-aires\/corte-en-callao-y-corrientes-por-manifestantes-<\/a><\/p>\n<p style=\"padding-left: 80px\"><a href=\"https:\/\/www.lanacion.com.ar\/buenos-aires\/corte-en-callao-y-corrientes-por-manifestantes-que-reclaman-por-la-ley-de-emergencia-social-nid1980453\/\">que-<\/a><a href=\"https:\/\/www.lanacion.com.ar\/buenos-aires\/corte-en-callao-y-corrientes-por-manifestantes-que-reclaman-por-la-ley-de-emergencia-social-nid1980453\/\">reclaman-por-la-ley-de-emergencia-social-nid1980453\/<\/a><\/p>\n<p>Citaci\u00f3n parent\u00e9tica: (Corte en Callao y Corrientes por manifestantes que reclaman por la Ley de Emergencia Social, 2017)<\/p>\n<p>Citaci\u00f3n narrativa: Corte en Callao y Corrientes por manifestantes que reclaman por la Ley de Emergencia Social (2017)<\/p>\n<p><strong>Art\u00edculo de diario con autor <\/strong><\/p>\n<p>B\u00e1ez Damiano, F. (2020, 24 de mayo). Los or\u00edgenes de la literatura de Jun\u00edn: compromiso, amores y mujeres<\/p>\n<p style=\"padding-left: 80px\">pioneras. <em>Diario Democracia.<\/em> <a href=\"https:\/\/www.diariodemocracia.com\/vida\/sociedad\/223178-origenes-literatura-junin-compromiso-amores-mujere\/.\" target=\"_blank\" rel=\"noopener\">https:\/\/www.diariodemocracia.com\/vida\/sociedad\/223178-origenes-<\/a><\/p>\n<p style=\"padding-left: 80px\"><a href=\"https:\/\/www.diariodemocracia.com\/vida\/sociedad\/223178-origenes-literatura-junin-compromiso-amores-mujere\/.\">literatura-junin-compromiso-amores-mujere\/.<\/a><\/p>\n<p>Citaci\u00f3n parent\u00e9tica: (B\u00e1ez Damiano, 2020)<\/p>\n<p>Citaci\u00f3n narrativa: B\u00e1ez Damiano (2020)<\/p>\n<p><strong>Tesis no publicada <\/strong><\/p>\n<p>Perissinotti, M. V. (2020). <em>La pol\u00edtica como lugar. Trabajo, migraci\u00f3n y econom\u00eda popular en C\u00f3rdoba, Argentina, <\/em><\/p>\n<p style=\"padding-left: 80px\"><em>siglo XXI<\/em> [Tesis doctoral no publicada]. Universidad Nacional de C\u00f3rdoba.<\/p>\n<p>Citaci\u00f3n parent\u00e9tica: (Perissinotti, 2020)<\/p>\n<p>Citaci\u00f3n narrativa: Perissinotti (2020)<\/p>\n<p><strong>Tesis publicada online<\/strong><\/p>\n<p>Bosoer, S. (2012). <em>La vanguardia plebeya de Nicol\u00e1s Olivari: Mercado, lengua y literatura<\/em> (1919-1929) [Tesis de<\/p>\n<p style=\"padding-left: 80px\">doctorado, UNLP]. Sedici. <a href=\"http:\/\/sedici.unlp.edu.ar\/handle\/10915\/30880\" target=\"_blank\" rel=\"noopener\">http:\/\/sedici.unlp.edu.ar\/handle\/10915\/30880<\/a><\/p>\n<p>Citaci\u00f3n parent\u00e9tica: (Bosoer, 2012)<\/p>\n<p>Citaci\u00f3n narrativa: Bosoer (2012)<\/p>\n<p><strong>Ponencia <\/strong><\/p>\n<p>Abelenda, F., Lavintman, J., &amp; Villalba, V. (2017, 9-11 de agosto). <em>Un an\u00e1lisis cr\u00edtico de documentos de archivo del <\/em><\/p>\n<p style=\"padding-left: 80px\"><em>Ej\u00e9rcito sobre la Guerra de Malvinas.<\/em> [Ponencia]. Jornadas Interescuelas Departamentos de Historia.<\/p>\n<p style=\"padding-left: 80px\">Universidad\u00a0Nacional de Mar del Plata, Mar del Plata<\/p>\n<p>Citaci\u00f3n parent\u00e9tica: (Abelenda, <em>et al., <\/em>2017)<\/p>\n<p>Citaci\u00f3n narrativa: Abelenda <em>et al. <\/em>(2017)<\/p>\n<p><strong>Posteo de Facebook<\/strong><\/p>\n<p>Gaiman, N. (2018, 22 de marzo). <em>100,000+ Rohingya refugees could be at serious risk during Bangladesh&#8217;s <\/em><\/p>\n<p style=\"padding-left: 80px\"><em>monsoon season. My fellow UNHCR Goodwill Ambassador Cate Blanchett is<\/em> [Imagen adjunta]<\/p>\n<p style=\"padding-left: 80px\">[Actualizaci\u00f3n de estado]. Facebook. <a href=\"http:\/\/bit.ly\/48c6tlo\" target=\"_blank\" rel=\"noopener\">http:\/\/bit.ly\/48c6tlo<\/a><\/p>\n<p>Citaci\u00f3n parent\u00e9tica: (Gaiman, 2018)<\/p>\n<p>Citaci\u00f3n narrativa: Gaiman (2018)<\/p>\n<p><strong>P\u00e1gina web de autor grupo<\/strong><\/p>\n<p>Centers for Disease Control and Prevention. (2018, 23 de enero). <em>People <\/em>at <em>high risk <\/em>of <em>developing flu-re\/ated <\/em><\/p>\n<p style=\"padding-left: 80px\"><em>complications. <\/em><a href=\"https:\/\/www.cdc.gov\/flu\/highrisk\/index.htm\" target=\"_blank\" rel=\"noopener\">https:\/\/www.cdc.gov\/flu\/highrisk\/index.htm<\/a><\/p>\n<p>Citaci\u00f3n parent\u00e9tica: (Centers for Disease Control and Prevention, 2018)<\/p>\n<p>Citaci\u00f3n narrativa: Centers for Disease Control and Prevention (2018)<\/p>\n<p><strong>Posteo de X<\/strong><\/p>\n<p>Prevention Institute [@preventioninst]. (2020, 24 de septiembre).\u00a0<em>If you want to talk #health, you have to talk <\/em><\/p>\n<p style=\"padding-left: 80px\"><em>#racialjustice<\/em>\u00a0[Video adjuntado] [Post]. X.\u00a0<a href=\"https:\/\/x.com\/preventioninst\/status\/1309211009039687680\" target=\"_blank\" rel=\"noopener\">https:\/\/x.com\/preventioninst\/status\/1309211009039687680<\/a><\/p>\n<p>Citaci\u00f3n parent\u00e9tica: (Prevention Institute, 2020)<\/p>\n<p>Citaci\u00f3n narrativa: Prevention Institute (2020)<\/p>\n<p><strong>Video en Instagram<\/strong><\/p>\n<p>Orfila, M. [@marceloorfila]. (2019, 31 de mayo). [Video]. Instagram. <a href=\"http:\/\/bit.ly\/3WjCT62\" target=\"_blank\" rel=\"noopener\">http:\/\/bit.ly\/3WjCT62<\/a><\/p>\n<p>Citaci\u00f3n parent\u00e9tica: (Orfila, 2019)<\/p>\n<p>Citaci\u00f3n narrativa: Orfila (2019)<\/p>\n<p><strong>YouTube <\/strong><\/p>\n<p>Ambakisye-Okang Dukuzumurenyi. (2003, 20 de abril). <em>Edward Said: The Last Interview <\/em>[Video]. YouTube.<\/p>\n<p style=\"padding-left: 80px\"><a href=\"https:\/\/www.youtube.com\/watch?v=CxW0uJBWVIY\" target=\"_blank\" rel=\"noopener\">https:\/\/www.youtube.com\/watch?v=CxW0uJBWVIY<\/a><\/p>\n\n\n<p>Citaci\u00f3n parent\u00e9tica: (Ambakisye-Okang Dukuzumurenyi, 2003)<\/p>\n\n\n\n<p>Citaci\u00f3n narrativa: Ambakisye-Okang Dukuzumurenyi (2003)<\/p>\n\n\n<p style=\"text-align: left;padding-left: 80px\">Prieba<\/p>","protected":false},"excerpt":{"rendered":"<p>Libro sin DOI Burgess, R. (2019). Rethinking global health: Frameworks of power. Routledge. Citaci\u00f3n parent\u00e9tica: (Burgess, 2019) Citaci\u00f3n narrativa: Burgess (2019) Libro con DOI Brown, L. S. (2018). Feminist therapy (2nd ed.). American Psychological Association. https:\/\/doi.org\/10.1 037\/0000092-000 Citaci\u00f3n parent\u00e9tica: (Brown, 2018) Citaci\u00f3n narrativa: Brown (2018) Cap\u00edtulo de libro con DOI Balsam, K. F., Martell, C. [&hellip;]<\/p>\n","protected":false},"author":51,"featured_media":0,"parent":0,"menu_order":0,"comment_status":"closed","ping_status":"closed","template":"","meta":{"_acf_changed":false,"footnotes":""},"class_list":["post-199","page","type-page","status-publish","hentry"],"acf":[],"_links":{"self":[{"href":"https:\/\/www.usal.edu.ar\/publicaciones\/wp-json\/wp\/v2\/pages\/199","targetHints":{"allow":["GET"]}}],"collection":[{"href":"https:\/\/www.usal.edu.ar\/publicaciones\/wp-json\/wp\/v2\/pages"}],"about":[{"href":"https:\/\/www.usal.edu.ar\/publicaciones\/wp-json\/wp\/v2\/types\/page"}],"author":[{"embeddable":true,"href":"https:\/\/www.usal.edu.ar\/publicaciones\/wp-json\/wp\/v2\/users\/51"}],"replies":[{"embeddable":true,"href":"https:\/\/www.usal.edu.ar\/publicaciones\/wp-json\/wp\/v2\/comments?post=199"}],"version-history":[{"count":42,"href":"https:\/\/www.usal.edu.ar\/publicaciones\/wp-json\/wp\/v2\/pages\/199\/revisions"}],"predecessor-version":[{"id":467,"href":"https:\/\/www.usal.edu.ar\/publicaciones\/wp-json\/wp\/v2\/pages\/199\/revisions\/467"}],"wp:attachment":[{"href":"https:\/\/www.usal.edu.ar\/publicaciones\/wp-json\/wp\/v2\/media?parent=199"}],"curies":[{"name":"wp","href":"https:\/\/api.w.org\/{rel}","templated":true}]}}