{"id":286,"date":"2025-11-10T12:49:27","date_gmt":"2025-11-10T15:49:27","guid":{"rendered":"https:\/\/www.usal.edu.ar\/publicaciones\/?page_id=286"},"modified":"2026-03-11T13:11:55","modified_gmt":"2026-03-11T16:11:55","slug":"publicaciones-eus","status":"publish","type":"page","link":"https:\/\/www.usal.edu.ar\/publicaciones\/publicaciones-eus\/","title":{"rendered":"Publicaciones EUS"},"content":{"rendered":"<h4><strong>Colecci\u00f3n de Estudios Coreanos<\/strong><\/h4>\n\n\n<div class=\"wp-block-media-text is-stacked-on-mobile\" style=\"grid-template-columns:27% auto\"><figure class=\"wp-block-media-text__media\"><img loading=\"lazy\" decoding=\"async\" width=\"404\" height=\"607\" src=\"https:\/\/www.usal.edu.ar\/publicaciones\/wp-content\/uploads\/sites\/17\/2026\/02\/Tapa-religiones-Corea.png\" alt=\"\" class=\"wp-image-440 size-full\" srcset=\"https:\/\/www.usal.edu.ar\/publicaciones\/wp-content\/uploads\/sites\/17\/2026\/02\/Tapa-religiones-Corea.png 404w, https:\/\/www.usal.edu.ar\/publicaciones\/wp-content\/uploads\/sites\/17\/2026\/02\/Tapa-religiones-Corea-200x300.png 200w\" sizes=\"auto, (max-width: 404px) 100vw, 404px\" \/><\/figure><div class=\"wp-block-media-text__content\">\n<p class=\"has-medium-font-size\"><strong><em>Religiones en la pen\u00ednsula de Corea <\/em><\/strong><strong>(2026)<\/strong><\/p>\n\n\n\n<p class=\"has-text-align-left\"><strong>Mar\u00eda del Pilar \u00c1lvarez y Pablo Forni (compiladores)<\/strong><\/p>\n\n\n\n<p><strong>Ediciones Universidad del Salvador<\/strong><\/p>\n\n\n\n<p><strong>ISBN 978-950-592-322-9<\/strong><\/p>\n\n\n\n<p>A lo largo de once cap\u00edtulos, este libro propone un recorrido hist\u00f3rico, teol\u00f3gico, filos\u00f3fico y sociol\u00f3gico por la diversidad de religiones de ambas Coreas, desde la antig\u00fcedad hasta la actualidad. Durante siglos, las tradiciones espirituales que ingresaron a la pen\u00ednsula fueron apropiadas y resignificadas por la poblaci\u00f3n local. Este fen\u00f3meno es analizado en detalle en la obra, financiada por la Academia de Estudios Coreanos.<\/p>\n\n\n\n<p><strong>Librer\u00eda Eduardo Blanco<\/strong><\/p>\n\n\n\n<p><strong>Rodr\u00edguez Pe\u00f1a 670, C1020ADN Ciudad Aut\u00f3noma de Buenos Aires.<\/strong><\/p>\n\n\n\n<p><strong>Tel. (011) 2206-4735<\/strong><\/p>\n\n\n\n<p><strong><a href=\"mailto:libreria@usal.edu.ar\">libreria@usal.edu.ar<\/a><\/strong><\/p>\n<\/div><\/div>\n\n\n\n<hr class=\"wp-block-separator has-alpha-channel-opacity\" \/>\n\n\n\n<div class=\"wp-block-media-text is-stacked-on-mobile\" style=\"grid-template-columns:25% auto\"><figure class=\"wp-block-media-text__media\"><img loading=\"lazy\" decoding=\"async\" width=\"712\" height=\"1024\" src=\"https:\/\/www.usal.edu.ar\/publicaciones\/wp-content\/uploads\/sites\/17\/2025\/10\/tapa-corea-del-sur-y-el-triangulo-del-litio-712x1024.jpg\" alt=\"\" class=\"wp-image-380 size-full\" srcset=\"https:\/\/www.usal.edu.ar\/publicaciones\/wp-content\/uploads\/sites\/17\/2025\/10\/tapa-corea-del-sur-y-el-triangulo-del-litio-712x1024.jpg 712w, https:\/\/www.usal.edu.ar\/publicaciones\/wp-content\/uploads\/sites\/17\/2025\/10\/tapa-corea-del-sur-y-el-triangulo-del-litio-209x300.jpg 209w, https:\/\/www.usal.edu.ar\/publicaciones\/wp-content\/uploads\/sites\/17\/2025\/10\/tapa-corea-del-sur-y-el-triangulo-del-litio-768x1105.jpg 768w, https:\/\/www.usal.edu.ar\/publicaciones\/wp-content\/uploads\/sites\/17\/2025\/10\/tapa-corea-del-sur-y-el-triangulo-del-litio.jpg 883w\" sizes=\"auto, (max-width: 712px) 100vw, 712px\" \/><\/figure><div class=\"wp-block-media-text__content\">\n<p class=\"has-medium-font-size\"><strong><em>Corea del Sur y el tri\u00e1ngulo del litio <\/em>(2024)<\/strong><\/p>\n\n\n\n<p><strong>Mar\u00eda del Pilar \u00c1lvarez y Gustavo Lahoud (compiladores)<\/strong><\/p>\n\n\n\n<p><strong>Ediciones Universidad del Salvador<\/strong><\/p>\n\n\n\n<p><strong>ISBN 978-950-592-318-2<\/strong><\/p>\n\n\n\n<p><\/p>\n\n\n\n<p>A lo largo de nueve art\u00edculos, se discuten l\u00edmites y alcances de las inversiones surcoreanas en el llamado \u201cTr\u00e1ngulo del Litio\u201d, zona geogr\u00e1fica compuesta por los salares de Argentina, Bolivia y Chile, donde existe el 85 % de las reservas mundiales probadas de litio. Este trabajo, que cuenta con financiamiento del Support for Policy-Oriented Research de Korea Foundation (KF), contribuye tanto a los estudios coreanos como a los debates en torno a los v\u00ednculos entre Corea del Sur y Sudam\u00e9rica.<\/p>\n\n\n\n<p><strong>Librer\u00eda Eduardo Blanco<\/strong><\/p>\n\n\n\n<p><strong>Rodr\u00edguez Pe\u00f1a 670, C1020ADN Ciudad Aut\u00f3noma de Buenos Aires.<\/strong><\/p>\n\n\n\n<p><strong>Tel. (011) 2206-4735<\/strong><\/p>\n\n\n\n<p><strong><a href=\"mailto:libreria@usal.edu.ar\">libreria@usal.edu.ar<\/a><\/strong><\/p>\n<\/div><\/div>\n\n\n\n<hr class=\"wp-block-separator has-alpha-channel-opacity\" \/>\n\n\n\n<div class=\"wp-block-media-text is-stacked-on-mobile\" style=\"border-style:none;border-width:0px;grid-template-columns:24% auto\"><figure class=\"wp-block-media-text__media\"><img loading=\"lazy\" decoding=\"async\" width=\"715\" height=\"1024\" src=\"https:\/\/www.usal.edu.ar\/publicaciones\/wp-content\/uploads\/sites\/17\/2025\/10\/tapa-PERIFERIA-GLOBAL-715x1024.jpg\" alt=\"\" class=\"wp-image-377 size-full\" srcset=\"https:\/\/www.usal.edu.ar\/publicaciones\/wp-content\/uploads\/sites\/17\/2025\/10\/tapa-PERIFERIA-GLOBAL-715x1024.jpg 715w, https:\/\/www.usal.edu.ar\/publicaciones\/wp-content\/uploads\/sites\/17\/2025\/10\/tapa-PERIFERIA-GLOBAL-209x300.jpg 209w, https:\/\/www.usal.edu.ar\/publicaciones\/wp-content\/uploads\/sites\/17\/2025\/10\/tapa-PERIFERIA-GLOBAL-768x1100.jpg 768w, https:\/\/www.usal.edu.ar\/publicaciones\/wp-content\/uploads\/sites\/17\/2025\/10\/tapa-PERIFERIA-GLOBAL.jpg 885w\" sizes=\"auto, (max-width: 715px) 100vw, 715px\" \/><\/figure><div class=\"wp-block-media-text__content\">\n<p class=\"has-medium-font-size\"><strong><em>Periferia global. Estudios coreanos contempor\u00e1neos en Am\u00e9rica Latina<\/em><\/strong><strong> (2023)<\/strong><\/p>\n\n\n\n<p><strong>Mar\u00eda del Pilar \u00c1lvarez (compiladora)<\/strong><\/p>\n\n\n\n<p><strong>Ediciones Universidad del Salvador<\/strong><\/p>\n\n\n\n<p><strong>ISBN &nbsp;978-950-592-305-2<\/strong><\/p>\n\n\n\n<p>Esta publicaci\u00f3n \u2014compuesta por los nueve ensayos ganadores del Segundo Concurso de Ensayos sobre Corea realizado en 2022\u2014 forma parte del Programa Semilla de Estudios Coreanos del Instituto de Investigaciones en Ciencias Sociales (IDICSO-Unidad Asociada al CONICET) de la USAL. Los escritos, que recorren diversos temas, dan cuenta de perspectivas originales emplazadas en la realidad local y en los debates acad\u00e9micos regionales.<\/p>\n\n\n\n<p><strong>Librer\u00eda Eduardo Blanco<\/strong><\/p>\n\n\n\n<p><strong>Rodr\u00edguez Pe\u00f1a 670, C1020ADN Ciudad Aut\u00f3noma de Buenos Aires.<\/strong><\/p>\n\n\n\n<p><strong>Tel. (011) 2206-4735<\/strong><\/p>\n\n\n\n<p><strong><a href=\"mailto:libreria@usal.edu.ar\">libreria@usal.edu.ar<\/a><\/strong><\/p>\n<\/div><\/div>\n\n\n\n<hr class=\"wp-block-separator has-alpha-channel-opacity\" \/>\n\n\n\n<div class=\"wp-block-media-text is-stacked-on-mobile\" style=\"grid-template-columns:23% auto\"><figure class=\"wp-block-media-text__media\"><img loading=\"lazy\" decoding=\"async\" width=\"714\" height=\"1024\" src=\"https:\/\/www.usal.edu.ar\/publicaciones\/wp-content\/uploads\/sites\/17\/2025\/10\/tapa-corea-un-nuevo-comienzo-1-714x1024.jpg\" alt=\"\" class=\"wp-image-374 size-full\" srcset=\"https:\/\/www.usal.edu.ar\/publicaciones\/wp-content\/uploads\/sites\/17\/2025\/10\/tapa-corea-un-nuevo-comienzo-1-714x1024.jpg 714w, https:\/\/www.usal.edu.ar\/publicaciones\/wp-content\/uploads\/sites\/17\/2025\/10\/tapa-corea-un-nuevo-comienzo-1-209x300.jpg 209w, https:\/\/www.usal.edu.ar\/publicaciones\/wp-content\/uploads\/sites\/17\/2025\/10\/tapa-corea-un-nuevo-comienzo-1-768x1101.jpg 768w, https:\/\/www.usal.edu.ar\/publicaciones\/wp-content\/uploads\/sites\/17\/2025\/10\/tapa-corea-un-nuevo-comienzo-1.jpg 886w\" sizes=\"auto, (max-width: 714px) 100vw, 714px\" \/><\/figure><div class=\"wp-block-media-text__content\">\n<p class=\"has-medium-font-size\"><strong><em>Corea, un nuevo comienzo<\/em><\/strong><strong> (2019)<\/strong><\/p>\n\n\n\n<p><strong>Mar\u00eda del Pilar \u00c1lvarez y Ver\u00f3nica P\u00e9rez Taffi (compiladoras)<\/strong><\/p>\n\n\n\n<p><strong>Ediciones Universidad del Salvador<\/strong><\/p>\n\n\n\n<p><strong>ISBN 978-950-592-249-9<\/strong><\/p>\n\n\n\n<p><\/p>\n\n\n\n<p>Fruto del Primer Concurso de Ensayos sobre Corea, este libro es testigo del inter\u00e9s que el pa\u00eds despierta en las nuevas generaciones de estudiantes y acad\u00e9micos. Presenta los siete ensayos ganadores que, desde una mirada multidisciplinar, abarcan diferentes aspectos de la historia, la cultura y la pol\u00edtica de la pen\u00ednsula coreana. Con el apoyo del Programa Semilla de Estudios Coreanos a trav\u00e9s del Ministerio de Educaci\u00f3n de la Rep\u00fablica de Corea y el Servicio de Promoci\u00f3n de Estudios Coreanos de la Academia de Estudios Coreanos.<\/p>\n\n\n\n<p><strong>Librer\u00eda Eduardo Blanco<\/strong><\/p>\n\n\n\n<p><strong>Rodr\u00edguez Pe\u00f1a 670, C1020ADN Ciudad Aut\u00f3noma de Buenos Aires.<\/strong><\/p>\n\n\n\n<p><strong>Tel. (011) 2206-4735<\/strong><\/p>\n\n\n\n<p><a href=\"mailto:libreria@usal.edu.ar\"><strong>libreria@usal.edu.ar<\/strong><\/a><\/p>\n<\/div><\/div>\n\n\n\n<hr class=\"wp-block-separator has-alpha-channel-opacity\" \/>\n\n\n\n<div class=\"wp-block-media-text is-stacked-on-mobile\" style=\"grid-template-columns:22% auto\"><figure class=\"wp-block-media-text__media\"><img loading=\"lazy\" decoding=\"async\" width=\"714\" height=\"1024\" src=\"https:\/\/www.usal.edu.ar\/publicaciones\/wp-content\/uploads\/sites\/17\/2025\/10\/tapa-hallyu-o-diplomacia-cultural-714x1024.jpg\" alt=\"\" class=\"wp-image-371 size-full\" srcset=\"https:\/\/www.usal.edu.ar\/publicaciones\/wp-content\/uploads\/sites\/17\/2025\/10\/tapa-hallyu-o-diplomacia-cultural-714x1024.jpg 714w, https:\/\/www.usal.edu.ar\/publicaciones\/wp-content\/uploads\/sites\/17\/2025\/10\/tapa-hallyu-o-diplomacia-cultural-209x300.jpg 209w, https:\/\/www.usal.edu.ar\/publicaciones\/wp-content\/uploads\/sites\/17\/2025\/10\/tapa-hallyu-o-diplomacia-cultural-768x1102.jpg 768w, https:\/\/www.usal.edu.ar\/publicaciones\/wp-content\/uploads\/sites\/17\/2025\/10\/tapa-hallyu-o-diplomacia-cultural.jpg 885w\" sizes=\"auto, (max-width: 714px) 100vw, 714px\" \/><\/figure><div class=\"wp-block-media-text__content\">\n<p><\/p>\n\n\n\n<p><\/p>\n\n\n\n<p class=\"has-medium-font-size\"><strong><em>\u00bfHallyu o diplomacia cultural? Corea del Sur y sus productos culturales<\/em> (2018)<\/strong><\/p>\n\n\n\n<p><strong>Mar\u00eda del Pilar \u00c1lvarez y Ver\u00f3nica P\u00e9rez Taffi (compiladoras)<\/strong><\/p>\n\n\n\n<p><strong>Ediciones Universidad del Salvador<\/strong><\/p>\n\n\n\n<p><strong>ISBN 978-950-592-246-8<\/strong><\/p>\n\n\n\n<p><\/p>\n\n\n\n<p>Dividida en dos partes \u2014\u201cArte, cultura y pol\u00edtica en Corea del Sur\u201d y \u201c<em>Hallyu<\/em> y Relaciones Internacionales\u201d \u2014, esta obra presenta una serie de discusiones acad\u00e9micas sobre las pol\u00edticas de desarrollo y promoci\u00f3n de la industria cultural coreana, como as\u00ed tambi\u00e9n el impacto de su diplomacia cultural en distintos pa\u00edses, incluida la Rep\u00fablica Argentina. Con el apoyo del Programa Semilla de Estudios Coreanos a trav\u00e9s del Ministerio de Educaci\u00f3n de la Rep\u00fablica de Corea y el Servicio de Promoci\u00f3n de Estudios Coreanos de la Academia de Estudios Coreanos.<\/p>\n\n\n\n<p><strong>Librer\u00eda Eduardo Blanco<\/strong><\/p>\n\n\n\n<p><strong>Rodr\u00edguez Pe\u00f1a 670, C1020ADN Ciudad Aut\u00f3noma de Buenos Aires.<\/strong><\/p>\n\n\n\n<p><strong>Tel. (011) 2206-4735<\/strong><\/p>\n\n\n\n<p><strong><a href=\"mailto:libreria@usal.edu.ar\">libreria@usal.edu.ar<\/a><\/strong><\/p>\n\n\n\n<hr class=\"wp-block-separator has-alpha-channel-opacity\" \/>\n<\/div><\/div>\n\n\n<h4><strong>Colecci\u00f3n de Estudios Jesu\u00edticos<\/strong><\/h4>\n\n\n<div class=\"wp-block-media-text is-stacked-on-mobile\" style=\"grid-template-columns:24% auto\"><figure class=\"wp-block-media-text__media\"><img loading=\"lazy\" decoding=\"async\" width=\"694\" height=\"1024\" src=\"https:\/\/www.usal.edu.ar\/publicaciones\/wp-content\/uploads\/sites\/17\/2026\/02\/arquitectos-694x1024.jpg\" alt=\"\" class=\"wp-image-454 size-full\" srcset=\"https:\/\/www.usal.edu.ar\/publicaciones\/wp-content\/uploads\/sites\/17\/2026\/02\/arquitectos-694x1024.jpg 694w, https:\/\/www.usal.edu.ar\/publicaciones\/wp-content\/uploads\/sites\/17\/2026\/02\/arquitectos-203x300.jpg 203w, https:\/\/www.usal.edu.ar\/publicaciones\/wp-content\/uploads\/sites\/17\/2026\/02\/arquitectos-768x1133.jpg 768w, https:\/\/www.usal.edu.ar\/publicaciones\/wp-content\/uploads\/sites\/17\/2026\/02\/arquitectos.jpg 927w\" sizes=\"auto, (max-width: 694px) 100vw, 694px\" \/><\/figure><div class=\"wp-block-media-text__content\">\n<p class=\"has-medium-font-size\"><strong><em>Arquitectos argentinos durante la dominaci\u00f3n hisp\u00e1nica<\/em><\/strong><strong> (2025)<\/strong><\/p>\n\n\n\n<p><strong>Guillermo Furlong, S. J.<\/strong><\/p>\n\n\n\n<p><strong>Ediciones Universidad del Salvador<\/strong><\/p>\n\n\n\n<p><strong>ISBN 978-950-592-321-2<\/strong><\/p>\n\n\n\n<p>Esta nueva edici\u00f3n de <em>Arquitectos argentinos durante la dominaci\u00f3n hisp\u00e1nica<\/em> propone una visi\u00f3n panor\u00e1mica del desarrollo arquitect\u00f3nico en tierras argentinas desde 1536 hasta 1810. Fruto de la excepcional recopilaci\u00f3n de documentos realizada por el Padre Furlong, esta obra da cuenta de su fuerte compromiso intelectual con Argentina y con la tradici\u00f3n jesu\u00edtica.<\/p>\n\n\n\n<p><strong>Librer\u00eda Eduardo Blanco<\/strong><\/p>\n\n\n\n<p><strong>Rodr\u00edguez Pe\u00f1a 670, C1020ADN Ciudad Aut\u00f3noma de Buenos Aires.<\/strong><\/p>\n\n\n\n<p><strong>Tel. <\/strong><strong>&nbsp;(011) 2206-4735<\/strong><strong><\/strong><\/p>\n\n\n\n<p><a href=\"mailto:libreria@usal.edu.ar\"><strong>libreria@usal.edu.ar<\/strong><\/a><\/p>\n<\/div><\/div>\n\n\n\n<hr class=\"wp-block-separator has-alpha-channel-opacity\" \/>\n\n\n\n<div class=\"wp-block-media-text is-stacked-on-mobile\" style=\"grid-template-columns:24% auto\"><figure class=\"wp-block-media-text__media\"><img loading=\"lazy\" decoding=\"async\" width=\"714\" height=\"1024\" src=\"https:\/\/www.usal.edu.ar\/publicaciones\/wp-content\/uploads\/sites\/17\/2026\/02\/Gaspar-Juarez-y-sus-Noticias-Fitologicas-714x1024.jpg\" alt=\"\" class=\"wp-image-456 size-full\" srcset=\"https:\/\/www.usal.edu.ar\/publicaciones\/wp-content\/uploads\/sites\/17\/2026\/02\/Gaspar-Juarez-y-sus-Noticias-Fitologicas-714x1024.jpg 714w, https:\/\/www.usal.edu.ar\/publicaciones\/wp-content\/uploads\/sites\/17\/2026\/02\/Gaspar-Juarez-y-sus-Noticias-Fitologicas-209x300.jpg 209w, https:\/\/www.usal.edu.ar\/publicaciones\/wp-content\/uploads\/sites\/17\/2026\/02\/Gaspar-Juarez-y-sus-Noticias-Fitologicas-768x1101.jpg 768w, https:\/\/www.usal.edu.ar\/publicaciones\/wp-content\/uploads\/sites\/17\/2026\/02\/Gaspar-Juarez-y-sus-Noticias-Fitologicas.jpg 886w\" sizes=\"auto, (max-width: 714px) 100vw, 714px\" \/><\/figure><div class=\"wp-block-media-text__content\">\n<p class=\"has-medium-font-size\"><strong><em>G\u00e1spar Ju\u00e1rez, S. J. y sus \u201cNoticias Fitol\u00f3gicas\u201d<\/em><\/strong><strong> (2024)<\/strong><\/p>\n\n\n\n<p><strong>Guillermo Furlong, S. J.<\/strong><\/p>\n\n\n\n<p><strong>Ediciones Universidad del Salvador<\/strong><\/p>\n\n\n\n<p><strong>ISBN 978-950-592-315-1<\/strong><\/p>\n\n\n\n<p>El Padre Furlong se aboc\u00f3 a la tarea de acercarnos las obras de los protagonistas de la Compa\u00f1\u00eda de Jes\u00fas. En este caso, se trata de una reimpresi\u00f3n de la realizada en 1954, que pondera la labor del profesor y fit\u00f3logo G\u00e1spar Ju\u00e1rez, S. J., quien adem\u00e1s fue el mentor de Mar\u00eda Antonia de la Paz Figueroa, Mama Antula, recientemente canonizada.<\/p>\n\n\n\n<p><strong>Librer\u00eda Eduardo Blanco<\/strong><\/p>\n\n\n\n<p><strong>Rodr\u00edguez Pe\u00f1a 670, C1020ADN Ciudad Aut\u00f3noma de Buenos Aires.<\/strong><\/p>\n\n\n\n<p><strong>Tel. <\/strong><strong>(011) 2206-4735<\/strong><strong><\/strong><\/p>\n\n\n\n<p><a href=\"mailto:libreria@usal.edu.ar\"><strong>libreria@usal.edu.ar<\/strong><\/a><strong><\/strong><\/p>\n<\/div><\/div>\n\n\n\n<hr class=\"wp-block-separator has-alpha-channel-opacity\" \/>\n\n\n\n<div class=\"wp-block-media-text is-stacked-on-mobile\" style=\"grid-template-columns:24% auto\"><figure class=\"wp-block-media-text__media\"><img loading=\"lazy\" decoding=\"async\" width=\"713\" height=\"1024\" src=\"https:\/\/www.usal.edu.ar\/publicaciones\/wp-content\/uploads\/sites\/17\/2026\/02\/medicos-713x1024.jpg\" alt=\"\" class=\"wp-image-458 size-full\" srcset=\"https:\/\/www.usal.edu.ar\/publicaciones\/wp-content\/uploads\/sites\/17\/2026\/02\/medicos-713x1024.jpg 713w, https:\/\/www.usal.edu.ar\/publicaciones\/wp-content\/uploads\/sites\/17\/2026\/02\/medicos-209x300.jpg 209w, https:\/\/www.usal.edu.ar\/publicaciones\/wp-content\/uploads\/sites\/17\/2026\/02\/medicos-768x1103.jpg 768w, https:\/\/www.usal.edu.ar\/publicaciones\/wp-content\/uploads\/sites\/17\/2026\/02\/medicos.jpg 886w\" sizes=\"auto, (max-width: 713px) 100vw, 713px\" \/><\/figure><div class=\"wp-block-media-text__content\">\n<p class=\"has-medium-font-size\"><strong><em>M\u00e9dicos argentinos durante la dominaci\u00f3n hisp\u00e1nica<\/em><\/strong><strong> (2021)<\/strong><\/p>\n\n\n\n<p><strong>Guillermo Furlong, S. J.<\/strong><\/p>\n\n\n\n<p><strong>Ediciones Universidad del Salvador<\/strong><\/p>\n\n\n\n<p><strong>ISBN 978-950-592-286-4<\/strong><\/p>\n\n\n\n<p>Esta nueva edici\u00f3n recupera un texto fundamental de la carrera del Padre Furlong, historiador y acad\u00e9mico de n\u00famero de la Academia Nacional de la Historia. Compuesta por 34 cap\u00edtulos, un ep\u00edlogo, un ap\u00e9ndice y un \u00edndice general, esta obra presenta un an\u00e1lisis pormenorizado \u2014regi\u00f3n por regi\u00f3n\u2014 de la actuaci\u00f3n de los m\u00e9dicos, su cantidad y aumento proporcional al crecimiento de la poblaci\u00f3n durante la dominaci\u00f3n hisp\u00e1nica. Un texto de suma relevancia para historiadores hispanoamericanistas y para p\u00fablico amante de la historia.<\/p>\n\n\n\n<p><strong>Librer\u00eda Eduardo Blanco<\/strong><\/p>\n\n\n\n<p><strong>Rodr\u00edguez Pe\u00f1a 670, C1020ADN Ciudad Aut\u00f3noma de Buenos Aires.<\/strong><\/p>\n\n\n\n<p><strong>Tel. <\/strong><strong>(011) 2206-4735<\/strong><strong><\/strong><\/p>\n\n\n\n<p><a href=\"mailto:libreria@usal.edu.ar\"><strong>libreria@usal.edu.ar<\/strong><\/a><strong><\/strong><\/p>\n<\/div><\/div>\n\n\n\n<hr class=\"wp-block-separator has-alpha-channel-opacity\" \/>\n\n\n\n<div class=\"wp-block-media-text is-stacked-on-mobile\" style=\"grid-template-columns:24% auto\"><figure class=\"wp-block-media-text__media\"><img loading=\"lazy\" decoding=\"async\" width=\"714\" height=\"1024\" src=\"https:\/\/www.usal.edu.ar\/publicaciones\/wp-content\/uploads\/sites\/17\/2026\/02\/los-jesuitas-y-la-cultura-714x1024.jpg\" alt=\"\" class=\"wp-image-459 size-full\" srcset=\"https:\/\/www.usal.edu.ar\/publicaciones\/wp-content\/uploads\/sites\/17\/2026\/02\/los-jesuitas-y-la-cultura-714x1024.jpg 714w, https:\/\/www.usal.edu.ar\/publicaciones\/wp-content\/uploads\/sites\/17\/2026\/02\/los-jesuitas-y-la-cultura-209x300.jpg 209w, https:\/\/www.usal.edu.ar\/publicaciones\/wp-content\/uploads\/sites\/17\/2026\/02\/los-jesuitas-y-la-cultura-768x1101.jpg 768w, https:\/\/www.usal.edu.ar\/publicaciones\/wp-content\/uploads\/sites\/17\/2026\/02\/los-jesuitas-y-la-cultura.jpg 886w\" sizes=\"auto, (max-width: 714px) 100vw, 714px\" \/><\/figure><div class=\"wp-block-media-text__content\">\n<p class=\"has-medium-font-size\"><strong><em>Los jesuitas y la cultura rioplatense<\/em><\/strong><strong> (2014)<\/strong><\/p>\n\n\n\n<p><strong>Guillermo Furlong, S. J.<\/strong><\/p>\n\n\n\n<p><strong>Ediciones Universidad del Salvador<\/strong><\/p>\n\n\n\n<p><strong>ISBN 978-950-592-174-4<\/strong><\/p>\n\n\n\n<p>A 80 a\u00f1os de la primera edici\u00f3n de este libro (1933), la obra del Padre Furlong no pierde vigencia. Sus p\u00e1ginas proporcionan una idea cabal de la calidad y del sentido del amplio accionar de la Compa\u00f1\u00eda de Jes\u00fas en la cultura del R\u00edo de la Plata. Una tradici\u00f3n de fe, trabajo y estudio respetada en nuestro pa\u00eds y piedra fundacional del esp\u00edritu de la Universidad del Salvador.<\/p>\n\n\n\n<p><strong>Librer\u00eda Eduardo Blanco<\/strong><\/p>\n\n\n\n<p><strong>Rodr\u00edguez Pe\u00f1a 670, C1020ADN Ciudad Aut\u00f3noma de Buenos Aires.<\/strong><\/p>\n\n\n\n<p><strong>Tel. <\/strong><strong>(011) 2206-4735<\/strong><strong><\/strong><\/p>\n\n\n\n<p><a href=\"mailto:libreria@usal.edu.ar\"><strong>libreria@usal.edu.ar<\/strong><\/a><strong><\/strong><\/p>\n<\/div><\/div>\n\n\n\n<hr class=\"wp-block-separator has-alpha-channel-opacity\" \/>\n\n\n\n<div class=\"wp-block-media-text is-stacked-on-mobile\" style=\"grid-template-columns:24% auto\"><figure class=\"wp-block-media-text__media\"><img loading=\"lazy\" decoding=\"async\" width=\"714\" height=\"1024\" src=\"https:\/\/www.usal.edu.ar\/publicaciones\/wp-content\/uploads\/sites\/17\/2026\/02\/Ricci-china-714x1024.jpg\" alt=\"\" class=\"wp-image-460 size-full\" srcset=\"https:\/\/www.usal.edu.ar\/publicaciones\/wp-content\/uploads\/sites\/17\/2026\/02\/Ricci-china-714x1024.jpg 714w, https:\/\/www.usal.edu.ar\/publicaciones\/wp-content\/uploads\/sites\/17\/2026\/02\/Ricci-china-209x300.jpg 209w, https:\/\/www.usal.edu.ar\/publicaciones\/wp-content\/uploads\/sites\/17\/2026\/02\/Ricci-china-768x1101.jpg 768w, https:\/\/www.usal.edu.ar\/publicaciones\/wp-content\/uploads\/sites\/17\/2026\/02\/Ricci-china.jpg 886w\" sizes=\"auto, (max-width: 714px) 100vw, 714px\" \/><\/figure><div class=\"wp-block-media-text__content\">\n<p class=\"has-medium-font-size\"><strong><em>Costumbres y religiones de China<\/em><\/strong><strong> (2014)<\/strong><\/p>\n\n\n\n<p><strong>Mateo Ricci, S. J.<\/strong><\/p>\n\n\n\n<p><strong>Ediciones Universidad del Salvador<\/strong><\/p>\n\n\n\n<p><strong>ISBN 978-950-592-179-9<\/strong><\/p>\n\n\n\n<p>Como jesuita, el Padre Mateo Ricci fue destinado a China en 1582, pa\u00eds en el que permaneci\u00f3 hasta 1610, durante el gobierno de la dinast\u00eda Ming. Ante un mundo desconocido, el padre Ricci aborda con sensibilidad las costumbres y religiones del lugar, y en paralelo da cuenta de los primeros pasos del cristianismo en aquellas tierras. Los relatos de este libro forman parte de una obra mayor escrita originalmente en italiano, que fue traducida a varios idiomas en el siglo XX y considerada de gran valor.<\/p>\n\n\n\n<p><strong>Librer\u00eda Eduardo Blanco<\/strong><\/p>\n\n\n\n<p><strong>Rodr\u00edguez Pe\u00f1a 670, C1020ADN Ciudad Aut\u00f3noma de Buenos Aires.<\/strong><\/p>\n\n\n\n<p><strong>Tel. <\/strong><strong>(011) 2206-4735<\/strong><strong><\/strong><\/p>\n\n\n\n<p><a href=\"mailto:libreria@usal.edu.ar\"><strong>libreria@usal.edu.ar<\/strong><\/a><strong><\/strong><\/p>\n<\/div><\/div>\n","protected":false},"excerpt":{"rendered":"<p>Colecci\u00f3n de Estudios Coreanos Religiones en la pen\u00ednsula de Corea (2026) Mar\u00eda del Pilar \u00c1lvarez y Pablo Forni (compiladores) Ediciones Universidad del Salvador ISBN 978-950-592-322-9 A lo largo de once cap\u00edtulos, este libro propone un recorrido hist\u00f3rico, teol\u00f3gico, filos\u00f3fico y sociol\u00f3gico por la diversidad de religiones de ambas Coreas, desde la antig\u00fcedad hasta la actualidad. [&hellip;]<\/p>\n","protected":false},"author":51,"featured_media":0,"parent":0,"menu_order":0,"comment_status":"closed","ping_status":"closed","template":"","meta":{"_acf_changed":false,"footnotes":""},"class_list":["post-286","page","type-page","status-publish","hentry"],"acf":[],"_links":{"self":[{"href":"https:\/\/www.usal.edu.ar\/publicaciones\/wp-json\/wp\/v2\/pages\/286","targetHints":{"allow":["GET"]}}],"collection":[{"href":"https:\/\/www.usal.edu.ar\/publicaciones\/wp-json\/wp\/v2\/pages"}],"about":[{"href":"https:\/\/www.usal.edu.ar\/publicaciones\/wp-json\/wp\/v2\/types\/page"}],"author":[{"embeddable":true,"href":"https:\/\/www.usal.edu.ar\/publicaciones\/wp-json\/wp\/v2\/users\/51"}],"replies":[{"embeddable":true,"href":"https:\/\/www.usal.edu.ar\/publicaciones\/wp-json\/wp\/v2\/comments?post=286"}],"version-history":[{"count":45,"href":"https:\/\/www.usal.edu.ar\/publicaciones\/wp-json\/wp\/v2\/pages\/286\/revisions"}],"predecessor-version":[{"id":469,"href":"https:\/\/www.usal.edu.ar\/publicaciones\/wp-json\/wp\/v2\/pages\/286\/revisions\/469"}],"wp:attachment":[{"href":"https:\/\/www.usal.edu.ar\/publicaciones\/wp-json\/wp\/v2\/media?parent=286"}],"curies":[{"name":"wp","href":"https:\/\/api.w.org\/{rel}","templated":true}]}}