{"id":847,"date":"2025-10-09T14:11:58","date_gmt":"2025-10-09T17:11:58","guid":{"rendered":"https:\/\/www.usal.edu.ar\/vrf\/?page_id=847"},"modified":"2026-03-19T13:26:51","modified_gmt":"2026-03-19T16:26:51","slug":"home","status":"publish","type":"page","link":"https:\/\/www.usal.edu.ar\/vrf\/","title":{"rendered":"Vicerrectorado de Formaci\u00f3n"},"content":{"rendered":"\n<div class=\"wp-block-group is-layout-flow wp-block-group-is-layout-flow\" style=\"margin-top:var(--wp--preset--spacing--30);margin-bottom:var(--wp--preset--spacing--30)\">\n<div class=\"wp-block-group is-vertical is-content-justification-stretch is-layout-flex wp-container-core-group-is-layout-787e25d3 wp-block-group-is-layout-flex\" style=\"margin-top:var(--wp--preset--spacing--30);margin-bottom:var(--wp--preset--spacing--30);padding-right:var(--wp--preset--spacing--30);padding-left:var(--wp--preset--spacing--30)\">\n<div class=\"wp-block-columns is-layout-flex wp-container-core-columns-is-layout-87beb0d0 wp-block-columns-is-layout-flex\">\n<div class=\"wp-block-column is-layout-flow wp-block-column-is-layout-flow\" style=\"flex-basis:33.34%\">\n<div class=\"wp-block-cover has-custom-content-position is-position-bottom-center container-propuesta\" style=\"border-radius:10px;min-height:250px;aspect-ratio:unset;\"><img loading=\"lazy\" decoding=\"async\" width=\"700\" height=\"454\" class=\"wp-block-cover__image-background wp-image-885 size-full\" alt=\"\" src=\"https:\/\/www.usal.edu.ar\/vrf\/wp-content\/uploads\/sites\/20\/2025\/11\/Saint_Augustine_by_Philippe_de_Champaigne2.webp\" style=\"object-position:51% 12%\" data-object-fit=\"cover\" data-object-position=\"51% 12%\" srcset=\"https:\/\/www.usal.edu.ar\/vrf\/wp-content\/uploads\/sites\/20\/2025\/11\/Saint_Augustine_by_Philippe_de_Champaigne2.webp 700w, https:\/\/www.usal.edu.ar\/vrf\/wp-content\/uploads\/sites\/20\/2025\/11\/Saint_Augustine_by_Philippe_de_Champaigne2-300x195.webp 300w\" sizes=\"auto, (max-width: 700px) 100vw, 700px\" \/><span aria-hidden=\"true\" class=\"wp-block-cover__background has-background-dim-0 has-background-dim\" style=\"background-color:#58452a\"><\/span><div class=\"wp-block-cover__inner-container has-global-padding is-layout-constrained wp-block-cover-is-layout-constrained\">\n<div class=\"wp-block-buttons is-content-justification-center is-layout-flex wp-container-core-buttons-is-layout-a89b3969 wp-block-buttons-is-layout-flex\">\n<div class=\"wp-block-button boton-tipo-propuesta\"><a class=\"wp-block-button__link has-primary-color has-base-background-color has-text-color has-background has-small-font-size has-text-align-center has-custom-font-size wp-element-button\" href=\"https:\/\/www.usal.edu.ar\/vrf\/depfiloetica\/\" style=\"border-radius:5px;font-style:normal;font-weight:700\">Departamento de Filosof\u00eda<\/a><\/div>\n<\/div>\n<\/div><\/div>\n<\/div>\n\n\n\n<div class=\"wp-block-column is-layout-flow wp-block-column-is-layout-flow\" style=\"flex-basis:33.34%\">\n<div class=\"wp-block-cover is-light has-custom-content-position is-position-bottom-center container-propuesta\" style=\"border-radius:10px;min-height:250px;aspect-ratio:unset;\"><img loading=\"lazy\" decoding=\"async\" width=\"647\" height=\"388\" class=\"wp-block-cover__image-background wp-image-893 size-full\" alt=\"\" src=\"https:\/\/www.usal.edu.ar\/vrf\/wp-content\/uploads\/sites\/20\/2025\/11\/semfiloteo.jpg\" data-object-fit=\"cover\" srcset=\"https:\/\/www.usal.edu.ar\/vrf\/wp-content\/uploads\/sites\/20\/2025\/11\/semfiloteo.jpg 647w, https:\/\/www.usal.edu.ar\/vrf\/wp-content\/uploads\/sites\/20\/2025\/11\/semfiloteo-300x180.jpg 300w\" sizes=\"auto, (max-width: 647px) 100vw, 647px\" \/><span aria-hidden=\"true\" class=\"wp-block-cover__background has-background-dim-0 has-background-dim\" style=\"background-color:#a2794e\"><\/span><div class=\"wp-block-cover__inner-container has-global-padding is-layout-constrained wp-block-cover-is-layout-constrained\">\n<div class=\"wp-block-buttons is-content-justification-center is-layout-flex wp-container-core-buttons-is-layout-a89b3969 wp-block-buttons-is-layout-flex\">\n<div class=\"wp-block-button boton-tipo-propuesta\"><a class=\"wp-block-button__link has-primary-color has-base-background-color has-text-color has-background has-small-font-size has-text-align-center has-custom-font-size wp-element-button\" href=\"https:\/\/www.usal.edu.ar\/vrf\/seminario-filosofico-teologico\/\" style=\"border-radius:5px;font-style:normal;font-weight:700\">Seminario Filos\u00f3fico-Teol\u00f3gico<\/a><\/div>\n<\/div>\n<\/div><\/div>\n<\/div>\n\n\n\n<div class=\"wp-block-column is-layout-flow wp-block-column-is-layout-flow\" style=\"flex-basis:33.33%\">\n<div class=\"wp-block-cover has-custom-content-position is-position-bottom-center container-propuesta\" style=\"border-radius:10px;min-height:250px;aspect-ratio:unset;\"><img loading=\"lazy\" decoding=\"async\" width=\"1024\" height=\"666\" class=\"wp-block-cover__image-background wp-image-891 size-large\" alt=\"\" src=\"https:\/\/www.usal.edu.ar\/vrf\/wp-content\/uploads\/sites\/20\/2025\/11\/Teologia-jesus-estudiando2-1-1024x666.jpg\" style=\"object-position:51% 33%\" data-object-fit=\"cover\" data-object-position=\"51% 33%\" srcset=\"https:\/\/www.usal.edu.ar\/vrf\/wp-content\/uploads\/sites\/20\/2025\/11\/Teologia-jesus-estudiando2-1-1024x666.jpg 1024w, https:\/\/www.usal.edu.ar\/vrf\/wp-content\/uploads\/sites\/20\/2025\/11\/Teologia-jesus-estudiando2-1-300x195.jpg 300w, https:\/\/www.usal.edu.ar\/vrf\/wp-content\/uploads\/sites\/20\/2025\/11\/Teologia-jesus-estudiando2-1-768x500.jpg 768w, https:\/\/www.usal.edu.ar\/vrf\/wp-content\/uploads\/sites\/20\/2025\/11\/Teologia-jesus-estudiando2-1.jpg 1131w\" sizes=\"auto, (max-width: 1024px) 100vw, 1024px\" \/><span aria-hidden=\"true\" class=\"wp-block-cover__background has-background-dim-0 has-background-dim\" style=\"background-color:#636063\"><\/span><div class=\"wp-block-cover__inner-container has-global-padding is-layout-constrained wp-block-cover-is-layout-constrained\">\n<div class=\"wp-block-buttons is-content-justification-center is-layout-flex wp-container-core-buttons-is-layout-a89b3969 wp-block-buttons-is-layout-flex\">\n<div class=\"wp-block-button boton-tipo-propuesta\"><a class=\"wp-block-button__link has-primary-color has-base-background-color has-text-color has-background has-small-font-size has-text-align-center has-custom-font-size wp-element-button\" href=\"https:\/\/www.usal.edu.ar\/vrf\/depteo\/\" style=\"border-radius:5px;font-style:normal;font-weight:700\">Departamento de Teolog\u00eda<\/a><\/div>\n<\/div>\n<\/div><\/div>\n<\/div>\n<\/div>\n\n\n\n<div class=\"wp-block-columns is-layout-flex wp-container-core-columns-is-layout-87beb0d0 wp-block-columns-is-layout-flex\">\n<div class=\"wp-block-column is-layout-flow wp-block-column-is-layout-flow\" style=\"flex-basis:33.34%\">\n<div class=\"wp-block-cover has-custom-content-position is-position-bottom-center container-propuesta\" style=\"border-radius:10px;min-height:250px;aspect-ratio:unset;\"><img loading=\"lazy\" decoding=\"async\" width=\"487\" height=\"422\" class=\"wp-block-cover__image-background wp-image-882 size-full\" alt=\"\" src=\"https:\/\/www.usal.edu.ar\/vrf\/wp-content\/uploads\/sites\/20\/2025\/11\/algoretica2.jpg\" data-object-fit=\"cover\" srcset=\"https:\/\/www.usal.edu.ar\/vrf\/wp-content\/uploads\/sites\/20\/2025\/11\/algoretica2.jpg 487w, https:\/\/www.usal.edu.ar\/vrf\/wp-content\/uploads\/sites\/20\/2025\/11\/algoretica2-300x260.jpg 300w\" sizes=\"auto, (max-width: 487px) 100vw, 487px\" \/><span aria-hidden=\"true\" class=\"wp-block-cover__background has-background-dim-0 has-background-dim\" style=\"background-color:#1e5072\"><\/span><div class=\"wp-block-cover__inner-container has-global-padding is-layout-constrained wp-block-cover-is-layout-constrained\">\n<div class=\"wp-block-buttons is-content-justification-center is-layout-flex wp-container-core-buttons-is-layout-a89b3969 wp-block-buttons-is-layout-flex\">\n<div class=\"wp-block-button boton-tipo-propuesta\"><a class=\"wp-block-button__link has-primary-color has-base-background-color has-text-color has-background has-small-font-size has-text-align-center has-custom-font-size wp-element-button\" href=\"https:\/\/www.usal.edu.ar\/vrf\/hola-mundo-2\/\" style=\"border-radius:5px;font-style:normal;font-weight:700\">Comisi\u00f3n Algor\u00e9tica<\/a><\/div>\n<\/div>\n<\/div><\/div>\n<\/div>\n\n\n\n<div class=\"wp-block-column is-layout-flow wp-block-column-is-layout-flow\" style=\"flex-basis:33.34%\">\n<div class=\"wp-block-cover is-light has-custom-content-position is-position-bottom-center container-propuesta\" style=\"border-radius:10px;min-height:250px;aspect-ratio:unset;\"><img decoding=\"async\" class=\"wp-block-cover__image-background wp-image-233\" alt=\"\" src=\"https:\/\/www.usal.edu.ar\/internacional\/wp-content\/uploads\/sites\/7\/2024\/05\/Captura-de-pantalla-2024-05-01-170805.png\" style=\"object-position:35% 73%\" data-object-fit=\"cover\" data-object-position=\"35% 73%\" \/><span aria-hidden=\"true\" class=\"wp-block-cover__background has-background-dim-0 has-background-dim\"><\/span><div class=\"wp-block-cover__inner-container has-global-padding is-layout-constrained wp-block-cover-is-layout-constrained\">\n<div class=\"wp-block-buttons is-content-justification-center is-layout-flex wp-container-core-buttons-is-layout-a89b3969 wp-block-buttons-is-layout-flex\">\n<div class=\"wp-block-button boton-tipo-propuesta\"><a class=\"wp-block-button__link has-primary-color has-base-background-color has-text-color has-background has-small-font-size has-text-align-center has-custom-font-size wp-element-button\" href=\"https:\/\/www.usal.edu.ar\/vrf\/seminarios-permanentes-y-catedras\/\" style=\"border-radius:5px;font-style:normal;font-weight:700\">Seminarios Permanentes<\/a><\/div>\n<\/div>\n<\/div><\/div>\n<\/div>\n\n\n\n<div class=\"wp-block-column is-layout-flow wp-block-column-is-layout-flow\" style=\"flex-basis:33.34%\">\n<div class=\"wp-block-cover is-light has-custom-content-position is-position-bottom-center container-propuesta\" style=\"border-radius:10px;min-height:250px;aspect-ratio:unset;\"><img loading=\"lazy\" decoding=\"async\" width=\"758\" height=\"571\" class=\"wp-block-cover__image-background wp-image-880 size-full\" alt=\"\" src=\"https:\/\/www.usal.edu.ar\/vrf\/wp-content\/uploads\/sites\/20\/2025\/11\/catedra-Laudatosi-1.jpg\" data-object-fit=\"cover\" srcset=\"https:\/\/www.usal.edu.ar\/vrf\/wp-content\/uploads\/sites\/20\/2025\/11\/catedra-Laudatosi-1.jpg 758w, https:\/\/www.usal.edu.ar\/vrf\/wp-content\/uploads\/sites\/20\/2025\/11\/catedra-Laudatosi-1-300x226.jpg 300w\" sizes=\"auto, (max-width: 758px) 100vw, 758px\" \/><span aria-hidden=\"true\" class=\"wp-block-cover__background has-background-dim-0 has-background-dim\" style=\"background-color:#959d8c\"><\/span><div class=\"wp-block-cover__inner-container has-global-padding is-layout-constrained wp-block-cover-is-layout-constrained\">\n<div class=\"wp-block-buttons is-content-justification-center is-layout-flex wp-container-core-buttons-is-layout-a89b3969 wp-block-buttons-is-layout-flex\">\n<div class=\"wp-block-button boton-tipo-propuesta\"><a class=\"wp-block-button__link has-primary-color has-base-background-color has-text-color has-background has-small-font-size has-text-align-center has-custom-font-size wp-element-button\" href=\"https:\/\/www.usal.edu.ar\/vrf\/catedra-itinerante-laudato-si\/\" style=\"border-radius:5px;font-style:normal;font-weight:700\">C\u00e1tedra Laudato S\u00ed<\/a><\/div>\n<\/div>\n<\/div><\/div>\n<\/div>\n<\/div>\n<\/div>\n<\/div>\n\n\n\n<div class=\"wp-block-group is-layout-flow wp-block-group-is-layout-flow\" style=\"margin-top:var(--wp--preset--spacing--30);margin-bottom:var(--wp--preset--spacing--30)\">\n<div class=\"wp-block-group is-vertical is-content-justification-stretch is-layout-flex wp-container-core-group-is-layout-787e25d3 wp-block-group-is-layout-flex\" style=\"margin-top:var(--wp--preset--spacing--30);margin-bottom:var(--wp--preset--spacing--30);padding-right:var(--wp--preset--spacing--30);padding-left:var(--wp--preset--spacing--30)\">\n<div class=\"wp-block-columns is-layout-flex wp-container-core-columns-is-layout-87beb0d0 wp-block-columns-is-layout-flex\">\n<div class=\"wp-block-column is-layout-flow wp-block-column-is-layout-flow\" style=\"flex-basis:33.34%\">\n<div class=\"wp-block-cover is-light has-custom-content-position is-position-bottom-center container-propuesta\" style=\"border-radius:10px;min-height:250px;aspect-ratio:unset;\"><img loading=\"lazy\" decoding=\"async\" width=\"1080\" height=\"1080\" class=\"wp-block-cover__image-background wp-image-1071 size-full\" alt=\"\" src=\"https:\/\/www.usal.edu.ar\/vrf\/wp-content\/uploads\/sites\/20\/2026\/03\/WhatsApp-Image-2026-02-12-at-16.15.29.jpeg\" data-object-fit=\"cover\" srcset=\"https:\/\/www.usal.edu.ar\/vrf\/wp-content\/uploads\/sites\/20\/2026\/03\/WhatsApp-Image-2026-02-12-at-16.15.29.jpeg 1080w, https:\/\/www.usal.edu.ar\/vrf\/wp-content\/uploads\/sites\/20\/2026\/03\/WhatsApp-Image-2026-02-12-at-16.15.29-300x300.jpeg 300w, https:\/\/www.usal.edu.ar\/vrf\/wp-content\/uploads\/sites\/20\/2026\/03\/WhatsApp-Image-2026-02-12-at-16.15.29-1024x1024.jpeg 1024w, https:\/\/www.usal.edu.ar\/vrf\/wp-content\/uploads\/sites\/20\/2026\/03\/WhatsApp-Image-2026-02-12-at-16.15.29-150x150.jpeg 150w, https:\/\/www.usal.edu.ar\/vrf\/wp-content\/uploads\/sites\/20\/2026\/03\/WhatsApp-Image-2026-02-12-at-16.15.29-768x768.jpeg 768w\" sizes=\"auto, (max-width: 1080px) 100vw, 1080px\" \/><span aria-hidden=\"true\" class=\"wp-block-cover__background has-background-dim-0 has-background-dim\" style=\"background-color:#fbfbfb\"><\/span><div class=\"wp-block-cover__inner-container has-global-padding is-layout-constrained wp-block-cover-is-layout-constrained\">\n<div class=\"wp-block-buttons is-content-justification-center is-layout-flex wp-container-core-buttons-is-layout-a89b3969 wp-block-buttons-is-layout-flex\">\n<div class=\"wp-block-button boton-tipo-propuesta\"><a class=\"wp-block-button__link has-primary-color has-base-background-color has-text-color has-background has-small-font-size has-text-align-center has-custom-font-size wp-element-button\" href=\"https:\/\/www.usal.edu.ar\/vrf\/mas-novedades\/\" style=\"border-radius:5px;font-style:normal;font-weight:700\">Pastoral Universitaria<\/a><\/div>\n<\/div>\n<\/div><\/div>\n<\/div>\n\n\n\n<div class=\"wp-block-column is-layout-flow wp-block-column-is-layout-flow\" style=\"flex-basis:33.34%\">\n<div class=\"wp-block-cover is-light has-custom-content-position is-position-bottom-center container-propuesta\" style=\"border-radius:10px;min-height:250px;aspect-ratio:unset;\"><img loading=\"lazy\" decoding=\"async\" width=\"858\" height=\"775\" class=\"wp-block-cover__image-background wp-image-929 size-full\" alt=\"\" src=\"https:\/\/www.usal.edu.ar\/vrf\/wp-content\/uploads\/sites\/20\/2025\/11\/vrfcir3.jpg\" style=\"object-position:60% 4%\" data-object-fit=\"cover\" data-object-position=\"60% 4%\" srcset=\"https:\/\/www.usal.edu.ar\/vrf\/wp-content\/uploads\/sites\/20\/2025\/11\/vrfcir3.jpg 858w, https:\/\/www.usal.edu.ar\/vrf\/wp-content\/uploads\/sites\/20\/2025\/11\/vrfcir3-300x271.jpg 300w, https:\/\/www.usal.edu.ar\/vrf\/wp-content\/uploads\/sites\/20\/2025\/11\/vrfcir3-768x694.jpg 768w\" sizes=\"auto, (max-width: 858px) 100vw, 858px\" \/><span aria-hidden=\"true\" class=\"wp-block-cover__background has-background-dim-0 has-background-dim\" style=\"background-color:#b5cdbc\"><\/span><div class=\"wp-block-cover__inner-container has-global-padding is-layout-constrained wp-block-cover-is-layout-constrained\">\n<div class=\"wp-block-buttons is-content-justification-center is-layout-flex wp-container-core-buttons-is-layout-a89b3969 wp-block-buttons-is-layout-flex\">\n<div class=\"wp-block-button boton-tipo-propuesta\"><a class=\"wp-block-button__link has-primary-color has-base-background-color has-text-color has-background has-small-font-size has-text-align-center has-custom-font-size wp-element-button\" href=\"https:\/\/www.usal.edu.ar\/vrf\/el-vicerrectorado-de-formacion\/\" style=\"border-radius:5px;font-style:normal;font-weight:700\">Sobre nosotros<\/a><\/div>\n<\/div>\n<\/div><\/div>\n<\/div>\n\n\n\n<div class=\"wp-block-column is-layout-flow wp-block-column-is-layout-flow\" style=\"flex-basis:33.33%\">\n<div class=\"wp-block-cover is-light has-custom-content-position is-position-bottom-center container-propuesta\" style=\"border-radius:10px;min-height:250px;aspect-ratio:unset;\"><img decoding=\"async\" class=\"wp-block-cover__image-background wp-image-230\" alt=\"\" src=\"https:\/\/www.usal.edu.ar\/internacional\/wp-content\/uploads\/sites\/7\/2024\/05\/Estudiantes-internacionales.png\" style=\"object-position:48% 39%\" data-object-fit=\"cover\" data-object-position=\"48% 39%\" \/><span aria-hidden=\"true\" class=\"wp-block-cover__background has-background-dim-0 has-background-dim\"><\/span><div class=\"wp-block-cover__inner-container has-global-padding is-layout-constrained wp-block-cover-is-layout-constrained\">\n<div class=\"wp-block-buttons is-content-justification-center is-layout-flex wp-container-core-buttons-is-layout-a89b3969 wp-block-buttons-is-layout-flex\">\n<div class=\"wp-block-button boton-tipo-propuesta\"><a class=\"wp-block-button__link has-primary-color has-base-background-color has-text-color has-background has-small-font-size has-text-align-center has-custom-font-size wp-element-button\" href=\"https:\/\/www.usal.edu.ar\/vrf\/proximas-actividad\/\" style=\"border-radius:5px;font-style:normal;font-weight:700\">Pr\u00f3ximas actividades<\/a><\/div>\n<\/div>\n<\/div><\/div>\n<\/div>\n<\/div>\n<\/div>\n<\/div>\n\n\n\n\n\n<h4 class=\"wp-block-heading has-text-align-center\"><strong>Nuestro canal de YouTube<\/strong><\/h4>\n\n\n\n<div class=\"wp-block-group destacados2 is-layout-flow wp-container-core-group-is-layout-b9059297 wp-block-group-is-layout-flow\" style=\"margin-top:var(--wp--preset--spacing--30);margin-bottom:var(--wp--preset--spacing--30)\">\n<div class=\"wp-block-group titulo1 has-global-padding is-layout-constrained wp-block-group-is-layout-constrained\" style=\"margin-top:var(--wp--preset--spacing--30);margin-bottom:var(--wp--preset--spacing--30)\">\n<div class=\"wp-block-group is-layout-grid wp-container-core-group-is-layout-d7ed84bd wp-block-group-is-layout-grid\" style=\"margin-top:var(--wp--preset--spacing--50);margin-bottom:var(--wp--preset--spacing--50)\">\n<figure class=\"wp-block-embed is-type-video is-provider-youtube wp-block-embed-youtube wp-embed-aspect-16-9 wp-has-aspect-ratio\" style=\"margin-top:0;margin-right:var(--wp--preset--spacing--30);margin-bottom:0;margin-left:var(--wp--preset--spacing--30)\"><div class=\"wp-block-embed__wrapper\">\n<iframe loading=\"lazy\" title=\"Prof. Sabrina Marino. Introducci\u00f3n a la Doctrina Social de la Iglesia\" width=\"500\" height=\"281\" src=\"https:\/\/www.youtube.com\/embed\/TSEji7N7scE?feature=oembed\" frameborder=\"0\" allow=\"accelerometer; autoplay; clipboard-write; encrypted-media; gyroscope; picture-in-picture; web-share\" referrerpolicy=\"strict-origin-when-cross-origin\" allowfullscreen><\/iframe>\n<\/div><\/figure>\n\n\n\n<figure class=\"wp-block-embed is-type-video is-provider-youtube wp-block-embed-youtube wp-embed-aspect-16-9 wp-has-aspect-ratio wp-container-content-5e2576f9\" style=\"margin-top:0;margin-right:var(--wp--preset--spacing--30);margin-bottom:0;margin-left:var(--wp--preset--spacing--30)\"><div class=\"wp-block-embed__wrapper\">\n<iframe loading=\"lazy\" title=\"Mg. Agusti\u0301n Podesta\u0301. Introducci\u00f3n al Magisterio del Papa Francisco\" width=\"500\" height=\"281\" src=\"https:\/\/www.youtube.com\/embed\/rlbqQWAhcCQ?feature=oembed\" frameborder=\"0\" allow=\"accelerometer; autoplay; clipboard-write; encrypted-media; gyroscope; picture-in-picture; web-share\" referrerpolicy=\"strict-origin-when-cross-origin\" allowfullscreen><\/iframe>\n<\/div><\/figure>\n\n\n\n<h3 class=\"wp-block-heading has-text-align-center has-large-font-size\" style=\"font-style:normal;font-weight:600;letter-spacing:-1.5px\"><\/h3>\n<\/div>\n\n\n\n<hr class=\"wp-block-separator has-text-color has-primary-color has-alpha-channel-opacity has-primary-background-color has-background linea-base-titulo\" style=\"margin-bottom:var(--wp--preset--spacing--30)\" \/>\n<\/div>\n<\/div>\n\n\n\n<div class=\"wp-block-group destacados2 is-layout-flow wp-container-core-group-is-layout-b9059297 wp-block-group-is-layout-flow\" style=\"margin-top:var(--wp--preset--spacing--30);margin-bottom:var(--wp--preset--spacing--30)\">\n<div class=\"wp-block-group titulo1 has-global-padding is-layout-constrained wp-block-group-is-layout-constrained\" style=\"margin-top:var(--wp--preset--spacing--30);margin-bottom:var(--wp--preset--spacing--30)\">\n<h3 class=\"wp-block-heading has-text-align-center\" style=\"font-style:normal;font-weight:600;letter-spacing:-1.5px\">Noticias<\/h3>\n\n\n\n<hr class=\"wp-block-separator has-text-color has-primary-color has-alpha-channel-opacity has-primary-background-color has-background linea-base-titulo\" style=\"margin-bottom:var(--wp--preset--spacing--30)\" \/>\n<\/div>\n\n\n<section class=\"noticias splide\" aria-label=\"Slider de Noticias\">  <div class=\"splide__track\">    <ul class=\"splide__list\"><li class=\"splide__slide\"><div class=\"noticia-container\" data-link=\"https:\/\/noticias.usal.edu.ar\/designacion-como-doctor-honoris-causa-del-profesor-antonio-fernandez-de-bujan-fernandez\"><div><img decoding=\"async\" loading=\"lazy\" class=\"noticia-img\" src=\"https:\/\/noticias.usal.edu.ar\/sites\/default\/files\/2026-04\/HCausa%20%2842%29.JPG\" alt=\"\"><\/div><div><p class=\"titulo\">Designaci\u00f3n como Doctor \u201cHonoris Causa\u201d del Profesor Dr. Antonio Fern\u00e1ndez de Buj\u00e1n Fern\u00e1ndez<\/p><\/div><div><p class=\"bajada\">En el Sal\u00f3n \u201cSan Francisco Javier S.J\u201d del Rectorado de la Universidad del Salvador (USAL), se llev\u00f3 a cabo el Acto de Investidura del Doctorado Honoris Causa al Doctor Antonio Fern\u00e1ndez de Buj\u00e1n Fern\u00e1ndez, catedr\u00e1tico de la Universidad Aut\u00f3noma de Madrid, uno de los m\u00e1s ilustres juristas de Derecho Romano del mundo.El acto fue presidido por el Rector de la Universidad, Carlos Ignacio Salvadores de Arzuaga, quien estuvo acompa\u00f1ado en el e\u2026<\/p><\/div><div class=\"spacer\"><\/div><p class=\"ver_mas\"><a href=\"https:\/\/noticias.usal.edu.ar\/designacion-como-doctor-honoris-causa-del-profesor-antonio-fernandez-de-bujan-fernandez\" target=\"_blank\" rel=\"noopener noreferrer\">ver m\u00e1s <img decoding=\"async\" src=\"https:\/\/www.usal.edu.ar\/vrf\/wp-content\/plugins\/usal_general\/inc\/noticias\/img\/vector.png\" alt=\"\"><\/a><\/p><\/div><\/li><li class=\"splide__slide\"><div class=\"noticia-container\" data-link=\"https:\/\/noticias.usal.edu.ar\/visita-del-rector-de-nuestra-universidad-la-sede-de-virasoro-y-firma-de-convenio-de-cooperacion\"><div><img decoding=\"async\" loading=\"lazy\" class=\"noticia-img\" src=\"https:\/\/noticias.usal.edu.ar\/sites\/default\/files\/2026-04\/1_4.jpeg\" alt=\"\"><\/div><div><p class=\"titulo\">Visita del Rector de nuestra Universidad a la sede de Virasoro y firma de Convenio de Cooperaci\u00f3n Acad\u00e9mica y Sanitaria con el Municipio<\/p><\/div><div><p class=\"bajada\">La Universidad del Salvador (USAL) y la Municipalidad de Gobernador Virasoro, Provincia de Corrientes, firmaron un Convenio Espec\u00edfico de Cooperaci\u00f3n para que estudiantes de la Carrera de Veterinaria realicen pr\u00e1cticas formativas durante los operativos de castraci\u00f3n que organiza el \u00c1rea de Zoonosis Municipal.El Convenio fue suscripto por el Rector de la Universidad d\u2026<\/p><\/div><div class=\"spacer\"><\/div><p class=\"ver_mas\"><a href=\"https:\/\/noticias.usal.edu.ar\/visita-del-rector-de-nuestra-universidad-la-sede-de-virasoro-y-firma-de-convenio-de-cooperacion\" target=\"_blank\" rel=\"noopener noreferrer\">ver m\u00e1s <img decoding=\"async\" src=\"https:\/\/www.usal.edu.ar\/vrf\/wp-content\/plugins\/usal_general\/inc\/noticias\/img\/vector.png\" alt=\"\"><\/a><\/p><\/div><\/li><li class=\"splide__slide\"><div class=\"noticia-container\" data-link=\"https:\/\/noticias.usal.edu.ar\/recibimos-la-visita-de-la-delegacion-de-la-academia-de-estudios-coreanos-aks\"><div><img decoding=\"async\" loading=\"lazy\" class=\"noticia-img\" src=\"https:\/\/noticias.usal.edu.ar\/sites\/default\/files\/2026-04\/1_2.jpeg\" alt=\"\"><\/div><div><p class=\"titulo\">Recibimos la visita de la Delegaci\u00f3n de la Academia de Estudios Coreanos (AKS)<\/p><\/div><div><p class=\"bajada\">El lunes 20 de marzo, la Universidad del Salvador (USAL) recibi\u00f3 la visita de una destacada delegaci\u00f3n de la Academia de Estudios Coreanos (AKS). El Rector de nuestra Casa de Estudios, Dr. Carlos Ignacio Salvadores de Arzuaga, encabez\u00f3 el encuentro junto a la Directora Jeong-hye Park, el Encargado de Planificaci\u00f3n, Ahn Geun Su y la Gerente de los Programas de Promoci\u00f3n de Corea, Sumin Kwak.Cabe destacar que la AKS sostiene un v\u00ednculo estrat\u00e9gico con la Universida\u2026<\/p><\/div><div class=\"spacer\"><\/div><p class=\"ver_mas\"><a href=\"https:\/\/noticias.usal.edu.ar\/recibimos-la-visita-de-la-delegacion-de-la-academia-de-estudios-coreanos-aks\" target=\"_blank\" rel=\"noopener noreferrer\">ver m\u00e1s <img decoding=\"async\" src=\"https:\/\/www.usal.edu.ar\/vrf\/wp-content\/plugins\/usal_general\/inc\/noticias\/img\/vector.png\" alt=\"\"><\/a><\/p><\/div><\/li><li class=\"splide__slide\"><div class=\"noticia-container\" data-link=\"https:\/\/noticias.usal.edu.ar\/misas-por-primer-aniversario-del-fallecimiento-del-papa-francisco\"><div><img decoding=\"async\" loading=\"lazy\" class=\"noticia-img\" src=\"https:\/\/noticias.usal.edu.ar\/sites\/default\/files\/2026-04\/CENTRO%20%288%29_0.JPG\" alt=\"\"><\/div><div><p class=\"titulo\">Misas por el primer aniversario del fallecimiento del Papa Francisco<\/p><\/div><div><p class=\"bajada\">Al cumplirse un a\u00f1o de la partida del Papa Francisco a la Casa del Padre se celebr\u00f3 una Santa Misa en la Iglesia del Salvador y en la Capilla \u201cSanta Mama Antula\u201d del Campus Universitario \u201cNuestra Se\u00f1ora del Pilar\u201d. Toda la Comunidad de la Universidad del Salvador (USAL) se reuni\u00f3 para dar gracias por su vida, su Ministerio y su testimonio, que los sigue alentando a vivir una Iglesia en salida, cercana y misericordiosa, especialmente con quienes m\u00e1s sufren. Comunitariamente unidos\u2026<\/p><\/div><div class=\"spacer\"><\/div><p class=\"ver_mas\"><a href=\"https:\/\/noticias.usal.edu.ar\/misas-por-primer-aniversario-del-fallecimiento-del-papa-francisco\" target=\"_blank\" rel=\"noopener noreferrer\">ver m\u00e1s <img decoding=\"async\" src=\"https:\/\/www.usal.edu.ar\/vrf\/wp-content\/plugins\/usal_general\/inc\/noticias\/img\/vector.png\" alt=\"\"><\/a><\/p><\/div><\/li><li class=\"splide__slide\"><div class=\"noticia-container\" data-link=\"https:\/\/noticias.usal.edu.ar\/ampliacion-de-las-capacidades-de-formacion-y-servicio-en-la-sede-virasoro\"><div><img decoding=\"async\" loading=\"lazy\" class=\"noticia-img\" src=\"https:\/\/noticias.usal.edu.ar\/sites\/default\/files\/2026-04\/WhatsApp%20Image%202026-04-13%20at%2015.30.22_0.jpeg\" alt=\"\"><\/div><div><p class=\"titulo\">Ampliaci\u00f3n de las capacidades de formaci\u00f3n y servicio en la Sede Virasoro<\/p><\/div><div><p class=\"bajada\">En el marco de una importante inversi\u00f3n institucional orientada a ampliar las capacidades de formaci\u00f3n y servicio, la Facultad de Ciencias Agrarias y Veterinarias de la Universidad del Salvador recibi\u00f3 el jueves 9 de abril al Intendente de la ciudad de Gobernador Virasoro, Dr. Guillermo De La Cruz, quien recorri\u00f3 la Cl\u00ednica Veterinaria Escuela de la Delegaci\u00f3n Virasoro, recientemente puesta en valor.La puesta en valor implic\u00f3 una mejora integral del espacio de la Cl\u00ednica \u2026<\/p><\/div><div class=\"spacer\"><\/div><p class=\"ver_mas\"><a href=\"https:\/\/noticias.usal.edu.ar\/ampliacion-de-las-capacidades-de-formacion-y-servicio-en-la-sede-virasoro\" target=\"_blank\" rel=\"noopener noreferrer\">ver m\u00e1s <img decoding=\"async\" src=\"https:\/\/www.usal.edu.ar\/vrf\/wp-content\/plugins\/usal_general\/inc\/noticias\/img\/vector.png\" alt=\"\"><\/a><\/p><\/div><\/li><li class=\"splide__slide\"><div class=\"noticia-container\" data-link=\"https:\/\/noticias.usal.edu.ar\/memoriam-dr-miguel-angel-de-marco\"><div><img decoding=\"async\" loading=\"lazy\" class=\"noticia-img\" src=\"https:\/\/noticias.usal.edu.ar\/sites\/default\/files\/2026-04\/1a_0.png\" alt=\"\"><\/div><div><p class=\"titulo\">In Memoriam: Dr. Miguel \u00c1ngel De Marco<\/p><\/div><div><p class=\"bajada\">La Universidad del Salvador (USAL) expresa su profundo pesar por el fallecimiento del Dr. Miguel \u00c1ngel De Marco, destacado acad\u00e9mico de la Historia y Doctor Honoris Causa de esta Casa de Altos Estudios. &nbsp;Cuando en 2022 fue designado Doctor Honoris Causa por la Universidad del Salvador, el Rector, Carlos Ignacio Salvadores de Arzuaga, ya destacaba el legado del Profesor De Marco, cuyos legatarios directos son las generaciones de estudiantes a los que ha ense\u00f1ado historia, ya desde la c\u00e1tedra, ya mediante sus numerosas obras, \u2026<\/p><\/div><div class=\"spacer\"><\/div><p class=\"ver_mas\"><a href=\"https:\/\/noticias.usal.edu.ar\/memoriam-dr-miguel-angel-de-marco\" target=\"_blank\" rel=\"noopener noreferrer\">ver m\u00e1s <img decoding=\"async\" src=\"https:\/\/www.usal.edu.ar\/vrf\/wp-content\/plugins\/usal_general\/inc\/noticias\/img\/vector.png\" alt=\"\"><\/a><\/p><\/div><\/li><li class=\"splide__slide\"><div class=\"noticia-container\" data-link=\"https:\/\/noticias.usal.edu.ar\/firma-de-convenio-con-el-colegio-del-salvador-alianza-educativa-jesuita-con-legado-compartido-y\"><div><img decoding=\"async\" loading=\"lazy\" class=\"noticia-img\" src=\"https:\/\/noticias.usal.edu.ar\/sites\/default\/files\/2026-04\/1_9.jpeg\" alt=\"\"><\/div><div><p class=\"titulo\">Firma de Convenio con el Colegio del Salvador: alianza educativa jesuita, un legado compartido y prop\u00f3sito com\u00fan<\/p><\/div><div><p class=\"bajada\">La Universidad del Salvador y el Colegio del Salvador formalizaron una alianza estrat\u00e9gica que articula el nivel secundario con el universitario bajo la tradici\u00f3n ignaciana. El Convenio de Vinculaci\u00f3n Institucional fue firmado el pasado 13 de abril en la Ciudad Aut\u00f3noma de Buenos Aires por el Padre Jorge Black S.J, Rector del Colegio, y el Rector de la Universidad del Salvador, Carlos Ignacio Salvadores de \u2026<\/p><\/div><div class=\"spacer\"><\/div><p class=\"ver_mas\"><a href=\"https:\/\/noticias.usal.edu.ar\/firma-de-convenio-con-el-colegio-del-salvador-alianza-educativa-jesuita-con-legado-compartido-y\" target=\"_blank\" rel=\"noopener noreferrer\">ver m\u00e1s <img decoding=\"async\" src=\"https:\/\/www.usal.edu.ar\/vrf\/wp-content\/plugins\/usal_general\/inc\/noticias\/img\/vector.png\" alt=\"\"><\/a><\/p><\/div><\/li><li class=\"splide__slide\"><div class=\"noticia-container\" data-link=\"https:\/\/noticias.usal.edu.ar\/jornada-de-bienvenida-para-los-estudiantes-del-campus-de-pilar\"><div><img decoding=\"async\" loading=\"lazy\" class=\"noticia-img\" src=\"https:\/\/noticias.usal.edu.ar\/sites\/default\/files\/2026-04\/1Bienvenida%20a%20alumnos%20de%20primer%20a%C3%B1o%20en%20el%20Campus%20de%20Pilar%20%2815%29_0.png\" alt=\"\"><\/div><div><p class=\"titulo\">Jornada de Bienvenida para los estudiantes del Campus de Pilar<\/p><\/div><div><p class=\"bajada\">El martes 7 de abril, la Secretar\u00eda de Ingreso y de Vinculaci\u00f3n Institucional de la Universidad del Salvador (USAL) llev\u00f3 a cabo una Jornada de Bienvenida destinada a los alumnos de primer a\u00f1o que cursan en el Campus Universitario \u201cNuestra Se\u00f1ora del Pilar\u201d, con una destacada participaci\u00f3n de estudiantes avanzados y \u00c1reas Centrales de la Universidad.El encuentro tuvo como objetivo recibir a los nuevos ingresantes, acompa\u00f1arlos en el inicio de su vida universitaria y brindarles informaci\u00f3n c\u2026<\/p><\/div><div class=\"spacer\"><\/div><p class=\"ver_mas\"><a href=\"https:\/\/noticias.usal.edu.ar\/jornada-de-bienvenida-para-los-estudiantes-del-campus-de-pilar\" target=\"_blank\" rel=\"noopener noreferrer\">ver m\u00e1s <img decoding=\"async\" src=\"https:\/\/www.usal.edu.ar\/vrf\/wp-content\/plugins\/usal_general\/inc\/noticias\/img\/vector.png\" alt=\"\"><\/a><\/p><\/div><\/li><li class=\"splide__slide\"><div class=\"noticia-container\" data-link=\"https:\/\/noticias.usal.edu.ar\/la-universidad-fortalece-su-internacionalizacion-con-italia-programa-tne-italia\"><div><img decoding=\"async\" loading=\"lazy\" class=\"noticia-img\" src=\"https:\/\/noticias.usal.edu.ar\/sites\/default\/files\/2026-04\/1%20Docentes%20y%20Graduados%20USAL%20del%20programa%20TNE%20Italia_0.JPG\" alt=\"\"><\/div><div><p class=\"titulo\">La Universidad fortalece su internacionalizaci\u00f3n con Italia: \u201cPrograma TNE Italia\u201d<\/p><\/div><div><p class=\"bajada\">La Universidad del Salvador (USAL) particip\u00f3 activamente en las convocatorias del programa TNE Italia (Transnational Educational Initiatives), una iniciativa financiada por el gobierno italiano en el marco del Plan Nacional de Recuperaci\u00f3n y Resiliencia (PNRR), orientada a promover la internacionalizaci\u00f3n del sistema universitario mediante proyectos de cooperaci\u00f3n acad\u00e9mica.En este contexto, se desarrollaron programas como Moving Italianness y HerIT4future,\u2026<\/p><\/div><div class=\"spacer\"><\/div><p class=\"ver_mas\"><a href=\"https:\/\/noticias.usal.edu.ar\/la-universidad-fortalece-su-internacionalizacion-con-italia-programa-tne-italia\" target=\"_blank\" rel=\"noopener noreferrer\">ver m\u00e1s <img decoding=\"async\" src=\"https:\/\/www.usal.edu.ar\/vrf\/wp-content\/plugins\/usal_general\/inc\/noticias\/img\/vector.png\" alt=\"\"><\/a><\/p><\/div><\/li><li class=\"splide__slide\"><div class=\"noticia-container\" data-link=\"https:\/\/noticias.usal.edu.ar\/intercambio-academico-en-la-universidad-de-messina-un-puente-de-innovacion-y-cooperacion\"><div><img decoding=\"async\" loading=\"lazy\" class=\"noticia-img\" src=\"https:\/\/noticias.usal.edu.ar\/sites\/default\/files\/2026-04\/1%20MESSINA_0.JPG\" alt=\"\"><\/div><div><p class=\"titulo\">Intercambio acad\u00e9mico en la Universidad de Messina: un puente de innovaci\u00f3n y cooperaci\u00f3n<\/p><\/div><div><p class=\"bajada\">En el marco del proyecto \u201cIniziative educative transnazionali\u201d, docentes e investigadores de las Facultades de Ciencias Jur\u00eddicas y de Ingenier\u00eda de la Universidad del Salvador (USAL) llevaron a cabo una estancia de cooperaci\u00f3n acad\u00e9mica en la Universidad de Messina, Italia. Este encuentro estrat\u00e9gico no solo fortaleci\u00f3 los v\u00ednculos institucionales, sino que promovi\u00f3 el intercambio de conocimientos en \u00e1reas cr\u00edticas como el derecho, la biotecnol\u2026<\/p><\/div><div class=\"spacer\"><\/div><p class=\"ver_mas\"><a href=\"https:\/\/noticias.usal.edu.ar\/intercambio-academico-en-la-universidad-de-messina-un-puente-de-innovacion-y-cooperacion\" target=\"_blank\" rel=\"noopener noreferrer\">ver m\u00e1s <img decoding=\"async\" src=\"https:\/\/www.usal.edu.ar\/vrf\/wp-content\/plugins\/usal_general\/inc\/noticias\/img\/vector.png\" alt=\"\"><\/a><\/p><\/div><\/li><li class=\"splide__slide\"><div class=\"noticia-container\" data-link=\"https:\/\/noticias.usal.edu.ar\/56-anos-de-vida-en-la-universidad-del-salvador-y-una-pasion-que-sigue-latiendo\"><div><img decoding=\"async\" loading=\"lazy\" class=\"noticia-img\" src=\"https:\/\/noticias.usal.edu.ar\/sites\/default\/files\/2026-04\/FOTO%201%20-%20copia_1.jpg\" alt=\"\"><\/div><div><p class=\"titulo\">56 a\u00f1os de vida en la Universidad del Salvador y una pasi\u00f3n que sigue latiendo<\/p><\/div><div><p class=\"bajada\">Hayd\u00e9e Isabel Nieto repasa m\u00e1s de medio siglo en la Universidad del Salvador (USAL) que la vio crecer como alumna, docente y gestora. Fue nombrada Profesora Em\u00e9rita en 2025 y sigue activa como asesora. \u201cLa USAL es desaf\u00edo. Te mantiene despierta, en vilo, atareada y responsable\u201d, define.Para gran parte de la comunidad de la Universidad del Salvador es simplemente \u201cMeneca\u201d. Detr\u00e1s del apodo est\u00e1 Hayd\u00e9e Isabel Nieto, Licenciada en Letras, Mag\u00edster en Educaci\u00f3n Perma\u2026<\/p><\/div><div class=\"spacer\"><\/div><p class=\"ver_mas\"><a href=\"https:\/\/noticias.usal.edu.ar\/56-anos-de-vida-en-la-universidad-del-salvador-y-una-pasion-que-sigue-latiendo\" target=\"_blank\" rel=\"noopener noreferrer\">ver m\u00e1s <img decoding=\"async\" src=\"https:\/\/www.usal.edu.ar\/vrf\/wp-content\/plugins\/usal_general\/inc\/noticias\/img\/vector.png\" alt=\"\"><\/a><\/p><\/div><\/li><li class=\"splide__slide\"><div class=\"noticia-container\" data-link=\"https:\/\/noticias.usal.edu.ar\/alejandro-gutman-la-cultura-de-la-integracion-como-motor-de-cambio\"><div><img decoding=\"async\" loading=\"lazy\" class=\"noticia-img\" src=\"https:\/\/noticias.usal.edu.ar\/sites\/default\/files\/2026-04\/2_9.JPG\" alt=\"\"><\/div><div><p class=\"titulo\">Alejandro Gutman, la cultura de la integraci\u00f3n como motor de cambio<\/p><\/div><div><p class=\"bajada\">En una jornada que combin\u00f3 la reflexi\u00f3n acad\u00e9mica con el testimonio de campo, la Facultad de Ciencias Sociales, Educaci\u00f3n y Comunicaci\u00f3n de la Universidad del Salvador (USAL) recibi\u00f3 a Alejandro Gutman, Presidente Ad-Honorem de la Direcci\u00f3n de Integraci\u00f3n del Gobierno de El Salvador. El encuentro permiti\u00f3 conocer en profundidad una pol\u00edtica p\u00fablica innovadora que busca erradicar la pobreza mediante la reconstrucci\u00f3n del tejido social y la generaci\u00f3n de oportunidades reales para los\u2026<\/p><\/div><div class=\"spacer\"><\/div><p class=\"ver_mas\"><a href=\"https:\/\/noticias.usal.edu.ar\/alejandro-gutman-la-cultura-de-la-integracion-como-motor-de-cambio\" target=\"_blank\" rel=\"noopener noreferrer\">ver m\u00e1s <img decoding=\"async\" src=\"https:\/\/www.usal.edu.ar\/vrf\/wp-content\/plugins\/usal_general\/inc\/noticias\/img\/vector.png\" alt=\"\"><\/a><\/p><\/div><\/li><li class=\"splide__slide\"><div class=\"noticia-container\" data-link=\"https:\/\/noticias.usal.edu.ar\/errar-es-mas-umano-hoy-mas-que-nunca-hernan-fratto-recuperar-la-autenticidad-en-la-comunicacion\"><div><img decoding=\"async\" loading=\"lazy\" class=\"noticia-img\" src=\"https:\/\/noticias.usal.edu.ar\/sites\/default\/files\/2026-04\/EncuentroGraduadosUSAL_0.jpeg\" alt=\"\"><\/div><div><p class=\"titulo\">\u201cErrar es m\u00e1s Umano, hoy m\u00e1s que nunca\u201d: Hern\u00e1n Fratto, recuperar la autenticidad en la comunicaci\u00f3n<\/p><\/div><div><p class=\"bajada\">La Universidad del Salvador (USAL) recibi\u00f3, el pasado jueves 9 de abril, al periodista y especialista en comunicaci\u00f3n Hern\u00e1n Fratto, quien brind\u00f3 la charla titulada \u201cErrar es m\u00e1s Umano, hoy m\u00e1s que nunca\u201d ante estudiantes y graduados, en un encuentro centrado en la autenticidad, el error y los desaf\u00edos actuales del ejercicio profesional.Desde el inicio, Fratto explic\u00f3 que hab\u00eda pensado estructurar su charla con ayuda deherrami\u2026<\/p><\/div><div class=\"spacer\"><\/div><p class=\"ver_mas\"><a href=\"https:\/\/noticias.usal.edu.ar\/errar-es-mas-umano-hoy-mas-que-nunca-hernan-fratto-recuperar-la-autenticidad-en-la-comunicacion\" target=\"_blank\" rel=\"noopener noreferrer\">ver m\u00e1s <img decoding=\"async\" src=\"https:\/\/www.usal.edu.ar\/vrf\/wp-content\/plugins\/usal_general\/inc\/noticias\/img\/vector.png\" alt=\"\"><\/a><\/p><\/div><\/li><li class=\"splide__slide\"><div class=\"noticia-container\" data-link=\"https:\/\/noticias.usal.edu.ar\/intercambio-academico-en-la-universidad-de-siena-italia\"><div><img decoding=\"async\" loading=\"lazy\" class=\"noticia-img\" src=\"https:\/\/noticias.usal.edu.ar\/sites\/default\/files\/2026-04\/SIENA1_0.JPG\" alt=\"\"><\/div><div><p class=\"titulo\">Intercambio acad\u00e9mico en la Universidad de Siena, Italia<\/p><\/div><div><p class=\"bajada\">Los profesores de Derecho Internacional de la Facultad de Ciencias Jur\u00eddicas de la Universidad del Salvador (USAL) realizaron un intercambio acad\u00e9mico en el marco del proyecto europeo Economics Network between Latin America and Italy (EcoNet LatAm), desarrollado por la Facultad de Giurisprudenza de la Universidad de Siena, Italia. La delegaci\u00f3n estuvo integrada por la Mag. Martina L. Rojo, el Dr. Santiago Deluca, el Dr. Alfredo M. Soto y la doctoranda Amparo N. T. Valladares Canals.La estancia, inclu\u2026<\/p><\/div><div class=\"spacer\"><\/div><p class=\"ver_mas\"><a href=\"https:\/\/noticias.usal.edu.ar\/intercambio-academico-en-la-universidad-de-siena-italia\" target=\"_blank\" rel=\"noopener noreferrer\">ver m\u00e1s <img decoding=\"async\" src=\"https:\/\/www.usal.edu.ar\/vrf\/wp-content\/plugins\/usal_general\/inc\/noticias\/img\/vector.png\" alt=\"\"><\/a><\/p><\/div><\/li><li class=\"splide__slide\"><div class=\"noticia-container\" data-link=\"https:\/\/noticias.usal.edu.ar\/aprender-desde-adentro\"><div><img decoding=\"async\" loading=\"lazy\" class=\"noticia-img\" src=\"https:\/\/noticias.usal.edu.ar\/sites\/default\/files\/2026-04\/1766961418301%20%282%29_0.jpg\" alt=\"\"><\/div><div><p class=\"titulo\">Aprender desde adentro<\/p><\/div><div><p class=\"bajada\">Soy Jimena y estudio en el Campus Universitario \u201cNuestra Se\u00f1ora del Pilar\u201d y llegu\u00e9 a la Secretar\u00eda de Prensa de la Universidad del Salvador a partir de una propuesta concreta. Fiorella Palmucci y Fernando Gorza, de la Facultad de Ciencias Sociales, Educaci\u00f3n y Comunicaci\u00f3n, conversaron con Mariana Bonelli, de la Secretaria, para convocar a estudiantes de la Licenciatura en Periodismo que cubrieran el cierre de un evento de f\u00fatbol en el Campus. No soy fan del f\u00fatbol \u2014vengo del pat\u00edn art\u00edstico, disciplina que practiqu\u00e9 de forma profesional antes de entrar a \u2026<\/p><\/div><div class=\"spacer\"><\/div><p class=\"ver_mas\"><a href=\"https:\/\/noticias.usal.edu.ar\/aprender-desde-adentro\" target=\"_blank\" rel=\"noopener noreferrer\">ver m\u00e1s <img decoding=\"async\" src=\"https:\/\/www.usal.edu.ar\/vrf\/wp-content\/plugins\/usal_general\/inc\/noticias\/img\/vector.png\" alt=\"\"><\/a><\/p><\/div><\/li>    <\/ul>  <\/div><\/section>\n<\/div>\n","protected":false},"excerpt":{"rendered":"<p>Nuestro canal de YouTube Noticias<\/p>\n","protected":false},"author":54,"featured_media":1124,"parent":0,"menu_order":0,"comment_status":"closed","ping_status":"closed","template":"wp-custom-template-pagina-ancha-sin-titulo","meta":{"_acf_changed":false,"footnotes":""},"class_list":["post-847","page","type-page","status-publish","has-post-thumbnail","hentry"],"acf":[],"_links":{"self":[{"href":"https:\/\/www.usal.edu.ar\/vrf\/wp-json\/wp\/v2\/pages\/847","targetHints":{"allow":["GET"]}}],"collection":[{"href":"https:\/\/www.usal.edu.ar\/vrf\/wp-json\/wp\/v2\/pages"}],"about":[{"href":"https:\/\/www.usal.edu.ar\/vrf\/wp-json\/wp\/v2\/types\/page"}],"author":[{"embeddable":true,"href":"https:\/\/www.usal.edu.ar\/vrf\/wp-json\/wp\/v2\/users\/54"}],"replies":[{"embeddable":true,"href":"https:\/\/www.usal.edu.ar\/vrf\/wp-json\/wp\/v2\/comments?post=847"}],"version-history":[{"count":41,"href":"https:\/\/www.usal.edu.ar\/vrf\/wp-json\/wp\/v2\/pages\/847\/revisions"}],"predecessor-version":[{"id":1137,"href":"https:\/\/www.usal.edu.ar\/vrf\/wp-json\/wp\/v2\/pages\/847\/revisions\/1137"}],"wp:featuredmedia":[{"embeddable":true,"href":"https:\/\/www.usal.edu.ar\/vrf\/wp-json\/wp\/v2\/media\/1124"}],"wp:attachment":[{"href":"https:\/\/www.usal.edu.ar\/vrf\/wp-json\/wp\/v2\/media?parent=847"}],"curies":[{"name":"wp","href":"https:\/\/api.w.org\/{rel}","templated":true}]}}